{"version":"1.0","provider_name":"Przedszkole","provider_url":"https:\/\/trampoline.edu.pl\/przedszkole","author_name":"rk6ot","author_url":"https:\/\/trampoline.edu.pl\/przedszkole\/author\/rk6ot\/","title":"Dwuj\u0119zyczne Przedszkole Polsko-Francuskie na Saskiej K\u0119pie - Trampoline - Warszawa","type":"rich","width":600,"height":338,"html":"<blockquote class=\"wp-embedded-content\" data-secret=\"zn30QnDmIk\"><a href=\"https:\/\/trampoline.edu.pl\/przedszkole\/\">Dwuj\u0119zyczne Przedszkole Polsko-Francuskie na Saskiej K\u0119pie - Trampoline<\/a><\/blockquote><iframe sandbox=\"allow-scripts\" security=\"restricted\" src=\"https:\/\/trampoline.edu.pl\/przedszkole\/embed\/#?secret=zn30QnDmIk\" width=\"600\" height=\"338\" title=\"&#8222;Dwuj\u0119zyczne Przedszkole Polsko-Francuskie na Saskiej K\u0119pie - Trampoline&#8221; &#8212; Przedszkole\" data-secret=\"zn30QnDmIk\" frameborder=\"0\" marginwidth=\"0\" marginheight=\"0\" scrolling=\"no\" class=\"wp-embedded-content\"><\/iframe><script>\n\/*! This file is auto-generated *\/\n!function(d,l){\"use strict\";l.querySelector&&d.addEventListener&&\"undefined\"!=typeof URL&&(d.wp=d.wp||{},d.wp.receiveEmbedMessage||(d.wp.receiveEmbedMessage=function(e){var t=e.data;if((t||t.secret||t.message||t.value)&&!\/[^a-zA-Z0-9]\/.test(t.secret)){for(var s,r,n,a=l.querySelectorAll('iframe[data-secret=\"'+t.secret+'\"]'),o=l.querySelectorAll('blockquote[data-secret=\"'+t.secret+'\"]'),c=new RegExp(\"^https?:$\",\"i\"),i=0;i<o.length;i++)o[i].style.display=\"none\";for(i=0;i<a.length;i++)s=a[i],e.source===s.contentWindow&&(s.removeAttribute(\"style\"),\"height\"===t.message?(1e3<(r=parseInt(t.value,10))?r=1e3:~~r<200&&(r=200),s.height=r):\"link\"===t.message&&(r=new URL(s.getAttribute(\"src\")),n=new URL(t.value),c.test(n.protocol))&&n.host===r.host&&l.activeElement===s&&(d.top.location.href=t.value))}},d.addEventListener(\"message\",d.wp.receiveEmbedMessage,!1),l.addEventListener(\"DOMContentLoaded\",function(){for(var e,t,s=l.querySelectorAll(\"iframe.wp-embedded-content\"),r=0;r<s.length;r++)(t=(e=s[r]).getAttribute(\"data-secret\"))||(t=Math.random().toString(36).substring(2,12),e.src+=\"#?secret=\"+t,e.setAttribute(\"data-secret\",t)),e.contentWindow.postMessage({message:\"ready\",secret:t},\"*\")},!1)))}(window,document);\n\/\/# sourceURL=https:\/\/trampoline.edu.pl\/przedszkole\/wp-includes\/js\/wp-embed.min.js\n<\/script>\n","description":"Dwuj\u0119zyczne przedszkole na Saskiej K\u0119pie Polsko-francuskie przedszkole Trampoline. Od 2001 roku uczymy metod\u0105 UPUL - jedna osoba, jeden j\u0119zyk. UM\u00d3W WIZYT\u0118 Zaufa\u0142o nam ju\u017c pokolenie warszawiak\u00f3w Od 2001 roku uczymy na Saskiej K\u0119pie. Dzieci naszych pierwszych absolwent\u00f3w zaczynaj\u0105 dzi\u015b przedszkole. POZNAJ NASZ\u0104 KADR\u0118 Ponad 20 lat do\u015bwiadczenia w nauczaniu dwuj\u0119zycznym Przedszkole Trampoline dzia\u0142a na Saskiej [&hellip;]","thumbnail_url":"https:\/\/trampoline.edu.pl\/przedszkole\/wp-content\/uploads\/sites\/4\/2026\/05\/zastanawiacie-sie-nad-przedszkolem.jpg"}