{"id":11376,"date":"2026-07-27T14:39:25","date_gmt":"2026-07-27T14:39:25","guid":{"rendered":"https:\/\/trampoline.edu.pl\/przedszkole\/?page_id=11376"},"modified":"2026-07-27T14:40:42","modified_gmt":"2026-07-27T14:40:42","slug":"tarifs","status":"publish","type":"page","link":"https:\/\/trampoline.edu.pl\/przedszkole\/fr\/tarifs\/","title":{"rendered":"Tarifs"},"content":{"rendered":"\t\t<div data-elementor-type=\"wp-page\" data-elementor-id=\"11376\" class=\"elementor elementor-11376\" data-elementor-post-type=\"page\">\n\t\t\t\t<div class=\"elementor-element elementor-element-62019967 e-flex e-con-boxed e-con e-parent\" data-id=\"62019967\" data-element_type=\"container\" data-e-type=\"container\">\n\t\t\t\t\t<div class=\"e-con-inner\">\n\t\t\t\t<div class=\"elementor-element elementor-element-596cd627 elementor-widget elementor-widget-heading\" data-id=\"596cd627\" data-element_type=\"widget\" data-e-type=\"widget\" data-widget_type=\"heading.default\">\n\t\t\t\t\t<h1 class=\"elementor-heading-title elementor-size-default\">Tarifs<\/h1>\t\t\t\t<\/div>\n\t\t\t\t<div class=\"elementor-element elementor-element-67e575a2 elementor-widget elementor-widget-text-editor\" data-id=\"67e575a2\" data-element_type=\"widget\" data-e-type=\"widget\" data-widget_type=\"text-editor.default\">\n\t\t\t\t\t\t\t\t\t<p>Tarifs en vigueur \u00e0 l'\u00e9cole maternelle franco-polonaise Trampoline. Tous les groupes d'\u00e2ge, ouverture de 7h45 \u00e0 17h00.<\/p>\t\t\t\t\t\t\t\t<\/div>\n\t\t<div class=\"elementor-element elementor-element-6a1082a7 e-grid e-con-full e-con e-child\" data-id=\"6a1082a7\" data-element_type=\"container\" data-e-type=\"container\">\n\t\t<div class=\"elementor-element elementor-element-3f90133 e-con-full e-flex e-con e-child\" data-id=\"3f90133\" data-element_type=\"container\" data-e-type=\"container\" data-settings=\"{&quot;background_background&quot;:&quot;classic&quot;}\">\n\t\t\t\t<div class=\"elementor-element elementor-element-4d78753a elementor-widget elementor-widget-heading\" data-id=\"4d78753a\" data-element_type=\"widget\" data-e-type=\"widget\" data-widget_type=\"heading.default\">\n\t\t\t\t\t<div class=\"elementor-heading-title elementor-size-default\">Frais uniques<\/div>\t\t\t\t<\/div>\n\t\t\t\t<div class=\"elementor-element elementor-element-2ad3937b elementor-widget elementor-widget-heading\" data-id=\"2ad3937b\" data-element_type=\"widget\" data-e-type=\"widget\" data-widget_type=\"heading.default\">\n\t\t\t\t\t<div class=\"elementor-heading-title elementor-size-default\">2\u00a0800 z\u0142<\/div>\t\t\t\t<\/div>\n\t\t\t\t<div class=\"elementor-element elementor-element-7764fae6 elementor-widget elementor-widget-heading\" data-id=\"7764fae6\" data-element_type=\"widget\" data-e-type=\"widget\" data-widget_type=\"heading.default\">\n\t\t\t\t\t<div class=\"elementor-heading-title elementor-size-default\">frais d'inscription (\u00e0 l'inscription)<\/div>\t\t\t\t<\/div>\n\t\t\t\t<div class=\"elementor-element elementor-element-58229ed3 tk-note elementor-widget elementor-widget-text-editor\" data-id=\"58229ed3\" data-element_type=\"widget\" data-e-type=\"widget\" data-widget_type=\"text-editor.default\">\n\t\t\t\t\t\t\t\t\t<p>Frais uniques \u00e0 verser lors de l'admission de l'enfant \u00e0 l'\u00e9cole maternelle.<\/p>\t\t\t\t\t\t\t\t<\/div>\n\t\t\t\t<\/div>\n\t\t<div class=\"elementor-element elementor-element-62c84c6a e-con-full e-flex e-con e-child\" data-id=\"62c84c6a\" data-element_type=\"container\" data-e-type=\"container\" data-settings=\"{&quot;background_background&quot;:&quot;classic&quot;}\">\n\t\t\t\t<div class=\"elementor-element elementor-element-381303a7 elementor-widget elementor-widget-heading\" data-id=\"381303a7\" data-element_type=\"widget\" data-e-type=\"widget\" data-widget_type=\"heading.default\">\n\t\t\t\t\t<div class=\"elementor-heading-title elementor-size-default\">Frais de scolarit\u00e9 mensuels<\/div>\t\t\t\t<\/div>\n\t\t\t\t<div class=\"elementor-element elementor-element-1903d608 elementor-widget elementor-widget-heading\" data-id=\"1903d608\" data-element_type=\"widget\" data-e-type=\"widget\" data-widget_type=\"heading.default\">\n\t\t\t\t\t<div class=\"elementor-heading-title elementor-size-default\">2\u00a0800 z\u0142<\/div>\t\t\t\t<\/div>\n\t\t\t\t<div class=\"elementor-element elementor-element-2c28e067 elementor-widget elementor-widget-heading\" data-id=\"2c28e067\" data-element_type=\"widget\" data-e-type=\"widget\" data-widget_type=\"heading.default\">\n\t\t\t\t\t<div class=\"elementor-heading-title elementor-size-default\">+ restauration<\/div>\t\t\t\t<\/div>\n\t\t\t\t<div class=\"elementor-element elementor-element-4804df1b tk-note-dark elementor-widget elementor-widget-text-editor\" data-id=\"4804df1b\" data-element_type=\"widget\" data-e-type=\"widget\" data-widget_type=\"text-editor.default\">\n\t\t\t\t\t\t\t\t\t<p>Tarif applicable aux enfants \u00e0 partir de 2 ans et demi. Pour les plus jeunes\u00a0: 3\u00a0400 z\u0142.<\/p>\t\t\t\t\t\t\t\t<\/div>\n\t\t\t\t<\/div>\n\t\t\t\t<\/div>\n\t\t<section class=\"elementor-element elementor-element-79ef850a e-con-full e-flex e-con e-child\" data-id=\"79ef850a\" data-element_type=\"container\" data-e-type=\"container\">\n\t\t\t\t<div class=\"elementor-element elementor-element-7c473d78 tk-h2 elementor-widget elementor-widget-heading\" data-id=\"7c473d78\" data-element_type=\"widget\" data-e-type=\"widget\" data-widget_type=\"heading.default\">\n\t\t\t\t\t<h2 class=\"elementor-heading-title elementor-size-default\">D\u00e9tail des tarifs<\/h2>\t\t\t\t<\/div>\n\t\t<div class=\"elementor-element elementor-element-40f16158 e-con-full e-flex e-con e-child\" data-id=\"40f16158\" data-element_type=\"container\" data-e-type=\"container\" data-settings=\"{&quot;background_background&quot;:&quot;classic&quot;}\">\n\t\t<div class=\"elementor-element elementor-element-7e7c5c2d e-con-full e-flex e-con e-child\" data-id=\"7e7c5c2d\" data-element_type=\"container\" data-e-type=\"container\">\n\t\t<div class=\"elementor-element elementor-element-77c64a26 e-con-full e-flex e-con e-child\" data-id=\"77c64a26\" data-element_type=\"container\" data-e-type=\"container\">\n\t\t\t\t<div class=\"elementor-element elementor-element-6c22b24a elementor-widget elementor-widget-heading\" data-id=\"6c22b24a\" data-element_type=\"widget\" data-e-type=\"widget\" data-widget_type=\"heading.default\">\n\t\t\t\t\t<div class=\"elementor-heading-title elementor-size-default\">Frais d'inscription<\/div>\t\t\t\t<\/div>\n\t\t\t\t<div class=\"elementor-element elementor-element-4a11c307 elementor-widget elementor-widget-heading\" data-id=\"4a11c307\" data-element_type=\"widget\" data-e-type=\"widget\" data-widget_type=\"heading.default\">\n\t\t\t\t\t<div class=\"elementor-heading-title elementor-size-default\">Frais uniques vers\u00e9s lors de l'inscription de l'enfant \u00e0 l'\u00e9cole maternelle<\/div>\t\t\t\t<\/div>\n\t\t\t\t<\/div>\n\t\t\t\t<div class=\"elementor-element elementor-element-63c85146 tk-nowrap elementor-widget elementor-widget-heading\" data-id=\"63c85146\" data-element_type=\"widget\" data-e-type=\"widget\" data-widget_type=\"heading.default\">\n\t\t\t\t\t<div class=\"elementor-heading-title elementor-size-default\">2\u00a0800 z\u0142<\/div>\t\t\t\t<\/div>\n\t\t\t\t<\/div>\n\t\t<div class=\"elementor-element elementor-element-54ce1777 e-con-full e-flex e-con e-child\" data-id=\"54ce1777\" data-element_type=\"container\" data-e-type=\"container\">\n\t\t<div class=\"elementor-element elementor-element-1431cb19 e-con-full e-flex e-con e-child\" data-id=\"1431cb19\" data-element_type=\"container\" data-e-type=\"container\">\n\t\t\t\t<div class=\"elementor-element elementor-element-25713728 elementor-widget elementor-widget-heading\" data-id=\"25713728\" data-element_type=\"widget\" data-e-type=\"widget\" data-widget_type=\"heading.default\">\n\t\t\t\t\t<div class=\"elementor-heading-title elementor-size-default\">Scolarit\u00e9 - enfants \u00e0 partir de 2 ans et demi<\/div>\t\t\t\t<\/div>\n\t\t\t\t<div class=\"elementor-element elementor-element-154fd009 elementor-widget elementor-widget-heading\" data-id=\"154fd009\" data-element_type=\"widget\" data-e-type=\"widget\" data-widget_type=\"heading.default\">\n\t\t\t\t\t<div class=\"elementor-heading-title elementor-size-default\">Frais mensuels de fr\u00e9quentation de l'\u00e9cole maternelle<\/div>\t\t\t\t<\/div>\n\t\t\t\t<\/div>\n\t\t\t\t<div class=\"elementor-element elementor-element-5aab7cfe tk-nowrap elementor-widget elementor-widget-heading\" data-id=\"5aab7cfe\" data-element_type=\"widget\" data-e-type=\"widget\" data-widget_type=\"heading.default\">\n\t\t\t\t\t<div class=\"elementor-heading-title elementor-size-default\">2\u00a0800 z\u0142 \/ mois<\/div>\t\t\t\t<\/div>\n\t\t\t\t<\/div>\n\t\t<div class=\"elementor-element elementor-element-4de5c98f e-con-full e-flex e-con e-child\" data-id=\"4de5c98f\" data-element_type=\"container\" data-e-type=\"container\">\n\t\t<div class=\"elementor-element elementor-element-670ce3fe e-con-full e-flex e-con e-child\" data-id=\"670ce3fe\" data-element_type=\"container\" data-e-type=\"container\">\n\t\t\t\t<div class=\"elementor-element elementor-element-76ddde2e elementor-widget elementor-widget-heading\" data-id=\"76ddde2e\" data-element_type=\"widget\" data-e-type=\"widget\" data-widget_type=\"heading.default\">\n\t\t\t\t\t<div class=\"elementor-heading-title elementor-size-default\">Scolarit\u00e9 - enfants de moins de 2 ans et demi<\/div>\t\t\t\t<\/div>\n\t\t\t\t<div class=\"elementor-element elementor-element-1d361115 elementor-widget elementor-widget-heading\" data-id=\"1d361115\" data-element_type=\"widget\" data-e-type=\"widget\" data-widget_type=\"heading.default\">\n\t\t\t\t\t<div class=\"elementor-heading-title elementor-size-default\">Tarif major\u00e9 en raison de l'encadrement renforc\u00e9 des plus jeunes<\/div>\t\t\t\t<\/div>\n\t\t\t\t<\/div>\n\t\t\t\t<div class=\"elementor-element elementor-element-341ffd35 tk-nowrap elementor-widget elementor-widget-heading\" data-id=\"341ffd35\" data-element_type=\"widget\" data-e-type=\"widget\" data-widget_type=\"heading.default\">\n\t\t\t\t\t<div class=\"elementor-heading-title elementor-size-default\">3\u00a0400 z\u0142 \/ mois<\/div>\t\t\t\t<\/div>\n\t\t\t\t<\/div>\n\t\t<div class=\"elementor-element elementor-element-1c3cf2c8 e-con-full e-flex e-con e-child\" data-id=\"1c3cf2c8\" data-element_type=\"container\" data-e-type=\"container\">\n\t\t<div class=\"elementor-element elementor-element-220575ac e-con-full e-flex e-con e-child\" data-id=\"220575ac\" data-element_type=\"container\" data-e-type=\"container\">\n\t\t\t\t<div class=\"elementor-element elementor-element-49caf11d elementor-widget elementor-widget-heading\" data-id=\"49caf11d\" data-element_type=\"widget\" data-e-type=\"widget\" data-widget_type=\"heading.default\">\n\t\t\t\t\t<div class=\"elementor-heading-title elementor-size-default\">Restauration - menu standard<\/div>\t\t\t\t<\/div>\n\t\t\t\t<div class=\"elementor-element elementor-element-52e872e2 elementor-widget elementor-widget-heading\" data-id=\"52e872e2\" data-element_type=\"widget\" data-e-type=\"widget\" data-widget_type=\"heading.default\">\n\t\t\t\t\t<div class=\"elementor-heading-title elementor-size-default\">Trois repas par jour (petit-d\u00e9jeuner, d\u00e9jeuner, go\u00fbter). Facturation selon les jours de pr\u00e9sence.<\/div>\t\t\t\t<\/div>\n\t\t\t\t<\/div>\n\t\t\t\t<div class=\"elementor-element elementor-element-75094aff tk-nowrap elementor-widget elementor-widget-heading\" data-id=\"75094aff\" data-element_type=\"widget\" data-e-type=\"widget\" data-widget_type=\"heading.default\">\n\t\t\t\t\t<div class=\"elementor-heading-title elementor-size-default\">30 z\u0142 \/ jour<\/div>\t\t\t\t<\/div>\n\t\t\t\t<\/div>\n\t\t<div class=\"elementor-element elementor-element-3d1a2c27 e-con-full e-flex e-con e-child\" data-id=\"3d1a2c27\" data-element_type=\"container\" data-e-type=\"container\">\n\t\t<div class=\"elementor-element elementor-element-5847631e e-con-full e-flex e-con e-child\" data-id=\"5847631e\" data-element_type=\"container\" data-e-type=\"container\">\n\t\t\t\t<div class=\"elementor-element elementor-element-7bc5a1a2 elementor-widget elementor-widget-heading\" data-id=\"7bc5a1a2\" data-element_type=\"widget\" data-e-type=\"widget\" data-widget_type=\"heading.default\">\n\t\t\t\t\t<div class=\"elementor-heading-title elementor-size-default\">Restauration - r\u00e9gime sp\u00e9cial<\/div>\t\t\t\t<\/div>\n\t\t\t\t<div class=\"elementor-element elementor-element-44f76f03 elementor-widget elementor-widget-heading\" data-id=\"44f76f03\" data-element_type=\"widget\" data-e-type=\"widget\" data-widget_type=\"heading.default\">\n\t\t\t\t\t<div class=\"elementor-heading-title elementor-size-default\">Pour les enfants souffrant d'allergies alimentaires ou suivant un r\u00e9gime d'\u00e9viction<\/div>\t\t\t\t<\/div>\n\t\t\t\t<\/div>\n\t\t\t\t<div class=\"elementor-element elementor-element-61383346 tk-nowrap elementor-widget elementor-widget-heading\" data-id=\"61383346\" data-element_type=\"widget\" data-e-type=\"widget\" data-widget_type=\"heading.default\">\n\t\t\t\t\t<div class=\"elementor-heading-title elementor-size-default\">35 z\u0142 \/ jour<\/div>\t\t\t\t<\/div>\n\t\t\t\t<\/div>\n\t\t\t\t<\/div>\n\t\t\t\t<\/section>\n\t\t<section class=\"elementor-element elementor-element-72b07cc4 e-con-full e-flex e-con e-child\" data-id=\"72b07cc4\" data-element_type=\"container\" data-e-type=\"container\">\n\t\t\t\t<div class=\"elementor-element elementor-element-538373fc tk-h2 elementor-widget elementor-widget-heading\" data-id=\"538373fc\" data-element_type=\"widget\" data-e-type=\"widget\" data-widget_type=\"heading.default\">\n\t\t\t\t\t<h2 class=\"elementor-heading-title elementor-size-default\">Ce que comprennent les frais de scolarit\u00e9<\/h2>\t\t\t\t<\/div>\n\t\t\t\t<div class=\"elementor-element elementor-element-43d73eeb elementor-widget elementor-widget-text-editor\" data-id=\"43d73eeb\" data-element_type=\"widget\" data-e-type=\"widget\" data-widget_type=\"text-editor.default\">\n\t\t\t\t\t\t\t\t\t<p>Les frais de scolarit\u00e9 couvrent l'int\u00e9gralit\u00e9 du programme, du lundi au vendredi, de 7h45 \u00e0 17h00.<\/p>\t\t\t\t\t\t\t\t<\/div>\n\t\t<div class=\"elementor-element elementor-element-794c293b e-grid e-con-full e-con e-child\" data-id=\"794c293b\" data-element_type=\"container\" data-e-type=\"container\">\n\t\t<div class=\"elementor-element elementor-element-11f5f531 e-con-full e-flex e-con e-child\" data-id=\"11f5f531\" data-element_type=\"container\" data-e-type=\"container\" data-settings=\"{&quot;background_background&quot;:&quot;classic&quot;}\">\n\t\t\t\t<div class=\"elementor-element elementor-element-73fca3c8 elementor-widget elementor-widget-heading\" data-id=\"73fca3c8\" data-element_type=\"widget\" data-e-type=\"widget\" data-widget_type=\"heading.default\">\n\t\t\t\t\t<h4 class=\"elementor-heading-title elementor-size-default\">Deux \u00e9ducateurs par groupe<\/h4>\t\t\t\t<\/div>\n\t\t\t\t<div class=\"elementor-element elementor-element-11cff473 elementor-widget elementor-widget-text-editor\" data-id=\"11cff473\" data-element_type=\"widget\" data-e-type=\"widget\" data-widget_type=\"text-editor.default\">\n\t\t\t\t\t\t\t\t\t<p>Chaque groupe est encadr\u00e9 par un \u00e9ducateur polonais et un locuteur natif francophone. M\u00e9thode UPUL&nbsp;: une personne, une langue.<\/p>\t\t\t\t\t\t\t\t<\/div>\n\t\t\t\t<\/div>\n\t\t<div class=\"elementor-element elementor-element-545ff76a e-con-full e-flex e-con e-child\" data-id=\"545ff76a\" data-element_type=\"container\" data-e-type=\"container\" data-settings=\"{&quot;background_background&quot;:&quot;classic&quot;}\">\n\t\t\t\t<div class=\"elementor-element elementor-element-64530636 elementor-widget elementor-widget-heading\" data-id=\"64530636\" data-element_type=\"widget\" data-e-type=\"widget\" data-widget_type=\"heading.default\">\n\t\t\t\t\t<h4 class=\"elementor-heading-title elementor-size-default\">Trois repas par jour<\/h4>\t\t\t\t<\/div>\n\t\t\t\t<div class=\"elementor-element elementor-element-5378ac65 elementor-widget elementor-widget-text-editor\" data-id=\"5378ac65\" data-element_type=\"widget\" data-e-type=\"widget\" data-widget_type=\"text-editor.default\">\n\t\t\t\t\t\t\t\t\t<p>Petit-d\u00e9jeuner, d\u00e9jeuner et go\u00fbter - pr\u00e9par\u00e9s sur place par notre chef. (Les frais de restauration sont factur\u00e9s s\u00e9par\u00e9ment.)<\/p>\t\t\t\t\t\t\t\t<\/div>\n\t\t\t\t<\/div>\n\t\t<div class=\"elementor-element elementor-element-1fc0a94e e-con-full e-flex e-con e-child\" data-id=\"1fc0a94e\" data-element_type=\"container\" data-e-type=\"container\" data-settings=\"{&quot;background_background&quot;:&quot;classic&quot;}\">\n\t\t\t\t<div class=\"elementor-element elementor-element-19be9b9 elementor-widget elementor-widget-heading\" data-id=\"19be9b9\" data-element_type=\"widget\" data-e-type=\"widget\" data-widget_type=\"heading.default\">\n\t\t\t\t\t<h4 class=\"elementor-heading-title elementor-size-default\">Ateliers de rythmique<\/h4>\t\t\t\t<\/div>\n\t\t\t\t<div class=\"elementor-element elementor-element-3c019cbf elementor-widget elementor-widget-text-editor\" data-id=\"3c019cbf\" data-element_type=\"widget\" data-e-type=\"widget\" data-widget_type=\"text-editor.default\">\n\t\t\t\t\t\t\t\t\t<p>Des ateliers musicaux r\u00e9guliers qui d\u00e9veloppent l'oreille, le sens du rythme et la sensibilit\u00e9 musicale des enfants.<\/p>\t\t\t\t\t\t\t\t<\/div>\n\t\t\t\t<\/div>\n\t\t<div class=\"elementor-element elementor-element-4171e611 e-con-full e-flex e-con e-child\" data-id=\"4171e611\" data-element_type=\"container\" data-e-type=\"container\" data-settings=\"{&quot;background_background&quot;:&quot;classic&quot;}\">\n\t\t\t\t<div class=\"elementor-element elementor-element-51fef779 elementor-widget elementor-widget-heading\" data-id=\"51fef779\" data-element_type=\"widget\" data-e-type=\"widget\" data-widget_type=\"heading.default\">\n\t\t\t\t\t<h4 class=\"elementor-heading-title elementor-size-default\">Rencontres avec la musique<\/h4>\t\t\t\t<\/div>\n\t\t\t\t<div class=\"elementor-element elementor-element-4870c678 elementor-widget elementor-widget-text-editor\" data-id=\"4870c678\" data-element_type=\"widget\" data-e-type=\"widget\" data-widget_type=\"text-editor.default\">\n\t\t\t\t\t\t\t\t\t<p>Participation au programme d'\u00e9ducation musicale men\u00e9 en partenariat avec la <strong>Philharmonie nationale<\/strong>.<\/p>\t\t\t\t\t\t\t\t<\/div>\n\t\t\t\t<\/div>\n\t\t<div class=\"elementor-element elementor-element-cc28698 e-con-full e-flex e-con e-child\" data-id=\"cc28698\" data-element_type=\"container\" data-e-type=\"container\" data-settings=\"{&quot;background_background&quot;:&quot;classic&quot;}\">\n\t\t\t\t<div class=\"elementor-element elementor-element-6eabf2c0 elementor-widget elementor-widget-heading\" data-id=\"6eabf2c0\" data-element_type=\"widget\" data-e-type=\"widget\" data-widget_type=\"heading.default\">\n\t\t\t\t\t<h4 class=\"elementor-heading-title elementor-size-default\">Une activit\u00e9 extrascolaire au choix<\/h4>\t\t\t\t<\/div>\n\t\t\t\t<div class=\"elementor-element elementor-element-3cd03691 elementor-widget elementor-widget-text-editor\" data-id=\"3cd03691\" data-element_type=\"widget\" data-e-type=\"widget\" data-widget_type=\"text-editor.default\">\n\t\t\t\t\t\t\t\t\t<p>Un cycle d'activit\u00e9s extrascolaires gratuit au choix&nbsp;: gymnastique posturale, yoga ou judo.<\/p>\t\t\t\t\t\t\t\t<\/div>\n\t\t\t\t<\/div>\n\t\t<div class=\"elementor-element elementor-element-2fdffec0 e-con-full e-flex e-con e-child\" data-id=\"2fdffec0\" data-element_type=\"container\" data-e-type=\"container\" data-settings=\"{&quot;background_background&quot;:&quot;classic&quot;}\">\n\t\t\t\t<div class=\"elementor-element elementor-element-3e85b1ec elementor-widget elementor-widget-heading\" data-id=\"3e85b1ec\" data-element_type=\"widget\" data-e-type=\"widget\" data-widget_type=\"heading.default\">\n\t\t\t\t\t<h4 class=\"elementor-heading-title elementor-size-default\">Programme bilingue complet<\/h4>\t\t\t\t<\/div>\n\t\t\t\t<div class=\"elementor-element elementor-element-38be6721 elementor-widget elementor-widget-text-editor\" data-id=\"38be6721\" data-element_type=\"widget\" data-e-type=\"widget\" data-widget_type=\"text-editor.default\">\n\t\t\t\t\t\t\t\t\t<p>Apprentissage du fran\u00e7ais par la m\u00e9thode UPUL tout au long de la journ\u00e9e, conform\u00e9ment au programme officiel du minist\u00e8re polonais de l'\u00c9ducation nationale (MEN).<\/p>\t\t\t\t\t\t\t\t<\/div>\n\t\t\t\t<\/div>\n\t\t\t\t<\/div>\n\t\t\t\t<\/section>\n\t\t<section class=\"elementor-element elementor-element-f9b6f83 e-con-full e-flex e-con e-child\" data-id=\"f9b6f83\" data-element_type=\"container\" data-e-type=\"container\">\n\t\t\t\t<div class=\"elementor-element elementor-element-2374dd2 tk-h2 elementor-widget elementor-widget-heading\" data-id=\"2374dd2\" data-element_type=\"widget\" data-e-type=\"widget\" data-widget_type=\"heading.default\">\n\t\t\t\t\t<h2 class=\"elementor-heading-title elementor-size-default\">Questions fr\u00e9quentes<\/h2>\t\t\t\t<\/div>\n\t\t<div class=\"elementor-element elementor-element-3b8c2439 e-con-full e-flex e-con e-child\" data-id=\"3b8c2439\" data-element_type=\"container\" data-e-type=\"container\" data-settings=\"{&quot;background_background&quot;:&quot;classic&quot;}\">\n\t\t\t\t<div class=\"elementor-element elementor-element-494c7b36 elementor-widget elementor-widget-heading\" data-id=\"494c7b36\" data-element_type=\"widget\" data-e-type=\"widget\" data-widget_type=\"heading.default\">\n\t\t\t\t\t<h3 class=\"elementor-heading-title elementor-size-default\">Les frais peuvent-ils \u00eatre r\u00e9gl\u00e9s avec des ch\u00e8ques \u00ab\u00a0Benefit\u00a0\u00bb ou une participation de l'employeur\u00a0?<\/h3>\t\t\t\t<\/div>\n\t\t\t\t<div class=\"elementor-element elementor-element-17bc50e6 elementor-widget elementor-widget-text-editor\" data-id=\"17bc50e6\" data-element_type=\"widget\" data-e-type=\"widget\" data-widget_type=\"text-editor.default\">\n\t\t\t\t\t\t\t\t\t<p>Oui, nous acceptons diff\u00e9rentes formes de participation financi\u00e8re. Contactez-nous pour en d\u00e9finir les modalit\u00e9s.<\/p>\t\t\t\t\t\t\t\t<\/div>\n\t\t\t\t<\/div>\n\t\t<div class=\"elementor-element elementor-element-c943c2f e-con-full e-flex e-con e-child\" data-id=\"c943c2f\" data-element_type=\"container\" data-e-type=\"container\" data-settings=\"{&quot;background_background&quot;:&quot;classic&quot;}\">\n\t\t\t\t<div class=\"elementor-element elementor-element-67b4d1a elementor-widget elementor-widget-heading\" data-id=\"67b4d1a\" data-element_type=\"widget\" data-e-type=\"widget\" data-widget_type=\"heading.default\">\n\t\t\t\t\t<h3 class=\"elementor-heading-title elementor-size-default\">Existe-t-il une r\u00e9duction pour les fratries\u00a0?<\/h3>\t\t\t\t<\/div>\n\t\t\t\t<div class=\"elementor-element elementor-element-7cc24349 elementor-widget elementor-widget-text-editor\" data-id=\"7cc24349\" data-element_type=\"widget\" data-e-type=\"widget\" data-widget_type=\"text-editor.default\">\n\t\t\t\t\t\t\t\t\t<p>Oui, les fratries scolaris\u00e9es \u00e0 Trampoline b\u00e9n\u00e9ficient d'une r\u00e9duction sur les frais de scolarit\u00e9. Nous en pr\u00e9cisons les modalit\u00e9s lors de l'entretien d'admission.<\/p>\t\t\t\t\t\t\t\t<\/div>\n\t\t\t\t<\/div>\n\t\t<div class=\"elementor-element elementor-element-56040494 e-con-full e-flex e-con e-child\" data-id=\"56040494\" data-element_type=\"container\" data-e-type=\"container\" data-settings=\"{&quot;background_background&quot;:&quot;classic&quot;}\">\n\t\t\t\t<div class=\"elementor-element elementor-element-53ed1ed6 elementor-widget elementor-widget-heading\" data-id=\"53ed1ed6\" data-element_type=\"widget\" data-e-type=\"widget\" data-widget_type=\"heading.default\">\n\t\t\t\t\t<h3 class=\"elementor-heading-title elementor-size-default\">Les frais de scolarit\u00e9 sont-ils dus pendant les vacances et les absences\u00a0?<\/h3>\t\t\t\t<\/div>\n\t\t\t\t<div class=\"elementor-element elementor-element-289a1969 elementor-widget elementor-widget-text-editor\" data-id=\"289a1969\" data-element_type=\"widget\" data-e-type=\"widget\" data-widget_type=\"text-editor.default\">\n\t\t\t\t\t\t\t\t\t<p>Les frais de scolarit\u00e9 sont un forfait, ind\u00e9pendant des absences de l'enfant. Les frais de restauration, eux, ne sont factur\u00e9s que pour les jours de pr\u00e9sence.<\/p>\t\t\t\t\t\t\t\t<\/div>\n\t\t\t\t<\/div>\n\t\t<div class=\"elementor-element elementor-element-35f9673d e-con-full e-flex e-con e-child\" data-id=\"35f9673d\" data-element_type=\"container\" data-e-type=\"container\" data-settings=\"{&quot;background_background&quot;:&quot;classic&quot;}\">\n\t\t\t\t<div class=\"elementor-element elementor-element-1c5d1447 elementor-widget elementor-widget-heading\" data-id=\"1c5d1447\" data-element_type=\"widget\" data-e-type=\"widget\" data-widget_type=\"heading.default\">\n\t\t\t\t\t<h3 class=\"elementor-heading-title elementor-size-default\">Quelle est la date limite de paiement\u00a0?<\/h3>\t\t\t\t<\/div>\n\t\t\t\t<div class=\"elementor-element elementor-element-25975d04 elementor-widget elementor-widget-text-editor\" data-id=\"25975d04\" data-element_type=\"widget\" data-e-type=\"widget\" data-widget_type=\"text-editor.default\">\n\t\t\t\t\t\t\t\t\t<p>Les frais de scolarit\u00e9 sont \u00e0 r\u00e9gler avant le 10 de chaque mois, par avance. Les frais de restauration sont factur\u00e9s \u00e0 terme \u00e9chu, sur la base de la pr\u00e9sence r\u00e9elle de l'enfant.<\/p>\t\t\t\t\t\t\t\t<\/div>\n\t\t\t\t<\/div>\n\t\t<div class=\"elementor-element elementor-element-7d774c7c e-con-full e-flex e-con e-child\" data-id=\"7d774c7c\" data-element_type=\"container\" data-e-type=\"container\" data-settings=\"{&quot;background_background&quot;:&quot;classic&quot;}\">\n\t\t\t\t<div class=\"elementor-element elementor-element-2ed4804 elementor-widget elementor-widget-heading\" data-id=\"2ed4804\" data-element_type=\"widget\" data-e-type=\"widget\" data-widget_type=\"heading.default\">\n\t\t\t\t\t<h3 class=\"elementor-heading-title elementor-size-default\">Les frais sont-ils d\u00e9ductibles des imp\u00f4ts\u00a0?<\/h3>\t\t\t\t<\/div>\n\t\t\t\t<div class=\"elementor-element elementor-element-3245bae6 elementor-widget elementor-widget-text-editor\" data-id=\"3245bae6\" data-element_type=\"widget\" data-e-type=\"widget\" data-widget_type=\"text-editor.default\">\n\t\t\t\t\t\t\t\t\t<p>Une partie des frais d'une \u00e9cole maternelle priv\u00e9e peut \u00eatre prise en compte dans la d\u00e9claration annuelle de revenus (PIT) au titre de l'abattement pour enfant \u00e0 charge. Cela d\u00e9pend de votre situation fiscale - il est conseill\u00e9 d'en parler \u00e0 votre comptable.<\/p>\t\t\t\t\t\t\t\t<\/div>\n\t\t\t\t<\/div>\n\t\t\t\t<\/section>\n\t\t<section class=\"elementor-element elementor-element-756abf88 e-con-full e-flex e-con e-child\" data-id=\"756abf88\" data-element_type=\"container\" data-e-type=\"container\" data-settings=\"{&quot;background_background&quot;:&quot;classic&quot;}\">\n\t\t\t\t<div class=\"elementor-element elementor-element-5d599e18 tk-h2-dark elementor-widget elementor-widget-heading\" data-id=\"5d599e18\" data-element_type=\"widget\" data-e-type=\"widget\" data-widget_type=\"heading.default\">\n\t\t\t\t\t<h2 class=\"elementor-heading-title elementor-size-default\">Coordonn\u00e9es bancaires<\/h2>\t\t\t\t<\/div>\n\t\t\t\t<div class=\"elementor-element elementor-element-498b7824 elementor-widget elementor-widget-text-editor\" data-id=\"498b7824\" data-element_type=\"widget\" data-e-type=\"widget\" data-widget_type=\"text-editor.default\">\n\t\t\t\t\t\t\t\t\t<p>Les coordonn\u00e9es bancaires d\u00e9taill\u00e9es (num\u00e9ro de compte, libell\u00e9 du virement) sont communiqu\u00e9es aux parents apr\u00e8s la signature du contrat.<\/p>\t\t\t\t\t\t\t\t<\/div>\n\t\t\t\t<div class=\"elementor-element elementor-element-3edf6e3b elementor-widget elementor-widget-text-editor\" data-id=\"3edf6e3b\" data-element_type=\"widget\" data-e-type=\"widget\" data-widget_type=\"text-editor.default\">\n\t\t\t\t\t\t\t\t\t<p>Pour toute question relative aux factures, aux \u00e9ch\u00e9ances ou aux r\u00e8glements, n'h\u00e9sitez pas \u00e0 contacter le secr\u00e9tariat de l'\u00e9cole.<\/p>\t\t\t\t\t\t\t\t<\/div>\n\t\t\t\t<\/section>\n\t\t<section class=\"elementor-element elementor-element-1e7260f e-con-full e-flex e-con e-child\" data-id=\"1e7260f\" data-element_type=\"container\" data-e-type=\"container\" data-settings=\"{&quot;background_background&quot;:&quot;classic&quot;}\">\n\t\t\t\t<div class=\"elementor-element elementor-element-19df0997 elementor-widget elementor-widget-heading\" data-id=\"19df0997\" data-element_type=\"widget\" data-e-type=\"widget\" data-widget_type=\"heading.default\">\n\t\t\t\t\t<h2 class=\"elementor-heading-title elementor-size-default\">Vous avez des questions sur les tarifs ou souhaitez inscrire votre enfant\u00a0?<\/h2>\t\t\t\t<\/div>\n\t\t\t\t<div class=\"elementor-element elementor-element-74d4aa3f elementor-widget elementor-widget-text-editor\" data-id=\"74d4aa3f\" data-element_type=\"widget\" data-e-type=\"widget\" data-widget_type=\"text-editor.default\">\n\t\t\t\t\t\t\t\t\t<p>Les d\u00e9tails du contrat, les places disponibles et les conditions d'admission sont abord\u00e9s lors d'un entretien individuel avec les parents. Contactez-nous et nous conviendrons d'un rendez-vous.<\/p>\t\t\t\t\t\t\t\t<\/div>\n\t\t\t\t<div class=\"elementor-element elementor-element-6bc20cf2 elementor-align-center elementor-widget__width-auto elementor-widget elementor-widget-button\" data-id=\"6bc20cf2\" data-element_type=\"widget\" data-e-type=\"widget\" data-widget_type=\"button.default\">\n\t\t\t\t\t\t\t\t\t\t<a class=\"elementor-button elementor-button-link elementor-size-sm\" href=\"\/przedszkole\/fr\/contact\/\">\n\t\t\t\t\t\t<span class=\"elementor-button-content-wrapper\">\n\t\t\t\t\t\t\t\t\t<span class=\"elementor-button-text\">Prendre rendez-vous \u2192<\/span>\n\t\t\t\t\t<\/span>\n\t\t\t\t\t<\/a>\n\t\t\t\t\t\t\t\t<\/div>\n\t\t\t\t<\/section>\n\t\t\t\t\t<\/div>\n\t\t\t\t<\/div>\n\t\t\t\t<\/div>\n\t\t","protected":false},"excerpt":{"rendered":"<p>Tarifs Tarifs en vigueur \u00e0 l'\u00e9cole maternelle franco-polonaise Trampoline. Tous les groupes d'\u00e2ge, ouverture de 7h45 \u00e0 17h00. Frais uniques 2\u00a0800 z\u0142 frais d'inscription (\u00e0 l'inscription) Frais uniques \u00e0 verser lors de l'admission de l'enfant \u00e0 l'\u00e9cole maternelle. Frais de scolarit\u00e9 mensuels 2\u00a0800 z\u0142 + restauration Tarif applicable aux enfants \u00e0 partir de 2 ans [&hellip;]<\/p>\n","protected":false},"author":1,"featured_media":0,"parent":0,"menu_order":0,"comment_status":"closed","ping_status":"closed","template":"","meta":{"footnotes":""},"class_list":["post-11376","page","type-page","status-publish","hentry"],"yoast_head":"<!-- This site is optimized with the Yoast SEO plugin v28.1 - https:\/\/yoast.com\/product\/yoast-seo-wordpress\/ -->\n<title>Tarifs - Przedszkole<\/title>\n<meta name=\"robots\" content=\"index, follow, max-snippet:-1, max-image-preview:large, max-video-preview:-1\" \/>\n<link rel=\"canonical\" href=\"https:\/\/trampoline.edu.pl\/przedszkole\/fr\/tarifs\/\" \/>\n<meta property=\"og:locale\" content=\"pl_PL\" \/>\n<meta property=\"og:type\" content=\"article\" \/>\n<meta property=\"og:title\" content=\"Tarifs - Przedszkole\" \/>\n<meta property=\"og:description\" content=\"Tarifs Tarifs en vigueur \u00e0 l&#039;\u00e9cole maternelle franco-polonaise Trampoline. Tous les groupes d&#039;\u00e2ge, ouverture de 7h45 \u00e0 17h00. Frais uniques 2\u00a0800 z\u0142 frais d&#039;inscription (\u00e0 l&#039;inscription) Frais uniques \u00e0 verser lors de l&#039;admission de l&#039;enfant \u00e0 l&#039;\u00e9cole maternelle. Frais de scolarit\u00e9 mensuels 2\u00a0800 z\u0142 + restauration Tarif applicable aux enfants \u00e0 partir de 2 ans [&hellip;]\" \/>\n<meta property=\"og:url\" content=\"https:\/\/trampoline.edu.pl\/przedszkole\/fr\/tarifs\/\" \/>\n<meta property=\"og:site_name\" content=\"Przedszkole\" \/>\n<meta property=\"article:modified_time\" content=\"2026-07-27T14:40:42+00:00\" \/>\n<meta name=\"twitter:card\" content=\"summary_large_image\" \/>\n<meta name=\"twitter:label1\" content=\"Szacowany czas czytania\" \/>\n\t<meta name=\"twitter:data1\" content=\"3 minuty\" \/>\n<script type=\"application\/ld+json\" class=\"yoast-schema-graph\">{\"@context\":\"https:\\\/\\\/schema.org\",\"@graph\":[{\"@type\":\"WebPage\",\"@id\":\"https:\\\/\\\/trampoline.edu.pl\\\/przedszkole\\\/fr\\\/tarifs\\\/\",\"url\":\"https:\\\/\\\/trampoline.edu.pl\\\/przedszkole\\\/fr\\\/tarifs\\\/\",\"name\":\"Tarifs - Przedszkole\",\"isPartOf\":{\"@id\":\"https:\\\/\\\/trampoline.edu.pl\\\/przedszkole\\\/#website\"},\"datePublished\":\"2026-07-27T14:39:25+00:00\",\"dateModified\":\"2026-07-27T14:40:42+00:00\",\"breadcrumb\":{\"@id\":\"https:\\\/\\\/trampoline.edu.pl\\\/przedszkole\\\/fr\\\/tarifs\\\/#breadcrumb\"},\"inLanguage\":\"pl-PL\",\"potentialAction\":[{\"@type\":\"ReadAction\",\"target\":[\"https:\\\/\\\/trampoline.edu.pl\\\/przedszkole\\\/fr\\\/tarifs\\\/\"]}]},{\"@type\":\"BreadcrumbList\",\"@id\":\"https:\\\/\\\/trampoline.edu.pl\\\/przedszkole\\\/fr\\\/tarifs\\\/#breadcrumb\",\"itemListElement\":[{\"@type\":\"ListItem\",\"position\":1,\"name\":\"Strona g\u0142\u00f3wna\",\"item\":\"https:\\\/\\\/trampoline.edu.pl\\\/przedszkole\\\/\"},{\"@type\":\"ListItem\",\"position\":2,\"name\":\"Tarifs\"}]},{\"@type\":\"WebSite\",\"@id\":\"https:\\\/\\\/trampoline.edu.pl\\\/przedszkole\\\/#website\",\"url\":\"https:\\\/\\\/trampoline.edu.pl\\\/przedszkole\\\/\",\"name\":\"Przedszkole\",\"description\":\"\",\"publisher\":{\"@id\":\"https:\\\/\\\/trampoline.edu.pl\\\/przedszkole\\\/#organization\"},\"potentialAction\":[{\"@type\":\"SearchAction\",\"target\":{\"@type\":\"EntryPoint\",\"urlTemplate\":\"https:\\\/\\\/trampoline.edu.pl\\\/przedszkole\\\/?s={search_term_string}\"},\"query-input\":{\"@type\":\"PropertyValueSpecification\",\"valueRequired\":true,\"valueName\":\"search_term_string\"}}],\"inLanguage\":\"pl-PL\"},{\"@type\":\"Organization\",\"@id\":\"https:\\\/\\\/trampoline.edu.pl\\\/przedszkole\\\/#organization\",\"name\":\"Przedszkole\",\"url\":\"https:\\\/\\\/trampoline.edu.pl\\\/przedszkole\\\/\",\"logo\":{\"@type\":\"ImageObject\",\"inLanguage\":\"pl-PL\",\"@id\":\"https:\\\/\\\/trampoline.edu.pl\\\/przedszkole\\\/#\\\/schema\\\/logo\\\/image\\\/\",\"url\":\"https:\\\/\\\/trampoline.edu.pl\\\/przedszkole\\\/wp-content\\\/uploads\\\/sites\\\/4\\\/2026\\\/05\\\/cropped-Logo-przedszkole-TRAMPOLINE-e1785315157547.jpg\",\"contentUrl\":\"https:\\\/\\\/trampoline.edu.pl\\\/przedszkole\\\/wp-content\\\/uploads\\\/sites\\\/4\\\/2026\\\/05\\\/cropped-Logo-przedszkole-TRAMPOLINE-e1785315157547.jpg\",\"width\":300,\"height\":81,\"caption\":\"Przedszkole\"},\"image\":{\"@id\":\"https:\\\/\\\/trampoline.edu.pl\\\/przedszkole\\\/#\\\/schema\\\/logo\\\/image\\\/\"}}]}<\/script>\n<!-- \/ Yoast SEO plugin. -->","yoast_head_json":{"title":"Tarifs - Przedszkole","robots":{"index":"index","follow":"follow","max-snippet":"max-snippet:-1","max-image-preview":"max-image-preview:large","max-video-preview":"max-video-preview:-1"},"canonical":"https:\/\/trampoline.edu.pl\/przedszkole\/fr\/tarifs\/","og_locale":"pl_PL","og_type":"article","og_title":"Tarifs - Przedszkole","og_description":"Tarifs Tarifs en vigueur \u00e0 l'\u00e9cole maternelle franco-polonaise Trampoline. Tous les groupes d'\u00e2ge, ouverture de 7h45 \u00e0 17h00. Frais uniques 2\u00a0800 z\u0142 frais d'inscription (\u00e0 l'inscription) Frais uniques \u00e0 verser lors de l'admission de l'enfant \u00e0 l'\u00e9cole maternelle. Frais de scolarit\u00e9 mensuels 2\u00a0800 z\u0142 + restauration Tarif applicable aux enfants \u00e0 partir de 2 ans [&hellip;]","og_url":"https:\/\/trampoline.edu.pl\/przedszkole\/fr\/tarifs\/","og_site_name":"Przedszkole","article_modified_time":"2026-07-27T14:40:42+00:00","twitter_card":"summary_large_image","twitter_misc":{"Szacowany czas czytania":"3 minuty"},"schema":{"@context":"https:\/\/schema.org","@graph":[{"@type":"WebPage","@id":"https:\/\/trampoline.edu.pl\/przedszkole\/fr\/tarifs\/","url":"https:\/\/trampoline.edu.pl\/przedszkole\/fr\/tarifs\/","name":"Tarifs - Przedszkole","isPartOf":{"@id":"https:\/\/trampoline.edu.pl\/przedszkole\/#website"},"datePublished":"2026-07-27T14:39:25+00:00","dateModified":"2026-07-27T14:40:42+00:00","breadcrumb":{"@id":"https:\/\/trampoline.edu.pl\/przedszkole\/fr\/tarifs\/#breadcrumb"},"inLanguage":"pl-PL","potentialAction":[{"@type":"ReadAction","target":["https:\/\/trampoline.edu.pl\/przedszkole\/fr\/tarifs\/"]}]},{"@type":"BreadcrumbList","@id":"https:\/\/trampoline.edu.pl\/przedszkole\/fr\/tarifs\/#breadcrumb","itemListElement":[{"@type":"ListItem","position":1,"name":"Strona g\u0142\u00f3wna","item":"https:\/\/trampoline.edu.pl\/przedszkole\/"},{"@type":"ListItem","position":2,"name":"Tarifs"}]},{"@type":"WebSite","@id":"https:\/\/trampoline.edu.pl\/przedszkole\/#website","url":"https:\/\/trampoline.edu.pl\/przedszkole\/","name":"Przedszkole","description":"","publisher":{"@id":"https:\/\/trampoline.edu.pl\/przedszkole\/#organization"},"potentialAction":[{"@type":"SearchAction","target":{"@type":"EntryPoint","urlTemplate":"https:\/\/trampoline.edu.pl\/przedszkole\/?s={search_term_string}"},"query-input":{"@type":"PropertyValueSpecification","valueRequired":true,"valueName":"search_term_string"}}],"inLanguage":"pl-PL"},{"@type":"Organization","@id":"https:\/\/trampoline.edu.pl\/przedszkole\/#organization","name":"Przedszkole","url":"https:\/\/trampoline.edu.pl\/przedszkole\/","logo":{"@type":"ImageObject","inLanguage":"pl-PL","@id":"https:\/\/trampoline.edu.pl\/przedszkole\/#\/schema\/logo\/image\/","url":"https:\/\/trampoline.edu.pl\/przedszkole\/wp-content\/uploads\/sites\/4\/2026\/05\/cropped-Logo-przedszkole-TRAMPOLINE-e1785315157547.jpg","contentUrl":"https:\/\/trampoline.edu.pl\/przedszkole\/wp-content\/uploads\/sites\/4\/2026\/05\/cropped-Logo-przedszkole-TRAMPOLINE-e1785315157547.jpg","width":300,"height":81,"caption":"Przedszkole"},"image":{"@id":"https:\/\/trampoline.edu.pl\/przedszkole\/#\/schema\/logo\/image\/"}}]}},"lang":"fr","translations":{"fr":11376,"pl":11286},"pll_sync_post":{},"_links":{"self":[{"href":"https:\/\/trampoline.edu.pl\/przedszkole\/wp-json\/wp\/v2\/pages\/11376","targetHints":{"allow":["GET"]}}],"collection":[{"href":"https:\/\/trampoline.edu.pl\/przedszkole\/wp-json\/wp\/v2\/pages"}],"about":[{"href":"https:\/\/trampoline.edu.pl\/przedszkole\/wp-json\/wp\/v2\/types\/page"}],"author":[{"embeddable":true,"href":"https:\/\/trampoline.edu.pl\/przedszkole\/wp-json\/wp\/v2\/users\/1"}],"replies":[{"embeddable":true,"href":"https:\/\/trampoline.edu.pl\/przedszkole\/wp-json\/wp\/v2\/comments?post=11376"}],"version-history":[{"count":4,"href":"https:\/\/trampoline.edu.pl\/przedszkole\/wp-json\/wp\/v2\/pages\/11376\/revisions"}],"predecessor-version":[{"id":11380,"href":"https:\/\/trampoline.edu.pl\/przedszkole\/wp-json\/wp\/v2\/pages\/11376\/revisions\/11380"}],"wp:attachment":[{"href":"https:\/\/trampoline.edu.pl\/przedszkole\/wp-json\/wp\/v2\/media?parent=11376"}],"curies":[{"name":"wp","href":"https:\/\/api.w.org\/{rel}","templated":true}]}}