{"id":11423,"date":"2026-07-27T16:25:22","date_gmt":"2026-07-27T16:25:22","guid":{"rendered":"https:\/\/trampoline.edu.pl\/przedszkole\/?page_id=11423"},"modified":"2026-07-27T16:26:05","modified_gmt":"2026-07-27T16:26:05","slug":"activites-extrascolaires","status":"publish","type":"page","link":"https:\/\/trampoline.edu.pl\/przedszkole\/fr\/activites-extrascolaires\/","title":{"rendered":"Activit\u00e9s extrascolaires"},"content":{"rendered":"\t\t<div data-elementor-type=\"wp-page\" data-elementor-id=\"11423\" class=\"elementor elementor-11423\" data-elementor-post-type=\"page\">\n\t\t\t\t<div class=\"elementor-element elementor-element-34eb69b e-flex e-con-boxed e-con e-parent\" data-id=\"34eb69b\" data-element_type=\"container\" data-e-type=\"container\">\n\t\t\t\t\t<div class=\"e-con-inner\">\n\t\t\t\t<div class=\"elementor-element elementor-element-51c1d740 elementor-widget elementor-widget-heading\" data-id=\"51c1d740\" data-element_type=\"widget\" data-e-type=\"widget\" data-widget_type=\"heading.default\">\n\t\t\t\t\t<h1 class=\"elementor-heading-title elementor-size-default\">Activit\u00e9s extrascolaires<\/h1>\t\t\t\t<\/div>\n\t\t\t\t<div class=\"elementor-element elementor-element-753df7e4 tk-lead elementor-widget elementor-widget-text-editor\" data-id=\"753df7e4\" data-element_type=\"widget\" data-e-type=\"widget\" data-widget_type=\"text-editor.default\">\n\t\t\t\t\t\t\t\t\t<p>Au-del\u00e0 du programme de l'\u00e9cole maternelle, nous proposons \u00e0 nos enfants des activit\u00e9s facultatives qui d\u00e9veloppent leurs passions, leurs talents et leurs comp\u00e9tences - de la musique au sport, en passant par la pleine conscience.<\/p>\t\t\t\t\t\t\t\t<\/div>\n\t\t<div class=\"elementor-element elementor-element-5c770c20 e-con-full e-flex e-con e-child\" data-id=\"5c770c20\" data-element_type=\"container\" data-e-type=\"container\" data-settings=\"{&quot;background_background&quot;:&quot;classic&quot;}\">\n\t\t\t\t<div class=\"elementor-element elementor-element-f11aa60 elementor-widget elementor-widget-heading\" data-id=\"f11aa60\" data-element_type=\"widget\" data-e-type=\"widget\" data-widget_type=\"heading.default\">\n\t\t\t\t\t<div class=\"elementor-heading-title elementor-size-default\">\u26a0 Information importante<\/div>\t\t\t\t<\/div>\n\t\t\t\t<div class=\"elementor-element elementor-element-1cee7bf elementor-widget elementor-widget-text-editor\" data-id=\"1cee7bf\" data-element_type=\"widget\" data-e-type=\"widget\" data-widget_type=\"text-editor.default\">\n\t\t\t\t\t\t\t\t\t<p>Une activit\u00e9 sportive au choix est incluse dans les frais de scolarit\u00e9.<\/p>\t\t\t\t\t\t\t\t<\/div>\n\t\t\t\t<\/div>\n\t\t<div class=\"elementor-element elementor-element-3003407b e-grid e-con-full e-con e-child\" data-id=\"3003407b\" data-element_type=\"container\" data-e-type=\"container\">\n\t\t<div class=\"elementor-element elementor-element-4301ccf4 e-con-full e-flex e-con e-child\" data-id=\"4301ccf4\" data-element_type=\"container\" data-e-type=\"container\" data-settings=\"{&quot;background_background&quot;:&quot;classic&quot;}\">\n\t\t\t\t<div class=\"elementor-element elementor-element-366f2393 elementor-widget elementor-widget-heading\" data-id=\"366f2393\" data-element_type=\"widget\" data-e-type=\"widget\" data-widget_type=\"heading.default\">\n\t\t\t\t\t<div class=\"elementor-heading-title elementor-size-default\">\ud83c\udfb5<\/div>\t\t\t\t<\/div>\n\t\t\t\t<div class=\"elementor-element elementor-element-46347a9e elementor-widget elementor-widget-heading\" data-id=\"46347a9e\" data-element_type=\"widget\" data-e-type=\"widget\" data-widget_type=\"heading.default\">\n\t\t\t\t\t<h3 class=\"elementor-heading-title elementor-size-default\">Projet Musique<\/h3>\t\t\t\t<\/div>\n\t\t\t\t<div class=\"elementor-element elementor-element-7589aab4 elementor-widget elementor-widget-text-editor\" data-id=\"7589aab4\" data-element_type=\"widget\" data-e-type=\"widget\" data-widget_type=\"text-editor.default\">\n\t\t\t\t\t\t\t\t\t<p>Un programme original d'\u00e9veil musical qui d\u00e9veloppe la sensibilit\u00e9 \u00e0 la musique. \u00c0 chaque s\u00e9ance, les enfants d\u00e9couvrent ce que sont la m\u00e9lodie, le rythme et l'harmonie, pourquoi les sons ont des hauteurs et des timbres diff\u00e9rents, font connaissance avec diff\u00e9rents instruments et, par le jeu et la pratique collective, explorent par eux-m\u00eames les \u00e9l\u00e9ments essentiels de l'univers musical.<\/p>\t\t\t\t\t\t\t\t<\/div>\n\t\t\t\t<div class=\"elementor-element elementor-element-1414ec98 tk-meta-wrap elementor-widget elementor-widget-text-editor\" data-id=\"1414ec98\" data-element_type=\"widget\" data-e-type=\"widget\" data-widget_type=\"text-editor.default\">\n\t\t\t\t\t\t\t\t\t<span class=\"tk-meta\">\u00c2ge&nbsp;: <strong>3-6 ans<\/strong><\/span>\t\t\t\t\t\t\t\t<\/div>\n\t\t\t\t<\/div>\n\t\t<div class=\"elementor-element elementor-element-3a8bdabf e-con-full e-flex e-con e-child\" data-id=\"3a8bdabf\" data-element_type=\"container\" data-e-type=\"container\" data-settings=\"{&quot;background_background&quot;:&quot;classic&quot;}\">\n\t\t\t\t<div class=\"elementor-element elementor-element-287d9041 elementor-widget elementor-widget-heading\" data-id=\"287d9041\" data-element_type=\"widget\" data-e-type=\"widget\" data-widget_type=\"heading.default\">\n\t\t\t\t\t<div class=\"elementor-heading-title elementor-size-default\">\ud83d\udcd6<\/div>\t\t\t\t<\/div>\n\t\t\t\t<div class=\"elementor-element elementor-element-28a6e48d elementor-widget elementor-widget-heading\" data-id=\"28a6e48d\" data-element_type=\"widget\" data-e-type=\"widget\" data-widget_type=\"heading.default\">\n\t\t\t\t\t<h3 class=\"elementor-heading-title elementor-size-default\">English &amp; Reading (groupes des plus jeunes)<\/h3>\t\t\t\t<\/div>\n\t\t\t\t<div class=\"elementor-element elementor-element-713f88c9 elementor-widget elementor-widget-text-editor\" data-id=\"713f88c9\" data-element_type=\"widget\" data-e-type=\"widget\" data-widget_type=\"text-editor.default\">\n\t\t\t\t\t\t\t\t\t<p>L'objectif de ces s\u00e9ances est l'apprentissage de l'anglais ainsi que le d\u00e9veloppement des premi\u00e8res comp\u00e9tences en lecture (y compris des exercices phoniques simples avec les lettres polonaises), \u00e0 travers des activit\u00e9s dynamiques, ludiques et interactives. Un travail r\u00e9gulier et individualis\u00e9 soutient fortement le d\u00e9veloppement de ces comp\u00e9tences. Le programme d\u00e9taill\u00e9 peut \u00eatre adapt\u00e9 \u00e0 chaque enfant, en concertation avec les parents.<\/p><p>Nous proposons trois le\u00e7ons de 15 minutes par semaine, en groupes de trois enfants, au prix de 75 z\u0142 par semaine.<\/p>\t\t\t\t\t\t\t\t<\/div>\n\t\t\t\t<div class=\"elementor-element elementor-element-4a7222a4 tk-meta-wrap elementor-widget elementor-widget-text-editor\" data-id=\"4a7222a4\" data-element_type=\"widget\" data-e-type=\"widget\" data-widget_type=\"text-editor.default\">\n\t\t\t\t\t\t\t\t\t<span class=\"tk-meta\">\u00c2ge&nbsp;: <strong>3-5 ans<\/strong><\/span>\t\t\t\t\t\t\t\t<\/div>\n\t\t\t\t<\/div>\n\t\t<div class=\"elementor-element elementor-element-2167a307 e-con-full e-flex e-con e-child\" data-id=\"2167a307\" data-element_type=\"container\" data-e-type=\"container\" data-settings=\"{&quot;background_background&quot;:&quot;classic&quot;}\">\n\t\t\t\t<div class=\"elementor-element elementor-element-714527a8 elementor-widget elementor-widget-heading\" data-id=\"714527a8\" data-element_type=\"widget\" data-e-type=\"widget\" data-widget_type=\"heading.default\">\n\t\t\t\t\t<div class=\"elementor-heading-title elementor-size-default\">\ud83c\uddec\ud83c\udde7<\/div>\t\t\t\t<\/div>\n\t\t\t\t<div class=\"elementor-element elementor-element-4fb871de elementor-widget elementor-widget-heading\" data-id=\"4fb871de\" data-element_type=\"widget\" data-e-type=\"widget\" data-widget_type=\"heading.default\">\n\t\t\t\t\t<h3 class=\"elementor-heading-title elementor-size-default\">Anglais (groupes des plus grands)<\/h3>\t\t\t\t<\/div>\n\t\t\t\t<div class=\"elementor-element elementor-element-42355992 elementor-widget elementor-widget-text-editor\" data-id=\"42355992\" data-element_type=\"widget\" data-e-type=\"widget\" data-widget_type=\"text-editor.default\">\n\t\t\t\t\t\t\t\t\t<p>Des cours d'anglais fond\u00e9s sur trois piliers&nbsp;:<\/p><ul><li>le mouvement, qui lib\u00e8re l'\u00e9nergie n\u00e9cessaire \u00e0 l'apprentissage,<\/li><li>la musique, qui facilite la m\u00e9morisation,<\/li><li>la cr\u00e9ativit\u00e9, qui stimule l'imagination.<\/li><\/ul>\t\t\t\t\t\t\t\t<\/div>\n\t\t\t\t<div class=\"elementor-element elementor-element-3c6bebdd tk-meta-wrap elementor-widget elementor-widget-text-editor\" data-id=\"3c6bebdd\" data-element_type=\"widget\" data-e-type=\"widget\" data-widget_type=\"text-editor.default\">\n\t\t\t\t\t\t\t\t\t<span class=\"tk-meta\">\u00c2ge&nbsp;: <strong>5-6 ans<\/strong><\/span>\t\t\t\t\t\t\t\t<\/div>\n\t\t\t\t<\/div>\n\t\t<div class=\"elementor-element elementor-element-1fb3ada3 e-con-full e-flex e-con e-child\" data-id=\"1fb3ada3\" data-element_type=\"container\" data-e-type=\"container\" data-settings=\"{&quot;background_background&quot;:&quot;classic&quot;}\">\n\t\t\t\t<div class=\"elementor-element elementor-element-7169fd2c elementor-widget elementor-widget-heading\" data-id=\"7169fd2c\" data-element_type=\"widget\" data-e-type=\"widget\" data-widget_type=\"heading.default\">\n\t\t\t\t\t<div class=\"elementor-heading-title elementor-size-default\">\ud83e\uddd8<\/div>\t\t\t\t<\/div>\n\t\t\t\t<div class=\"elementor-element elementor-element-3154541b elementor-widget elementor-widget-heading\" data-id=\"3154541b\" data-element_type=\"widget\" data-e-type=\"widget\" data-widget_type=\"heading.default\">\n\t\t\t\t\t<h3 class=\"elementor-heading-title elementor-size-default\">Yoga<\/h3>\t\t\t\t<\/div>\n\t\t\t\t<div class=\"elementor-element elementor-element-7981a8e3 elementor-widget elementor-widget-text-editor\" data-id=\"7981a8e3\" data-element_type=\"widget\" data-e-type=\"widget\" data-widget_type=\"text-editor.default\">\n\t\t\t\t\t\t\t\t\t<p>Les s\u00e9ances de yoga sont un moment de mouvement et de plaisir. Les exercices sur tapis renforcent la coordination, favorisent une bonne posture et d\u00e9veloppent la capacit\u00e9 de concentration.<\/p>\t\t\t\t\t\t\t\t<\/div>\n\t\t\t\t<div class=\"elementor-element elementor-element-8d1566b tk-meta-wrap elementor-widget elementor-widget-text-editor\" data-id=\"8d1566b\" data-element_type=\"widget\" data-e-type=\"widget\" data-widget_type=\"text-editor.default\">\n\t\t\t\t\t\t\t\t\t<span class=\"tk-meta\">\u00c2ge&nbsp;: <strong>3-6 ans<\/strong><\/span>\t\t\t\t\t\t\t\t<\/div>\n\t\t\t\t<\/div>\n\t\t<div class=\"elementor-element elementor-element-3aa61887 e-con-full e-flex e-con e-child\" data-id=\"3aa61887\" data-element_type=\"container\" data-e-type=\"container\" data-settings=\"{&quot;background_background&quot;:&quot;classic&quot;}\">\n\t\t\t\t<div class=\"elementor-element elementor-element-2aa9f5a9 elementor-widget elementor-widget-heading\" data-id=\"2aa9f5a9\" data-element_type=\"widget\" data-e-type=\"widget\" data-widget_type=\"heading.default\">\n\t\t\t\t\t<div class=\"elementor-heading-title elementor-size-default\">\ud83c\udf3f<\/div>\t\t\t\t<\/div>\n\t\t\t\t<div class=\"elementor-element elementor-element-2e0ed8f8 elementor-widget elementor-widget-heading\" data-id=\"2e0ed8f8\" data-element_type=\"widget\" data-e-type=\"widget\" data-widget_type=\"heading.default\">\n\t\t\t\t\t<h3 class=\"elementor-heading-title elementor-size-default\">Pleine conscience pour les enfants<\/h3>\t\t\t\t<\/div>\n\t\t\t\t<div class=\"elementor-element elementor-element-52bbeaee elementor-widget elementor-widget-text-editor\" data-id=\"52bbeaee\" data-element_type=\"widget\" data-e-type=\"widget\" data-widget_type=\"text-editor.default\">\n\t\t\t\t\t\t\t\t\t<p>Des s\u00e9ances au cours desquelles les enfants d\u00e9veloppent leur attention dans une ambiance ludique, apprennent \u00e0 se concentrer, \u00e0 g\u00e9rer le stress, \u00e0 mieux comprendre leurs \u00e9motions et \u00e0 s'accepter, eux comme les autres.<\/p>\t\t\t\t\t\t\t\t<\/div>\n\t\t\t\t<div class=\"elementor-element elementor-element-6e45125b tk-meta-wrap elementor-widget elementor-widget-text-editor\" data-id=\"6e45125b\" data-element_type=\"widget\" data-e-type=\"widget\" data-widget_type=\"text-editor.default\">\n\t\t\t\t\t\t\t\t\t<span class=\"tk-meta\">\u00c2ge&nbsp;: <strong>4-6 ans<\/strong><\/span>\t\t\t\t\t\t\t\t<\/div>\n\t\t\t\t<\/div>\n\t\t<div class=\"elementor-element elementor-element-a0f3d66 e-con-full e-flex e-con e-child\" data-id=\"a0f3d66\" data-element_type=\"container\" data-e-type=\"container\" data-settings=\"{&quot;background_background&quot;:&quot;classic&quot;}\">\n\t\t\t\t<div class=\"elementor-element elementor-element-3ac8614e elementor-widget elementor-widget-heading\" data-id=\"3ac8614e\" data-element_type=\"widget\" data-e-type=\"widget\" data-widget_type=\"heading.default\">\n\t\t\t\t\t<div class=\"elementor-heading-title elementor-size-default\">\ud83e\udd4b<\/div>\t\t\t\t<\/div>\n\t\t\t\t<div class=\"elementor-element elementor-element-64fd0902 elementor-widget elementor-widget-heading\" data-id=\"64fd0902\" data-element_type=\"widget\" data-e-type=\"widget\" data-widget_type=\"heading.default\">\n\t\t\t\t\t<h3 class=\"elementor-heading-title elementor-size-default\">Judo<\/h3>\t\t\t\t<\/div>\n\t\t\t\t<div class=\"elementor-element elementor-element-7dd5d47f elementor-widget elementor-widget-text-editor\" data-id=\"7dd5d47f\" data-element_type=\"widget\" data-e-type=\"widget\" data-widget_type=\"text-editor.default\">\n\t\t\t\t\t\t\t\t\t<p>L'essentiel de ces s\u00e9ances, c'est avant tout le mouvement et le plaisir. Les entra\u00eenements reposent sur des \u00e9l\u00e9ments de judo (apprentissage des chutes en s\u00e9curit\u00e9) et comportent aussi des exercices de gymnastique, des jeux et des parcours d'adresse vari\u00e9s. Les exercices changent souvent, le rythme est soutenu et tout est pens\u00e9 pour maintenir la concentration des enfants.<\/p>\t\t\t\t\t\t\t\t<\/div>\n\t\t\t\t<div class=\"elementor-element elementor-element-364d70f5 tk-meta-wrap elementor-widget elementor-widget-text-editor\" data-id=\"364d70f5\" data-element_type=\"widget\" data-e-type=\"widget\" data-widget_type=\"text-editor.default\">\n\t\t\t\t\t\t\t\t\t<span class=\"tk-meta\">\u00c2ge&nbsp;: <strong>3-6 ans<\/strong><\/span>\t\t\t\t\t\t\t\t<\/div>\n\t\t\t\t<\/div>\n\t\t<div class=\"elementor-element elementor-element-903181f e-con-full e-flex e-con e-child\" data-id=\"903181f\" data-element_type=\"container\" data-e-type=\"container\" data-settings=\"{&quot;background_background&quot;:&quot;classic&quot;}\">\n\t\t\t\t<div class=\"elementor-element elementor-element-20a5de66 elementor-widget elementor-widget-heading\" data-id=\"20a5de66\" data-element_type=\"widget\" data-e-type=\"widget\" data-widget_type=\"heading.default\">\n\t\t\t\t\t<div class=\"elementor-heading-title elementor-size-default\">\ud83e\udd38<\/div>\t\t\t\t<\/div>\n\t\t\t\t<div class=\"elementor-element elementor-element-baced9e elementor-widget elementor-widget-heading\" data-id=\"baced9e\" data-element_type=\"widget\" data-e-type=\"widget\" data-widget_type=\"heading.default\">\n\t\t\t\t\t<h3 class=\"elementor-heading-title elementor-size-default\">Gymnastique posturale<\/h3>\t\t\t\t<\/div>\n\t\t\t\t<div class=\"elementor-element elementor-element-6e99f4df elementor-widget elementor-widget-text-editor\" data-id=\"6e99f4df\" data-element_type=\"widget\" data-e-type=\"widget\" data-widget_type=\"text-editor.default\">\n\t\t\t\t\t\t\t\t\t<p>Des s\u00e9ances de motricit\u00e9 qui, par le jeu, accompagnent le bon d\u00e9veloppement de l'enfant - elles aident \u00e0 acqu\u00e9rir une posture correcte, renforcent les muscles des pieds, du ventre et du dos, et am\u00e9liorent la condition physique et la coordination en g\u00e9n\u00e9ral.<\/p>\t\t\t\t\t\t\t\t<\/div>\n\t\t\t\t<div class=\"elementor-element elementor-element-66605b21 tk-meta-wrap elementor-widget elementor-widget-text-editor\" data-id=\"66605b21\" data-element_type=\"widget\" data-e-type=\"widget\" data-widget_type=\"text-editor.default\">\n\t\t\t\t\t\t\t\t\t<span class=\"tk-meta\">\u00c2ge&nbsp;: <strong>3-6 ans<\/strong><\/span>\t\t\t\t\t\t\t\t<\/div>\n\t\t\t\t<\/div>\n\t\t<div class=\"elementor-element elementor-element-5656c30b e-con-full e-flex e-con e-child\" data-id=\"5656c30b\" data-element_type=\"container\" data-e-type=\"container\" data-settings=\"{&quot;background_background&quot;:&quot;classic&quot;}\">\n\t\t\t\t<div class=\"elementor-element elementor-element-549f73c4 elementor-widget elementor-widget-heading\" data-id=\"549f73c4\" data-element_type=\"widget\" data-e-type=\"widget\" data-widget_type=\"heading.default\">\n\t\t\t\t\t<div class=\"elementor-heading-title elementor-size-default\">\ud83c\udfb9<\/div>\t\t\t\t<\/div>\n\t\t\t\t<div class=\"elementor-element elementor-element-4fca014d elementor-widget elementor-widget-heading\" data-id=\"4fca014d\" data-element_type=\"widget\" data-e-type=\"widget\" data-widget_type=\"heading.default\">\n\t\t\t\t\t<h3 class=\"elementor-heading-title elementor-size-default\">Piano<\/h3>\t\t\t\t<\/div>\n\t\t\t\t<div class=\"elementor-element elementor-element-74565c23 elementor-widget elementor-widget-text-editor\" data-id=\"74565c23\" data-element_type=\"widget\" data-e-type=\"widget\" data-widget_type=\"text-editor.default\">\n\t\t\t\t\t\t\t\t\t<p>Des cours de piano individuels inspir\u00e9s de la m\u00e9thode Suzuki - pleins de jeu et de d\u00e9couvertes musicales. Ils d\u00e9veloppent la concentration, la m\u00e9moire musicale, la motricit\u00e9 fine et la coordination.<\/p>\t\t\t\t\t\t\t\t<\/div>\n\t\t\t\t<div class=\"elementor-element elementor-element-5501d17c tk-meta-wrap elementor-widget elementor-widget-text-editor\" data-id=\"5501d17c\" data-element_type=\"widget\" data-e-type=\"widget\" data-widget_type=\"text-editor.default\">\n\t\t\t\t\t\t\t\t\t<span class=\"tk-meta\">\u00c2ge&nbsp;: <strong>4-6 ans<\/strong><\/span>\t\t\t\t\t\t\t\t<\/div>\n\t\t\t\t<\/div>\n\t\t\t\t<\/div>\n\t\t<section class=\"elementor-element elementor-element-44837b7 e-con-full e-flex e-con e-child\" data-id=\"44837b7\" data-element_type=\"container\" data-e-type=\"container\" data-settings=\"{&quot;background_background&quot;:&quot;classic&quot;}\">\n\t\t\t\t<div class=\"elementor-element elementor-element-3ff864a elementor-widget elementor-widget-heading\" data-id=\"3ff864a\" data-element_type=\"widget\" data-e-type=\"widget\" data-widget_type=\"heading.default\">\n\t\t\t\t\t<h2 class=\"elementor-heading-title elementor-size-default\">Vous avez des questions sur les activit\u00e9s extrascolaires&nbsp;?<\/h2>\t\t\t\t<\/div>\n\t\t\t\t<div class=\"elementor-element elementor-element-5a2d300c tk-cta-p elementor-widget elementor-widget-text-editor\" data-id=\"5a2d300c\" data-element_type=\"widget\" data-e-type=\"widget\" data-widget_type=\"text-editor.default\">\n\t\t\t\t\t\t\t\t\t<p>Nous vous en dirons volontiers plus sur le contenu des s\u00e9ances, les horaires et les conditions d'inscription. Le plus simple est de nous \u00e9crire ou de prendre rendez-vous pour une visite - nous vous montrerons aussi o\u00f9 se d\u00e9roulent les activit\u00e9s.<\/p>\t\t\t\t\t\t\t\t<\/div>\n\t\t\t\t<div class=\"elementor-element elementor-element-6425b63f elementor-align-center elementor-widget__width-auto tk-btn elementor-widget elementor-widget-button\" data-id=\"6425b63f\" data-element_type=\"widget\" data-e-type=\"widget\" data-widget_type=\"button.default\">\n\t\t\t\t\t\t\t\t\t\t<a class=\"elementor-button elementor-button-link elementor-size-sm\" href=\"\/przedszkole\/fr\/contact\/\">\n\t\t\t\t\t\t<span class=\"elementor-button-content-wrapper\">\n\t\t\t\t\t\t\t\t\t<span class=\"elementor-button-text\">Contactez-nous \u2192<\/span>\n\t\t\t\t\t<\/span>\n\t\t\t\t\t<\/a>\n\t\t\t\t\t\t\t\t<\/div>\n\t\t\t\t<\/section>\n\t\t\t\t\t<\/div>\n\t\t\t\t<\/div>\n\t\t\t\t<\/div>\n\t\t","protected":false},"excerpt":{"rendered":"<p>Activit\u00e9s extrascolaires Au-del\u00e0 du programme de l'\u00e9cole maternelle, nous proposons \u00e0 nos enfants des activit\u00e9s facultatives qui d\u00e9veloppent leurs passions, leurs talents et leurs comp\u00e9tences - de la musique au sport, en passant par la pleine conscience. \u26a0 Information importante Une activit\u00e9 sportive au choix est incluse dans les frais de scolarit\u00e9. \ud83c\udfb5 Projet Musique [&hellip;]<\/p>\n","protected":false},"author":1,"featured_media":0,"parent":0,"menu_order":0,"comment_status":"closed","ping_status":"closed","template":"","meta":{"footnotes":""},"class_list":["post-11423","page","type-page","status-publish","hentry"],"yoast_head":"<!-- This site is optimized with the Yoast SEO plugin v28.1 - https:\/\/yoast.com\/product\/yoast-seo-wordpress\/ -->\n<title>Activit\u00e9s extrascolaires - Przedszkole<\/title>\n<meta name=\"robots\" content=\"index, follow, max-snippet:-1, max-image-preview:large, max-video-preview:-1\" \/>\n<link rel=\"canonical\" href=\"https:\/\/trampoline.edu.pl\/przedszkole\/fr\/activites-extrascolaires\/\" \/>\n<meta property=\"og:locale\" content=\"pl_PL\" \/>\n<meta property=\"og:type\" content=\"article\" \/>\n<meta property=\"og:title\" content=\"Activit\u00e9s extrascolaires - Przedszkole\" \/>\n<meta property=\"og:description\" content=\"Activit\u00e9s extrascolaires Au-del\u00e0 du programme de l&#039;\u00e9cole maternelle, nous proposons \u00e0 nos enfants des activit\u00e9s facultatives qui d\u00e9veloppent leurs passions, leurs talents et leurs comp\u00e9tences - de la musique au sport, en passant par la pleine conscience. \u26a0 Information importante Une activit\u00e9 sportive au choix est incluse dans les frais de scolarit\u00e9. \ud83c\udfb5 Projet Musique [&hellip;]\" \/>\n<meta property=\"og:url\" content=\"https:\/\/trampoline.edu.pl\/przedszkole\/fr\/activites-extrascolaires\/\" \/>\n<meta property=\"og:site_name\" content=\"Przedszkole\" \/>\n<meta property=\"article:modified_time\" content=\"2026-07-27T16:26:05+00:00\" \/>\n<meta name=\"twitter:card\" content=\"summary_large_image\" \/>\n<meta name=\"twitter:label1\" content=\"Szacowany czas czytania\" \/>\n\t<meta name=\"twitter:data1\" content=\"3 minuty\" \/>\n<script type=\"application\/ld+json\" class=\"yoast-schema-graph\">{\"@context\":\"https:\\\/\\\/schema.org\",\"@graph\":[{\"@type\":\"WebPage\",\"@id\":\"https:\\\/\\\/trampoline.edu.pl\\\/przedszkole\\\/fr\\\/activites-extrascolaires\\\/\",\"url\":\"https:\\\/\\\/trampoline.edu.pl\\\/przedszkole\\\/fr\\\/activites-extrascolaires\\\/\",\"name\":\"Activit\u00e9s extrascolaires - Przedszkole\",\"isPartOf\":{\"@id\":\"https:\\\/\\\/trampoline.edu.pl\\\/przedszkole\\\/#website\"},\"datePublished\":\"2026-07-27T16:25:22+00:00\",\"dateModified\":\"2026-07-27T16:26:05+00:00\",\"breadcrumb\":{\"@id\":\"https:\\\/\\\/trampoline.edu.pl\\\/przedszkole\\\/fr\\\/activites-extrascolaires\\\/#breadcrumb\"},\"inLanguage\":\"pl-PL\",\"potentialAction\":[{\"@type\":\"ReadAction\",\"target\":[\"https:\\\/\\\/trampoline.edu.pl\\\/przedszkole\\\/fr\\\/activites-extrascolaires\\\/\"]}]},{\"@type\":\"BreadcrumbList\",\"@id\":\"https:\\\/\\\/trampoline.edu.pl\\\/przedszkole\\\/fr\\\/activites-extrascolaires\\\/#breadcrumb\",\"itemListElement\":[{\"@type\":\"ListItem\",\"position\":1,\"name\":\"Strona g\u0142\u00f3wna\",\"item\":\"https:\\\/\\\/trampoline.edu.pl\\\/przedszkole\\\/\"},{\"@type\":\"ListItem\",\"position\":2,\"name\":\"Activit\u00e9s extrascolaires\"}]},{\"@type\":\"WebSite\",\"@id\":\"https:\\\/\\\/trampoline.edu.pl\\\/przedszkole\\\/#website\",\"url\":\"https:\\\/\\\/trampoline.edu.pl\\\/przedszkole\\\/\",\"name\":\"Przedszkole\",\"description\":\"\",\"publisher\":{\"@id\":\"https:\\\/\\\/trampoline.edu.pl\\\/przedszkole\\\/#organization\"},\"potentialAction\":[{\"@type\":\"SearchAction\",\"target\":{\"@type\":\"EntryPoint\",\"urlTemplate\":\"https:\\\/\\\/trampoline.edu.pl\\\/przedszkole\\\/?s={search_term_string}\"},\"query-input\":{\"@type\":\"PropertyValueSpecification\",\"valueRequired\":true,\"valueName\":\"search_term_string\"}}],\"inLanguage\":\"pl-PL\"},{\"@type\":\"Organization\",\"@id\":\"https:\\\/\\\/trampoline.edu.pl\\\/przedszkole\\\/#organization\",\"name\":\"Przedszkole\",\"url\":\"https:\\\/\\\/trampoline.edu.pl\\\/przedszkole\\\/\",\"logo\":{\"@type\":\"ImageObject\",\"inLanguage\":\"pl-PL\",\"@id\":\"https:\\\/\\\/trampoline.edu.pl\\\/przedszkole\\\/#\\\/schema\\\/logo\\\/image\\\/\",\"url\":\"https:\\\/\\\/trampoline.edu.pl\\\/przedszkole\\\/wp-content\\\/uploads\\\/sites\\\/4\\\/2026\\\/05\\\/cropped-Logo-przedszkole-TRAMPOLINE-e1785315157547.jpg\",\"contentUrl\":\"https:\\\/\\\/trampoline.edu.pl\\\/przedszkole\\\/wp-content\\\/uploads\\\/sites\\\/4\\\/2026\\\/05\\\/cropped-Logo-przedszkole-TRAMPOLINE-e1785315157547.jpg\",\"width\":300,\"height\":81,\"caption\":\"Przedszkole\"},\"image\":{\"@id\":\"https:\\\/\\\/trampoline.edu.pl\\\/przedszkole\\\/#\\\/schema\\\/logo\\\/image\\\/\"}}]}<\/script>\n<!-- \/ Yoast SEO plugin. -->","yoast_head_json":{"title":"Activit\u00e9s extrascolaires - Przedszkole","robots":{"index":"index","follow":"follow","max-snippet":"max-snippet:-1","max-image-preview":"max-image-preview:large","max-video-preview":"max-video-preview:-1"},"canonical":"https:\/\/trampoline.edu.pl\/przedszkole\/fr\/activites-extrascolaires\/","og_locale":"pl_PL","og_type":"article","og_title":"Activit\u00e9s extrascolaires - Przedszkole","og_description":"Activit\u00e9s extrascolaires Au-del\u00e0 du programme de l'\u00e9cole maternelle, nous proposons \u00e0 nos enfants des activit\u00e9s facultatives qui d\u00e9veloppent leurs passions, leurs talents et leurs comp\u00e9tences - de la musique au sport, en passant par la pleine conscience. \u26a0 Information importante Une activit\u00e9 sportive au choix est incluse dans les frais de scolarit\u00e9. \ud83c\udfb5 Projet Musique [&hellip;]","og_url":"https:\/\/trampoline.edu.pl\/przedszkole\/fr\/activites-extrascolaires\/","og_site_name":"Przedszkole","article_modified_time":"2026-07-27T16:26:05+00:00","twitter_card":"summary_large_image","twitter_misc":{"Szacowany czas czytania":"3 minuty"},"schema":{"@context":"https:\/\/schema.org","@graph":[{"@type":"WebPage","@id":"https:\/\/trampoline.edu.pl\/przedszkole\/fr\/activites-extrascolaires\/","url":"https:\/\/trampoline.edu.pl\/przedszkole\/fr\/activites-extrascolaires\/","name":"Activit\u00e9s extrascolaires - Przedszkole","isPartOf":{"@id":"https:\/\/trampoline.edu.pl\/przedszkole\/#website"},"datePublished":"2026-07-27T16:25:22+00:00","dateModified":"2026-07-27T16:26:05+00:00","breadcrumb":{"@id":"https:\/\/trampoline.edu.pl\/przedszkole\/fr\/activites-extrascolaires\/#breadcrumb"},"inLanguage":"pl-PL","potentialAction":[{"@type":"ReadAction","target":["https:\/\/trampoline.edu.pl\/przedszkole\/fr\/activites-extrascolaires\/"]}]},{"@type":"BreadcrumbList","@id":"https:\/\/trampoline.edu.pl\/przedszkole\/fr\/activites-extrascolaires\/#breadcrumb","itemListElement":[{"@type":"ListItem","position":1,"name":"Strona g\u0142\u00f3wna","item":"https:\/\/trampoline.edu.pl\/przedszkole\/"},{"@type":"ListItem","position":2,"name":"Activit\u00e9s extrascolaires"}]},{"@type":"WebSite","@id":"https:\/\/trampoline.edu.pl\/przedszkole\/#website","url":"https:\/\/trampoline.edu.pl\/przedszkole\/","name":"Przedszkole","description":"","publisher":{"@id":"https:\/\/trampoline.edu.pl\/przedszkole\/#organization"},"potentialAction":[{"@type":"SearchAction","target":{"@type":"EntryPoint","urlTemplate":"https:\/\/trampoline.edu.pl\/przedszkole\/?s={search_term_string}"},"query-input":{"@type":"PropertyValueSpecification","valueRequired":true,"valueName":"search_term_string"}}],"inLanguage":"pl-PL"},{"@type":"Organization","@id":"https:\/\/trampoline.edu.pl\/przedszkole\/#organization","name":"Przedszkole","url":"https:\/\/trampoline.edu.pl\/przedszkole\/","logo":{"@type":"ImageObject","inLanguage":"pl-PL","@id":"https:\/\/trampoline.edu.pl\/przedszkole\/#\/schema\/logo\/image\/","url":"https:\/\/trampoline.edu.pl\/przedszkole\/wp-content\/uploads\/sites\/4\/2026\/05\/cropped-Logo-przedszkole-TRAMPOLINE-e1785315157547.jpg","contentUrl":"https:\/\/trampoline.edu.pl\/przedszkole\/wp-content\/uploads\/sites\/4\/2026\/05\/cropped-Logo-przedszkole-TRAMPOLINE-e1785315157547.jpg","width":300,"height":81,"caption":"Przedszkole"},"image":{"@id":"https:\/\/trampoline.edu.pl\/przedszkole\/#\/schema\/logo\/image\/"}}]}},"lang":"fr","translations":{"fr":11423,"pl":11296},"pll_sync_post":{},"_links":{"self":[{"href":"https:\/\/trampoline.edu.pl\/przedszkole\/wp-json\/wp\/v2\/pages\/11423","targetHints":{"allow":["GET"]}}],"collection":[{"href":"https:\/\/trampoline.edu.pl\/przedszkole\/wp-json\/wp\/v2\/pages"}],"about":[{"href":"https:\/\/trampoline.edu.pl\/przedszkole\/wp-json\/wp\/v2\/types\/page"}],"author":[{"embeddable":true,"href":"https:\/\/trampoline.edu.pl\/przedszkole\/wp-json\/wp\/v2\/users\/1"}],"replies":[{"embeddable":true,"href":"https:\/\/trampoline.edu.pl\/przedszkole\/wp-json\/wp\/v2\/comments?post=11423"}],"version-history":[{"count":4,"href":"https:\/\/trampoline.edu.pl\/przedszkole\/wp-json\/wp\/v2\/pages\/11423\/revisions"}],"predecessor-version":[{"id":11427,"href":"https:\/\/trampoline.edu.pl\/przedszkole\/wp-json\/wp\/v2\/pages\/11423\/revisions\/11427"}],"wp:attachment":[{"href":"https:\/\/trampoline.edu.pl\/przedszkole\/wp-json\/wp\/v2\/media?parent=11423"}],"curies":[{"name":"wp","href":"https:\/\/api.w.org\/{rel}","templated":true}]}}