{"id":317,"date":"2021-12-16T13:06:14","date_gmt":"2021-12-16T13:06:14","guid":{"rendered":"https:\/\/emagu.bikebuzzbd.com\/?page_id=317"},"modified":"2026-09-04T17:24:20","modified_gmt":"2026-09-04T17:24:20","slug":"nasza-kadra","status":"publish","type":"page","link":"https:\/\/trampoline.edu.pl\/przedszkole\/nasza-kadra\/","title":{"rendered":"Nasza kadra"},"content":{"rendered":"\t\t<div data-elementor-type=\"wp-page\" data-elementor-id=\"317\" class=\"elementor elementor-317\" data-elementor-post-type=\"page\">\n\t\t\t\t\t\t<section class=\"elementor-section elementor-top-section elementor-element elementor-element-5376693f elementor-section-boxed elementor-section-height-default elementor-section-height-default\" data-id=\"5376693f\" data-element_type=\"section\" data-e-type=\"section\">\n\t\t\t\t\t\t<div class=\"elementor-container elementor-column-gap-default\">\n\t\t\t\t\t<div class=\"elementor-column elementor-col-100 elementor-top-column elementor-element elementor-element-52b2355c\" data-id=\"52b2355c\" data-element_type=\"column\" data-e-type=\"column\">\n\t\t\t<div class=\"elementor-widget-wrap elementor-element-populated\">\n\t\t\t\t\t\t<section class=\"elementor-section elementor-inner-section elementor-element elementor-element-2620a992 elementor-section-boxed elementor-section-height-default elementor-section-height-default\" data-id=\"2620a992\" data-element_type=\"section\" data-e-type=\"section\">\n\t\t\t\t\t\t<div class=\"elementor-container elementor-column-gap-default\">\n\t\t\t\t\t<div class=\"elementor-column elementor-col-50 elementor-inner-column elementor-element elementor-element-234d5981\" data-id=\"234d5981\" data-element_type=\"column\" data-e-type=\"column\" data-settings=\"{&quot;background_background&quot;:&quot;classic&quot;}\">\n\t\t\t<div class=\"elementor-widget-wrap\">\n\t\t\t\t\t\t\t<\/div>\n\t\t<\/div>\n\t\t\t\t<div class=\"elementor-column elementor-col-50 elementor-inner-column elementor-element elementor-element-63fab93\" data-id=\"63fab93\" data-element_type=\"column\" data-e-type=\"column\">\n\t\t\t<div class=\"elementor-widget-wrap elementor-element-populated\">\n\t\t\t\t\t\t<div class=\"elementor-element elementor-element-304efcda elementor-widget elementor-widget-heading\" data-id=\"304efcda\" data-element_type=\"widget\" data-e-type=\"widget\" data-widget_type=\"heading.default\">\n\t\t\t\t\t<h2 class=\"elementor-heading-title elementor-size-default\">Ponad 20 lat do\u015bwiadczenia w nauczaniu dwuj\u0119zycznym<\/h2>\t\t\t\t<\/div>\n\t\t\t\t<div class=\"elementor-element elementor-element-7f9034d3 elementor-widget elementor-widget-emagu-title_ani\" data-id=\"7f9034d3\" data-element_type=\"widget\" data-e-type=\"widget\" data-widget_type=\"emagu-title_ani.default\">\n\t\t\t\t<div class=\"elementor-widget-container\">\n\t\t\t\t\t\t\r\n\t            <div class=\"em-bar-main\">\r\n\t\t\t\t\t<div class=\"em-bar em-bar-big\"><\/div>\r\n\t\t\t\t<\/div>\r\n\t\t\t\t\t\t<\/div>\n\t\t\t\t<\/div>\n\t\t\t\t<div class=\"elementor-element elementor-element-5eb4923f elementor-widget elementor-widget-text-editor\" data-id=\"5eb4923f\" data-element_type=\"widget\" data-e-type=\"widget\" data-widget_type=\"text-editor.default\">\n\t\t\t\t\t\t\t\t\t<p>Przedszkole Trampoline dzia\u0142a na Saskiej K\u0119pie nieprzerwanie od 2001 roku. Od pocz\u0105tku postawili\u015bmy na dwuj\u0119zyczno\u015b\u0107 polsko-francusk\u0105 i indywidualne podej\u015bcie do ka\u017cdego dziecka. Przez lata wypracowali\u015bmy metody, po kt\u00f3re si\u0119gaj\u0105 dzi\u015b inne plac\u00f3wki w Europie.<\/p>\t\t\t\t\t\t\t\t<\/div>\n\t\t\t\t<div class=\"elementor-element elementor-element-15418682 elementor-widget elementor-widget-emagu-service\" data-id=\"15418682\" data-element_type=\"widget\" data-e-type=\"widget\" data-widget_type=\"emagu-service.default\">\n\t\t\t\t<div class=\"elementor-widget-container\">\n\t\t\t\t\t\t\t<div class=\"service-box style-three \">\r\n\t\t\t\t\t\t<div class=\"service-contents\">\r\n\t\t\t\t\t\t\t\t<div class=\"service-c-inner\">\r\n\t\t\t\t\t<div class=\"service-titles\">\r\n\t\t\t\t\t\t<h3>\r\n\t\t\t\t\t\t\t\t\t\t\t\t<div class=\"service-title-con\">\r\n\t\t\t\t\t\t\t<i class=\"ico ico-agenda\"><\/i>\r\n\t\t\t\t\t\t<\/div>\r\n\t\t\t\t\t\t\t\t\t\t\t\t\t<a href=\"\">European Language Label<\/a>\r\n\t\t\t\t\t\t<\/h3>\r\n\t\t\t\t\t<\/div>\r\n\t\t\t\t\t<div class=\"service-dec\">\r\n\t\t\t\t\t<p>W 2004 roku otrzymali\u015bmy presti\u017cowe europejskie wyr\u00f3\u017cnienie za nowatorskie metody nauczania j\u0119zyk\u00f3w obcych w przedszkolu.<\/p>\n\t\t\t\t\t<\/div>\r\n\t\t\t\t<\/div>\r\n\t\t\t<\/div>\r\n\t\t<\/div>\r\n\t\t\t\t\t\t<\/div>\n\t\t\t\t<\/div>\n\t\t\t\t\t<\/div>\n\t\t<\/div>\n\t\t\t\t\t<\/div>\n\t\t<\/section>\n\t\t\t\t\t<\/div>\n\t\t<\/div>\n\t\t\t\t\t<\/div>\n\t\t<\/section>\n\t\t<div class=\"elementor-element elementor-element-543f86cf e-flex e-con-boxed e-con e-parent\" data-id=\"543f86cf\" data-element_type=\"container\" data-e-type=\"container\">\n\t\t\t\t\t<div class=\"e-con-inner\">\n\t\t\t\t<div class=\"elementor-element elementor-element-3bfa7173 elementor-widget elementor-widget-heading\" data-id=\"3bfa7173\" data-element_type=\"widget\" data-e-type=\"widget\" data-widget_type=\"heading.default\">\n\t\t\t\t\t<h2 class=\"elementor-heading-title elementor-size-default\">Nasza kadra<\/h2>\t\t\t\t<\/div>\n\t\t<div class=\"elementor-element elementor-element-53ac8989 e-grid e-con-full e-con e-child\" data-id=\"53ac8989\" data-element_type=\"container\" data-e-type=\"container\">\n\t\t<div class=\"elementor-element elementor-element-30b025ed e-flex e-con-boxed e-con e-child\" data-id=\"30b025ed\" data-element_type=\"container\" data-e-type=\"container\" data-settings=\"{&quot;background_background&quot;:&quot;classic&quot;}\">\n\t\t\t\t\t<div class=\"e-con-inner\">\n\t\t\t\t<div class=\"elementor-element elementor-element-21b68931 elementor-widget elementor-widget-image\" data-id=\"21b68931\" data-element_type=\"widget\" data-e-type=\"widget\" data-widget_type=\"image.default\">\n\t\t\t\t\t\t\t\t\t\t\t\t\t\t\t<img fetchpriority=\"high\" decoding=\"async\" width=\"640\" height=\"426\" src=\"https:\/\/trampoline.edu.pl\/przedszkole\/wp-content\/uploads\/sites\/4\/2026\/09\/joanna-rzyska-1024x681.jpg\" class=\"attachment-large size-large wp-image-11505\" alt=\"\" srcset=\"https:\/\/trampoline.edu.pl\/przedszkole\/wp-content\/uploads\/sites\/4\/2026\/09\/joanna-rzyska-1024x681.jpg 1024w, https:\/\/trampoline.edu.pl\/przedszkole\/wp-content\/uploads\/sites\/4\/2026\/09\/joanna-rzyska-300x200.jpg 300w, https:\/\/trampoline.edu.pl\/przedszkole\/wp-content\/uploads\/sites\/4\/2026\/09\/joanna-rzyska-768x511.jpg 768w, https:\/\/trampoline.edu.pl\/przedszkole\/wp-content\/uploads\/sites\/4\/2026\/09\/joanna-rzyska-1536x1022.jpg 1536w, https:\/\/trampoline.edu.pl\/przedszkole\/wp-content\/uploads\/sites\/4\/2026\/09\/joanna-rzyska-2048x1362.jpg 2048w\" sizes=\"(max-width: 640px) 100vw, 640px\" \/>\t\t\t\t\t\t\t\t\t\t\t\t\t\t\t<\/div>\n\t\t<div class=\"elementor-element elementor-element-29e22603 e-flex e-con-boxed e-con e-child\" data-id=\"29e22603\" data-element_type=\"container\" data-e-type=\"container\">\n\t\t\t\t\t<div class=\"e-con-inner\">\n\t\t\t\t<div class=\"elementor-element elementor-element-4f0358b elementor-widget elementor-widget-heading\" data-id=\"4f0358b\" data-element_type=\"widget\" data-e-type=\"widget\" data-widget_type=\"heading.default\">\n\t\t\t\t\t<h3 class=\"elementor-heading-title elementor-size-default\">Joanna Rzyszka<\/h3>\t\t\t\t<\/div>\n\t\t\t\t<div class=\"elementor-element elementor-element-13adabac elementor-widget elementor-widget-heading\" data-id=\"13adabac\" data-element_type=\"widget\" data-e-type=\"widget\" data-widget_type=\"heading.default\">\n\t\t\t\t\t<div class=\"elementor-heading-title elementor-size-default\">W\u0142a\u015bcicielka przedszkola<\/div>\t\t\t\t<\/div>\n\t\t\t\t<div class=\"elementor-element elementor-element-67e30ae8 elementor-widget elementor-widget-text-editor\" data-id=\"67e30ae8\" data-element_type=\"widget\" data-e-type=\"widget\" data-widget_type=\"text-editor.default\">\n\t\t\t\t\t\t\t\t\t<p>Jestem romanistk\u0105, jedn\u0105 z za\u0142o\u017cycielek \"Wydawnictwa Dwie Siostry\". Wsp\u00f3\u0142tworzy\u0142am Europejskie Portfolio J\u0119zykowe dla Przedszkoli. Prywatnie jestem mam\u0105 Antosi i Julii, absolwentek przedszkola. Od 20 lat dbam o to, by nasze dzieci pokocha\u0142y ksi\u0105\u017cki, j\u0119zyk francuski i wzajemnie si\u0119 szanowa\u0142y.<\/p>\t\t\t\t\t\t\t\t<\/div>\n\t\t\t\t\t<\/div>\n\t\t\t\t<\/div>\n\t\t\t\t\t<\/div>\n\t\t\t\t<\/div>\n\t\t<div class=\"elementor-element elementor-element-16cd6851 e-flex e-con-boxed e-con e-child\" data-id=\"16cd6851\" data-element_type=\"container\" data-e-type=\"container\" data-settings=\"{&quot;background_background&quot;:&quot;classic&quot;}\">\n\t\t\t\t\t<div class=\"e-con-inner\">\n\t\t\t\t<div class=\"elementor-element elementor-element-4894180e elementor-widget elementor-widget-image\" data-id=\"4894180e\" data-element_type=\"widget\" data-e-type=\"widget\" data-widget_type=\"image.default\">\n\t\t\t\t\t\t\t\t\t\t\t\t\t\t\t<img decoding=\"async\" width=\"640\" height=\"426\" src=\"https:\/\/trampoline.edu.pl\/przedszkole\/wp-content\/uploads\/sites\/4\/2026\/09\/jadwiga-kabut-1024x681.jpg\" class=\"attachment-large size-large wp-image-11506\" alt=\"\" srcset=\"https:\/\/trampoline.edu.pl\/przedszkole\/wp-content\/uploads\/sites\/4\/2026\/09\/jadwiga-kabut-1024x681.jpg 1024w, https:\/\/trampoline.edu.pl\/przedszkole\/wp-content\/uploads\/sites\/4\/2026\/09\/jadwiga-kabut-300x200.jpg 300w, https:\/\/trampoline.edu.pl\/przedszkole\/wp-content\/uploads\/sites\/4\/2026\/09\/jadwiga-kabut-768x511.jpg 768w, https:\/\/trampoline.edu.pl\/przedszkole\/wp-content\/uploads\/sites\/4\/2026\/09\/jadwiga-kabut-1536x1022.jpg 1536w, https:\/\/trampoline.edu.pl\/przedszkole\/wp-content\/uploads\/sites\/4\/2026\/09\/jadwiga-kabut-2048x1362.jpg 2048w\" sizes=\"(max-width: 640px) 100vw, 640px\" \/>\t\t\t\t\t\t\t\t\t\t\t\t\t\t\t<\/div>\n\t\t<div class=\"elementor-element elementor-element-240191a8 e-flex e-con-boxed e-con e-child\" data-id=\"240191a8\" data-element_type=\"container\" data-e-type=\"container\">\n\t\t\t\t\t<div class=\"e-con-inner\">\n\t\t\t\t<div class=\"elementor-element elementor-element-352a042 elementor-widget elementor-widget-heading\" data-id=\"352a042\" data-element_type=\"widget\" data-e-type=\"widget\" data-widget_type=\"heading.default\">\n\t\t\t\t\t<h3 class=\"elementor-heading-title elementor-size-default\">Jadwiga Kabut<\/h3>\t\t\t\t<\/div>\n\t\t\t\t<div class=\"elementor-element elementor-element-65dce3bf elementor-widget elementor-widget-heading\" data-id=\"65dce3bf\" data-element_type=\"widget\" data-e-type=\"widget\" data-widget_type=\"heading.default\">\n\t\t\t\t\t<div class=\"elementor-heading-title elementor-size-default\">Wsp\u00f3\u0142w\u0142a\u015bcicielka<\/div>\t\t\t\t<\/div>\n\t\t\t\t<div class=\"elementor-element elementor-element-18217105 elementor-widget elementor-widget-text-editor\" data-id=\"18217105\" data-element_type=\"widget\" data-e-type=\"widget\" data-widget_type=\"text-editor.default\">\n\t\t\t\t\t\t\t\t\t<p>Z wykszta\u0142cenia jestem prawnikiem oraz absolwentk\u0105 Zarz\u0105dzania O\u015bwiat\u0105 na Uniwersytecie Warszawskim. Od 10 lat zarz\u0105dzam przedszkolem Trampoline, gdzie zajmuj\u0119 si\u0119 administracyjno-organizacyjn\u0105 stron\u0105 plac\u00f3wki.<\/p>\t\t\t\t\t\t\t\t<\/div>\n\t\t\t\t\t<\/div>\n\t\t\t\t<\/div>\n\t\t\t\t\t<\/div>\n\t\t\t\t<\/div>\n\t\t<div class=\"elementor-element elementor-element-21f0633b e-flex e-con-boxed e-con e-child\" data-id=\"21f0633b\" data-element_type=\"container\" data-e-type=\"container\" data-settings=\"{&quot;background_background&quot;:&quot;classic&quot;}\">\n\t\t\t\t\t<div class=\"e-con-inner\">\n\t\t\t\t<div class=\"elementor-element elementor-element-5b4bca35 elementor-widget elementor-widget-image\" data-id=\"5b4bca35\" data-element_type=\"widget\" data-e-type=\"widget\" data-widget_type=\"image.default\">\n\t\t\t\t\t\t\t\t\t\t\t\t\t\t\t<img decoding=\"async\" width=\"640\" height=\"424\" src=\"https:\/\/trampoline.edu.pl\/przedszkole\/wp-content\/uploads\/sites\/4\/2026\/09\/malgorzata-zaniewicz-1024x678.jpg\" class=\"attachment-large size-large wp-image-11532\" alt=\"\" srcset=\"https:\/\/trampoline.edu.pl\/przedszkole\/wp-content\/uploads\/sites\/4\/2026\/09\/malgorzata-zaniewicz-1024x678.jpg 1024w, https:\/\/trampoline.edu.pl\/przedszkole\/wp-content\/uploads\/sites\/4\/2026\/09\/malgorzata-zaniewicz-300x199.jpg 300w, https:\/\/trampoline.edu.pl\/przedszkole\/wp-content\/uploads\/sites\/4\/2026\/09\/malgorzata-zaniewicz-768x509.jpg 768w, https:\/\/trampoline.edu.pl\/przedszkole\/wp-content\/uploads\/sites\/4\/2026\/09\/malgorzata-zaniewicz-1536x1017.jpg 1536w, https:\/\/trampoline.edu.pl\/przedszkole\/wp-content\/uploads\/sites\/4\/2026\/09\/malgorzata-zaniewicz.jpg 1821w\" sizes=\"(max-width: 640px) 100vw, 640px\" \/>\t\t\t\t\t\t\t\t\t\t\t\t\t\t\t<\/div>\n\t\t<div class=\"elementor-element elementor-element-284f6ea8 e-flex e-con-boxed e-con e-child\" data-id=\"284f6ea8\" data-element_type=\"container\" data-e-type=\"container\">\n\t\t\t\t\t<div class=\"e-con-inner\">\n\t\t\t\t<div class=\"elementor-element elementor-element-4c8bd3be elementor-widget elementor-widget-heading\" data-id=\"4c8bd3be\" data-element_type=\"widget\" data-e-type=\"widget\" data-widget_type=\"heading.default\">\n\t\t\t\t\t<h3 class=\"elementor-heading-title elementor-size-default\">Ma\u0142gorzata Zaniewicz<\/h3>\t\t\t\t<\/div>\n\t\t\t\t<div class=\"elementor-element elementor-element-395502a4 elementor-widget elementor-widget-heading\" data-id=\"395502a4\" data-element_type=\"widget\" data-e-type=\"widget\" data-widget_type=\"heading.default\">\n\t\t\t\t\t<div class=\"elementor-heading-title elementor-size-default\">Dyrektorka<\/div>\t\t\t\t<\/div>\n\t\t\t\t<div class=\"elementor-element elementor-element-43783fad elementor-widget elementor-widget-text-editor\" data-id=\"43783fad\" data-element_type=\"widget\" data-e-type=\"widget\" data-widget_type=\"text-editor.default\">\n\t\t\t\t\t\t\t\t\t<p>Jestem absolwentk\u0105 Uniwersytetu Marii Curie-Sk\u0142odowskiej w Lublinie - logopedii, pedagogiki oraz zarz\u0105dzania o\u015bwiat\u0105. W pracy du\u017c\u0105 wag\u0119 przywi\u0105zuj\u0119 do komunikacji i \u017cyczliwo\u015bci. Lubi\u0119 kontakt z lud\u017ami, zar\u00f3wno z doros\u0142ymi, jak i z najm\u0142odszymi, i szczerze interesuje mnie to, co maj\u0105 do powiedzenia. Zawsze z przyjemno\u015bci\u0105 wychodz\u0119 zza biurka, \u017ceby sp\u0119dzi\u0107 czas z dzie\u0107mi.<\/p>\t\t\t\t\t\t\t\t<\/div>\n\t\t\t\t\t<\/div>\n\t\t\t\t<\/div>\n\t\t\t\t\t<\/div>\n\t\t\t\t<\/div>\n\t\t<div class=\"elementor-element elementor-element-74187cd e-flex e-con-boxed e-con e-child\" data-id=\"74187cd\" data-element_type=\"container\" data-e-type=\"container\" data-settings=\"{&quot;background_background&quot;:&quot;classic&quot;}\">\n\t\t\t\t\t<div class=\"e-con-inner\">\n\t\t\t\t<div class=\"elementor-element elementor-element-1286abf4 elementor-widget elementor-widget-image\" data-id=\"1286abf4\" data-element_type=\"widget\" data-e-type=\"widget\" data-widget_type=\"image.default\">\n\t\t\t\t\t\t\t\t\t\t\t\t\t\t\t<img loading=\"lazy\" decoding=\"async\" width=\"640\" height=\"424\" src=\"https:\/\/trampoline.edu.pl\/przedszkole\/wp-content\/uploads\/sites\/4\/2026\/09\/wilfried-1024x678.jpg\" class=\"attachment-large size-large wp-image-11507\" alt=\"\" srcset=\"https:\/\/trampoline.edu.pl\/przedszkole\/wp-content\/uploads\/sites\/4\/2026\/09\/wilfried-1024x678.jpg 1024w, https:\/\/trampoline.edu.pl\/przedszkole\/wp-content\/uploads\/sites\/4\/2026\/09\/wilfried-300x199.jpg 300w, https:\/\/trampoline.edu.pl\/przedszkole\/wp-content\/uploads\/sites\/4\/2026\/09\/wilfried-768x509.jpg 768w, https:\/\/trampoline.edu.pl\/przedszkole\/wp-content\/uploads\/sites\/4\/2026\/09\/wilfried-1536x1017.jpg 1536w, https:\/\/trampoline.edu.pl\/przedszkole\/wp-content\/uploads\/sites\/4\/2026\/09\/wilfried.jpg 1702w\" sizes=\"(max-width: 640px) 100vw, 640px\" \/>\t\t\t\t\t\t\t\t\t\t\t\t\t\t\t<\/div>\n\t\t<div class=\"elementor-element elementor-element-5db19d6 e-flex e-con-boxed e-con e-child\" data-id=\"5db19d6\" data-element_type=\"container\" data-e-type=\"container\">\n\t\t\t\t\t<div class=\"e-con-inner\">\n\t\t\t\t<div class=\"elementor-element elementor-element-47b06406 elementor-widget elementor-widget-heading\" data-id=\"47b06406\" data-element_type=\"widget\" data-e-type=\"widget\" data-widget_type=\"heading.default\">\n\t\t\t\t\t<h3 class=\"elementor-heading-title elementor-size-default\">Wilfried<\/h3>\t\t\t\t<\/div>\n\t\t\t\t<div class=\"elementor-element elementor-element-5b5d268d elementor-widget elementor-widget-heading\" data-id=\"5b5d268d\" data-element_type=\"widget\" data-e-type=\"widget\" data-widget_type=\"heading.default\">\n\t\t\t\t\t<div class=\"elementor-heading-title elementor-size-default\">Native speaker<\/div>\t\t\t\t<\/div>\n\t\t\t\t<div class=\"elementor-element elementor-element-1a791111 elementor-widget elementor-widget-text-editor\" data-id=\"1a791111\" data-element_type=\"widget\" data-e-type=\"widget\" data-widget_type=\"text-editor.default\">\n\t\t\t\t\t\t\t\t\t<p>Je suis Francais et j'habite en Pologne depuis quelques ann\u00e9es maintenant. J'enseigne le fran\u00e7ais \u00e0 la toute petite section et la moyenne section de maternelle. C'est un v\u00e9ritable plaisir pour moi d'enseigner ma langue maternelle \u00e0 travers les chansons, les math\u00e9matiques, le graphisme, la lecture.<\/p>\t\t\t\t\t\t\t\t<\/div>\n\t\t\t\t\t<\/div>\n\t\t\t\t<\/div>\n\t\t\t\t\t<\/div>\n\t\t\t\t<\/div>\n\t\t<div class=\"elementor-element elementor-element-1b32ded9 e-flex e-con-boxed e-con e-child\" data-id=\"1b32ded9\" data-element_type=\"container\" data-e-type=\"container\" data-settings=\"{&quot;background_background&quot;:&quot;classic&quot;}\">\n\t\t\t\t\t<div class=\"e-con-inner\">\n\t\t\t\t<div class=\"elementor-element elementor-element-4aedc752 elementor-widget elementor-widget-image\" data-id=\"4aedc752\" data-element_type=\"widget\" data-e-type=\"widget\" data-widget_type=\"image.default\">\n\t\t\t\t\t\t\t\t\t\t\t\t\t\t\t<img loading=\"lazy\" decoding=\"async\" width=\"640\" height=\"432\" src=\"https:\/\/trampoline.edu.pl\/przedszkole\/wp-content\/uploads\/sites\/4\/2026\/09\/Manon-scaled-e1759999037319-1024x691.jpg\" class=\"attachment-large size-large wp-image-11508\" alt=\"\" srcset=\"https:\/\/trampoline.edu.pl\/przedszkole\/wp-content\/uploads\/sites\/4\/2026\/09\/Manon-scaled-e1759999037319-1024x691.jpg 1024w, https:\/\/trampoline.edu.pl\/przedszkole\/wp-content\/uploads\/sites\/4\/2026\/09\/Manon-scaled-e1759999037319-300x202.jpg 300w, https:\/\/trampoline.edu.pl\/przedszkole\/wp-content\/uploads\/sites\/4\/2026\/09\/Manon-scaled-e1759999037319-768x518.jpg 768w, https:\/\/trampoline.edu.pl\/przedszkole\/wp-content\/uploads\/sites\/4\/2026\/09\/Manon-scaled-e1759999037319-1536x1036.jpg 1536w, https:\/\/trampoline.edu.pl\/przedszkole\/wp-content\/uploads\/sites\/4\/2026\/09\/Manon-scaled-e1759999037319.jpg 1702w\" sizes=\"(max-width: 640px) 100vw, 640px\" \/>\t\t\t\t\t\t\t\t\t\t\t\t\t\t\t<\/div>\n\t\t<div class=\"elementor-element elementor-element-2ed00021 e-flex e-con-boxed e-con e-child\" data-id=\"2ed00021\" data-element_type=\"container\" data-e-type=\"container\">\n\t\t\t\t\t<div class=\"e-con-inner\">\n\t\t\t\t<div class=\"elementor-element elementor-element-29632305 elementor-widget elementor-widget-heading\" data-id=\"29632305\" data-element_type=\"widget\" data-e-type=\"widget\" data-widget_type=\"heading.default\">\n\t\t\t\t\t<h3 class=\"elementor-heading-title elementor-size-default\">Manon<\/h3>\t\t\t\t<\/div>\n\t\t\t\t<div class=\"elementor-element elementor-element-271e19b5 elementor-widget elementor-widget-heading\" data-id=\"271e19b5\" data-element_type=\"widget\" data-e-type=\"widget\" data-widget_type=\"heading.default\">\n\t\t\t\t\t<div class=\"elementor-heading-title elementor-size-default\">Nauczyciel<\/div>\t\t\t\t<\/div>\n\t\t\t\t<div class=\"elementor-element elementor-element-1dff0a8c elementor-widget elementor-widget-text-editor\" data-id=\"1dff0a8c\" data-element_type=\"widget\" data-e-type=\"widget\" data-widget_type=\"text-editor.default\">\n\t\t\t\t\t\t\t\t\t<p>Nazywam si\u0119 Manon i jestem Francuzk\u0105. Uko\u0144czy\u0142am studia magisterskie na kierunku Nauczanie j\u0119zyka francuskiego (FLE). Jestem nauczycielk\u0105 dzieci w wieku przedszkolnym. Bardzo si\u0119 ciesz\u0119, \u017ce mog\u0119 uczy\u0107 j\u0119zyka oraz kultury mojego kraju. Uwielbiam prac\u0119 z dzie\u0107mi, a ich naturalna ciekawo\u015b\u0107 jest dla mnie wielkim atutem.<\/p>\t\t\t\t\t\t\t\t<\/div>\n\t\t\t\t\t<\/div>\n\t\t\t\t<\/div>\n\t\t\t\t\t<\/div>\n\t\t\t\t<\/div>\n\t\t<div class=\"elementor-element elementor-element-605c504 e-flex e-con-boxed e-con e-child\" data-id=\"605c504\" data-element_type=\"container\" data-e-type=\"container\" data-settings=\"{&quot;background_background&quot;:&quot;classic&quot;}\">\n\t\t\t\t\t<div class=\"e-con-inner\">\n\t\t\t\t<div class=\"elementor-element elementor-element-7fa453db elementor-widget elementor-widget-image\" data-id=\"7fa453db\" data-element_type=\"widget\" data-e-type=\"widget\" data-widget_type=\"image.default\">\n\t\t\t\t\t\t\t\t\t\t\t\t\t\t\t<img loading=\"lazy\" decoding=\"async\" width=\"640\" height=\"432\" src=\"https:\/\/trampoline.edu.pl\/przedszkole\/wp-content\/uploads\/sites\/4\/2026\/09\/virginie-1024x691.jpg\" class=\"attachment-large size-large wp-image-11509\" alt=\"\" srcset=\"https:\/\/trampoline.edu.pl\/przedszkole\/wp-content\/uploads\/sites\/4\/2026\/09\/virginie-1024x691.jpg 1024w, https:\/\/trampoline.edu.pl\/przedszkole\/wp-content\/uploads\/sites\/4\/2026\/09\/virginie-300x202.jpg 300w, https:\/\/trampoline.edu.pl\/przedszkole\/wp-content\/uploads\/sites\/4\/2026\/09\/virginie-768x518.jpg 768w, https:\/\/trampoline.edu.pl\/przedszkole\/wp-content\/uploads\/sites\/4\/2026\/09\/virginie-1536x1036.jpg 1536w, https:\/\/trampoline.edu.pl\/przedszkole\/wp-content\/uploads\/sites\/4\/2026\/09\/virginie.jpg 1702w\" sizes=\"(max-width: 640px) 100vw, 640px\" \/>\t\t\t\t\t\t\t\t\t\t\t\t\t\t\t<\/div>\n\t\t<div class=\"elementor-element elementor-element-184397c1 e-flex e-con-boxed e-con e-child\" data-id=\"184397c1\" data-element_type=\"container\" data-e-type=\"container\">\n\t\t\t\t\t<div class=\"e-con-inner\">\n\t\t\t\t<div class=\"elementor-element elementor-element-559ef289 elementor-widget elementor-widget-heading\" data-id=\"559ef289\" data-element_type=\"widget\" data-e-type=\"widget\" data-widget_type=\"heading.default\">\n\t\t\t\t\t<h3 class=\"elementor-heading-title elementor-size-default\">Virginie<\/h3>\t\t\t\t<\/div>\n\t\t\t\t<div class=\"elementor-element elementor-element-4149c296 elementor-widget elementor-widget-heading\" data-id=\"4149c296\" data-element_type=\"widget\" data-e-type=\"widget\" data-widget_type=\"heading.default\">\n\t\t\t\t\t<div class=\"elementor-heading-title elementor-size-default\">Nauczyciel<\/div>\t\t\t\t<\/div>\n\t\t\t\t<div class=\"elementor-element elementor-element-57e33a8c elementor-widget elementor-widget-text-editor\" data-id=\"57e33a8c\" data-element_type=\"widget\" data-e-type=\"widget\" data-widget_type=\"text-editor.default\">\n\t\t\t\t\t\t\t\t\t<p>Jestem Francuzk\u0105, mam\u0105 dw\u00f3jki dzieci. Bardzo lubi\u0119 uczy\u0107 mojego ojczystego j\u0119zyka przy pomocy gier i zabaw. Na zaj\u0119ciach du\u017c\u0105 wag\u0119 przywi\u0105zuj\u0119 do \u017cyczliwo\u015bci, kreatywno\u015bci oraz pobudzania ciekawo\u015bci u dzieci. Ucz\u0119 przez do\u015bwiadczenia sensoryczne, gry edukacyjne i inne aktywno\u015bci, kt\u00f3re pomagaj\u0105 rosn\u0105\u0107 i rozkwita\u0107 najm\u0142odszym.<\/p>\t\t\t\t\t\t\t\t<\/div>\n\t\t\t\t\t<\/div>\n\t\t\t\t<\/div>\n\t\t\t\t\t<\/div>\n\t\t\t\t<\/div>\n\t\t<div class=\"elementor-element elementor-element-71714551 e-flex e-con-boxed e-con e-child\" data-id=\"71714551\" data-element_type=\"container\" data-e-type=\"container\" data-settings=\"{&quot;background_background&quot;:&quot;classic&quot;}\">\n\t\t\t\t\t<div class=\"e-con-inner\">\n\t\t\t\t<div class=\"elementor-element elementor-element-44adc76c elementor-widget elementor-widget-image\" data-id=\"44adc76c\" data-element_type=\"widget\" data-e-type=\"widget\" data-widget_type=\"image.default\">\n\t\t\t\t\t\t\t\t\t\t\t\t\t\t\t<img loading=\"lazy\" decoding=\"async\" width=\"640\" height=\"435\" src=\"https:\/\/trampoline.edu.pl\/przedszkole\/wp-content\/uploads\/sites\/4\/2026\/09\/joanna-1024x696.jpg\" class=\"attachment-large size-large wp-image-11510\" alt=\"\" srcset=\"https:\/\/trampoline.edu.pl\/przedszkole\/wp-content\/uploads\/sites\/4\/2026\/09\/joanna-1024x696.jpg 1024w, https:\/\/trampoline.edu.pl\/przedszkole\/wp-content\/uploads\/sites\/4\/2026\/09\/joanna-300x204.jpg 300w, https:\/\/trampoline.edu.pl\/przedszkole\/wp-content\/uploads\/sites\/4\/2026\/09\/joanna-768x522.jpg 768w, https:\/\/trampoline.edu.pl\/przedszkole\/wp-content\/uploads\/sites\/4\/2026\/09\/joanna-1536x1044.jpg 1536w, https:\/\/trampoline.edu.pl\/przedszkole\/wp-content\/uploads\/sites\/4\/2026\/09\/joanna.jpg 1702w\" sizes=\"(max-width: 640px) 100vw, 640px\" \/>\t\t\t\t\t\t\t\t\t\t\t\t\t\t\t<\/div>\n\t\t<div class=\"elementor-element elementor-element-48b51260 e-flex e-con-boxed e-con e-child\" data-id=\"48b51260\" data-element_type=\"container\" data-e-type=\"container\">\n\t\t\t\t\t<div class=\"e-con-inner\">\n\t\t\t\t<div class=\"elementor-element elementor-element-752edb89 elementor-widget elementor-widget-heading\" data-id=\"752edb89\" data-element_type=\"widget\" data-e-type=\"widget\" data-widget_type=\"heading.default\">\n\t\t\t\t\t<h3 class=\"elementor-heading-title elementor-size-default\">Joanna<\/h3>\t\t\t\t<\/div>\n\t\t\t\t<div class=\"elementor-element elementor-element-4bd9b3e5 elementor-widget elementor-widget-heading\" data-id=\"4bd9b3e5\" data-element_type=\"widget\" data-e-type=\"widget\" data-widget_type=\"heading.default\">\n\t\t\t\t\t<div class=\"elementor-heading-title elementor-size-default\">Nauczyciel<\/div>\t\t\t\t<\/div>\n\t\t\t\t<div class=\"elementor-element elementor-element-2be55f45 elementor-widget elementor-widget-text-editor\" data-id=\"2be55f45\" data-element_type=\"widget\" data-e-type=\"widget\" data-widget_type=\"text-editor.default\">\n\t\t\t\t\t\t\t\t\t<p>Z dzie\u0107mi pracuj\u0119 od ponad trzynastu lat i czerpi\u0119 z tego ogromn\u0105 przyjemno\u015b\u0107 i satysfakcj\u0119. Bardzo wa\u017cny jest dla mnie szacunek dla emocji dziecka, dobra komunikacja z rodzicami, a tak\u017ce zabawa poprzez ruch. W pracy wykorzystuj\u0119 swoje naturalne cechy, takie jak empatia, cierpliwo\u015b\u0107 i optymizm. Prywatnie jestem mam\u0105 Jagny i Bogusia.<\/p>\t\t\t\t\t\t\t\t<\/div>\n\t\t\t\t\t<\/div>\n\t\t\t\t<\/div>\n\t\t\t\t\t<\/div>\n\t\t\t\t<\/div>\n\t\t<div class=\"elementor-element elementor-element-6bf8ceb7 e-flex e-con-boxed e-con e-child\" data-id=\"6bf8ceb7\" data-element_type=\"container\" data-e-type=\"container\" data-settings=\"{&quot;background_background&quot;:&quot;classic&quot;}\">\n\t\t\t\t\t<div class=\"e-con-inner\">\n\t\t\t\t<div class=\"elementor-element elementor-element-4dcdf19f elementor-widget elementor-widget-image\" data-id=\"4dcdf19f\" data-element_type=\"widget\" data-e-type=\"widget\" data-widget_type=\"image.default\">\n\t\t\t\t\t\t\t\t\t\t\t\t\t\t\t<img loading=\"lazy\" decoding=\"async\" width=\"640\" height=\"439\" src=\"https:\/\/trampoline.edu.pl\/przedszkole\/wp-content\/uploads\/sites\/4\/2026\/09\/estera-1024x702.jpg\" class=\"attachment-large size-large wp-image-11533\" alt=\"\" srcset=\"https:\/\/trampoline.edu.pl\/przedszkole\/wp-content\/uploads\/sites\/4\/2026\/09\/estera-1024x702.jpg 1024w, https:\/\/trampoline.edu.pl\/przedszkole\/wp-content\/uploads\/sites\/4\/2026\/09\/estera-300x206.jpg 300w, https:\/\/trampoline.edu.pl\/przedszkole\/wp-content\/uploads\/sites\/4\/2026\/09\/estera-768x527.jpg 768w, https:\/\/trampoline.edu.pl\/przedszkole\/wp-content\/uploads\/sites\/4\/2026\/09\/estera-1536x1053.jpg 1536w, https:\/\/trampoline.edu.pl\/przedszkole\/wp-content\/uploads\/sites\/4\/2026\/09\/estera-2048x1404.jpg 2048w\" sizes=\"(max-width: 640px) 100vw, 640px\" \/>\t\t\t\t\t\t\t\t\t\t\t\t\t\t\t<\/div>\n\t\t<div class=\"elementor-element elementor-element-7df8e052 e-flex e-con-boxed e-con e-child\" data-id=\"7df8e052\" data-element_type=\"container\" data-e-type=\"container\">\n\t\t\t\t\t<div class=\"e-con-inner\">\n\t\t\t\t<div class=\"elementor-element elementor-element-59f4fb32 elementor-widget elementor-widget-heading\" data-id=\"59f4fb32\" data-element_type=\"widget\" data-e-type=\"widget\" data-widget_type=\"heading.default\">\n\t\t\t\t\t<h3 class=\"elementor-heading-title elementor-size-default\">Estera<\/h3>\t\t\t\t<\/div>\n\t\t\t\t<div class=\"elementor-element elementor-element-1bb8c0ae elementor-widget elementor-widget-heading\" data-id=\"1bb8c0ae\" data-element_type=\"widget\" data-e-type=\"widget\" data-widget_type=\"heading.default\">\n\t\t\t\t\t<div class=\"elementor-heading-title elementor-size-default\">Nauczyciel<\/div>\t\t\t\t<\/div>\n\t\t\t\t<div class=\"elementor-element elementor-element-9c634ef elementor-widget elementor-widget-text-editor\" data-id=\"9c634ef\" data-element_type=\"widget\" data-e-type=\"widget\" data-widget_type=\"text-editor.default\">\n\t\t\t\t\t\t\t\t\t<p>Jestem absolwentk\u0105 Akademii Pedagogiki Specjalnej ze specjalno\u015bci\u0105 psychopedagogika kreatywno\u015bci oraz magistr\u0105 psychologii klinicznej Uniwersytetu SWPS. W pracy szczeg\u00f3ln\u0105 uwag\u0119 zwracam na rozpoznawanie i rozwijanie naturalnych zdolno\u015bci dzieci i m\u0142odzie\u017cy. Wsp\u00f3\u0142pracuj\u0119 te\u017c ze szko\u0142\u0105 Trampoline oraz z poradni\u0105 Fundacji SAVANT. Korzystam z r\u00f3\u017cnych metod, mi\u0119dzy innymi opartych na porozumieniu bez przemocy.<\/p>\t\t\t\t\t\t\t\t<\/div>\n\t\t\t\t\t<\/div>\n\t\t\t\t<\/div>\n\t\t\t\t\t<\/div>\n\t\t\t\t<\/div>\n\t\t<div class=\"elementor-element elementor-element-29062d50 e-flex e-con-boxed e-con e-child\" data-id=\"29062d50\" data-element_type=\"container\" data-e-type=\"container\" data-settings=\"{&quot;background_background&quot;:&quot;classic&quot;}\">\n\t\t\t\t\t<div class=\"e-con-inner\">\n\t\t\t\t<div class=\"elementor-element elementor-element-27bbdc25 elementor-widget elementor-widget-image\" data-id=\"27bbdc25\" data-element_type=\"widget\" data-e-type=\"widget\" data-widget_type=\"image.default\">\n\t\t\t\t\t\t\t\t\t\t\t\t\t\t\t<img loading=\"lazy\" decoding=\"async\" width=\"640\" height=\"438\" src=\"https:\/\/trampoline.edu.pl\/przedszkole\/wp-content\/uploads\/sites\/4\/2026\/09\/jan-wolicki-1024x701.jpg\" class=\"attachment-large size-large wp-image-11534\" alt=\"\" srcset=\"https:\/\/trampoline.edu.pl\/przedszkole\/wp-content\/uploads\/sites\/4\/2026\/09\/jan-wolicki-1024x701.jpg 1024w, https:\/\/trampoline.edu.pl\/przedszkole\/wp-content\/uploads\/sites\/4\/2026\/09\/jan-wolicki-300x205.jpg 300w, https:\/\/trampoline.edu.pl\/przedszkole\/wp-content\/uploads\/sites\/4\/2026\/09\/jan-wolicki-768x526.jpg 768w, https:\/\/trampoline.edu.pl\/przedszkole\/wp-content\/uploads\/sites\/4\/2026\/09\/jan-wolicki-1536x1051.jpg 1536w, https:\/\/trampoline.edu.pl\/przedszkole\/wp-content\/uploads\/sites\/4\/2026\/09\/jan-wolicki.jpg 1702w\" sizes=\"(max-width: 640px) 100vw, 640px\" \/>\t\t\t\t\t\t\t\t\t\t\t\t\t\t\t<\/div>\n\t\t<div class=\"elementor-element elementor-element-3e620ee5 e-flex e-con-boxed e-con e-child\" data-id=\"3e620ee5\" data-element_type=\"container\" data-e-type=\"container\">\n\t\t\t\t\t<div class=\"e-con-inner\">\n\t\t\t\t<div class=\"elementor-element elementor-element-5559db2 elementor-widget elementor-widget-heading\" data-id=\"5559db2\" data-element_type=\"widget\" data-e-type=\"widget\" data-widget_type=\"heading.default\">\n\t\t\t\t\t<h3 class=\"elementor-heading-title elementor-size-default\">Jan<\/h3>\t\t\t\t<\/div>\n\t\t\t\t<div class=\"elementor-element elementor-element-5c83538d elementor-widget elementor-widget-heading\" data-id=\"5c83538d\" data-element_type=\"widget\" data-e-type=\"widget\" data-widget_type=\"heading.default\">\n\t\t\t\t\t<div class=\"elementor-heading-title elementor-size-default\">Asystent nauczyciela<\/div>\t\t\t\t<\/div>\n\t\t\t\t<div class=\"elementor-element elementor-element-16424f85 elementor-widget elementor-widget-text-editor\" data-id=\"16424f85\" data-element_type=\"widget\" data-e-type=\"widget\" data-widget_type=\"text-editor.default\">\n\t\t\t\t\t\t\t\t\t<p>W pracy z dzie\u0107mi najbardziej fascynuje mnie to, \u017ce zawsze jest warto\u015bciowa dla obu stron. Nigdy nie uczy si\u0119 wy\u0142\u0105cznie dzieci - przy okazji du\u017co dowiadujemy si\u0119 o sobie. Szczeg\u00f3lnie zale\u017cy mi na rozwijaniu kompetencji spo\u0142ecznych i nauce rozwi\u0105zywania konflikt\u00f3w. Wierz\u0119 te\u017c, \u017ce naszym zadaniem jest sprawi\u0107, by dzieci nie traktowa\u0142y nauki jako nudnego obowi\u0105zku, tylko jako naturaln\u0105 i przyjemn\u0105 cz\u0119\u015b\u0107 codzienno\u015bci.<\/p>\t\t\t\t\t\t\t\t<\/div>\n\t\t\t\t\t<\/div>\n\t\t\t\t<\/div>\n\t\t\t\t\t<\/div>\n\t\t\t\t<\/div>\n\t\t<div class=\"elementor-element elementor-element-f31d93b e-flex e-con-boxed e-con e-child\" data-id=\"f31d93b\" data-element_type=\"container\" data-e-type=\"container\" data-settings=\"{&quot;background_background&quot;:&quot;classic&quot;}\">\n\t\t\t\t\t<div class=\"e-con-inner\">\n\t\t\t\t<div class=\"elementor-element elementor-element-7d0a5a47 elementor-widget elementor-widget-image\" data-id=\"7d0a5a47\" data-element_type=\"widget\" data-e-type=\"widget\" data-widget_type=\"image.default\">\n\t\t\t\t\t\t\t\t\t\t\t\t\t\t\t<img loading=\"lazy\" decoding=\"async\" width=\"640\" height=\"446\" src=\"https:\/\/trampoline.edu.pl\/przedszkole\/wp-content\/uploads\/sites\/4\/2026\/09\/anna-kupczyk-1024x714.jpg\" class=\"attachment-large size-large wp-image-11535\" alt=\"\" srcset=\"https:\/\/trampoline.edu.pl\/przedszkole\/wp-content\/uploads\/sites\/4\/2026\/09\/anna-kupczyk-1024x714.jpg 1024w, https:\/\/trampoline.edu.pl\/przedszkole\/wp-content\/uploads\/sites\/4\/2026\/09\/anna-kupczyk-300x209.jpg 300w, https:\/\/trampoline.edu.pl\/przedszkole\/wp-content\/uploads\/sites\/4\/2026\/09\/anna-kupczyk-768x536.jpg 768w, https:\/\/trampoline.edu.pl\/przedszkole\/wp-content\/uploads\/sites\/4\/2026\/09\/anna-kupczyk-1536x1071.jpg 1536w, https:\/\/trampoline.edu.pl\/przedszkole\/wp-content\/uploads\/sites\/4\/2026\/09\/anna-kupczyk-2048x1428.jpg 2048w\" sizes=\"(max-width: 640px) 100vw, 640px\" \/>\t\t\t\t\t\t\t\t\t\t\t\t\t\t\t<\/div>\n\t\t<div class=\"elementor-element elementor-element-67032e45 e-flex e-con-boxed e-con e-child\" data-id=\"67032e45\" data-element_type=\"container\" data-e-type=\"container\">\n\t\t\t\t\t<div class=\"e-con-inner\">\n\t\t\t\t<div class=\"elementor-element elementor-element-7f7ddda4 elementor-widget elementor-widget-heading\" data-id=\"7f7ddda4\" data-element_type=\"widget\" data-e-type=\"widget\" data-widget_type=\"heading.default\">\n\t\t\t\t\t<h3 class=\"elementor-heading-title elementor-size-default\">Anna<\/h3>\t\t\t\t<\/div>\n\t\t\t\t<div class=\"elementor-element elementor-element-24ec686c elementor-widget elementor-widget-heading\" data-id=\"24ec686c\" data-element_type=\"widget\" data-e-type=\"widget\" data-widget_type=\"heading.default\">\n\t\t\t\t\t<div class=\"elementor-heading-title elementor-size-default\">Nauczyciel<\/div>\t\t\t\t<\/div>\n\t\t\t\t<div class=\"elementor-element elementor-element-29d94d9b elementor-widget elementor-widget-text-editor\" data-id=\"29d94d9b\" data-element_type=\"widget\" data-e-type=\"widget\" data-widget_type=\"text-editor.default\">\n\t\t\t\t\t\t\t\t\t<p>Jestem absolwentk\u0105 pedagogiki przedszkolnej i wczesnoszkolnej ze specjalno\u015bci\u0105 nauczanie j\u0119zyka angielskiego. Z dzie\u0107mi pracuj\u0119 od kilku lat, zar\u00f3wno po polsku, jak i po angielsku. W pracy towarzysz\u0119 im i wspieram, nie podaj\u0105c gotowych rozwi\u0105za\u0144. Duma z w\u0142asnych osi\u0105gni\u0119\u0107 jest dla nich zawsze najlepsz\u0105 motywacj\u0105 do dalszego rozwoju.<\/p>\t\t\t\t\t\t\t\t<\/div>\n\t\t\t\t\t<\/div>\n\t\t\t\t<\/div>\n\t\t\t\t\t<\/div>\n\t\t\t\t<\/div>\n\t\t<div class=\"elementor-element elementor-element-19cb73b5 e-flex e-con-boxed e-con e-child\" data-id=\"19cb73b5\" data-element_type=\"container\" data-e-type=\"container\" data-settings=\"{&quot;background_background&quot;:&quot;classic&quot;}\">\n\t\t\t\t\t<div class=\"e-con-inner\">\n\t\t\t\t<div class=\"elementor-element elementor-element-43583b1f elementor-widget elementor-widget-image\" data-id=\"43583b1f\" data-element_type=\"widget\" data-e-type=\"widget\" data-widget_type=\"image.default\">\n\t\t\t\t\t\t\t\t\t\t\t\t\t\t\t<img loading=\"lazy\" decoding=\"async\" width=\"640\" height=\"440\" src=\"https:\/\/trampoline.edu.pl\/przedszkole\/wp-content\/uploads\/sites\/4\/2026\/09\/aneta-m-1024x704.jpg\" class=\"attachment-large size-large wp-image-11511\" alt=\"\" srcset=\"https:\/\/trampoline.edu.pl\/przedszkole\/wp-content\/uploads\/sites\/4\/2026\/09\/aneta-m-1024x704.jpg 1024w, https:\/\/trampoline.edu.pl\/przedszkole\/wp-content\/uploads\/sites\/4\/2026\/09\/aneta-m-300x206.jpg 300w, https:\/\/trampoline.edu.pl\/przedszkole\/wp-content\/uploads\/sites\/4\/2026\/09\/aneta-m-768x528.jpg 768w, https:\/\/trampoline.edu.pl\/przedszkole\/wp-content\/uploads\/sites\/4\/2026\/09\/aneta-m.jpg 1151w\" sizes=\"(max-width: 640px) 100vw, 640px\" \/>\t\t\t\t\t\t\t\t\t\t\t\t\t\t\t<\/div>\n\t\t<div class=\"elementor-element elementor-element-27e3e511 e-flex e-con-boxed e-con e-child\" data-id=\"27e3e511\" data-element_type=\"container\" data-e-type=\"container\">\n\t\t\t\t\t<div class=\"e-con-inner\">\n\t\t\t\t<div class=\"elementor-element elementor-element-1bea87a4 elementor-widget elementor-widget-heading\" data-id=\"1bea87a4\" data-element_type=\"widget\" data-e-type=\"widget\" data-widget_type=\"heading.default\">\n\t\t\t\t\t<h3 class=\"elementor-heading-title elementor-size-default\">Aneta<\/h3>\t\t\t\t<\/div>\n\t\t\t\t<div class=\"elementor-element elementor-element-743a2ca1 elementor-widget elementor-widget-heading\" data-id=\"743a2ca1\" data-element_type=\"widget\" data-e-type=\"widget\" data-widget_type=\"heading.default\">\n\t\t\t\t\t<div class=\"elementor-heading-title elementor-size-default\">Nauczyciel<\/div>\t\t\t\t<\/div>\n\t\t\t\t<div class=\"elementor-element elementor-element-4ac9f870 elementor-widget elementor-widget-text-editor\" data-id=\"4ac9f870\" data-element_type=\"widget\" data-e-type=\"widget\" data-widget_type=\"text-editor.default\">\n\t\t\t\t\t\t\t\t\t<p>Z wykszta\u0142cenia pedagog i animatorka kultury. Z dzie\u0107mi pracuj\u0119 od kilku lat, w podej\u015bciu blisko\u015bciowym, wykorzystuj\u0105c metody anga\u017cuj\u0105ce r\u00f3\u017cne zmys\u0142y, a tak\u017ce kreatywno\u015b\u0107 i samodzielno\u015b\u0107 dziecka.<\/p>\t\t\t\t\t\t\t\t<\/div>\n\t\t\t\t\t<\/div>\n\t\t\t\t<\/div>\n\t\t\t\t\t<\/div>\n\t\t\t\t<\/div>\n\t\t<div class=\"elementor-element elementor-element-5cd8291b e-flex e-con-boxed e-con e-child\" data-id=\"5cd8291b\" data-element_type=\"container\" data-e-type=\"container\" data-settings=\"{&quot;background_background&quot;:&quot;classic&quot;}\">\n\t\t\t\t\t<div class=\"e-con-inner\">\n\t\t\t\t<div class=\"elementor-element elementor-element-23cd597a elementor-widget elementor-widget-image\" data-id=\"23cd597a\" data-element_type=\"widget\" data-e-type=\"widget\" data-widget_type=\"image.default\">\n\t\t\t\t\t\t\t\t\t\t\t\t\t\t\t<img loading=\"lazy\" decoding=\"async\" width=\"640\" height=\"438\" src=\"https:\/\/trampoline.edu.pl\/przedszkole\/wp-content\/uploads\/sites\/4\/2026\/09\/jolanta-cieszkowska-1024x700.jpg\" class=\"attachment-large size-large wp-image-11512\" alt=\"\" srcset=\"https:\/\/trampoline.edu.pl\/przedszkole\/wp-content\/uploads\/sites\/4\/2026\/09\/jolanta-cieszkowska-1024x700.jpg 1024w, https:\/\/trampoline.edu.pl\/przedszkole\/wp-content\/uploads\/sites\/4\/2026\/09\/jolanta-cieszkowska-300x205.jpg 300w, https:\/\/trampoline.edu.pl\/przedszkole\/wp-content\/uploads\/sites\/4\/2026\/09\/jolanta-cieszkowska-768x525.jpg 768w, https:\/\/trampoline.edu.pl\/przedszkole\/wp-content\/uploads\/sites\/4\/2026\/09\/jolanta-cieszkowska-1536x1050.jpg 1536w, https:\/\/trampoline.edu.pl\/przedszkole\/wp-content\/uploads\/sites\/4\/2026\/09\/jolanta-cieszkowska.jpg 1702w\" sizes=\"(max-width: 640px) 100vw, 640px\" \/>\t\t\t\t\t\t\t\t\t\t\t\t\t\t\t<\/div>\n\t\t<div class=\"elementor-element elementor-element-11a6ddb4 e-flex e-con-boxed e-con e-child\" data-id=\"11a6ddb4\" data-element_type=\"container\" data-e-type=\"container\">\n\t\t\t\t\t<div class=\"e-con-inner\">\n\t\t\t\t<div class=\"elementor-element elementor-element-32b07edc elementor-widget elementor-widget-heading\" data-id=\"32b07edc\" data-element_type=\"widget\" data-e-type=\"widget\" data-widget_type=\"heading.default\">\n\t\t\t\t\t<h3 class=\"elementor-heading-title elementor-size-default\">Jolanta<\/h3>\t\t\t\t<\/div>\n\t\t\t\t<div class=\"elementor-element elementor-element-35b10205 elementor-widget elementor-widget-heading\" data-id=\"35b10205\" data-element_type=\"widget\" data-e-type=\"widget\" data-widget_type=\"heading.default\">\n\t\t\t\t\t<div class=\"elementor-heading-title elementor-size-default\">Pomoc przedszkolna<\/div>\t\t\t\t<\/div>\n\t\t\t\t<div class=\"elementor-element elementor-element-5999ed80 elementor-widget elementor-widget-text-editor\" data-id=\"5999ed80\" data-element_type=\"widget\" data-e-type=\"widget\" data-widget_type=\"text-editor.default\">\n\t\t\t\t\t\t\t\t\t<p>Saska K\u0119pa to dla mnie miejsce wyj\u0105tkowe i bliskie memu sercu, bo sama si\u0119 tu wychowa\u0142am. Na okolicznych podw\u00f3rkach i w Parku Skaryszewskim bawi\u0142y si\u0119 moje dzieci, a od niedawna te\u017c i wnuki. Tym wi\u0119ksz\u0105 przyjemno\u015b\u0107 sprawia mi praca w przedszkolu Trampoline, kt\u00f3re jest esencj\u0105 Saskiej K\u0119py, a dla mnie samej podr\u00f3\u017c\u0105 w przesz\u0142o\u015b\u0107 i \u015bwiat wspania\u0142ych wspomnie\u0144.<\/p>\t\t\t\t\t\t\t\t<\/div>\n\t\t\t\t\t<\/div>\n\t\t\t\t<\/div>\n\t\t\t\t\t<\/div>\n\t\t\t\t<\/div>\n\t\t<div class=\"elementor-element elementor-element-2f189ee8 e-flex e-con-boxed e-con e-child\" data-id=\"2f189ee8\" data-element_type=\"container\" data-e-type=\"container\" data-settings=\"{&quot;background_background&quot;:&quot;classic&quot;}\">\n\t\t\t\t\t<div class=\"e-con-inner\">\n\t\t\t\t<div class=\"elementor-element elementor-element-7846b4fe elementor-widget elementor-widget-image\" data-id=\"7846b4fe\" data-element_type=\"widget\" data-e-type=\"widget\" data-widget_type=\"image.default\">\n\t\t\t\t\t\t\t\t\t\t\t\t\t\t\t<img loading=\"lazy\" decoding=\"async\" width=\"640\" height=\"435\" src=\"https:\/\/trampoline.edu.pl\/przedszkole\/wp-content\/uploads\/sites\/4\/2026\/09\/EWA-KALISZAK-1024x696.jpg\" class=\"attachment-large size-large wp-image-11513\" alt=\"\" srcset=\"https:\/\/trampoline.edu.pl\/przedszkole\/wp-content\/uploads\/sites\/4\/2026\/09\/EWA-KALISZAK-1024x696.jpg 1024w, https:\/\/trampoline.edu.pl\/przedszkole\/wp-content\/uploads\/sites\/4\/2026\/09\/EWA-KALISZAK-300x204.jpg 300w, https:\/\/trampoline.edu.pl\/przedszkole\/wp-content\/uploads\/sites\/4\/2026\/09\/EWA-KALISZAK-768x522.jpg 768w, https:\/\/trampoline.edu.pl\/przedszkole\/wp-content\/uploads\/sites\/4\/2026\/09\/EWA-KALISZAK-1536x1044.jpg 1536w, https:\/\/trampoline.edu.pl\/przedszkole\/wp-content\/uploads\/sites\/4\/2026\/09\/EWA-KALISZAK.jpg 1702w\" sizes=\"(max-width: 640px) 100vw, 640px\" \/>\t\t\t\t\t\t\t\t\t\t\t\t\t\t\t<\/div>\n\t\t<div class=\"elementor-element elementor-element-4d83fd57 e-flex e-con-boxed e-con e-child\" data-id=\"4d83fd57\" data-element_type=\"container\" data-e-type=\"container\">\n\t\t\t\t\t<div class=\"e-con-inner\">\n\t\t\t\t<div class=\"elementor-element elementor-element-5e64e717 elementor-widget elementor-widget-heading\" data-id=\"5e64e717\" data-element_type=\"widget\" data-e-type=\"widget\" data-widget_type=\"heading.default\">\n\t\t\t\t\t<h3 class=\"elementor-heading-title elementor-size-default\">Ewa<\/h3>\t\t\t\t<\/div>\n\t\t\t\t<div class=\"elementor-element elementor-element-692c8fab elementor-widget elementor-widget-heading\" data-id=\"692c8fab\" data-element_type=\"widget\" data-e-type=\"widget\" data-widget_type=\"heading.default\">\n\t\t\t\t\t<div class=\"elementor-heading-title elementor-size-default\">Pomoc przedszkolna<\/div>\t\t\t\t<\/div>\n\t\t\t\t<div class=\"elementor-element elementor-element-113ee7 elementor-widget elementor-widget-text-editor\" data-id=\"113ee7\" data-element_type=\"widget\" data-e-type=\"widget\" data-widget_type=\"text-editor.default\">\n\t\t\t\t\t\t\t\t\t<p>Uko\u0144czy\u0142am 2-letni\u0105 szko\u0142\u0119 Opiekunka dzieci\u0119ca w Warszawie. Od kilku lat pracuj\u0119 jako pomoc nauczyciela w najm\u0142odszej grupie. Praca z dzie\u0107mi daje mi du\u017co rado\u015bci i satysfakcji.<\/p>\t\t\t\t\t\t\t\t<\/div>\n\t\t\t\t\t<\/div>\n\t\t\t\t<\/div>\n\t\t\t\t\t<\/div>\n\t\t\t\t<\/div>\n\t\t<div class=\"elementor-element elementor-element-315688d1 e-flex e-con-boxed e-con e-child\" data-id=\"315688d1\" data-element_type=\"container\" data-e-type=\"container\" data-settings=\"{&quot;background_background&quot;:&quot;classic&quot;}\">\n\t\t\t\t\t<div class=\"e-con-inner\">\n\t\t\t\t<div class=\"elementor-element elementor-element-78aceb4d elementor-widget elementor-widget-image\" data-id=\"78aceb4d\" data-element_type=\"widget\" data-e-type=\"widget\" data-widget_type=\"image.default\">\n\t\t\t\t\t\t\t\t\t\t\t\t\t\t\t<img loading=\"lazy\" decoding=\"async\" width=\"640\" height=\"426\" src=\"https:\/\/trampoline.edu.pl\/przedszkole\/wp-content\/uploads\/sites\/4\/2026\/09\/magda-pstrzoch-1024x682.jpg\" class=\"attachment-large size-large wp-image-11514\" alt=\"\" srcset=\"https:\/\/trampoline.edu.pl\/przedszkole\/wp-content\/uploads\/sites\/4\/2026\/09\/magda-pstrzoch-1024x682.jpg 1024w, https:\/\/trampoline.edu.pl\/przedszkole\/wp-content\/uploads\/sites\/4\/2026\/09\/magda-pstrzoch-300x200.jpg 300w, https:\/\/trampoline.edu.pl\/przedszkole\/wp-content\/uploads\/sites\/4\/2026\/09\/magda-pstrzoch-768x511.jpg 768w, https:\/\/trampoline.edu.pl\/przedszkole\/wp-content\/uploads\/sites\/4\/2026\/09\/magda-pstrzoch-1536x1022.jpg 1536w, https:\/\/trampoline.edu.pl\/przedszkole\/wp-content\/uploads\/sites\/4\/2026\/09\/magda-pstrzoch-2048x1363.jpg 2048w\" sizes=\"(max-width: 640px) 100vw, 640px\" \/>\t\t\t\t\t\t\t\t\t\t\t\t\t\t\t<\/div>\n\t\t<div class=\"elementor-element elementor-element-b4a3c89 e-flex e-con-boxed e-con e-child\" data-id=\"b4a3c89\" data-element_type=\"container\" data-e-type=\"container\">\n\t\t\t\t\t<div class=\"e-con-inner\">\n\t\t\t\t<div class=\"elementor-element elementor-element-86dffdd elementor-widget elementor-widget-heading\" data-id=\"86dffdd\" data-element_type=\"widget\" data-e-type=\"widget\" data-widget_type=\"heading.default\">\n\t\t\t\t\t<h3 class=\"elementor-heading-title elementor-size-default\">Magda<\/h3>\t\t\t\t<\/div>\n\t\t\t\t<div class=\"elementor-element elementor-element-9b45a19 elementor-widget elementor-widget-heading\" data-id=\"9b45a19\" data-element_type=\"widget\" data-e-type=\"widget\" data-widget_type=\"heading.default\">\n\t\t\t\t\t<div class=\"elementor-heading-title elementor-size-default\">Kierownik biura<\/div>\t\t\t\t<\/div>\n\t\t\t\t<div class=\"elementor-element elementor-element-5df8f081 elementor-widget elementor-widget-text-editor\" data-id=\"5df8f081\" data-element_type=\"widget\" data-e-type=\"widget\" data-widget_type=\"text-editor.default\">\n\t\t\t\t\t\t\t\t\t<p>Absolwentka Cours de civilisation fran\u00e7aise de la Sorbonne oraz Cours Florent w Pary\u017cu. Kocha energi\u0119 dzieci, Francj\u0119 oraz Sask\u0105 K\u0119p\u0119. W Trampoline odnajduje to wszystko naraz. Prywatnie mama Zosi, Poli i Misi. Wci\u0105\u017c w rozwoju.<\/p>\t\t\t\t\t\t\t\t<\/div>\n\t\t\t\t\t<\/div>\n\t\t\t\t<\/div>\n\t\t\t\t\t<\/div>\n\t\t\t\t<\/div>\n\t\t\t\t<\/div>\n\t\t\t\t\t<\/div>\n\t\t\t\t<\/div>\n\t\t\t\t<\/div>\n\t\t","protected":false},"excerpt":{"rendered":"<p>Ponad 20 lat do\u015bwiadczenia w nauczaniu dwuj\u0119zycznym Przedszkole Trampoline dzia\u0142a na Saskiej K\u0119pie nieprzerwanie od 2001 roku. Od pocz\u0105tku postawili\u015bmy na dwuj\u0119zyczno\u015b\u0107 polsko-francusk\u0105 i indywidualne podej\u015bcie do ka\u017cdego dziecka. Przez lata wypracowali\u015bmy metody, po kt\u00f3re si\u0119gaj\u0105 dzi\u015b inne plac\u00f3wki w Europie. European Language Label W 2004 roku otrzymali\u015bmy presti\u017cowe europejskie wyr\u00f3\u017cnienie za nowatorskie metody nauczania [&hellip;]<\/p>\n","protected":false},"author":1,"featured_media":0,"parent":0,"menu_order":0,"comment_status":"closed","ping_status":"closed","template":"blank-template.php","meta":{"footnotes":""},"class_list":["post-317","page","type-page","status-publish","hentry"],"yoast_head":"<!-- This site is optimized with the Yoast SEO plugin v28.1 - https:\/\/yoast.com\/product\/yoast-seo-wordpress\/ -->\n<title>Nasza kadra - Przedszkole<\/title>\n<meta name=\"robots\" content=\"index, follow, max-snippet:-1, max-image-preview:large, max-video-preview:-1\" \/>\n<link rel=\"canonical\" href=\"https:\/\/trampoline.edu.pl\/przedszkole\/nasza-kadra\/\" \/>\n<meta property=\"og:locale\" content=\"pl_PL\" \/>\n<meta property=\"og:type\" content=\"article\" \/>\n<meta property=\"og:title\" content=\"Nasza kadra - Przedszkole\" \/>\n<meta property=\"og:description\" content=\"Ponad 20 lat do\u015bwiadczenia w nauczaniu dwuj\u0119zycznym Przedszkole Trampoline dzia\u0142a na Saskiej K\u0119pie nieprzerwanie od 2001 roku. Od pocz\u0105tku postawili\u015bmy na dwuj\u0119zyczno\u015b\u0107 polsko-francusk\u0105 i indywidualne podej\u015bcie do ka\u017cdego dziecka. Przez lata wypracowali\u015bmy metody, po kt\u00f3re si\u0119gaj\u0105 dzi\u015b inne plac\u00f3wki w Europie. European Language Label W 2004 roku otrzymali\u015bmy presti\u017cowe europejskie wyr\u00f3\u017cnienie za nowatorskie metody nauczania [&hellip;]\" \/>\n<meta property=\"og:url\" content=\"https:\/\/trampoline.edu.pl\/przedszkole\/nasza-kadra\/\" \/>\n<meta property=\"og:site_name\" content=\"Przedszkole\" \/>\n<meta property=\"article:modified_time\" content=\"2026-09-04T17:24:20+00:00\" \/>\n<meta property=\"og:image\" content=\"https:\/\/trampoline.edu.pl\/przedszkole\/wp-content\/uploads\/sites\/4\/2026\/09\/joanna-rzyska.jpg\" \/>\n\t<meta property=\"og:image:width\" content=\"2560\" \/>\n\t<meta property=\"og:image:height\" content=\"1703\" \/>\n\t<meta property=\"og:image:type\" content=\"image\/jpeg\" \/>\n<meta name=\"twitter:card\" content=\"summary_large_image\" \/>\n<meta name=\"twitter:label1\" content=\"Szacowany czas czytania\" \/>\n\t<meta name=\"twitter:data1\" content=\"8 minut\" \/>\n<script type=\"application\/ld+json\" class=\"yoast-schema-graph\">{\"@context\":\"https:\\\/\\\/schema.org\",\"@graph\":[{\"@type\":\"WebPage\",\"@id\":\"https:\\\/\\\/trampoline.edu.pl\\\/przedszkole\\\/nasza-kadra\\\/\",\"url\":\"https:\\\/\\\/trampoline.edu.pl\\\/przedszkole\\\/nasza-kadra\\\/\",\"name\":\"Nasza kadra - Przedszkole\",\"isPartOf\":{\"@id\":\"https:\\\/\\\/trampoline.edu.pl\\\/przedszkole\\\/#website\"},\"primaryImageOfPage\":{\"@id\":\"https:\\\/\\\/trampoline.edu.pl\\\/przedszkole\\\/nasza-kadra\\\/#primaryimage\"},\"image\":{\"@id\":\"https:\\\/\\\/trampoline.edu.pl\\\/przedszkole\\\/nasza-kadra\\\/#primaryimage\"},\"thumbnailUrl\":\"https:\\\/\\\/trampoline.edu.pl\\\/przedszkole\\\/wp-content\\\/uploads\\\/sites\\\/4\\\/2026\\\/09\\\/joanna-rzyska-1024x681.jpg\",\"datePublished\":\"2021-12-16T13:06:14+00:00\",\"dateModified\":\"2026-09-04T17:24:20+00:00\",\"breadcrumb\":{\"@id\":\"https:\\\/\\\/trampoline.edu.pl\\\/przedszkole\\\/nasza-kadra\\\/#breadcrumb\"},\"inLanguage\":\"pl-PL\",\"potentialAction\":[{\"@type\":\"ReadAction\",\"target\":[\"https:\\\/\\\/trampoline.edu.pl\\\/przedszkole\\\/nasza-kadra\\\/\"]}]},{\"@type\":\"ImageObject\",\"inLanguage\":\"pl-PL\",\"@id\":\"https:\\\/\\\/trampoline.edu.pl\\\/przedszkole\\\/nasza-kadra\\\/#primaryimage\",\"url\":\"https:\\\/\\\/trampoline.edu.pl\\\/przedszkole\\\/wp-content\\\/uploads\\\/sites\\\/4\\\/2026\\\/09\\\/joanna-rzyska.jpg\",\"contentUrl\":\"https:\\\/\\\/trampoline.edu.pl\\\/przedszkole\\\/wp-content\\\/uploads\\\/sites\\\/4\\\/2026\\\/09\\\/joanna-rzyska.jpg\",\"width\":2560,\"height\":1703},{\"@type\":\"BreadcrumbList\",\"@id\":\"https:\\\/\\\/trampoline.edu.pl\\\/przedszkole\\\/nasza-kadra\\\/#breadcrumb\",\"itemListElement\":[{\"@type\":\"ListItem\",\"position\":1,\"name\":\"Strona g\u0142\u00f3wna\",\"item\":\"https:\\\/\\\/trampoline.edu.pl\\\/przedszkole\\\/\"},{\"@type\":\"ListItem\",\"position\":2,\"name\":\"Nasza kadra\"}]},{\"@type\":\"WebSite\",\"@id\":\"https:\\\/\\\/trampoline.edu.pl\\\/przedszkole\\\/#website\",\"url\":\"https:\\\/\\\/trampoline.edu.pl\\\/przedszkole\\\/\",\"name\":\"Przedszkole\",\"description\":\"\",\"publisher\":{\"@id\":\"https:\\\/\\\/trampoline.edu.pl\\\/przedszkole\\\/#organization\"},\"potentialAction\":[{\"@type\":\"SearchAction\",\"target\":{\"@type\":\"EntryPoint\",\"urlTemplate\":\"https:\\\/\\\/trampoline.edu.pl\\\/przedszkole\\\/?s={search_term_string}\"},\"query-input\":{\"@type\":\"PropertyValueSpecification\",\"valueRequired\":true,\"valueName\":\"search_term_string\"}}],\"inLanguage\":\"pl-PL\"},{\"@type\":\"Organization\",\"@id\":\"https:\\\/\\\/trampoline.edu.pl\\\/przedszkole\\\/#organization\",\"name\":\"Przedszkole\",\"url\":\"https:\\\/\\\/trampoline.edu.pl\\\/przedszkole\\\/\",\"logo\":{\"@type\":\"ImageObject\",\"inLanguage\":\"pl-PL\",\"@id\":\"https:\\\/\\\/trampoline.edu.pl\\\/przedszkole\\\/#\\\/schema\\\/logo\\\/image\\\/\",\"url\":\"https:\\\/\\\/trampoline.edu.pl\\\/przedszkole\\\/wp-content\\\/uploads\\\/sites\\\/4\\\/2026\\\/05\\\/cropped-Logo-przedszkole-TRAMPOLINE-e1785315157547.jpg\",\"contentUrl\":\"https:\\\/\\\/trampoline.edu.pl\\\/przedszkole\\\/wp-content\\\/uploads\\\/sites\\\/4\\\/2026\\\/05\\\/cropped-Logo-przedszkole-TRAMPOLINE-e1785315157547.jpg\",\"width\":300,\"height\":81,\"caption\":\"Przedszkole\"},\"image\":{\"@id\":\"https:\\\/\\\/trampoline.edu.pl\\\/przedszkole\\\/#\\\/schema\\\/logo\\\/image\\\/\"}}]}<\/script>\n<!-- \/ Yoast SEO plugin. -->","yoast_head_json":{"title":"Nasza kadra - Przedszkole","robots":{"index":"index","follow":"follow","max-snippet":"max-snippet:-1","max-image-preview":"max-image-preview:large","max-video-preview":"max-video-preview:-1"},"canonical":"https:\/\/trampoline.edu.pl\/przedszkole\/nasza-kadra\/","og_locale":"pl_PL","og_type":"article","og_title":"Nasza kadra - Przedszkole","og_description":"Ponad 20 lat do\u015bwiadczenia w nauczaniu dwuj\u0119zycznym Przedszkole Trampoline dzia\u0142a na Saskiej K\u0119pie nieprzerwanie od 2001 roku. Od pocz\u0105tku postawili\u015bmy na dwuj\u0119zyczno\u015b\u0107 polsko-francusk\u0105 i indywidualne podej\u015bcie do ka\u017cdego dziecka. Przez lata wypracowali\u015bmy metody, po kt\u00f3re si\u0119gaj\u0105 dzi\u015b inne plac\u00f3wki w Europie. European Language Label W 2004 roku otrzymali\u015bmy presti\u017cowe europejskie wyr\u00f3\u017cnienie za nowatorskie metody nauczania [&hellip;]","og_url":"https:\/\/trampoline.edu.pl\/przedszkole\/nasza-kadra\/","og_site_name":"Przedszkole","article_modified_time":"2026-09-04T17:24:20+00:00","og_image":[{"width":2560,"height":1703,"url":"https:\/\/trampoline.edu.pl\/przedszkole\/wp-content\/uploads\/sites\/4\/2026\/09\/joanna-rzyska.jpg","type":"image\/jpeg"}],"twitter_card":"summary_large_image","twitter_misc":{"Szacowany czas czytania":"8 minut"},"schema":{"@context":"https:\/\/schema.org","@graph":[{"@type":"WebPage","@id":"https:\/\/trampoline.edu.pl\/przedszkole\/nasza-kadra\/","url":"https:\/\/trampoline.edu.pl\/przedszkole\/nasza-kadra\/","name":"Nasza kadra - Przedszkole","isPartOf":{"@id":"https:\/\/trampoline.edu.pl\/przedszkole\/#website"},"primaryImageOfPage":{"@id":"https:\/\/trampoline.edu.pl\/przedszkole\/nasza-kadra\/#primaryimage"},"image":{"@id":"https:\/\/trampoline.edu.pl\/przedszkole\/nasza-kadra\/#primaryimage"},"thumbnailUrl":"https:\/\/trampoline.edu.pl\/przedszkole\/wp-content\/uploads\/sites\/4\/2026\/09\/joanna-rzyska-1024x681.jpg","datePublished":"2021-12-16T13:06:14+00:00","dateModified":"2026-09-04T17:24:20+00:00","breadcrumb":{"@id":"https:\/\/trampoline.edu.pl\/przedszkole\/nasza-kadra\/#breadcrumb"},"inLanguage":"pl-PL","potentialAction":[{"@type":"ReadAction","target":["https:\/\/trampoline.edu.pl\/przedszkole\/nasza-kadra\/"]}]},{"@type":"ImageObject","inLanguage":"pl-PL","@id":"https:\/\/trampoline.edu.pl\/przedszkole\/nasza-kadra\/#primaryimage","url":"https:\/\/trampoline.edu.pl\/przedszkole\/wp-content\/uploads\/sites\/4\/2026\/09\/joanna-rzyska.jpg","contentUrl":"https:\/\/trampoline.edu.pl\/przedszkole\/wp-content\/uploads\/sites\/4\/2026\/09\/joanna-rzyska.jpg","width":2560,"height":1703},{"@type":"BreadcrumbList","@id":"https:\/\/trampoline.edu.pl\/przedszkole\/nasza-kadra\/#breadcrumb","itemListElement":[{"@type":"ListItem","position":1,"name":"Strona g\u0142\u00f3wna","item":"https:\/\/trampoline.edu.pl\/przedszkole\/"},{"@type":"ListItem","position":2,"name":"Nasza kadra"}]},{"@type":"WebSite","@id":"https:\/\/trampoline.edu.pl\/przedszkole\/#website","url":"https:\/\/trampoline.edu.pl\/przedszkole\/","name":"Przedszkole","description":"","publisher":{"@id":"https:\/\/trampoline.edu.pl\/przedszkole\/#organization"},"potentialAction":[{"@type":"SearchAction","target":{"@type":"EntryPoint","urlTemplate":"https:\/\/trampoline.edu.pl\/przedszkole\/?s={search_term_string}"},"query-input":{"@type":"PropertyValueSpecification","valueRequired":true,"valueName":"search_term_string"}}],"inLanguage":"pl-PL"},{"@type":"Organization","@id":"https:\/\/trampoline.edu.pl\/przedszkole\/#organization","name":"Przedszkole","url":"https:\/\/trampoline.edu.pl\/przedszkole\/","logo":{"@type":"ImageObject","inLanguage":"pl-PL","@id":"https:\/\/trampoline.edu.pl\/przedszkole\/#\/schema\/logo\/image\/","url":"https:\/\/trampoline.edu.pl\/przedszkole\/wp-content\/uploads\/sites\/4\/2026\/05\/cropped-Logo-przedszkole-TRAMPOLINE-e1785315157547.jpg","contentUrl":"https:\/\/trampoline.edu.pl\/przedszkole\/wp-content\/uploads\/sites\/4\/2026\/05\/cropped-Logo-przedszkole-TRAMPOLINE-e1785315157547.jpg","width":300,"height":81,"caption":"Przedszkole"},"image":{"@id":"https:\/\/trampoline.edu.pl\/przedszkole\/#\/schema\/logo\/image\/"}}]}},"lang":"pl","translations":{"pl":317,"fr":11151},"pll_sync_post":{},"_links":{"self":[{"href":"https:\/\/trampoline.edu.pl\/przedszkole\/wp-json\/wp\/v2\/pages\/317","targetHints":{"allow":["GET"]}}],"collection":[{"href":"https:\/\/trampoline.edu.pl\/przedszkole\/wp-json\/wp\/v2\/pages"}],"about":[{"href":"https:\/\/trampoline.edu.pl\/przedszkole\/wp-json\/wp\/v2\/types\/page"}],"author":[{"embeddable":true,"href":"https:\/\/trampoline.edu.pl\/przedszkole\/wp-json\/wp\/v2\/users\/1"}],"replies":[{"embeddable":true,"href":"https:\/\/trampoline.edu.pl\/przedszkole\/wp-json\/wp\/v2\/comments?post=317"}],"version-history":[{"count":66,"href":"https:\/\/trampoline.edu.pl\/przedszkole\/wp-json\/wp\/v2\/pages\/317\/revisions"}],"predecessor-version":[{"id":11570,"href":"https:\/\/trampoline.edu.pl\/przedszkole\/wp-json\/wp\/v2\/pages\/317\/revisions\/11570"}],"wp:attachment":[{"href":"https:\/\/trampoline.edu.pl\/przedszkole\/wp-json\/wp\/v2\/media?parent=317"}],"curies":[{"name":"wp","href":"https:\/\/api.w.org\/{rel}","templated":true}]}}