{"id":11672,"date":"2026-07-23T09:06:25","date_gmt":"2026-07-23T09:06:25","guid":{"rendered":"https:\/\/trampoline.edu.pl\/szkola\/?page_id=11672"},"modified":"2026-09-01T11:44:46","modified_gmt":"2026-09-01T11:44:46","slug":"jak-uczymy","status":"publish","type":"page","link":"https:\/\/trampoline.edu.pl\/szkola\/jak-uczymy\/","title":{"rendered":"Jak uczymy"},"content":{"rendered":"\t\t<div data-elementor-type=\"wp-page\" data-elementor-id=\"11672\" class=\"elementor elementor-11672\" data-elementor-post-type=\"page\">\n\t\t\t\t<section class=\"elementor-element elementor-element-257a9809 e-flex e-con-boxed e-con e-parent\" data-id=\"257a9809\" data-element_type=\"container\" data-e-type=\"container\" data-settings=\"{&quot;background_background&quot;:&quot;classic&quot;}\">\n\t\t\t\t\t<div class=\"e-con-inner\">\n\t\t\t\t<div class=\"elementor-element elementor-element-5db0d4ce tps-eyebrow elementor-widget elementor-widget-text-editor\" data-id=\"5db0d4ce\" data-element_type=\"widget\" data-e-type=\"widget\" data-widget_type=\"text-editor.default\">\n\t\t\t\t\t\t\t\t\t<p>Jak uczymy<\/p>\t\t\t\t\t\t\t\t<\/div>\n\t\t\t\t<div class=\"elementor-element elementor-element-4c9c972 tps-h1 elementor-widget elementor-widget-heading\" data-id=\"4c9c972\" data-element_type=\"widget\" data-e-type=\"widget\" data-widget_type=\"heading.default\">\n\t\t\t\t\t<h1 class=\"elementor-heading-title elementor-size-default\">Uczymy <em>\u015bwiadomie<\/em> - wierzymy, \u017ce dziecko najlepiej rozwija si\u0119 poprzez <em>dzia\u0142anie<\/em>.<\/h1>\t\t\t\t<\/div>\n\t\t\t\t<div class=\"elementor-element elementor-element-7d6d31f8 tps-video-wrap elementor-widget elementor-widget-html\" data-id=\"7d6d31f8\" data-element_type=\"widget\" data-e-type=\"widget\" data-widget_type=\"html.default\">\n\t\t\t\t\t<div class=\"tps-video-trigger\">\n  <button class=\"tps-play-btn\" type=\"button\" aria-label=\"Zobacz, jak uczymy w praktyce\" data-tps-video-open>\n    <svg width=\"30\" height=\"30\" viewBox=\"0 0 24 24\" fill=\"#FFFFFF\" aria-hidden=\"true\"><path d=\"M8 5v14l11-7z\"\/><\/svg>\n  <\/button>\n  <span class=\"tps-video-caption\">Zobacz, jak uczymy w praktyce<\/span>\n<\/div>\n<div class=\"tps-video-modal\" id=\"tps-video-modal\">\n  <div class=\"tps-video-modal__inner\">\n    <button class=\"tps-video-close\" type=\"button\" aria-label=\"Zamknij\" data-tps-video-close>&times;<\/button>\n    <video src=\"\/szkola\/wp-content\/uploads\/sites\/5\/2026\/06\/Jak-uczymy.mp4\" controls preload=\"metadata\" playsinline><\/video>\n  <\/div>\n<\/div>\n<script>\n(function(){\n  var btn = document.querySelector('[data-tps-video-open]');\n  var modal = document.getElementById('tps-video-modal');\n  if(!btn || !modal || btn.dataset.tpsReady) return;\n  btn.dataset.tpsReady = '1';\n  if(modal.parentNode !== document.body){ document.body.appendChild(modal); }\n  var video = modal.querySelector('video');\n  var closeBtn = modal.querySelector('[data-tps-video-close]');\n  function openM(){\n    modal.classList.add('is-open');\n    document.body.style.overflow = 'hidden';\n    if(video){ try { video.currentTime = 0; video.play(); } catch(e){} }\n  }\n  function closeM(){\n    modal.classList.remove('is-open');\n    document.body.style.overflow = '';\n    if(video){ video.pause(); }\n  }\n  btn.addEventListener('click', openM);\n  if(closeBtn) closeBtn.addEventListener('click', closeM);\n  modal.addEventListener('click', function(e){ if(e.target === modal) closeM(); });\n  document.addEventListener('keydown', function(e){\n    if((e.key === 'Escape' || e.keyCode === 27) && modal.classList.contains('is-open')) closeM();\n  });\n})();\n<\/script>\t\t\t\t<\/div>\n\t\t\t\t<div class=\"elementor-element elementor-element-2a081065 tps-lead elementor-widget elementor-widget-text-editor\" data-id=\"2a081065\" data-element_type=\"widget\" data-e-type=\"widget\" data-widget_type=\"text-editor.default\">\n\t\t\t\t\t\t\t\t\t<p>Filozofia, projekty, ocenianie i rytm pracy w naszej szkole. Wszystko, co sk\u0142ada si\u0119 na codzienno\u015b\u0107 dziecka w Trampoline &#8211; od kameralnych klas, przez metod\u0119 projektu, po dwuj\u0119zyczne nauczanie zintegrowane.<\/p>\t\t\t\t\t\t\t\t<\/div>\n\t\t\t\t\t<\/div>\n\t\t\t\t<\/section>\n\t\t<nav class=\"elementor-element elementor-element-62608c58 e-flex e-con-boxed e-con e-parent\" data-id=\"62608c58\" data-element_type=\"container\" data-e-type=\"container\" data-settings=\"{&quot;background_background&quot;:&quot;classic&quot;}\">\n\t\t\t\t\t<div class=\"e-con-inner\">\n\t\t\t\t<div class=\"elementor-element elementor-element-d3870c8 tps-anchor-links elementor-widget elementor-widget-text-editor\" data-id=\"d3870c8\" data-element_type=\"widget\" data-e-type=\"widget\" data-widget_type=\"text-editor.default\">\n\t\t\t\t\t\t\t\t\t<a href=\"#tp-filozofia\">Filozofia<\/a><a href=\"#tp-dwujezycznosc\">Dwuj\u0119zyczno\u015b\u0107<\/a><a href=\"#tp-projekty\">Projekty i estetyka<\/a><a href=\"#tp-ocenianie\">Ocenianie<\/a><a href=\"#tp-sprawdziany\">Sprawdziany<\/a>\t\t\t\t\t\t\t\t<\/div>\n\t\t\t\t\t<\/div>\n\t\t\t\t<\/nav>\n\t\t<section class=\"elementor-element elementor-element-5cb11a65 e-flex e-con-boxed e-con e-parent\" data-id=\"5cb11a65\" data-element_type=\"container\" data-e-type=\"container\" id=\"tp-filozofia\" data-settings=\"{&quot;background_background&quot;:&quot;classic&quot;}\">\n\t\t\t\t\t<div class=\"e-con-inner\">\n\t\t<div class=\"elementor-element elementor-element-1d00a018 e-con-full e-flex e-con e-child\" data-id=\"1d00a018\" data-element_type=\"container\" data-e-type=\"container\">\n\t\t\t\t<div class=\"elementor-element elementor-element-1b30e323 elementor-widget elementor-widget-text-editor\" data-id=\"1b30e323\" data-element_type=\"widget\" data-e-type=\"widget\" data-widget_type=\"text-editor.default\">\n\t\t\t\t\t\t\t\t\t<p>Filozofia szko\u0142y<\/p>\t\t\t\t\t\t\t\t<\/div>\n\t\t\t\t<div class=\"elementor-element elementor-element-2938a734 tps-h2 elementor-widget elementor-widget-heading\" data-id=\"2938a734\" data-element_type=\"widget\" data-e-type=\"widget\" data-widget_type=\"heading.default\">\n\t\t\t\t\t<h2 class=\"elementor-heading-title elementor-size-default\">Uczymy <em>z my\u015bl\u0105 o przysz\u0142o\u015bci<\/em><\/h2>\t\t\t\t<\/div>\n\t\t\t\t<\/div>\n\t\t<div class=\"elementor-element elementor-element-33e0d21a e-con-full e-flex e-con e-child\" data-id=\"33e0d21a\" data-element_type=\"container\" data-e-type=\"container\">\n\t\t\t\t<div class=\"elementor-element elementor-element-3b9654d3 tps-content elementor-widget elementor-widget-text-editor\" data-id=\"3b9654d3\" data-element_type=\"widget\" data-e-type=\"widget\" data-widget_type=\"text-editor.default\">\n\t\t\t\t\t\t\t\t\t<p>Naszym celem jest kszta\u0142cenie uczni\u00f3w dwuj\u0119zycznych, dobrze przygotowanych do kolejnych etap\u00f3w edukacji. Wysoki poziom nauczania \u0142\u0105czymy z trosk\u0105 o rozw\u00f3j intelektualny i kulturowy, budowanie nawyku czytania oraz \u015bwiadomego uczenia si\u0119. R\u00f3wnolegle rozwijamy samodzielno\u015b\u0107 uczni\u00f3w oraz wspieramy ich w stawaniu si\u0119 osobami wra\u017cliwymi spo\u0142ecznie, otwartymi i \u015bwiadomymi kulturowo.<\/p>\t\t\t\t\t\t\t\t<\/div>\n\t\t\t\t<\/div>\n\t\t<div class=\"elementor-element elementor-element-462ef3a6 e-grid e-con-full e-con e-child\" data-id=\"462ef3a6\" data-element_type=\"container\" data-e-type=\"container\">\n\t\t<div class=\"elementor-element elementor-element-3a1ed47a e-con-full e-flex e-con e-child\" data-id=\"3a1ed47a\" data-element_type=\"container\" data-e-type=\"container\" data-settings=\"{&quot;background_background&quot;:&quot;classic&quot;}\">\n\t\t\t\t<div class=\"elementor-element elementor-element-777e00b2 tps-feat-ico elementor-widget elementor-widget-html\" data-id=\"777e00b2\" data-element_type=\"widget\" data-e-type=\"widget\" data-widget_type=\"html.default\">\n\t\t\t\t\t<svg viewBox=\"0 0 48 48\" fill=\"none\" width=\"44\" height=\"44\"><rect x=\"6\" y=\"10\" width=\"36\" height=\"28\" rx=\"2\" stroke=\"#0080CC\" stroke-width=\"1.5\"\/><path d=\"M14 18H34M14 24H34M14 30H26\" stroke=\"#0080CC\" stroke-width=\"1.5\" stroke-linecap=\"round\"\/><\/svg>\t\t\t\t<\/div>\n\t\t\t\t<div class=\"elementor-element elementor-element-656dfe0f elementor-widget elementor-widget-heading\" data-id=\"656dfe0f\" data-element_type=\"widget\" data-e-type=\"widget\" data-widget_type=\"heading.default\">\n\t\t\t\t\t<h3 class=\"elementor-heading-title elementor-size-default\">Rozszerzony program<\/h3>\t\t\t\t<\/div>\n\t\t\t\t<div class=\"elementor-element elementor-element-24d26fd8 elementor-widget elementor-widget-text-editor\" data-id=\"24d26fd8\" data-element_type=\"widget\" data-e-type=\"widget\" data-widget_type=\"text-editor.default\">\n\t\t\t\t\t\t\t\t\t<p>Intensywny program nauczania j\u0119zyka obcego &#8211; francuskiego lub angielskiego.<\/p>\t\t\t\t\t\t\t\t<\/div>\n\t\t\t\t<\/div>\n\t\t<div class=\"elementor-element elementor-element-b487626 e-con-full e-flex e-con e-child\" data-id=\"b487626\" data-element_type=\"container\" data-e-type=\"container\" data-settings=\"{&quot;background_background&quot;:&quot;classic&quot;}\">\n\t\t\t\t<div class=\"elementor-element elementor-element-280b1316 tps-feat-ico elementor-widget elementor-widget-html\" data-id=\"280b1316\" data-element_type=\"widget\" data-e-type=\"widget\" data-widget_type=\"html.default\">\n\t\t\t\t\t<svg viewBox=\"0 0 48 48\" fill=\"none\" width=\"44\" height=\"44\"><path d=\"M8 14H24M8 24H32M8 34H20\" stroke=\"#0080CC\" stroke-width=\"1.5\" stroke-linecap=\"round\"\/><circle cx=\"36\" cy=\"34\" r=\"6\" stroke=\"#0080CC\" stroke-width=\"1.5\"\/><\/svg>\t\t\t\t<\/div>\n\t\t\t\t<div class=\"elementor-element elementor-element-77654663 elementor-widget elementor-widget-heading\" data-id=\"77654663\" data-element_type=\"widget\" data-e-type=\"widget\" data-widget_type=\"heading.default\">\n\t\t\t\t\t<h3 class=\"elementor-heading-title elementor-size-default\">Ocenianie mieszane<\/h3>\t\t\t\t<\/div>\n\t\t\t\t<div class=\"elementor-element elementor-element-55821db4 elementor-widget elementor-widget-text-editor\" data-id=\"55821db4\" data-element_type=\"widget\" data-e-type=\"widget\" data-widget_type=\"text-editor.default\">\n\t\t\t\t\t\t\t\t\t<p>W m\u0142odszych klasach ewaluacja opisowa, w starszych system ocen z opisem efekt\u00f3w.<\/p>\t\t\t\t\t\t\t\t<\/div>\n\t\t\t\t<\/div>\n\t\t<div class=\"elementor-element elementor-element-209ac45c e-con-full e-flex e-con e-child\" data-id=\"209ac45c\" data-element_type=\"container\" data-e-type=\"container\" data-settings=\"{&quot;background_background&quot;:&quot;classic&quot;}\">\n\t\t\t\t<div class=\"elementor-element elementor-element-6baccf22 tps-feat-ico elementor-widget elementor-widget-html\" data-id=\"6baccf22\" data-element_type=\"widget\" data-e-type=\"widget\" data-widget_type=\"html.default\">\n\t\t\t\t\t<svg viewBox=\"0 0 48 48\" fill=\"none\" width=\"44\" height=\"44\"><rect x=\"6\" y=\"12\" width=\"36\" height=\"24\" rx=\"2\" stroke=\"#0080CC\" stroke-width=\"1.5\"\/><circle cx=\"14\" cy=\"20\" r=\"2\" fill=\"#0080CC\"\/><circle cx=\"14\" cy=\"28\" r=\"2\" fill=\"#0080CC\"\/><circle cx=\"34\" cy=\"20\" r=\"2\" fill=\"#0080CC\"\/><circle cx=\"34\" cy=\"28\" r=\"2\" fill=\"#0080CC\"\/><\/svg>\t\t\t\t<\/div>\n\t\t\t\t<div class=\"elementor-element elementor-element-2637971d elementor-widget elementor-widget-heading\" data-id=\"2637971d\" data-element_type=\"widget\" data-e-type=\"widget\" data-widget_type=\"heading.default\">\n\t\t\t\t\t<h3 class=\"elementor-heading-title elementor-size-default\">Edukacja filmowa<\/h3>\t\t\t\t<\/div>\n\t\t\t\t<div class=\"elementor-element elementor-element-4550ae25 elementor-widget elementor-widget-text-editor\" data-id=\"4550ae25\" data-element_type=\"widget\" data-e-type=\"widget\" data-widget_type=\"text-editor.default\">\n\t\t\t\t\t\t\t\t\t<p>Rozbudowany program edukacji filmowej i autorski przegl\u0105d film\u00f3w frankofo\u0144skich.<\/p>\t\t\t\t\t\t\t\t<\/div>\n\t\t\t\t<\/div>\n\t\t<div class=\"elementor-element elementor-element-2ca3c80d e-con-full e-flex e-con e-child\" data-id=\"2ca3c80d\" data-element_type=\"container\" data-e-type=\"container\" data-settings=\"{&quot;background_background&quot;:&quot;classic&quot;}\">\n\t\t\t\t<div class=\"elementor-element elementor-element-127693af tps-feat-ico elementor-widget elementor-widget-html\" data-id=\"127693af\" data-element_type=\"widget\" data-e-type=\"widget\" data-widget_type=\"html.default\">\n\t\t\t\t\t<svg viewBox=\"0 0 48 48\" fill=\"none\" width=\"44\" height=\"44\"><circle cx=\"18\" cy=\"18\" r=\"6\" stroke=\"#0080CC\" stroke-width=\"1.5\"\/><circle cx=\"32\" cy=\"22\" r=\"5\" stroke=\"#0080CC\" stroke-width=\"1.5\"\/><path d=\"M8 40C8 34 12 30 18 30C24 30 28 34 28 40\" stroke=\"#0080CC\" stroke-width=\"1.5\"\/><path d=\"M26 40C26 36 29 32 32 32C35 32 38 36 38 40\" stroke=\"#0080CC\" stroke-width=\"1.5\"\/><\/svg>\t\t\t\t<\/div>\n\t\t\t\t<div class=\"elementor-element elementor-element-35385613 elementor-widget elementor-widget-heading\" data-id=\"35385613\" data-element_type=\"widget\" data-e-type=\"widget\" data-widget_type=\"heading.default\">\n\t\t\t\t\t<h3 class=\"elementor-heading-title elementor-size-default\">Tutoring r\u00f3wie\u015bniczy<\/h3>\t\t\t\t<\/div>\n\t\t\t\t<div class=\"elementor-element elementor-element-4b1080f9 elementor-widget elementor-widget-text-editor\" data-id=\"4b1080f9\" data-element_type=\"widget\" data-e-type=\"widget\" data-widget_type=\"text-editor.default\">\n\t\t\t\t\t\t\t\t\t<p>Uczniowie ucz\u0105 si\u0119 od siebie nawzajem, buduj\u0105c odpowiedzialno\u015b\u0107 i wsp\u00f3\u0142prac\u0119.<\/p>\t\t\t\t\t\t\t\t<\/div>\n\t\t\t\t<\/div>\n\t\t<div class=\"elementor-element elementor-element-238e8422 e-con-full e-flex e-con e-child\" data-id=\"238e8422\" data-element_type=\"container\" data-e-type=\"container\" data-settings=\"{&quot;background_background&quot;:&quot;classic&quot;}\">\n\t\t\t\t<div class=\"elementor-element elementor-element-3613467c tps-feat-ico elementor-widget elementor-widget-html\" data-id=\"3613467c\" data-element_type=\"widget\" data-e-type=\"widget\" data-widget_type=\"html.default\">\n\t\t\t\t\t<svg viewBox=\"0 0 48 48\" fill=\"none\" width=\"44\" height=\"44\"><rect x=\"14\" y=\"6\" width=\"20\" height=\"36\" rx=\"3\" stroke=\"#0080CC\" stroke-width=\"1.5\"\/><path d=\"M10 14L38 34\" stroke=\"#0080CC\" stroke-width=\"2\" stroke-linecap=\"round\"\/><\/svg>\t\t\t\t<\/div>\n\t\t\t\t<div class=\"elementor-element elementor-element-7568985f elementor-widget elementor-widget-heading\" data-id=\"7568985f\" data-element_type=\"widget\" data-e-type=\"widget\" data-widget_type=\"heading.default\">\n\t\t\t\t\t<h3 class=\"elementor-heading-title elementor-size-default\">Szko\u0142a bez telefon\u00f3w<\/h3>\t\t\t\t<\/div>\n\t\t\t\t<div class=\"elementor-element elementor-element-7b4ed6d0 elementor-widget elementor-widget-text-editor\" data-id=\"7b4ed6d0\" data-element_type=\"widget\" data-e-type=\"widget\" data-widget_type=\"text-editor.default\">\n\t\t\t\t\t\t\t\t\t<p>Przestrze\u0144 wolna od smartfon\u00f3w &#8211; wi\u0119cej miejsca na relacje, koncentracj\u0119 i rozmow\u0119.<\/p>\t\t\t\t\t\t\t\t<\/div>\n\t\t\t\t<\/div>\n\t\t<div class=\"elementor-element elementor-element-58be94bd e-con-full e-flex e-con e-child\" data-id=\"58be94bd\" data-element_type=\"container\" data-e-type=\"container\" data-settings=\"{&quot;background_background&quot;:&quot;classic&quot;}\">\n\t\t\t\t<div class=\"elementor-element elementor-element-22fcb8a0 tps-feat-ico elementor-widget elementor-widget-html\" data-id=\"22fcb8a0\" data-element_type=\"widget\" data-e-type=\"widget\" data-widget_type=\"html.default\">\n\t\t\t\t\t<svg viewBox=\"0 0 48 48\" fill=\"none\" width=\"44\" height=\"44\"><path d=\"M24 6L29 18L42 19L32 28L35 41L24 34L13 41L16 28L6 19L19 18L24 6Z\" stroke=\"#0080CC\" stroke-width=\"1.5\" stroke-linejoin=\"round\"\/><\/svg>\t\t\t\t<\/div>\n\t\t\t\t<div class=\"elementor-element elementor-element-38dcce0 elementor-widget elementor-widget-heading\" data-id=\"38dcce0\" data-element_type=\"widget\" data-e-type=\"widget\" data-widget_type=\"heading.default\">\n\t\t\t\t\t<h3 class=\"elementor-heading-title elementor-size-default\">Kultura i sztuka<\/h3>\t\t\t\t<\/div>\n\t\t\t\t<div class=\"elementor-element elementor-element-55e930d elementor-widget elementor-widget-text-editor\" data-id=\"55e930d\" data-element_type=\"widget\" data-e-type=\"widget\" data-widget_type=\"text-editor.default\">\n\t\t\t\t\t\t\t\t\t<p>Regularne wyj\u015bcia do teatr\u00f3w, muze\u00f3w i kin jako sta\u0142y element programu.<\/p>\t\t\t\t\t\t\t\t<\/div>\n\t\t\t\t<\/div>\n\t\t<div class=\"elementor-element elementor-element-7fae8a5c e-con-full e-flex e-con e-child\" data-id=\"7fae8a5c\" data-element_type=\"container\" data-e-type=\"container\" data-settings=\"{&quot;background_background&quot;:&quot;classic&quot;}\">\n\t\t\t\t<div class=\"elementor-element elementor-element-74a78038 tps-feat-ico elementor-widget elementor-widget-html\" data-id=\"74a78038\" data-element_type=\"widget\" data-e-type=\"widget\" data-widget_type=\"html.default\">\n\t\t\t\t\t<svg viewBox=\"0 0 48 48\" fill=\"none\" width=\"44\" height=\"44\"><path d=\"M6 10C6 8.89543 6.89543 8 8 8H22V40H8C6.89543 40 6 39.1046 6 38V10Z\" stroke=\"#0080CC\" stroke-width=\"1.5\"\/><path d=\"M22 8H40C41.1046 8 42 8.89543 42 10V38C42 39.1046 41.1046 40 40 40H22V8Z\" stroke=\"#0080CC\" stroke-width=\"1.5\"\/><\/svg>\t\t\t\t<\/div>\n\t\t\t\t<div class=\"elementor-element elementor-element-1508a90 elementor-widget elementor-widget-heading\" data-id=\"1508a90\" data-element_type=\"widget\" data-e-type=\"widget\" data-widget_type=\"heading.default\">\n\t\t\t\t\t<h3 class=\"elementor-heading-title elementor-size-default\">Czytelnictwo<\/h3>\t\t\t\t<\/div>\n\t\t\t\t<div class=\"elementor-element elementor-element-7d139bdf elementor-widget elementor-widget-text-editor\" data-id=\"7d139bdf\" data-element_type=\"widget\" data-e-type=\"widget\" data-widget_type=\"text-editor.default\">\n\t\t\t\t\t\t\t\t\t<p>Budowanie nawyku czytania i wieloj\u0119zyczna biblioteka dost\u0119pna dla wszystkich.<\/p>\t\t\t\t\t\t\t\t<\/div>\n\t\t\t\t<\/div>\n\t\t<div class=\"elementor-element elementor-element-6031c2e6 e-con-full e-flex e-con e-child\" data-id=\"6031c2e6\" data-element_type=\"container\" data-e-type=\"container\" data-settings=\"{&quot;background_background&quot;:&quot;classic&quot;}\">\n\t\t\t\t<div class=\"elementor-element elementor-element-382ccc40 tps-feat-ico elementor-widget elementor-widget-html\" data-id=\"382ccc40\" data-element_type=\"widget\" data-e-type=\"widget\" data-widget_type=\"html.default\">\n\t\t\t\t\t<svg viewBox=\"0 0 48 48\" fill=\"none\" width=\"44\" height=\"44\"><circle cx=\"24\" cy=\"24\" r=\"12\" stroke=\"#0080CC\" stroke-width=\"1.5\"\/><path d=\"M24 14V24L30 28\" stroke=\"#0080CC\" stroke-width=\"1.5\" stroke-linecap=\"round\"\/><path d=\"M24 8V10M24 38V40M8 24H10M38 24H40\" stroke=\"#0080CC\" stroke-width=\"1.5\" stroke-linecap=\"round\"\/><\/svg>\t\t\t\t<\/div>\n\t\t\t\t<div class=\"elementor-element elementor-element-1cf01ff4 elementor-widget elementor-widget-heading\" data-id=\"1cf01ff4\" data-element_type=\"widget\" data-e-type=\"widget\" data-widget_type=\"heading.default\">\n\t\t\t\t\t<h3 class=\"elementor-heading-title elementor-size-default\">Krytyczne my\u015blenie<\/h3>\t\t\t\t<\/div>\n\t\t\t\t<div class=\"elementor-element elementor-element-205ece5b elementor-widget elementor-widget-text-editor\" data-id=\"205ece5b\" data-element_type=\"widget\" data-e-type=\"widget\" data-widget_type=\"text-editor.default\">\n\t\t\t\t\t\t\t\t\t<p>Uczymy analizy \u017ar\u00f3de\u0142, samodzielnych wniosk\u00f3w i \u015bwiadomego odbioru informacji.<\/p>\t\t\t\t\t\t\t\t<\/div>\n\t\t\t\t<\/div>\n\t\t\t\t<\/div>\n\t\t\t\t\t<\/div>\n\t\t\t\t<\/section>\n\t\t<section class=\"elementor-element elementor-element-f02f9ab e-flex e-con-boxed e-con e-parent\" data-id=\"f02f9ab\" data-element_type=\"container\" data-e-type=\"container\" id=\"tp-dwujezycznosc\" data-settings=\"{&quot;background_background&quot;:&quot;classic&quot;}\">\n\t\t\t\t\t<div class=\"e-con-inner\">\n\t\t<div class=\"elementor-element elementor-element-207735e2 e-con-full e-flex e-con e-child\" data-id=\"207735e2\" data-element_type=\"container\" data-e-type=\"container\">\n\t\t\t\t<div class=\"elementor-element elementor-element-4493ca07 elementor-widget elementor-widget-text-editor\" data-id=\"4493ca07\" data-element_type=\"widget\" data-e-type=\"widget\" data-widget_type=\"text-editor.default\">\n\t\t\t\t\t\t\t\t\t<p>Dwuj\u0119zyczno\u015b\u0107<\/p>\t\t\t\t\t\t\t\t<\/div>\n\t\t\t\t<div class=\"elementor-element elementor-element-39d7093d tps-h2 elementor-widget elementor-widget-heading\" data-id=\"39d7093d\" data-element_type=\"widget\" data-e-type=\"widget\" data-widget_type=\"heading.default\">\n\t\t\t\t\t<h2 class=\"elementor-heading-title elementor-size-default\">Metoda <em>CLIL<\/em> - j\u0119zyk jako narz\u0119dzie, nie cel<\/h2>\t\t\t\t<\/div>\n\t\t\t\t<\/div>\n\t\t<div class=\"elementor-element elementor-element-78328bea e-con-full e-flex e-con e-child\" data-id=\"78328bea\" data-element_type=\"container\" data-e-type=\"container\">\n\t\t\t\t<div class=\"elementor-element elementor-element-146f9dc5 tps-content elementor-widget elementor-widget-text-editor\" data-id=\"146f9dc5\" data-element_type=\"widget\" data-e-type=\"widget\" data-widget_type=\"text-editor.default\">\n\t\t\t\t\t\t\t\t\t<p>Opieramy si\u0119 na metodzie <strong>zintegrowanego nauczania przedmiotowo-j\u0119zykowego (CLIL)<\/strong>. Jest to takie podej\u015bcie do edukacji dwuj\u0119zycznej, w kt\u00f3rym wybrane tre\u015bci programowe przedstawia si\u0119 uczniom w j\u0119zyku obcym &#8211; w naszej szkole francuskim lub angielskim.<\/p>\t\t\t\t\t\t\t\t<\/div>\n\t\t\t\t<div class=\"elementor-element elementor-element-b46493a tps-content elementor-widget elementor-widget-text-editor\" data-id=\"b46493a\" data-element_type=\"widget\" data-e-type=\"widget\" data-widget_type=\"text-editor.default\">\n\t\t\t\t\t\t\t\t\t<p>Dzi\u0119ki temu dzieci traktuj\u0105 ten j\u0119zyk jako <strong>naturalne narz\u0119dzie komunikacji<\/strong>, a nie kolejny przedmiot szkolny. Ucz\u0105 si\u0119 nie j\u0119zyka &#8211; ucz\u0105 si\u0119 <em>w<\/em> j\u0119zyku.<\/p>\t\t\t\t\t\t\t\t<\/div>\n\t\t\t\t<div class=\"elementor-element elementor-element-68672b6b tps-content elementor-widget elementor-widget-text-editor\" data-id=\"68672b6b\" data-element_type=\"widget\" data-e-type=\"widget\" data-widget_type=\"text-editor.default\">\n\t\t\t\t\t\t\t\t\t<p>Nadrz\u0119dnym celem pozostaje stymulacja wszechstronnego rozwoju ucznia, niezale\u017cnie od tre\u015bci, kt\u00f3re s\u0105 mu przekazywane. W tym kontek\u015bcie szczeg\u00f3lnego znaczenia nabiera nie tylko to, czego dziecko si\u0119 uczy, lecz tak\u017ce to, jak jest zorganizowany proces dydaktyczny.<\/p>\t\t\t\t\t\t\t\t<\/div>\n\t\t\t\t<\/div>\n\t\t<div class=\"elementor-element elementor-element-325d3482 e-grid e-con-full e-con e-child\" data-id=\"325d3482\" data-element_type=\"container\" data-e-type=\"container\">\n\t\t<div class=\"elementor-element elementor-element-7f2e914c e-con-full e-flex e-con e-child\" data-id=\"7f2e914c\" data-element_type=\"container\" data-e-type=\"container\">\n\t\t\t\t<div class=\"elementor-element elementor-element-60a0d134 tps-stat-num elementor-widget elementor-widget-heading\" data-id=\"60a0d134\" data-element_type=\"widget\" data-e-type=\"widget\" data-widget_type=\"heading.default\">\n\t\t\t\t\t<div class=\"elementor-heading-title elementor-size-default\">8h<\/div>\t\t\t\t<\/div>\n\t\t\t\t<div class=\"elementor-element elementor-element-14889b47 elementor-widget elementor-widget-text-editor\" data-id=\"14889b47\" data-element_type=\"widget\" data-e-type=\"widget\" data-widget_type=\"text-editor.default\">\n\t\t\t\t\t\t\t\t\t<p>tygodniowo<br>j\u0119zyk wiod\u0105cy (FR \/ EN)<\/p>\t\t\t\t\t\t\t\t<\/div>\n\t\t\t\t<\/div>\n\t\t<div class=\"elementor-element elementor-element-4804411a e-con-full e-flex e-con e-child\" data-id=\"4804411a\" data-element_type=\"container\" data-e-type=\"container\">\n\t\t\t\t<div class=\"elementor-element elementor-element-ff8dab2 tps-stat-num elementor-widget elementor-widget-heading\" data-id=\"ff8dab2\" data-element_type=\"widget\" data-e-type=\"widget\" data-widget_type=\"heading.default\">\n\t\t\t\t\t<div class=\"elementor-heading-title elementor-size-default\">3h<\/div>\t\t\t\t<\/div>\n\t\t\t\t<div class=\"elementor-element elementor-element-2d17a45c elementor-widget elementor-widget-text-editor\" data-id=\"2d17a45c\" data-element_type=\"widget\" data-e-type=\"widget\" data-widget_type=\"text-editor.default\">\n\t\t\t\t\t\t\t\t\t<p>tygodniowo<br>drugi j\u0119zyk obcy (FR \/ EN)<\/p>\t\t\t\t\t\t\t\t<\/div>\n\t\t\t\t<\/div>\n\t\t<div class=\"elementor-element elementor-element-627a4926 e-con-full e-flex e-con e-child\" data-id=\"627a4926\" data-element_type=\"container\" data-e-type=\"container\">\n\t\t\t\t<div class=\"elementor-element elementor-element-5599132a tps-stat-num elementor-widget elementor-widget-heading\" data-id=\"5599132a\" data-element_type=\"widget\" data-e-type=\"widget\" data-widget_type=\"heading.default\">\n\t\t\t\t\t<div class=\"elementor-heading-title elementor-size-default\">I-VIII<\/div>\t\t\t\t<\/div>\n\t\t\t\t<div class=\"elementor-element elementor-element-34c18cd3 elementor-widget elementor-widget-text-editor\" data-id=\"34c18cd3\" data-element_type=\"widget\" data-e-type=\"widget\" data-widget_type=\"text-editor.default\">\n\t\t\t\t\t\t\t\t\t<p>klasy<br>w dw\u00f3ch profilach j\u0119zykowych<\/p>\t\t\t\t\t\t\t\t<\/div>\n\t\t\t\t<\/div>\n\t\t\t\t<\/div>\n\t\t\t\t<div class=\"elementor-element elementor-element-5985de7f tps-benefits-header elementor-widget elementor-widget-text-editor\" data-id=\"5985de7f\" data-element_type=\"widget\" data-e-type=\"widget\" data-widget_type=\"text-editor.default\">\n\t\t\t\t\t\t\t\t\t<p>W ramach nauczania dwuj\u0119zycznego:<\/p>\t\t\t\t\t\t\t\t<\/div>\n\t\t<div class=\"elementor-element elementor-element-7037870 e-grid e-con-full e-con e-child\" data-id=\"7037870\" data-element_type=\"container\" data-e-type=\"container\">\n\t\t<div class=\"elementor-element elementor-element-ffed0ab e-con-full e-flex e-con e-child\" data-id=\"ffed0ab\" data-element_type=\"container\" data-e-type=\"container\" data-settings=\"{&quot;background_background&quot;:&quot;classic&quot;}\">\n\t\t\t\t<div class=\"elementor-element elementor-element-38508678 tps-check elementor-widget elementor-widget-html\" data-id=\"38508678\" data-element_type=\"widget\" data-e-type=\"widget\" data-widget_type=\"html.default\">\n\t\t\t\t\t<svg viewBox=\"0 0 24 24\" fill=\"none\" width=\"22\" height=\"22\"><path d=\"M5 12L10 17L19 7\" stroke=\"#FFFFFF\" stroke-width=\"2\" stroke-linecap=\"round\" stroke-linejoin=\"round\"\/><\/svg>\t\t\t\t<\/div>\n\t\t\t\t<div class=\"elementor-element elementor-element-c15986d elementor-widget elementor-widget-text-editor\" data-id=\"c15986d\" data-element_type=\"widget\" data-e-type=\"widget\" data-widget_type=\"text-editor.default\">\n\t\t\t\t\t\t\t\t\t<p>Kalendarz szkolny oparty na tradycjach brytyjskich i francuskich instytucji edukacyjnych<\/p>\t\t\t\t\t\t\t\t<\/div>\n\t\t\t\t<\/div>\n\t\t<div class=\"elementor-element elementor-element-4314ba24 e-con-full e-flex e-con e-child\" data-id=\"4314ba24\" data-element_type=\"container\" data-e-type=\"container\" data-settings=\"{&quot;background_background&quot;:&quot;classic&quot;}\">\n\t\t\t\t<div class=\"elementor-element elementor-element-46f58d70 tps-check elementor-widget elementor-widget-html\" data-id=\"46f58d70\" data-element_type=\"widget\" data-e-type=\"widget\" data-widget_type=\"html.default\">\n\t\t\t\t\t<svg viewBox=\"0 0 24 24\" fill=\"none\" width=\"22\" height=\"22\"><path d=\"M5 12L10 17L19 7\" stroke=\"#FFFFFF\" stroke-width=\"2\" stroke-linecap=\"round\" stroke-linejoin=\"round\"\/><\/svg>\t\t\t\t<\/div>\n\t\t\t\t<div class=\"elementor-element elementor-element-615c8d87 elementor-widget elementor-widget-text-editor\" data-id=\"615c8d87\" data-element_type=\"widget\" data-e-type=\"widget\" data-widget_type=\"text-editor.default\">\n\t\t\t\t\t\t\t\t\t<p>Programy Erasmus+ i ISEC &#8211; mi\u0119dzynarodowa mobilno\u015b\u0107 uczni\u00f3w i kadry pedagogicznej<\/p>\t\t\t\t\t\t\t\t<\/div>\n\t\t\t\t<\/div>\n\t\t<div class=\"elementor-element elementor-element-314fecc3 e-con-full e-flex e-con e-child\" data-id=\"314fecc3\" data-element_type=\"container\" data-e-type=\"container\" data-settings=\"{&quot;background_background&quot;:&quot;classic&quot;}\">\n\t\t\t\t<div class=\"elementor-element elementor-element-3f98cebe tps-check elementor-widget elementor-widget-html\" data-id=\"3f98cebe\" data-element_type=\"widget\" data-e-type=\"widget\" data-widget_type=\"html.default\">\n\t\t\t\t\t<svg viewBox=\"0 0 24 24\" fill=\"none\" width=\"22\" height=\"22\"><path d=\"M5 12L10 17L19 7\" stroke=\"#FFFFFF\" stroke-width=\"2\" stroke-linecap=\"round\" stroke-linejoin=\"round\"\/><\/svg>\t\t\t\t<\/div>\n\t\t\t\t<div class=\"elementor-element elementor-element-564845bc elementor-widget elementor-widget-text-editor\" data-id=\"564845bc\" data-element_type=\"widget\" data-e-type=\"widget\" data-widget_type=\"text-editor.default\">\n\t\t\t\t\t\t\t\t\t<p>Sie\u0107 partnerskich szk\u00f3\u0142 i trwa\u0142e relacje mi\u0119dzykulturowe<\/p>\t\t\t\t\t\t\t\t<\/div>\n\t\t\t\t<\/div>\n\t\t<div class=\"elementor-element elementor-element-789d2b33 e-con-full e-flex e-con e-child\" data-id=\"789d2b33\" data-element_type=\"container\" data-e-type=\"container\" data-settings=\"{&quot;background_background&quot;:&quot;classic&quot;}\">\n\t\t\t\t<div class=\"elementor-element elementor-element-46f0d285 tps-check elementor-widget elementor-widget-html\" data-id=\"46f0d285\" data-element_type=\"widget\" data-e-type=\"widget\" data-widget_type=\"html.default\">\n\t\t\t\t\t<svg viewBox=\"0 0 24 24\" fill=\"none\" width=\"22\" height=\"22\"><path d=\"M5 12L10 17L19 7\" stroke=\"#FFFFFF\" stroke-width=\"2\" stroke-linecap=\"round\" stroke-linejoin=\"round\"\/><\/svg>\t\t\t\t<\/div>\n\t\t\t\t<div class=\"elementor-element elementor-element-406a61a4 elementor-widget elementor-widget-text-editor\" data-id=\"406a61a4\" data-element_type=\"widget\" data-e-type=\"widget\" data-widget_type=\"text-editor.default\">\n\t\t\t\t\t\t\t\t\t<p>Projekty eTwinning rozwijaj\u0105ce wsp\u00f3\u0142prac\u0119 i kompetencje europejskie<\/p>\t\t\t\t\t\t\t\t<\/div>\n\t\t\t\t<\/div>\n\t\t<div class=\"elementor-element elementor-element-70622084 e-con-full e-flex e-con e-child\" data-id=\"70622084\" data-element_type=\"container\" data-e-type=\"container\" data-settings=\"{&quot;background_background&quot;:&quot;classic&quot;}\">\n\t\t\t\t<div class=\"elementor-element elementor-element-2db9443d tps-check elementor-widget elementor-widget-html\" data-id=\"2db9443d\" data-element_type=\"widget\" data-e-type=\"widget\" data-widget_type=\"html.default\">\n\t\t\t\t\t<svg viewBox=\"0 0 24 24\" fill=\"none\" width=\"22\" height=\"22\"><path d=\"M5 12L10 17L19 7\" stroke=\"#FFFFFF\" stroke-width=\"2\" stroke-linecap=\"round\" stroke-linejoin=\"round\"\/><\/svg>\t\t\t\t<\/div>\n\t\t\t\t<div class=\"elementor-element elementor-element-665e7741 elementor-widget elementor-widget-text-editor\" data-id=\"665e7741\" data-element_type=\"widget\" data-e-type=\"widget\" data-widget_type=\"text-editor.default\">\n\t\t\t\t\t\t\t\t\t<p>Przygotowanie do uznanych egzamin\u00f3w mi\u0119dzynarodowych DELF i Cambridge English Qualifications<\/p>\t\t\t\t\t\t\t\t<\/div>\n\t\t\t\t<\/div>\n\t\t<div class=\"elementor-element elementor-element-126ff0d5 e-con-full e-flex e-con e-child\" data-id=\"126ff0d5\" data-element_type=\"container\" data-e-type=\"container\" data-settings=\"{&quot;background_background&quot;:&quot;classic&quot;}\">\n\t\t\t\t<div class=\"elementor-element elementor-element-732c3127 tps-check elementor-widget elementor-widget-html\" data-id=\"732c3127\" data-element_type=\"widget\" data-e-type=\"widget\" data-widget_type=\"html.default\">\n\t\t\t\t\t<svg viewBox=\"0 0 24 24\" fill=\"none\" width=\"22\" height=\"22\"><path d=\"M5 12L10 17L19 7\" stroke=\"#FFFFFF\" stroke-width=\"2\" stroke-linecap=\"round\" stroke-linejoin=\"round\"\/><\/svg>\t\t\t\t<\/div>\n\t\t\t\t<div class=\"elementor-element elementor-element-6ce404ed elementor-widget elementor-widget-text-editor\" data-id=\"6ce404ed\" data-element_type=\"widget\" data-e-type=\"widget\" data-widget_type=\"text-editor.default\">\n\t\t\t\t\t\t\t\t\t<p>Strategiczna wsp\u00f3\u0142praca z Instytutem Francuskim<\/p>\t\t\t\t\t\t\t\t<\/div>\n\t\t\t\t<\/div>\n\t\t<div class=\"elementor-element elementor-element-2930297b e-con-full e-flex e-con e-child\" data-id=\"2930297b\" data-element_type=\"container\" data-e-type=\"container\" data-settings=\"{&quot;background_background&quot;:&quot;classic&quot;}\">\n\t\t\t\t<div class=\"elementor-element elementor-element-47eb743c tps-check elementor-widget elementor-widget-html\" data-id=\"47eb743c\" data-element_type=\"widget\" data-e-type=\"widget\" data-widget_type=\"html.default\">\n\t\t\t\t\t<svg viewBox=\"0 0 24 24\" fill=\"none\" width=\"22\" height=\"22\"><path d=\"M5 12L10 17L19 7\" stroke=\"#FFFFFF\" stroke-width=\"2\" stroke-linecap=\"round\" stroke-linejoin=\"round\"\/><\/svg>\t\t\t\t<\/div>\n\t\t\t\t<div class=\"elementor-element elementor-element-5ab33c2b elementor-widget elementor-widget-text-editor\" data-id=\"5ab33c2b\" data-element_type=\"widget\" data-e-type=\"widget\" data-widget_type=\"text-editor.default\">\n\t\t\t\t\t\t\t\t\t<p>Immersja j\u0119zykowa &#8211; ponad 8 godzin nauki w j\u0119zyku obcym tygodniowo<\/p>\t\t\t\t\t\t\t\t<\/div>\n\t\t\t\t<\/div>\n\t\t<div class=\"elementor-element elementor-element-6fb7b160 e-con-full e-flex e-con e-child\" data-id=\"6fb7b160\" data-element_type=\"container\" data-e-type=\"container\" data-settings=\"{&quot;background_background&quot;:&quot;classic&quot;}\">\n\t\t\t\t<div class=\"elementor-element elementor-element-9c2797d tps-check elementor-widget elementor-widget-html\" data-id=\"9c2797d\" data-element_type=\"widget\" data-e-type=\"widget\" data-widget_type=\"html.default\">\n\t\t\t\t\t<svg viewBox=\"0 0 24 24\" fill=\"none\" width=\"22\" height=\"22\"><path d=\"M5 12L10 17L19 7\" stroke=\"#FFFFFF\" stroke-width=\"2\" stroke-linecap=\"round\" stroke-linejoin=\"round\"\/><\/svg>\t\t\t\t<\/div>\n\t\t\t\t<div class=\"elementor-element elementor-element-453c743d elementor-widget elementor-widget-text-editor\" data-id=\"453c743d\" data-element_type=\"widget\" data-e-type=\"widget\" data-widget_type=\"text-editor.default\">\n\t\t\t\t\t\t\t\t\t<p>Nauka dw\u00f3ch j\u0119zyk\u00f3w obcych od pierwszej klasy (8h + 3h)<\/p>\t\t\t\t\t\t\t\t<\/div>\n\t\t\t\t<\/div>\n\t\t<div class=\"elementor-element elementor-element-8fba45f e-con-full e-flex e-con e-child\" data-id=\"8fba45f\" data-element_type=\"container\" data-e-type=\"container\" data-settings=\"{&quot;background_background&quot;:&quot;classic&quot;}\">\n\t\t\t\t<div class=\"elementor-element elementor-element-43e9d567 tps-check elementor-widget elementor-widget-html\" data-id=\"43e9d567\" data-element_type=\"widget\" data-e-type=\"widget\" data-widget_type=\"html.default\">\n\t\t\t\t\t<svg viewBox=\"0 0 24 24\" fill=\"none\" width=\"22\" height=\"22\"><path d=\"M5 12L10 17L19 7\" stroke=\"#FFFFFF\" stroke-width=\"2\" stroke-linecap=\"round\" stroke-linejoin=\"round\"\/><\/svg>\t\t\t\t<\/div>\n\t\t\t\t<div class=\"elementor-element elementor-element-2a0639c elementor-widget elementor-widget-text-editor\" data-id=\"2a0639c\" data-element_type=\"widget\" data-e-type=\"widget\" data-widget_type=\"text-editor.default\">\n\t\t\t\t\t\t\t\t\t<p>Tworzenie \u015brodowiska edukacyjnego o charakterze mi\u0119dzynarodowym<\/p>\t\t\t\t\t\t\t\t<\/div>\n\t\t\t\t<\/div>\n\t\t<div class=\"elementor-element elementor-element-4db303ca e-con-full e-flex e-con e-child\" data-id=\"4db303ca\" data-element_type=\"container\" data-e-type=\"container\" data-settings=\"{&quot;background_background&quot;:&quot;classic&quot;}\">\n\t\t\t\t<div class=\"elementor-element elementor-element-454da8fd tps-check elementor-widget elementor-widget-html\" data-id=\"454da8fd\" data-element_type=\"widget\" data-e-type=\"widget\" data-widget_type=\"html.default\">\n\t\t\t\t\t<svg viewBox=\"0 0 24 24\" fill=\"none\" width=\"22\" height=\"22\"><path d=\"M5 12L10 17L19 7\" stroke=\"#FFFFFF\" stroke-width=\"2\" stroke-linecap=\"round\" stroke-linejoin=\"round\"\/><\/svg>\t\t\t\t<\/div>\n\t\t\t\t<div class=\"elementor-element elementor-element-42767654 elementor-widget elementor-widget-text-editor\" data-id=\"42767654\" data-element_type=\"widget\" data-e-type=\"widget\" data-widget_type=\"text-editor.default\">\n\t\t\t\t\t\t\t\t\t<p>Wieloj\u0119zyczna biblioteka wspieraj\u0105ca rozw\u00f3j czytelnictwa i kompetencji j\u0119zykowych<\/p>\t\t\t\t\t\t\t\t<\/div>\n\t\t\t\t<\/div>\n\t\t<div class=\"elementor-element elementor-element-6e91058 e-con-full e-flex e-con e-child\" data-id=\"6e91058\" data-element_type=\"container\" data-e-type=\"container\" data-settings=\"{&quot;background_background&quot;:&quot;classic&quot;}\">\n\t\t\t\t<div class=\"elementor-element elementor-element-2ae13600 tps-check elementor-widget elementor-widget-html\" data-id=\"2ae13600\" data-element_type=\"widget\" data-e-type=\"widget\" data-widget_type=\"html.default\">\n\t\t\t\t\t<svg viewBox=\"0 0 24 24\" fill=\"none\" width=\"22\" height=\"22\"><path d=\"M5 12L10 17L19 7\" stroke=\"#FFFFFF\" stroke-width=\"2\" stroke-linecap=\"round\" stroke-linejoin=\"round\"\/><\/svg>\t\t\t\t<\/div>\n\t\t\t\t<div class=\"elementor-element elementor-element-70b893a7 elementor-widget elementor-widget-text-editor\" data-id=\"70b893a7\" data-element_type=\"widget\" data-e-type=\"widget\" data-widget_type=\"text-editor.default\">\n\t\t\t\t\t\t\t\t\t<p>Zaj\u0119cia dodatkowe prowadzone w j\u0119zykach obcych<\/p>\t\t\t\t\t\t\t\t<\/div>\n\t\t\t\t<\/div>\n\t\t<div class=\"elementor-element elementor-element-368a80f1 e-con-full e-flex e-con e-child\" data-id=\"368a80f1\" data-element_type=\"container\" data-e-type=\"container\" data-settings=\"{&quot;background_background&quot;:&quot;classic&quot;}\">\n\t\t\t\t<div class=\"elementor-element elementor-element-39151611 tps-check elementor-widget elementor-widget-html\" data-id=\"39151611\" data-element_type=\"widget\" data-e-type=\"widget\" data-widget_type=\"html.default\">\n\t\t\t\t\t<svg viewBox=\"0 0 24 24\" fill=\"none\" width=\"22\" height=\"22\"><path d=\"M5 12L10 17L19 7\" stroke=\"#FFFFFF\" stroke-width=\"2\" stroke-linecap=\"round\" stroke-linejoin=\"round\"\/><\/svg>\t\t\t\t<\/div>\n\t\t\t\t<div class=\"elementor-element elementor-element-4369f7e4 elementor-widget elementor-widget-text-editor\" data-id=\"4369f7e4\" data-element_type=\"widget\" data-e-type=\"widget\" data-widget_type=\"text-editor.default\">\n\t\t\t\t\t\t\t\t\t<p>Aktywny udzia\u0142 w wydarzeniach i inicjatywach mi\u0119dzynarodowych w Polsce i za granic\u0105<\/p>\t\t\t\t\t\t\t\t<\/div>\n\t\t\t\t<\/div>\n\t\t\t\t<\/div>\n\t\t\t\t\t<\/div>\n\t\t\t\t<\/section>\n\t\t<section class=\"elementor-element elementor-element-6ae4aeef e-flex e-con-boxed e-con e-parent\" data-id=\"6ae4aeef\" data-element_type=\"container\" data-e-type=\"container\" id=\"tp-projekty\" data-settings=\"{&quot;background_background&quot;:&quot;classic&quot;}\">\n\t\t\t\t\t<div class=\"e-con-inner\">\n\t\t<div class=\"elementor-element elementor-element-22f2fa42 e-con-full e-flex e-con e-child\" data-id=\"22f2fa42\" data-element_type=\"container\" data-e-type=\"container\">\n\t\t\t\t<div class=\"elementor-element elementor-element-33a8054b elementor-widget elementor-widget-text-editor\" data-id=\"33a8054b\" data-element_type=\"widget\" data-e-type=\"widget\" data-widget_type=\"text-editor.default\">\n\t\t\t\t\t\t\t\t\t<p>\u015arodowisko i projekty<\/p>\t\t\t\t\t\t\t\t<\/div>\n\t\t\t\t<div class=\"elementor-element elementor-element-72c345cc tps-h2 elementor-widget elementor-widget-heading\" data-id=\"72c345cc\" data-element_type=\"widget\" data-e-type=\"widget\" data-widget_type=\"heading.default\">\n\t\t\t\t\t<h2 class=\"elementor-heading-title elementor-size-default\">Miejsce, kt\u00f3re <em>kszta\u0142tuje wra\u017cliwo\u015b\u0107<\/em><\/h2>\t\t\t\t<\/div>\n\t\t\t\t<\/div>\n\t\t<div class=\"elementor-element elementor-element-5f0d9774 e-con-full e-flex e-con e-child\" data-id=\"5f0d9774\" data-element_type=\"container\" data-e-type=\"container\">\n\t\t\t\t<div class=\"elementor-element elementor-element-30311d2e tps-content elementor-widget elementor-widget-text-editor\" data-id=\"30311d2e\" data-element_type=\"widget\" data-e-type=\"widget\" data-widget_type=\"text-editor.default\">\n\t\t\t\t\t\t\t\t\t<p>Przywi\u0105zujemy du\u017c\u0105 wag\u0119 do tego, w jakim \u015brodowisku sp\u0119dzaj\u0105 czas nasi uczniowie. Wierzymy, \u017ce <strong>estetyczne, pozbawione niepotrzebnych \u201erozpraszaczy&#8221; wn\u0119trza<\/strong> stanowi\u0105 podstaw\u0119 funkcjonowania dzieci w szkole. Dzi\u0119ki temu szko\u0142a jest miejscem z odpowiednim klimatem, kt\u00f3ry sprzyja koncentracji i sp\u0119dzaniu wolnego czasu z przyjaci\u00f3\u0142mi.<\/p>\t\t\t\t\t\t\t\t<\/div>\n\t\t\t\t<div class=\"elementor-element elementor-element-3e07f2e3 tps-content elementor-widget elementor-widget-text-editor\" data-id=\"3e07f2e3\" data-element_type=\"widget\" data-e-type=\"widget\" data-widget_type=\"text-editor.default\">\n\t\t\t\t\t\t\t\t\t<p>Zwracamy uwag\u0119, aby ksi\u0105\u017cki, materia\u0142y edukacyjne oraz dzie\u0142a, z kt\u00f3rymi obcuj\u0105 nasi uczniowie, mia\u0142y odpowiedni\u0105 stylistyk\u0119 i by\u0142y dostosowane do ich wieku. Miejsce, w kt\u00f3rym dzieci sp\u0119dzaj\u0105 5 dni w tygodniu, ma wp\u0142yw na kszta\u0142towanie ich gustu i poczucia wra\u017cliwo\u015bci.<\/p>\t\t\t\t\t\t\t\t<\/div>\n\t\t\t\t<\/div>\n\t\t<div class=\"elementor-element elementor-element-6d28db79 e-con-full e-flex e-con e-child\" data-id=\"6d28db79\" data-element_type=\"container\" data-e-type=\"container\">\n\t\t\t\t<div class=\"elementor-element elementor-element-e3e3653 tps-banner-img elementor-widget elementor-widget-image\" data-id=\"e3e3653\" data-element_type=\"widget\" data-e-type=\"widget\" data-widget_type=\"image.default\">\n\t\t\t\t\t\t\t\t\t\t\t\t\t\t\t<img fetchpriority=\"high\" decoding=\"async\" width=\"1200\" height=\"799\" src=\"https:\/\/trampoline.edu.pl\/szkola\/wp-content\/uploads\/sites\/5\/2026\/07\/Trampoline_dzien-patronow_ogrodzki_fot-47.webp\" class=\"attachment-full size-full wp-image-11669\" alt=\"\" srcset=\"https:\/\/trampoline.edu.pl\/szkola\/wp-content\/uploads\/sites\/5\/2026\/07\/Trampoline_dzien-patronow_ogrodzki_fot-47.webp 1200w, https:\/\/trampoline.edu.pl\/szkola\/wp-content\/uploads\/sites\/5\/2026\/07\/Trampoline_dzien-patronow_ogrodzki_fot-47-300x200.webp 300w, https:\/\/trampoline.edu.pl\/szkola\/wp-content\/uploads\/sites\/5\/2026\/07\/Trampoline_dzien-patronow_ogrodzki_fot-47-1024x682.webp 1024w, https:\/\/trampoline.edu.pl\/szkola\/wp-content\/uploads\/sites\/5\/2026\/07\/Trampoline_dzien-patronow_ogrodzki_fot-47-768x511.webp 768w\" sizes=\"(max-width: 1200px) 100vw, 1200px\" \/>\t\t\t\t\t\t\t\t\t\t\t\t\t\t\t<\/div>\n\t\t\t\t<\/div>\n\t\t<div class=\"elementor-element elementor-element-4b76165c e-con-full e-flex e-con e-child\" data-id=\"4b76165c\" data-element_type=\"container\" data-e-type=\"container\">\n\t\t\t\t<div class=\"elementor-element elementor-element-4bcffc73 tps-content elementor-widget elementor-widget-text-editor\" data-id=\"4bcffc73\" data-element_type=\"widget\" data-e-type=\"widget\" data-widget_type=\"text-editor.default\">\n\t\t\t\t\t\t\t\t\t<p>W pracy z dzie\u0107mi bazujemy na ich naturalnej ciekawo\u015bci \u015bwiata. Organizujemy r\u00f3\u017cnorodne projekty, kt\u00f3re umo\u017cliwiaj\u0105 im rozw\u00f3j wiedzy i umiej\u0119tno\u015bci, a tak\u017ce kszta\u0142towanie charakteru. Uczniowie nabywaj\u0105 umiej\u0119tno\u015bci w praktyce &#8211; realizuj\u0105c swoje pomys\u0142y, tworz\u0105c prezentacje, bior\u0105c udzia\u0142 w grach dydaktycznych i \u0107wiczeniach praktycznych. Prowadzimy <strong>eksperymenty, dzia\u0142ania terenowe, dram\u0119 i prac\u0119 w grupie<\/strong>.<\/p>\t\t\t\t\t\t\t\t<\/div>\n\t\t\t\t<div class=\"elementor-element elementor-element-67657112 tps-pullquote elementor-widget elementor-widget-text-editor\" data-id=\"67657112\" data-element_type=\"widget\" data-e-type=\"widget\" data-widget_type=\"text-editor.default\">\n\t\t\t\t\t\t\t\t\t<p>Co roku wybieramy <em>jeden temat<\/em> &#8211; interdyscyplinarnego projektu wok\u00f3\u0142 kt\u00f3rego koncentruj\u0105 si\u0119 dzia\u0142ania ca\u0142ej szko\u0142y.<\/p>\t\t\t\t\t\t\t\t<\/div>\n\t\t\t\t<div class=\"elementor-element elementor-element-6daff30b tps-content elementor-widget elementor-widget-text-editor\" data-id=\"6daff30b\" data-element_type=\"widget\" data-e-type=\"widget\" data-widget_type=\"text-editor.default\">\n\t\t\t\t\t\t\t\t\t<p>W roku 2020\/2021 naszym projektem by\u0142 <strong>\u015awiat filmu<\/strong>. Poznali\u015bmy kulisy i histori\u0119 kinematografii, spotkali\u015bmy ciekawe postaci ze \u015bwiata kina i teatru, uczestniczyli\u015bmy w warsztatach i wydarzeniach teatralnych. Efektem by\u0142 film stworzony przez ka\u017cd\u0105 klas\u0119 i uroczysta gala w prawdziwej sali kinowej. Od czerwca 2021 roku <strong>patronami naszej szko\u0142y s\u0105 bracia Lumi\u00e8re<\/strong>. Rozpocz\u0119li\u015bmy te\u017c autorski przegl\u0105d film\u00f3w frankofo\u0144skich \u201eAllons au Cinoche!&#8221; we wsp\u00f3\u0142pracy z kinem Amondo.<\/p>\t\t\t\t\t\t\t\t<\/div>\n\t\t\t\t<\/div>\n\t\t\t\t\t<\/div>\n\t\t\t\t<\/section>\n\t\t<section class=\"elementor-element elementor-element-3680d6f2 e-flex e-con-boxed e-con e-parent\" data-id=\"3680d6f2\" data-element_type=\"container\" data-e-type=\"container\" id=\"tp-ocenianie\" data-settings=\"{&quot;background_background&quot;:&quot;classic&quot;}\">\n\t\t\t\t\t<div class=\"e-con-inner\">\n\t\t<div class=\"elementor-element elementor-element-2d215e83 e-con-full e-flex e-con e-child\" data-id=\"2d215e83\" data-element_type=\"container\" data-e-type=\"container\">\n\t\t\t\t<div class=\"elementor-element elementor-element-600504a9 elementor-widget elementor-widget-text-editor\" data-id=\"600504a9\" data-element_type=\"widget\" data-e-type=\"widget\" data-widget_type=\"text-editor.default\">\n\t\t\t\t\t\t\t\t\t<p>Ocenianie<\/p>\t\t\t\t\t\t\t\t<\/div>\n\t\t\t\t<div class=\"elementor-element elementor-element-33f446dd tps-h2 elementor-widget elementor-widget-heading\" data-id=\"33f446dd\" data-element_type=\"widget\" data-e-type=\"widget\" data-widget_type=\"heading.default\">\n\t\t\t\t\t<h2 class=\"elementor-heading-title elementor-size-default\">System dopasowany do <em>etapu rozwoju<\/em> dziecka<\/h2>\t\t\t\t<\/div>\n\t\t\t\t<\/div>\n\t\t<div class=\"elementor-element elementor-element-924082f e-grid e-con-full e-con e-child\" data-id=\"924082f\" data-element_type=\"container\" data-e-type=\"container\">\n\t\t<div class=\"elementor-element elementor-element-4eb5cde0 e-con-full e-flex e-con e-child\" data-id=\"4eb5cde0\" data-element_type=\"container\" data-e-type=\"container\" data-settings=\"{&quot;background_background&quot;:&quot;classic&quot;}\">\n\t\t\t\t<div class=\"elementor-element elementor-element-5f9f4c2 tps-split-tag-wrap elementor-widget elementor-widget-text-editor\" data-id=\"5f9f4c2\" data-element_type=\"widget\" data-e-type=\"widget\" data-widget_type=\"text-editor.default\">\n\t\t\t\t\t\t\t\t\t<span class=\"tps-split-tag\">Klasy 0-III<\/span>\t\t\t\t\t\t\t\t<\/div>\n\t\t\t\t<div class=\"elementor-element elementor-element-61265a25 tps-h3 elementor-widget elementor-widget-heading\" data-id=\"61265a25\" data-element_type=\"widget\" data-e-type=\"widget\" data-widget_type=\"heading.default\">\n\t\t\t\t\t<h3 class=\"elementor-heading-title elementor-size-default\">Ocenianie <em>kszta\u0142tuj\u0105ce<\/em><\/h3>\t\t\t\t<\/div>\n\t\t\t\t<div class=\"elementor-element elementor-element-54c978ae elementor-widget elementor-widget-text-editor\" data-id=\"54c978ae\" data-element_type=\"widget\" data-e-type=\"widget\" data-widget_type=\"text-editor.default\">\n\t\t\t\t\t\t\t\t\t<p>Zamiast ocen &#8211; ewaluacja opisowa. Rodzice systematycznie otrzymuj\u0105 od wychowawcy i innych nauczycieli informacj\u0119 o wiedzy, umiej\u0119tno\u015bciach i kompetencjach zdobytych przez ucznia. Wiedz\u0105, jakie s\u0105 jego mocne strony i co wymaga jeszcze pracy.<\/p>\t\t\t\t\t\t\t\t<\/div>\n\t\t\t\t<\/div>\n\t\t<div class=\"elementor-element elementor-element-5929a4cc e-con-full e-flex e-con e-child\" data-id=\"5929a4cc\" data-element_type=\"container\" data-e-type=\"container\" data-settings=\"{&quot;background_background&quot;:&quot;classic&quot;}\">\n\t\t\t\t<div class=\"elementor-element elementor-element-75630571 tps-split-tag-wrap elementor-widget elementor-widget-text-editor\" data-id=\"75630571\" data-element_type=\"widget\" data-e-type=\"widget\" data-widget_type=\"text-editor.default\">\n\t\t\t\t\t\t\t\t\t<span class=\"tps-split-tag\">Klasy IV-VIII<\/span>\t\t\t\t\t\t\t\t<\/div>\n\t\t\t\t<div class=\"elementor-element elementor-element-59a22567 tps-h3 elementor-widget elementor-widget-heading\" data-id=\"59a22567\" data-element_type=\"widget\" data-e-type=\"widget\" data-widget_type=\"heading.default\">\n\t\t\t\t\t<h3 class=\"elementor-heading-title elementor-size-default\">System <em>mieszany<\/em><\/h3>\t\t\t\t<\/div>\n\t\t\t\t<div class=\"elementor-element elementor-element-4e65b72a elementor-widget elementor-widget-text-editor\" data-id=\"4e65b72a\" data-element_type=\"widget\" data-e-type=\"widget\" data-widget_type=\"text-editor.default\">\n\t\t\t\t\t\t\t\t\t<p>W\u0142\u0105czamy tradycyjny system ocen &#8211; przy czym opr\u00f3cz stopni z poszczeg\u00f3lnych przedmiot\u00f3w rodzice otrzymuj\u0105 od nauczycieli szczeg\u00f3\u0142owy opis efekt\u00f3w kszta\u0142cenia osi\u0105gni\u0119tych przez dziecko na koniec p\u00f3\u0142rocza.<\/p>\t\t\t\t\t\t\t\t<\/div>\n\t\t\t\t<\/div>\n\t\t\t\t<\/div>\n\t\t\t\t\t<\/div>\n\t\t\t\t<\/section>\n\t\t<section class=\"elementor-element elementor-element-45ab2177 e-flex e-con-boxed e-con e-parent\" data-id=\"45ab2177\" data-element_type=\"container\" data-e-type=\"container\" id=\"tp-sprawdziany\" data-settings=\"{&quot;background_background&quot;:&quot;classic&quot;}\">\n\t\t\t\t\t<div class=\"e-con-inner\">\n\t\t<div class=\"elementor-element elementor-element-781c21bb e-con-full e-flex e-con e-child\" data-id=\"781c21bb\" data-element_type=\"container\" data-e-type=\"container\">\n\t\t\t\t<div class=\"elementor-element elementor-element-35da66c1 elementor-widget elementor-widget-text-editor\" data-id=\"35da66c1\" data-element_type=\"widget\" data-e-type=\"widget\" data-widget_type=\"text-editor.default\">\n\t\t\t\t\t\t\t\t\t<p>Sprawdziany i zadania domowe<\/p>\t\t\t\t\t\t\t\t<\/div>\n\t\t\t\t<div class=\"elementor-element elementor-element-398cdebb tps-h2 elementor-widget elementor-widget-heading\" data-id=\"398cdebb\" data-element_type=\"widget\" data-e-type=\"widget\" data-widget_type=\"heading.default\">\n\t\t\t\t\t<h2 class=\"elementor-heading-title elementor-size-default\">Szanujemy <em>czas wolny<\/em> dziecka<\/h2>\t\t\t\t<\/div>\n\t\t\t\t<\/div>\n\t\t<div class=\"elementor-element elementor-element-3eb1f4ca e-con-full e-flex e-con e-child\" data-id=\"3eb1f4ca\" data-element_type=\"container\" data-e-type=\"container\">\n\t\t\t\t<div class=\"elementor-element elementor-element-41301d7a tps-content elementor-widget elementor-widget-text-editor\" data-id=\"41301d7a\" data-element_type=\"widget\" data-e-type=\"widget\" data-widget_type=\"text-editor.default\">\n\t\t\t\t\t\t\t\t\t<p>Zale\u017cy nam na nauczeniu dzieci <strong>szacunku do uczenia si\u0119 i wysi\u0142ku intelektualnego<\/strong>. Rozumiemy i akceptujemy prawo dzieci do czasu wolnego &#8211; dlatego pojawiaj\u0105ce si\u0119 czasami prace domowe w klasach 1-3 s\u0142u\u017c\u0105 nauczeniu dzieci odpowiedzialno\u015bci i systematyczno\u015bci. Zadania domowe nie podlegaj\u0105 ocenie i nie s\u0142u\u017c\u0105 realizacji podstawy programowej w domu.<\/p>\t\t\t\t\t\t\t\t<\/div>\n\t\t\t\t<div class=\"elementor-element elementor-element-fb7ae79 tps-content elementor-widget elementor-widget-text-editor\" data-id=\"fb7ae79\" data-element_type=\"widget\" data-e-type=\"widget\" data-widget_type=\"text-editor.default\">\n\t\t\t\t\t\t\t\t\t<p>Im wy\u017csza klasa, tym prac domowych jest wi\u0119cej. W klasach IV-VIII <strong>praca domowa s\u0142u\u017cy refleksji i zrozumieniu<\/strong> omawianych zagadnie\u0144. Dzi\u0119ki pog\u0142\u0119bieniu tre\u015bci w domu ucze\u0144 zyskuje pewno\u015b\u0107 siebie i jest bardziej aktywny na lekcji &#8211; co rozwija kompetencje samodzielnego uczenia si\u0119.<\/p>\t\t\t\t\t\t\t\t<\/div>\n\t\t\t\t<div class=\"elementor-element elementor-element-45b0d62c tps-content elementor-widget elementor-widget-text-editor\" data-id=\"45b0d62c\" data-element_type=\"widget\" data-e-type=\"widget\" data-widget_type=\"text-editor.default\">\n\t\t\t\t\t\t\t\t\t<p>W klasach I-III post\u0119py uczni\u00f3w <strong>nie s\u0105 weryfikowane tradycyjnymi testami i kartk\u00f3wkami<\/strong>. Zamiast tego proponujemy badania ewaluacyjne na pocz\u0105tku semestru, dzi\u0119ki kt\u00f3rym nauczyciel wie, z jakiego pu\u0142apu wiedzy zaczyna prac\u0119 z ka\u017cdym uczniem. W trakcie roku szkolnego informacje o progresie zbierane s\u0105 na r\u00f3\u017cne sposoby &#8211; przez swobodn\u0105 wypowied\u017a ustn\u0105, samodzielne wype\u0142nienie karty pracy czy metod\u0119 oceny kole\u017ce\u0144skiej, w kt\u00f3rej to dzieci poprawiaj\u0105 swoje prace nawzajem.<\/p>\t\t\t\t\t\t\t\t<\/div>\n\t\t\t\t<div class=\"elementor-element elementor-element-32d8894d tps-pullquote elementor-widget elementor-widget-text-editor\" data-id=\"32d8894d\" data-element_type=\"widget\" data-e-type=\"widget\" data-widget_type=\"text-editor.default\">\n\t\t\t\t\t\t\t\t\t<p>Zale\u017cy nam, aby rodzice pytali swoje dzieci, <em>czego si\u0119 w szkole nauczy\u0142y<\/em> &#8211; a nie jakie stopnie otrzymuj\u0105.<\/p>\t\t\t\t\t\t\t\t<\/div>\n\t\t\t\t<\/div>\n\t\t\t\t\t<\/div>\n\t\t\t\t<\/section>\n\t\t<section class=\"elementor-element elementor-element-7b003be8 e-flex e-con-boxed e-con e-parent\" data-id=\"7b003be8\" data-element_type=\"container\" data-e-type=\"container\" data-settings=\"{&quot;background_background&quot;:&quot;classic&quot;}\">\n\t\t\t\t\t<div class=\"e-con-inner\">\n\t\t<div class=\"elementor-element elementor-element-6bad97b0 e-con-full e-flex e-con e-child\" data-id=\"6bad97b0\" data-element_type=\"container\" data-e-type=\"container\" data-settings=\"{&quot;background_background&quot;:&quot;classic&quot;}\">\n\t\t\t\t<div class=\"elementor-element elementor-element-4636df8b tps-cta-h3 elementor-widget elementor-widget-heading\" data-id=\"4636df8b\" data-element_type=\"widget\" data-e-type=\"widget\" data-widget_type=\"heading.default\">\n\t\t\t\t\t<h3 class=\"elementor-heading-title elementor-size-default\">Poznaj <em>nasz\u0105 kadr\u0119<\/em><\/h3>\t\t\t\t<\/div>\n\t\t\t\t<div class=\"elementor-element elementor-element-76af3cfb tps-cta-p elementor-widget elementor-widget-text-editor\" data-id=\"76af3cfb\" data-element_type=\"widget\" data-e-type=\"widget\" data-widget_type=\"text-editor.default\">\n\t\t\t\t\t\t\t\t\t<p>Zobacz sylwetki naszych nauczycieli, ich do\u015bwiadczenie i to, co kochaj\u0105 robi\u0107 poza szko\u0142\u0105.<\/p>\t\t\t\t\t\t\t\t<\/div>\n\t\t\t\t<div class=\"elementor-element elementor-element-3b2b262b elementor-align-center elementor-widget__width-auto tps-btn elementor-widget elementor-widget-button\" data-id=\"3b2b262b\" data-element_type=\"widget\" data-e-type=\"widget\" data-widget_type=\"button.default\">\n\t\t\t\t\t\t\t\t\t\t<a class=\"elementor-button elementor-button-link elementor-size-sm\" href=\"\/szkola\/nasza-kadra\/\">\n\t\t\t\t\t\t<span class=\"elementor-button-content-wrapper\">\n\t\t\t\t\t\t<span class=\"elementor-button-icon\">\n\t\t\t\t<svg aria-hidden=\"true\" class=\"e-font-icon-svg e-fas-arrow-right\" viewBox=\"0 0 448 512\" xmlns=\"http:\/\/www.w3.org\/2000\/svg\"><path d=\"M190.5 66.9l22.2-22.2c9.4-9.4 24.6-9.4 33.9 0L441 239c9.4 9.4 9.4 24.6 0 33.9L246.6 467.3c-9.4 9.4-24.6 9.4-33.9 0l-22.2-22.2c-9.5-9.5-9.3-25 .4-34.3L311.4 296H24c-13.3 0-24-10.7-24-24v-32c0-13.3 10.7-24 24-24h287.4L190.9 101.2c-9.8-9.3-10-24.8-.4-34.3z\"><\/path><\/svg>\t\t\t<\/span>\n\t\t\t\t\t\t\t\t\t<span class=\"elementor-button-text\">Nasza kadra<\/span>\n\t\t\t\t\t<\/span>\n\t\t\t\t\t<\/a>\n\t\t\t\t\t\t\t\t<\/div>\n\t\t\t\t<\/div>\n\t\t\t\t\t<\/div>\n\t\t\t\t<\/section>\n\t\t<section class=\"elementor-element elementor-element-2b2ed04c e-flex e-con-boxed e-con e-parent\" data-id=\"2b2ed04c\" data-element_type=\"container\" data-e-type=\"container\" data-settings=\"{&quot;background_background&quot;:&quot;classic&quot;}\">\n\t\t\t\t\t<div class=\"e-con-inner\">\n\t\t\t\t<div class=\"elementor-element elementor-element-2dc35fae tps-h2 elementor-widget elementor-widget-heading\" data-id=\"2dc35fae\" data-element_type=\"widget\" data-e-type=\"widget\" data-widget_type=\"heading.default\">\n\t\t\t\t\t<h2 class=\"elementor-heading-title elementor-size-default\">Chcesz zobaczy\u0107, jak to wygl\u0105da <em>w praktyce<\/em>?<\/h2>\t\t\t\t<\/div>\n\t\t\t\t<div class=\"elementor-element elementor-element-5c3db073 elementor-widget elementor-widget-text-editor\" data-id=\"5c3db073\" data-element_type=\"widget\" data-e-type=\"widget\" data-widget_type=\"text-editor.default\">\n\t\t\t\t\t\t\t\t\t<p>Zapraszamy na spotkanie indywidualne lub dzie\u0144 otwarty.<\/p>\t\t\t\t\t\t\t\t<\/div>\n\t\t\t\t<div class=\"elementor-element elementor-element-2d68ec43 elementor-align-center elementor-widget__width-auto tps-btn elementor-widget elementor-widget-button\" data-id=\"2d68ec43\" data-element_type=\"widget\" data-e-type=\"widget\" data-widget_type=\"button.default\">\n\t\t\t\t\t\t\t\t\t\t<a class=\"elementor-button elementor-button-link elementor-size-sm\" href=\"\/szkola\/rekrutacja\/\">\n\t\t\t\t\t\t<span class=\"elementor-button-content-wrapper\">\n\t\t\t\t\t\t<span class=\"elementor-button-icon\">\n\t\t\t\t<svg aria-hidden=\"true\" class=\"e-font-icon-svg e-fas-arrow-right\" viewBox=\"0 0 448 512\" xmlns=\"http:\/\/www.w3.org\/2000\/svg\"><path d=\"M190.5 66.9l22.2-22.2c9.4-9.4 24.6-9.4 33.9 0L441 239c9.4 9.4 9.4 24.6 0 33.9L246.6 467.3c-9.4 9.4-24.6 9.4-33.9 0l-22.2-22.2c-9.5-9.5-9.3-25 .4-34.3L311.4 296H24c-13.3 0-24-10.7-24-24v-32c0-13.3 10.7-24 24-24h287.4L190.9 101.2c-9.8-9.3-10-24.8-.4-34.3z\"><\/path><\/svg>\t\t\t<\/span>\n\t\t\t\t\t\t\t\t\t<span class=\"elementor-button-text\">Rekrutacja<\/span>\n\t\t\t\t\t<\/span>\n\t\t\t\t\t<\/a>\n\t\t\t\t\t\t\t\t<\/div>\n\t\t\t\t\t<\/div>\n\t\t\t\t<\/section>\n\t\t\t\t<\/div>\n\t\t","protected":false},"excerpt":{"rendered":"<p>Jak uczymy Uczymy \u015bwiadomie &#8211; wierzymy, \u017ce dziecko najlepiej rozwija si\u0119 poprzez dzia\u0142anie. Zobacz, jak uczymy w praktyce &times; Filozofia, projekty, ocenianie i rytm pracy w naszej szkole. Wszystko, co sk\u0142ada si\u0119 na codzienno\u015b\u0107 dziecka w Trampoline &#8211; od kameralnych klas, przez metod\u0119 projektu, po dwuj\u0119zyczne nauczanie zintegrowane. FilozofiaDwuj\u0119zyczno\u015b\u0107Projekty i estetykaOcenianieSprawdziany Filozofia szko\u0142y Uczymy z [&hellip;]<\/p>\n","protected":false},"author":1,"featured_media":0,"parent":0,"menu_order":0,"comment_status":"closed","ping_status":"closed","template":"","meta":{"footnotes":""},"class_list":["post-11672","page","type-page","status-publish","hentry"],"yoast_head":"<!-- This site is optimized with the Yoast SEO plugin v28.1 - https:\/\/yoast.com\/product\/yoast-seo-wordpress\/ -->\n<title>Jak uczymy - Dwuj\u0119zyczna Szko\u0142a Podstawowa Polsko-Francuska Warszawa Saska K\u0119pa | Trampoline<\/title>\n<meta name=\"robots\" content=\"index, follow, max-snippet:-1, max-image-preview:large, max-video-preview:-1\" \/>\n<link rel=\"canonical\" href=\"https:\/\/trampoline.edu.pl\/szkola\/jak-uczymy\/\" \/>\n<meta property=\"og:locale\" content=\"pl_PL\" \/>\n<meta property=\"og:type\" content=\"article\" \/>\n<meta property=\"og:title\" content=\"Jak uczymy - Dwuj\u0119zyczna Szko\u0142a Podstawowa Polsko-Francuska Warszawa Saska K\u0119pa | Trampoline\" \/>\n<meta property=\"og:description\" content=\"Jak uczymy Uczymy \u015bwiadomie &#8211; wierzymy, \u017ce dziecko najlepiej rozwija si\u0119 poprzez dzia\u0142anie. Zobacz, jak uczymy w praktyce &times; Filozofia, projekty, ocenianie i rytm pracy w naszej szkole. Wszystko, co sk\u0142ada si\u0119 na codzienno\u015b\u0107 dziecka w Trampoline &#8211; od kameralnych klas, przez metod\u0119 projektu, po dwuj\u0119zyczne nauczanie zintegrowane. FilozofiaDwuj\u0119zyczno\u015b\u0107Projekty i estetykaOcenianieSprawdziany Filozofia szko\u0142y Uczymy z [&hellip;]\" \/>\n<meta property=\"og:url\" content=\"https:\/\/trampoline.edu.pl\/szkola\/jak-uczymy\/\" \/>\n<meta property=\"og:site_name\" content=\"Dwuj\u0119zyczna Szko\u0142a Podstawowa Polsko-Francuska Warszawa Saska K\u0119pa | Trampoline\" \/>\n<meta property=\"article:modified_time\" content=\"2026-09-01T11:44:46+00:00\" \/>\n<meta property=\"og:image\" content=\"https:\/\/trampoline.edu.pl\/szkola\/wp-content\/uploads\/sites\/5\/2026\/07\/Trampoline_dzien-patronow_ogrodzki_fot-47.webp\" \/>\n\t<meta property=\"og:image:width\" content=\"1200\" \/>\n\t<meta property=\"og:image:height\" content=\"799\" \/>\n\t<meta property=\"og:image:type\" content=\"image\/webp\" \/>\n<meta name=\"twitter:card\" content=\"summary_large_image\" \/>\n<meta name=\"twitter:label1\" content=\"Szacowany czas czytania\" \/>\n\t<meta name=\"twitter:data1\" content=\"6 minut\" \/>\n<script type=\"application\/ld+json\" class=\"yoast-schema-graph\">{\"@context\":\"https:\\\/\\\/schema.org\",\"@graph\":[{\"@type\":\"WebPage\",\"@id\":\"https:\\\/\\\/trampoline.edu.pl\\\/szkola\\\/jak-uczymy\\\/\",\"url\":\"https:\\\/\\\/trampoline.edu.pl\\\/szkola\\\/jak-uczymy\\\/\",\"name\":\"Jak uczymy - Dwuj\u0119zyczna Szko\u0142a Podstawowa Polsko-Francuska Warszawa Saska K\u0119pa | Trampoline\",\"isPartOf\":{\"@id\":\"https:\\\/\\\/trampoline.edu.pl\\\/szkola\\\/#website\"},\"primaryImageOfPage\":{\"@id\":\"https:\\\/\\\/trampoline.edu.pl\\\/szkola\\\/jak-uczymy\\\/#primaryimage\"},\"image\":{\"@id\":\"https:\\\/\\\/trampoline.edu.pl\\\/szkola\\\/jak-uczymy\\\/#primaryimage\"},\"thumbnailUrl\":\"https:\\\/\\\/trampoline.edu.pl\\\/szkola\\\/wp-content\\\/uploads\\\/sites\\\/5\\\/2026\\\/07\\\/Trampoline_dzien-patronow_ogrodzki_fot-47.webp\",\"datePublished\":\"2026-07-23T09:06:25+00:00\",\"dateModified\":\"2026-09-01T11:44:46+00:00\",\"breadcrumb\":{\"@id\":\"https:\\\/\\\/trampoline.edu.pl\\\/szkola\\\/jak-uczymy\\\/#breadcrumb\"},\"inLanguage\":\"pl-PL\",\"potentialAction\":[{\"@type\":\"ReadAction\",\"target\":[\"https:\\\/\\\/trampoline.edu.pl\\\/szkola\\\/jak-uczymy\\\/\"]}]},{\"@type\":\"ImageObject\",\"inLanguage\":\"pl-PL\",\"@id\":\"https:\\\/\\\/trampoline.edu.pl\\\/szkola\\\/jak-uczymy\\\/#primaryimage\",\"url\":\"https:\\\/\\\/trampoline.edu.pl\\\/szkola\\\/wp-content\\\/uploads\\\/sites\\\/5\\\/2026\\\/07\\\/Trampoline_dzien-patronow_ogrodzki_fot-47.webp\",\"contentUrl\":\"https:\\\/\\\/trampoline.edu.pl\\\/szkola\\\/wp-content\\\/uploads\\\/sites\\\/5\\\/2026\\\/07\\\/Trampoline_dzien-patronow_ogrodzki_fot-47.webp\",\"width\":1200,\"height\":799},{\"@type\":\"BreadcrumbList\",\"@id\":\"https:\\\/\\\/trampoline.edu.pl\\\/szkola\\\/jak-uczymy\\\/#breadcrumb\",\"itemListElement\":[{\"@type\":\"ListItem\",\"position\":1,\"name\":\"Strona g\u0142\u00f3wna\",\"item\":\"https:\\\/\\\/trampoline.edu.pl\\\/szkola\\\/\"},{\"@type\":\"ListItem\",\"position\":2,\"name\":\"Jak uczymy\"}]},{\"@type\":\"WebSite\",\"@id\":\"https:\\\/\\\/trampoline.edu.pl\\\/szkola\\\/#website\",\"url\":\"https:\\\/\\\/trampoline.edu.pl\\\/szkola\\\/\",\"name\":\"Dwuj\u0119zyczna Szko\u0142a Podstawowa Polsko-Francuska Warszawa Saska K\u0119pa | Trampoline\",\"description\":\"\",\"publisher\":{\"@id\":\"https:\\\/\\\/trampoline.edu.pl\\\/szkola\\\/#organization\"},\"potentialAction\":[{\"@type\":\"SearchAction\",\"target\":{\"@type\":\"EntryPoint\",\"urlTemplate\":\"https:\\\/\\\/trampoline.edu.pl\\\/szkola\\\/?s={search_term_string}\"},\"query-input\":{\"@type\":\"PropertyValueSpecification\",\"valueRequired\":true,\"valueName\":\"search_term_string\"}}],\"inLanguage\":\"pl-PL\"},{\"@type\":\"Organization\",\"@id\":\"https:\\\/\\\/trampoline.edu.pl\\\/szkola\\\/#organization\",\"name\":\"Dwuj\u0119zyczna Szko\u0142a Podstawowa Polsko-Francuska Warszawa Saska K\u0119pa | Trampoline\",\"url\":\"https:\\\/\\\/trampoline.edu.pl\\\/szkola\\\/\",\"logo\":{\"@type\":\"ImageObject\",\"inLanguage\":\"pl-PL\",\"@id\":\"https:\\\/\\\/trampoline.edu.pl\\\/szkola\\\/#\\\/schema\\\/logo\\\/image\\\/\",\"url\":\"https:\\\/\\\/trampoline.edu.pl\\\/szkola\\\/wp-content\\\/uploads\\\/sites\\\/5\\\/2026\\\/04\\\/cropped-logo_v3.png\",\"contentUrl\":\"https:\\\/\\\/trampoline.edu.pl\\\/szkola\\\/wp-content\\\/uploads\\\/sites\\\/5\\\/2026\\\/04\\\/cropped-logo_v3.png\",\"width\":332,\"height\":98,\"caption\":\"Dwuj\u0119zyczna Szko\u0142a Podstawowa Polsko-Francuska Warszawa Saska K\u0119pa | Trampoline\"},\"image\":{\"@id\":\"https:\\\/\\\/trampoline.edu.pl\\\/szkola\\\/#\\\/schema\\\/logo\\\/image\\\/\"}}]}<\/script>\n<!-- \/ Yoast SEO plugin. -->","yoast_head_json":{"title":"Jak uczymy - Dwuj\u0119zyczna Szko\u0142a Podstawowa Polsko-Francuska Warszawa Saska K\u0119pa | Trampoline","robots":{"index":"index","follow":"follow","max-snippet":"max-snippet:-1","max-image-preview":"max-image-preview:large","max-video-preview":"max-video-preview:-1"},"canonical":"https:\/\/trampoline.edu.pl\/szkola\/jak-uczymy\/","og_locale":"pl_PL","og_type":"article","og_title":"Jak uczymy - Dwuj\u0119zyczna Szko\u0142a Podstawowa Polsko-Francuska Warszawa Saska K\u0119pa | Trampoline","og_description":"Jak uczymy Uczymy \u015bwiadomie &#8211; wierzymy, \u017ce dziecko najlepiej rozwija si\u0119 poprzez dzia\u0142anie. Zobacz, jak uczymy w praktyce &times; Filozofia, projekty, ocenianie i rytm pracy w naszej szkole. Wszystko, co sk\u0142ada si\u0119 na codzienno\u015b\u0107 dziecka w Trampoline &#8211; od kameralnych klas, przez metod\u0119 projektu, po dwuj\u0119zyczne nauczanie zintegrowane. FilozofiaDwuj\u0119zyczno\u015b\u0107Projekty i estetykaOcenianieSprawdziany Filozofia szko\u0142y Uczymy z [&hellip;]","og_url":"https:\/\/trampoline.edu.pl\/szkola\/jak-uczymy\/","og_site_name":"Dwuj\u0119zyczna Szko\u0142a Podstawowa Polsko-Francuska Warszawa Saska K\u0119pa | Trampoline","article_modified_time":"2026-09-01T11:44:46+00:00","og_image":[{"width":1200,"height":799,"url":"https:\/\/trampoline.edu.pl\/szkola\/wp-content\/uploads\/sites\/5\/2026\/07\/Trampoline_dzien-patronow_ogrodzki_fot-47.webp","type":"image\/webp"}],"twitter_card":"summary_large_image","twitter_misc":{"Szacowany czas czytania":"6 minut"},"schema":{"@context":"https:\/\/schema.org","@graph":[{"@type":"WebPage","@id":"https:\/\/trampoline.edu.pl\/szkola\/jak-uczymy\/","url":"https:\/\/trampoline.edu.pl\/szkola\/jak-uczymy\/","name":"Jak uczymy - Dwuj\u0119zyczna Szko\u0142a Podstawowa Polsko-Francuska Warszawa Saska K\u0119pa | Trampoline","isPartOf":{"@id":"https:\/\/trampoline.edu.pl\/szkola\/#website"},"primaryImageOfPage":{"@id":"https:\/\/trampoline.edu.pl\/szkola\/jak-uczymy\/#primaryimage"},"image":{"@id":"https:\/\/trampoline.edu.pl\/szkola\/jak-uczymy\/#primaryimage"},"thumbnailUrl":"https:\/\/trampoline.edu.pl\/szkola\/wp-content\/uploads\/sites\/5\/2026\/07\/Trampoline_dzien-patronow_ogrodzki_fot-47.webp","datePublished":"2026-07-23T09:06:25+00:00","dateModified":"2026-09-01T11:44:46+00:00","breadcrumb":{"@id":"https:\/\/trampoline.edu.pl\/szkola\/jak-uczymy\/#breadcrumb"},"inLanguage":"pl-PL","potentialAction":[{"@type":"ReadAction","target":["https:\/\/trampoline.edu.pl\/szkola\/jak-uczymy\/"]}]},{"@type":"ImageObject","inLanguage":"pl-PL","@id":"https:\/\/trampoline.edu.pl\/szkola\/jak-uczymy\/#primaryimage","url":"https:\/\/trampoline.edu.pl\/szkola\/wp-content\/uploads\/sites\/5\/2026\/07\/Trampoline_dzien-patronow_ogrodzki_fot-47.webp","contentUrl":"https:\/\/trampoline.edu.pl\/szkola\/wp-content\/uploads\/sites\/5\/2026\/07\/Trampoline_dzien-patronow_ogrodzki_fot-47.webp","width":1200,"height":799},{"@type":"BreadcrumbList","@id":"https:\/\/trampoline.edu.pl\/szkola\/jak-uczymy\/#breadcrumb","itemListElement":[{"@type":"ListItem","position":1,"name":"Strona g\u0142\u00f3wna","item":"https:\/\/trampoline.edu.pl\/szkola\/"},{"@type":"ListItem","position":2,"name":"Jak uczymy"}]},{"@type":"WebSite","@id":"https:\/\/trampoline.edu.pl\/szkola\/#website","url":"https:\/\/trampoline.edu.pl\/szkola\/","name":"Dwuj\u0119zyczna Szko\u0142a Podstawowa Polsko-Francuska Warszawa Saska K\u0119pa | Trampoline","description":"","publisher":{"@id":"https:\/\/trampoline.edu.pl\/szkola\/#organization"},"potentialAction":[{"@type":"SearchAction","target":{"@type":"EntryPoint","urlTemplate":"https:\/\/trampoline.edu.pl\/szkola\/?s={search_term_string}"},"query-input":{"@type":"PropertyValueSpecification","valueRequired":true,"valueName":"search_term_string"}}],"inLanguage":"pl-PL"},{"@type":"Organization","@id":"https:\/\/trampoline.edu.pl\/szkola\/#organization","name":"Dwuj\u0119zyczna Szko\u0142a Podstawowa Polsko-Francuska Warszawa Saska K\u0119pa | Trampoline","url":"https:\/\/trampoline.edu.pl\/szkola\/","logo":{"@type":"ImageObject","inLanguage":"pl-PL","@id":"https:\/\/trampoline.edu.pl\/szkola\/#\/schema\/logo\/image\/","url":"https:\/\/trampoline.edu.pl\/szkola\/wp-content\/uploads\/sites\/5\/2026\/04\/cropped-logo_v3.png","contentUrl":"https:\/\/trampoline.edu.pl\/szkola\/wp-content\/uploads\/sites\/5\/2026\/04\/cropped-logo_v3.png","width":332,"height":98,"caption":"Dwuj\u0119zyczna Szko\u0142a Podstawowa Polsko-Francuska Warszawa Saska K\u0119pa | Trampoline"},"image":{"@id":"https:\/\/trampoline.edu.pl\/szkola\/#\/schema\/logo\/image\/"}}]}},"lang":"pl","translations":{"pl":11672,"fr":11737},"pll_sync_post":{},"_links":{"self":[{"href":"https:\/\/trampoline.edu.pl\/szkola\/wp-json\/wp\/v2\/pages\/11672","targetHints":{"allow":["GET"]}}],"collection":[{"href":"https:\/\/trampoline.edu.pl\/szkola\/wp-json\/wp\/v2\/pages"}],"about":[{"href":"https:\/\/trampoline.edu.pl\/szkola\/wp-json\/wp\/v2\/types\/page"}],"author":[{"embeddable":true,"href":"https:\/\/trampoline.edu.pl\/szkola\/wp-json\/wp\/v2\/users\/1"}],"replies":[{"embeddable":true,"href":"https:\/\/trampoline.edu.pl\/szkola\/wp-json\/wp\/v2\/comments?post=11672"}],"version-history":[{"count":8,"href":"https:\/\/trampoline.edu.pl\/szkola\/wp-json\/wp\/v2\/pages\/11672\/revisions"}],"predecessor-version":[{"id":12023,"href":"https:\/\/trampoline.edu.pl\/szkola\/wp-json\/wp\/v2\/pages\/11672\/revisions\/12023"}],"wp:attachment":[{"href":"https:\/\/trampoline.edu.pl\/szkola\/wp-json\/wp\/v2\/media?parent=11672"}],"curies":[{"name":"wp","href":"https:\/\/api.w.org\/{rel}","templated":true}]}}