{"id":11699,"date":"2026-07-23T10:05:26","date_gmt":"2026-07-23T10:05:26","guid":{"rendered":"https:\/\/trampoline.edu.pl\/szkola\/?page_id=11699"},"modified":"2026-09-01T11:49:22","modified_gmt":"2026-09-01T11:49:22","slug":"organizacja","status":"publish","type":"page","link":"https:\/\/trampoline.edu.pl\/szkola\/organizacja\/","title":{"rendered":"Organizacja"},"content":{"rendered":"\t\t<div data-elementor-type=\"wp-page\" data-elementor-id=\"11699\" class=\"elementor elementor-11699\" data-elementor-post-type=\"page\">\n\t\t\t\t<section class=\"elementor-element elementor-element-6ac3b019 e-flex e-con-boxed e-con e-parent\" data-id=\"6ac3b019\" data-element_type=\"container\" data-e-type=\"container\" data-settings=\"{&quot;background_background&quot;:&quot;classic&quot;}\">\n\t\t\t\t\t<div class=\"e-con-inner\">\n\t\t\t\t<div class=\"elementor-element elementor-element-53aed23 tps-eyebrow elementor-widget elementor-widget-text-editor\" data-id=\"53aed23\" data-element_type=\"widget\" data-e-type=\"widget\" data-widget_type=\"text-editor.default\">\n\t\t\t\t\t\t\t\t\t<p>Organizacja<\/p>\t\t\t\t\t\t\t\t<\/div>\n\t\t\t\t<div class=\"elementor-element elementor-element-7939615d tps-h1 elementor-widget elementor-widget-heading\" data-id=\"7939615d\" data-element_type=\"widget\" data-e-type=\"widget\" data-widget_type=\"heading.default\">\n\t\t\t\t\t<h1 class=\"elementor-heading-title elementor-size-default\">Jak <em>wygl\u0105da dzie\u0144<\/em> w naszej szkole<\/h1>\t\t\t\t<\/div>\n\t\t\t\t<div class=\"elementor-element elementor-element-73706911 tps-lead elementor-widget elementor-widget-text-editor\" data-id=\"73706911\" data-element_type=\"widget\" data-e-type=\"widget\" data-widget_type=\"text-editor.default\">\n\t\t\t\t\t\t\t\t\t<p>Codzienno\u015b\u0107 w Trampoline tworzymy wok\u00f3\u0142 spokoju, blisko\u015bci i uwa\u017cno\u015bci na potrzeby dzieci. Kameralne klasy, fi\u0144skie inspiracje, ciep\u0142y obiad i w\u0142asna biblioteka to cz\u0119\u015b\u0107 naszego rytmu dnia. Dbamy o rozw\u00f3j, zdrowie psychiczne i ruch &#8211; dlatego dzieci korzystaj\u0105 z w\u0142asnego placu zabaw, boiska, szkolnego ogr\u00f3dka i k\u0105cik\u00f3w czytelniczych, a blisko\u015b\u0107 Parku Skaryszewskiego i pla\u017c nad Wis\u0142\u0105 pozwala nam by\u0107 blisko natury ka\u017cdego dnia.<\/p>\t\t\t\t\t\t\t\t<\/div>\n\t\t<div class=\"elementor-element elementor-element-6fa9bce6 e-grid e-con-full e-con e-child\" data-id=\"6fa9bce6\" data-element_type=\"container\" data-e-type=\"container\">\n\t\t<div class=\"elementor-element elementor-element-7c3f4b7a e-con-full e-flex e-con e-child\" data-id=\"7c3f4b7a\" data-element_type=\"container\" data-e-type=\"container\">\n\t\t\t\t<div class=\"elementor-element elementor-element-1598fb43 elementor-widget elementor-widget-text-editor\" data-id=\"1598fb43\" data-element_type=\"widget\" data-e-type=\"widget\" data-widget_type=\"text-editor.default\">\n\t\t\t\t\t\t\t\t\t<p>Klasy<\/p>\t\t\t\t\t\t\t\t<\/div>\n\t\t\t\t<div class=\"elementor-element elementor-element-5a6589c1 tps-meta-val elementor-widget elementor-widget-heading\" data-id=\"5a6589c1\" data-element_type=\"widget\" data-e-type=\"widget\" data-widget_type=\"heading.default\">\n\t\t\t\t\t<div class=\"elementor-heading-title elementor-size-default\"><em>I-VIII<\/em><\/div>\t\t\t\t<\/div>\n\t\t\t\t<\/div>\n\t\t<div class=\"elementor-element elementor-element-7dcaceba e-con-full e-flex e-con e-child\" data-id=\"7dcaceba\" data-element_type=\"container\" data-e-type=\"container\">\n\t\t\t\t<div class=\"elementor-element elementor-element-5cd79485 elementor-widget elementor-widget-text-editor\" data-id=\"5cd79485\" data-element_type=\"widget\" data-e-type=\"widget\" data-widget_type=\"text-editor.default\">\n\t\t\t\t\t\t\t\t\t<p>Liczebno\u015b\u0107 klas<\/p>\t\t\t\t\t\t\t\t<\/div>\n\t\t\t\t<div class=\"elementor-element elementor-element-7bf67dc9 tps-meta-val elementor-widget elementor-widget-heading\" data-id=\"7bf67dc9\" data-element_type=\"widget\" data-e-type=\"widget\" data-widget_type=\"heading.default\">\n\t\t\t\t\t<div class=\"elementor-heading-title elementor-size-default\"><em>Kameralne<\/em><\/div>\t\t\t\t<\/div>\n\t\t\t\t<\/div>\n\t\t<div class=\"elementor-element elementor-element-6773548a e-con-full e-flex e-con e-child\" data-id=\"6773548a\" data-element_type=\"container\" data-e-type=\"container\">\n\t\t\t\t<div class=\"elementor-element elementor-element-6f97a9ba elementor-widget elementor-widget-text-editor\" data-id=\"6f97a9ba\" data-element_type=\"widget\" data-e-type=\"widget\" data-widget_type=\"text-editor.default\">\n\t\t\t\t\t\t\t\t\t<p>Profile j\u0119zykowe<\/p>\t\t\t\t\t\t\t\t<\/div>\n\t\t\t\t<div class=\"elementor-element elementor-element-3ebe5bc5 tps-meta-val elementor-widget elementor-widget-heading\" data-id=\"3ebe5bc5\" data-element_type=\"widget\" data-e-type=\"widget\" data-widget_type=\"heading.default\">\n\t\t\t\t\t<div class=\"elementor-heading-title elementor-size-default\">FR \u00b7 EN<\/div>\t\t\t\t<\/div>\n\t\t\t\t<\/div>\n\t\t<div class=\"elementor-element elementor-element-608e8277 e-con-full e-flex e-con e-child\" data-id=\"608e8277\" data-element_type=\"container\" data-e-type=\"container\">\n\t\t\t\t<div class=\"elementor-element elementor-element-39b83a5b elementor-widget elementor-widget-text-editor\" data-id=\"39b83a5b\" data-element_type=\"widget\" data-e-type=\"widget\" data-widget_type=\"text-editor.default\">\n\t\t\t\t\t\t\t\t\t<p>Godziny pracy<\/p>\t\t\t\t\t\t\t\t<\/div>\n\t\t\t\t<div class=\"elementor-element elementor-element-5481342 tps-meta-val elementor-widget elementor-widget-heading\" data-id=\"5481342\" data-element_type=\"widget\" data-e-type=\"widget\" data-widget_type=\"heading.default\">\n\t\t\t\t\t<div class=\"elementor-heading-title elementor-size-default\"><em>8-17<\/em><\/div>\t\t\t\t<\/div>\n\t\t\t\t<\/div>\n\t\t\t\t<\/div>\n\t\t\t\t\t<\/div>\n\t\t\t\t<\/section>\n\t\t<nav class=\"elementor-element elementor-element-5f127888 e-flex e-con-boxed e-con e-parent\" data-id=\"5f127888\" data-element_type=\"container\" data-e-type=\"container\" data-settings=\"{&quot;background_background&quot;:&quot;classic&quot;}\">\n\t\t\t\t\t<div class=\"e-con-inner\">\n\t\t\t\t<div class=\"elementor-element elementor-element-376dd541 tps-anchor-links elementor-widget elementor-widget-text-editor\" data-id=\"376dd541\" data-element_type=\"widget\" data-e-type=\"widget\" data-widget_type=\"text-editor.default\">\n\t\t\t\t\t\t\t\t\t<a href=\"#tp-godziny\">Godziny otwarcia<\/a><a href=\"#tp-profilaktyka\">Zdrowie i samopoczucie<\/a><a href=\"#tp-kultura\">Wydarzenia kulturalne<\/a><a href=\"#tp-biblioteka\">Biblioteka<\/a>\t\t\t\t\t\t\t\t<\/div>\n\t\t\t\t\t<\/div>\n\t\t\t\t<\/nav>\n\t\t<section class=\"elementor-element elementor-element-6ed12ead e-flex e-con-boxed e-con e-parent\" data-id=\"6ed12ead\" data-element_type=\"container\" data-e-type=\"container\" id=\"tp-godziny\" data-settings=\"{&quot;background_background&quot;:&quot;classic&quot;}\">\n\t\t\t\t\t<div class=\"e-con-inner\">\n\t\t<div class=\"elementor-element elementor-element-76032b27 e-con-full e-flex e-con e-child\" data-id=\"76032b27\" data-element_type=\"container\" data-e-type=\"container\">\n\t\t\t\t<div class=\"elementor-element elementor-element-30d5eb5 elementor-widget elementor-widget-text-editor\" data-id=\"30d5eb5\" data-element_type=\"widget\" data-e-type=\"widget\" data-widget_type=\"text-editor.default\">\n\t\t\t\t\t\t\t\t\t<p>Godziny otwarcia<\/p>\t\t\t\t\t\t\t\t<\/div>\n\t\t\t\t<div class=\"elementor-element elementor-element-43d99523 tps-h2 elementor-widget elementor-widget-heading\" data-id=\"43d99523\" data-element_type=\"widget\" data-e-type=\"widget\" data-widget_type=\"heading.default\">\n\t\t\t\t\t<h2 class=\"elementor-heading-title elementor-size-default\">Otwarci od <em>8:00 do 17:00<\/em>, od poniedzia\u0142ku do pi\u0105tku<\/h2>\t\t\t\t<\/div>\n\t\t\t\t<\/div>\n\t\t<div class=\"elementor-element elementor-element-5b90165b e-con-full e-flex e-con e-child\" data-id=\"5b90165b\" data-element_type=\"container\" data-e-type=\"container\">\n\t\t\t\t<div class=\"elementor-element elementor-element-3ab13e78 tps-content elementor-widget elementor-widget-text-editor\" data-id=\"3ab13e78\" data-element_type=\"widget\" data-e-type=\"widget\" data-widget_type=\"text-editor.default\">\n\t\t\t\t\t\t\t\t\t<p>Nasza szko\u0142a pracuje wed\u0142ug <strong>kalendarza szkolnego MEN<\/strong>. Zaj\u0119cia obowi\u0105zkowe realizujemy w godzinach 8:00-16:00. Zapewniamy \u015bwietlic\u0119 przed lekcjami i po nich, a zaj\u0119cia fakultatywne &#8211; dodatkowo odp\u0142atne &#8211; odbywaj\u0105 si\u0119 codziennie po godzinie 16:00.<\/p>\t\t\t\t\t\t\t\t<\/div>\n\t\t\t\t<div class=\"elementor-element elementor-element-792b97c9 tps-content elementor-widget elementor-widget-text-editor\" data-id=\"792b97c9\" data-element_type=\"widget\" data-e-type=\"widget\" data-widget_type=\"text-editor.default\">\n\t\t\t\t\t\t\t\t\t<p>W klasach 0-III d\u0142ugo\u015b\u0107 przerw dostosowujemy do potrzeb dzieci &#8211; nauczyciel uwzgl\u0119dnia poziom koncentracji i gotowo\u015bci uczni\u00f3w do dalszej pracy. W klasach IV-VIII zaj\u0119cia odbywaj\u0105 si\u0119 w bardziej uporz\u0105dkowanym rytmie i trwaj\u0105 standardowo 45 minut. Rok szkolny podzielony jest na cztery semestry, co pozwala regularnie podsumowywa\u0107 post\u0119py i wspiera\u0107 dzieci w ich rozwoju.<\/p>\t\t\t\t\t\t\t\t<\/div>\n\t\t\t\t<div class=\"elementor-element elementor-element-3b8d3629 tps-content elementor-widget elementor-widget-text-editor\" data-id=\"3b8d3629\" data-element_type=\"widget\" data-e-type=\"widget\" data-widget_type=\"text-editor.default\">\n\t\t\t\t\t\t\t\t\t<p>Rytm dnia wyznacza \u0142agodny sygna\u0142 d\u017awi\u0119kowy &#8211; kr\u00f3tka melodia, kt\u00f3ra spokojnie zapowiada koniec przerwy. Dla uczni\u00f3w organizujemy r\u00f3wnie\u017c r\u00f3\u017cnorodne <strong>ko\u0142a zainteresowa\u0144<\/strong>, kt\u00f3re rozwijaj\u0105 pasje, poszerzaj\u0105 wiedz\u0119 oraz wzmacniaj\u0105 kompetencje mi\u0119kkie, takie jak wsp\u00f3\u0142praca, komunikacja czy samodzielno\u015b\u0107. Starsi uczniowie mog\u0105 tak\u017ce przygotowywa\u0107 si\u0119 do konkurs\u00f3w, olimpiad i egzamin\u00f3w kuratoryjnych.<\/p>\t\t\t\t\t\t\t\t<\/div>\n\t\t\t\t<\/div>\n\t\t<div class=\"elementor-element elementor-element-45a8dfc e-con-full e-flex e-con e-child\" data-id=\"45a8dfc\" data-element_type=\"container\" data-e-type=\"container\">\n\t\t<div class=\"elementor-element elementor-element-1b6116e8 e-con-full e-flex e-con e-child\" data-id=\"1b6116e8\" data-element_type=\"container\" data-e-type=\"container\">\n\t\t\t\t<div class=\"elementor-element elementor-element-3552c987 tps-day-photo-img elementor-widget elementor-widget-image\" data-id=\"3552c987\" data-element_type=\"widget\" data-e-type=\"widget\" data-widget_type=\"image.default\">\n\t\t\t\t\t\t\t\t\t\t\t\t\t\t\t<img fetchpriority=\"high\" decoding=\"async\" width=\"1500\" height=\"999\" src=\"https:\/\/trampoline.edu.pl\/szkola\/wp-content\/uploads\/sites\/5\/2026\/07\/Trampoline_dzien-patronow_ogrodzki_fot-10-1.jpg\" class=\"attachment-full size-full wp-image-11709\" alt=\"\" srcset=\"https:\/\/trampoline.edu.pl\/szkola\/wp-content\/uploads\/sites\/5\/2026\/07\/Trampoline_dzien-patronow_ogrodzki_fot-10-1.jpg 1500w, https:\/\/trampoline.edu.pl\/szkola\/wp-content\/uploads\/sites\/5\/2026\/07\/Trampoline_dzien-patronow_ogrodzki_fot-10-1-300x200.jpg 300w, https:\/\/trampoline.edu.pl\/szkola\/wp-content\/uploads\/sites\/5\/2026\/07\/Trampoline_dzien-patronow_ogrodzki_fot-10-1-1024x682.jpg 1024w, https:\/\/trampoline.edu.pl\/szkola\/wp-content\/uploads\/sites\/5\/2026\/07\/Trampoline_dzien-patronow_ogrodzki_fot-10-1-768x511.jpg 768w\" sizes=\"(max-width: 1500px) 100vw, 1500px\" \/>\t\t\t\t\t\t\t\t\t\t\t\t\t\t\t<\/div>\n\t\t\t\t<\/div>\n\t\t<div class=\"elementor-element elementor-element-a8ede1f e-con-full e-flex e-con e-child\" data-id=\"a8ede1f\" data-element_type=\"container\" data-e-type=\"container\">\n\t\t\t\t<div class=\"elementor-element elementor-element-57d8bd5f tps-h3 elementor-widget elementor-widget-heading\" data-id=\"57d8bd5f\" data-element_type=\"widget\" data-e-type=\"widget\" data-widget_type=\"heading.default\">\n\t\t\t\t\t<h3 class=\"elementor-heading-title elementor-size-default\">Plan dnia<\/h3>\t\t\t\t<\/div>\n\t\t\t\t<div class=\"elementor-element elementor-element-13fd6ca4 elementor-widget elementor-widget-text-editor\" data-id=\"13fd6ca4\" data-element_type=\"widget\" data-e-type=\"widget\" data-widget_type=\"text-editor.default\">\n\t\t\t\t\t\t\t\t\t<p>Spokojny, przewidywalny rytm &#8211; od porannej \u015bwietlicy, przez lekcje i d\u0142ug\u0105 przerw\u0119 obiadow\u0105, po popo\u0142udniowe k\u00f3\u0142ka zainteresowa\u0144.<\/p>\t\t\t\t\t\t\t\t<\/div>\n\t\t\t\t<\/div>\n\t\t\t\t<\/div>\n\t\t<div class=\"elementor-element elementor-element-5f2db206 e-con-full e-flex e-con e-child\" data-id=\"5f2db206\" data-element_type=\"container\" data-e-type=\"container\">\n\t\t<div class=\"elementor-element elementor-element-5a91afa5 e-con-full e-flex e-con e-child\" data-id=\"5a91afa5\" data-element_type=\"container\" data-e-type=\"container\">\n\t\t<div class=\"elementor-element elementor-element-55a9973a e-con-full e-flex e-con e-child\" data-id=\"55a9973a\" data-element_type=\"container\" data-e-type=\"container\">\n\t\t\t\t<div class=\"elementor-element elementor-element-5e2c76d4 tps-day-time elementor-widget elementor-widget-heading\" data-id=\"5e2c76d4\" data-element_type=\"widget\" data-e-type=\"widget\" data-widget_type=\"heading.default\">\n\t\t\t\t\t<div class=\"elementor-heading-title elementor-size-default\">8:00<\/div>\t\t\t\t<\/div>\n\t\t\t\t<\/div>\n\t\t<div class=\"elementor-element elementor-element-244dba8a e-con-full e-flex e-con e-child\" data-id=\"244dba8a\" data-element_type=\"container\" data-e-type=\"container\" data-settings=\"{&quot;background_background&quot;:&quot;classic&quot;}\">\n\t\t\t\t<div class=\"elementor-element elementor-element-75011d7d elementor-widget elementor-widget-heading\" data-id=\"75011d7d\" data-element_type=\"widget\" data-e-type=\"widget\" data-widget_type=\"heading.default\">\n\t\t\t\t\t<h4 class=\"elementor-heading-title elementor-size-default\">Pocz\u0105tek dnia<\/h4>\t\t\t\t<\/div>\n\t\t\t\t<div class=\"elementor-element elementor-element-332b1a88 elementor-widget elementor-widget-text-editor\" data-id=\"332b1a88\" data-element_type=\"widget\" data-e-type=\"widget\" data-widget_type=\"text-editor.default\">\n\t\t\t\t\t\t\t\t\t<p>\u015awietlica otwarta od 8:00. Lekcje rozpoczynaj\u0105 si\u0119 zgodnie z planem.<\/p>\t\t\t\t\t\t\t\t<\/div>\n\t\t\t\t<\/div>\n\t\t\t\t<\/div>\n\t\t<div class=\"elementor-element elementor-element-22f7e3fc e-con-full e-flex e-con e-child\" data-id=\"22f7e3fc\" data-element_type=\"container\" data-e-type=\"container\">\n\t\t<div class=\"elementor-element elementor-element-6eb31adc e-con-full e-flex e-con e-child\" data-id=\"6eb31adc\" data-element_type=\"container\" data-e-type=\"container\">\n\t\t\t\t<div class=\"elementor-element elementor-element-147a8876 tps-day-time elementor-widget elementor-widget-heading\" data-id=\"147a8876\" data-element_type=\"widget\" data-e-type=\"widget\" data-widget_type=\"heading.default\">\n\t\t\t\t\t<div class=\"elementor-heading-title elementor-size-default\">Przed po\u0142udniem<\/div>\t\t\t\t<\/div>\n\t\t\t\t<\/div>\n\t\t<div class=\"elementor-element elementor-element-175e9e00 e-con-full e-flex e-con e-child\" data-id=\"175e9e00\" data-element_type=\"container\" data-e-type=\"container\" data-settings=\"{&quot;background_background&quot;:&quot;classic&quot;}\">\n\t\t\t\t<div class=\"elementor-element elementor-element-516285ea elementor-widget elementor-widget-heading\" data-id=\"516285ea\" data-element_type=\"widget\" data-e-type=\"widget\" data-widget_type=\"heading.default\">\n\t\t\t\t\t<h4 class=\"elementor-heading-title elementor-size-default\">Lekcje i przerwy<\/h4>\t\t\t\t<\/div>\n\t\t\t\t<div class=\"elementor-element elementor-element-46fa027f elementor-widget elementor-widget-text-editor\" data-id=\"46fa027f\" data-element_type=\"widget\" data-e-type=\"widget\" data-widget_type=\"text-editor.default\">\n\t\t\t\t\t\t\t\t\t<p>W klasach 0-III rytm dostosowany do koncentracji dzieci. W IV-VIII klasyczne 45-minutowe lekcje.<\/p>\t\t\t\t\t\t\t\t<\/div>\n\t\t\t\t<\/div>\n\t\t\t\t<\/div>\n\t\t<div class=\"elementor-element elementor-element-5a86d974 e-con-full e-flex e-con e-child\" data-id=\"5a86d974\" data-element_type=\"container\" data-e-type=\"container\">\n\t\t<div class=\"elementor-element elementor-element-38f44084 e-con-full e-flex e-con e-child\" data-id=\"38f44084\" data-element_type=\"container\" data-e-type=\"container\">\n\t\t\t\t<div class=\"elementor-element elementor-element-9e3f100 tps-day-time elementor-widget elementor-widget-heading\" data-id=\"9e3f100\" data-element_type=\"widget\" data-e-type=\"widget\" data-widget_type=\"heading.default\">\n\t\t\t\t\t<div class=\"elementor-heading-title elementor-size-default\">\u015arodek dnia<\/div>\t\t\t\t<\/div>\n\t\t\t\t<\/div>\n\t\t<div class=\"elementor-element elementor-element-62fb4195 e-con-full e-flex e-con e-child\" data-id=\"62fb4195\" data-element_type=\"container\" data-e-type=\"container\" data-settings=\"{&quot;background_background&quot;:&quot;classic&quot;}\">\n\t\t\t\t<div class=\"elementor-element elementor-element-1736fe30 elementor-widget elementor-widget-heading\" data-id=\"1736fe30\" data-element_type=\"widget\" data-e-type=\"widget\" data-widget_type=\"heading.default\">\n\t\t\t\t\t<h4 class=\"elementor-heading-title elementor-size-default\">D\u0142uga przerwa obiadowa - 55 minut<\/h4>\t\t\t\t<\/div>\n\t\t\t\t<div class=\"elementor-element elementor-element-1a9476b8 elementor-widget elementor-widget-text-editor\" data-id=\"1a9476b8\" data-element_type=\"widget\" data-e-type=\"widget\" data-widget_type=\"text-editor.default\">\n\t\t\t\t\t\t\t\t\t<p>Poprzedzona ruchem na \u015bwie\u017cym powietrzu. Czas na jedzenie, rozmow\u0119 i odpoczynek od lekcji.<\/p>\t\t\t\t\t\t\t\t<\/div>\n\t\t\t\t<\/div>\n\t\t\t\t<\/div>\n\t\t<div class=\"elementor-element elementor-element-2c370a5b e-con-full e-flex e-con e-child\" data-id=\"2c370a5b\" data-element_type=\"container\" data-e-type=\"container\">\n\t\t<div class=\"elementor-element elementor-element-5aac51ff e-con-full e-flex e-con e-child\" data-id=\"5aac51ff\" data-element_type=\"container\" data-e-type=\"container\">\n\t\t\t\t<div class=\"elementor-element elementor-element-1433112d tps-day-time elementor-widget elementor-widget-heading\" data-id=\"1433112d\" data-element_type=\"widget\" data-e-type=\"widget\" data-widget_type=\"heading.default\">\n\t\t\t\t\t<div class=\"elementor-heading-title elementor-size-default\">Po obiedzie<\/div>\t\t\t\t<\/div>\n\t\t\t\t<\/div>\n\t\t<div class=\"elementor-element elementor-element-6fcb0796 e-con-full e-flex e-con e-child\" data-id=\"6fcb0796\" data-element_type=\"container\" data-e-type=\"container\" data-settings=\"{&quot;background_background&quot;:&quot;classic&quot;}\">\n\t\t\t\t<div class=\"elementor-element elementor-element-4a752720 elementor-widget elementor-widget-heading\" data-id=\"4a752720\" data-element_type=\"widget\" data-e-type=\"widget\" data-widget_type=\"heading.default\">\n\t\t\t\t\t<h4 class=\"elementor-heading-title elementor-size-default\">Lekcje i przerwy<\/h4>\t\t\t\t<\/div>\n\t\t\t\t<div class=\"elementor-element elementor-element-6a6052ef elementor-widget elementor-widget-text-editor\" data-id=\"6a6052ef\" data-element_type=\"widget\" data-e-type=\"widget\" data-widget_type=\"text-editor.default\">\n\t\t\t\t\t\t\t\t\t<p>W klasach 0-III rytm dostosowany do koncentracji dzieci. W IV-VIII klasyczne 45-minutowe lekcje.<\/p>\t\t\t\t\t\t\t\t<\/div>\n\t\t\t\t<\/div>\n\t\t\t\t<\/div>\n\t\t<div class=\"elementor-element elementor-element-4da2cec4 e-con-full e-flex e-con e-child\" data-id=\"4da2cec4\" data-element_type=\"container\" data-e-type=\"container\">\n\t\t<div class=\"elementor-element elementor-element-60213e50 e-con-full e-flex e-con e-child\" data-id=\"60213e50\" data-element_type=\"container\" data-e-type=\"container\">\n\t\t\t\t<div class=\"elementor-element elementor-element-23533de tps-day-time elementor-widget elementor-widget-heading\" data-id=\"23533de\" data-element_type=\"widget\" data-e-type=\"widget\" data-widget_type=\"heading.default\">\n\t\t\t\t\t<div class=\"elementor-heading-title elementor-size-default\">Po po\u0142udniu<\/div>\t\t\t\t<\/div>\n\t\t\t\t<\/div>\n\t\t<div class=\"elementor-element elementor-element-4366e368 e-con-full e-flex e-con e-child\" data-id=\"4366e368\" data-element_type=\"container\" data-e-type=\"container\" data-settings=\"{&quot;background_background&quot;:&quot;classic&quot;}\">\n\t\t\t\t<div class=\"elementor-element elementor-element-477cde4c elementor-widget elementor-widget-heading\" data-id=\"477cde4c\" data-element_type=\"widget\" data-e-type=\"widget\" data-widget_type=\"heading.default\">\n\t\t\t\t\t<h4 class=\"elementor-heading-title elementor-size-default\">K\u00f3\u0142ka zainteresowa\u0144 i \u015bwietlica<\/h4>\t\t\t\t<\/div>\n\t\t\t\t<div class=\"elementor-element elementor-element-ff19422 elementor-widget elementor-widget-text-editor\" data-id=\"ff19422\" data-element_type=\"widget\" data-e-type=\"widget\" data-widget_type=\"text-editor.default\">\n\t\t\t\t\t\t\t\t\t<p>Dla ch\u0119tnych &#8211; pog\u0142\u0119bianie wiedzy z wybranych przedmiot\u00f3w, przygotowanie do olimpiad i egzamin\u00f3w. Pozostali uczniowie pod opiek\u0105 w \u015bwietlicy w komfortowych, kameralnych warunkach.<\/p>\t\t\t\t\t\t\t\t<\/div>\n\t\t\t\t<\/div>\n\t\t\t\t<\/div>\n\t\t\t\t<\/div>\n\t\t<div class=\"elementor-element elementor-element-77d2fa7d e-con-full e-flex e-con e-child\" data-id=\"77d2fa7d\" data-element_type=\"container\" data-e-type=\"container\" data-settings=\"{&quot;background_background&quot;:&quot;classic&quot;}\">\n\t\t\t\t<div class=\"elementor-element elementor-element-6ad46acf tps-note-txt elementor-widget elementor-widget-text-editor\" data-id=\"6ad46acf\" data-element_type=\"widget\" data-e-type=\"widget\" data-widget_type=\"text-editor.default\">\n\t\t\t\t\t\t\t\t\t<p><strong>Pracujemy wed\u0142ug kalendarza szkolnego MEN<\/strong> &#8211; przerwy \u015bwi\u0105teczne, ferie i dni wolne pokrywaj\u0105 si\u0119 z planem ministerialnym. Dodatkowo organizujemy <strong>przerwy kwartalne<\/strong>, kt\u00f3re pomagaj\u0105 dzieciom regenerowa\u0107 si\u0119 i utrzymywa\u0107 dobre tempo nauki przez ca\u0142y rok szkolny.<\/p>\t\t\t\t\t\t\t\t<\/div>\n\t\t\t\t<\/div>\n\t\t\t\t\t<\/div>\n\t\t\t\t<\/section>\n\t\t<section class=\"elementor-element elementor-element-810b4f e-flex e-con-boxed e-con e-parent\" data-id=\"810b4f\" data-element_type=\"container\" data-e-type=\"container\" id=\"tp-profilaktyka\" data-settings=\"{&quot;background_background&quot;:&quot;classic&quot;}\">\n\t\t\t\t\t<div class=\"e-con-inner\">\n\t\t<div class=\"elementor-element elementor-element-3a767d93 e-con-full e-flex e-con e-child\" data-id=\"3a767d93\" data-element_type=\"container\" data-e-type=\"container\">\n\t\t\t\t<div class=\"elementor-element elementor-element-5307f19e elementor-widget elementor-widget-text-editor\" data-id=\"5307f19e\" data-element_type=\"widget\" data-e-type=\"widget\" data-widget_type=\"text-editor.default\">\n\t\t\t\t\t\t\t\t\t<p>Profilaktyka zdrowia psychicznego i fizycznego<\/p>\t\t\t\t\t\t\t\t<\/div>\n\t\t\t\t<div class=\"elementor-element elementor-element-1911d953 tps-h2 elementor-widget elementor-widget-heading\" data-id=\"1911d953\" data-element_type=\"widget\" data-e-type=\"widget\" data-widget_type=\"heading.default\">\n\t\t\t\t\t<h2 class=\"elementor-heading-title elementor-size-default\">Inspirujemy si\u0119 <em>fi\u0144skim podej\u015bciem<\/em> do nauczania<\/h2>\t\t\t\t<\/div>\n\t\t\t\t<\/div>\n\t\t<div class=\"elementor-element elementor-element-3ea21510 e-con-full e-flex e-con e-child\" data-id=\"3ea21510\" data-element_type=\"container\" data-e-type=\"container\">\n\t\t\t\t<div class=\"elementor-element elementor-element-4c5c89eb tps-content elementor-widget elementor-widget-text-editor\" data-id=\"4c5c89eb\" data-element_type=\"widget\" data-e-type=\"widget\" data-widget_type=\"text-editor.default\">\n\t\t\t\t\t\t\t\t\t<p>Wierzymy, \u017ce <strong>dobre samopoczucie sprzyja nauce<\/strong>. Dlatego dbamy o r\u00f3wnowag\u0119 mi\u0119dzy cia\u0142em a umys\u0142em &#8211; i nie traktujemy tego has\u0142owo, tylko jako codzienn\u0105 praktyk\u0119 szkoln\u0105.<\/p>\t\t\t\t\t\t\t\t<\/div>\n\t\t\t\t<div class=\"elementor-element elementor-element-41f527ea tps-pullquote elementor-widget elementor-widget-text-editor\" data-id=\"41f527ea\" data-element_type=\"widget\" data-e-type=\"widget\" data-widget_type=\"text-editor.default\">\n\t\t\t\t\t\t\t\t\t<p>Najpierw <em>dobre samopoczucie<\/em>. Potem dobre wyniki w nauce.<\/p>\t\t\t\t\t\t\t\t<\/div>\n\t\t\t\t<\/div>\n\t\t<div class=\"elementor-element elementor-element-6e5f8a57 e-grid e-con-full e-con e-child\" data-id=\"6e5f8a57\" data-element_type=\"container\" data-e-type=\"container\">\n\t\t<div class=\"elementor-element elementor-element-2bb62a92 e-con-full e-flex e-con e-child\" data-id=\"2bb62a92\" data-element_type=\"container\" data-e-type=\"container\" data-settings=\"{&quot;background_background&quot;:&quot;classic&quot;}\">\n\t\t\t\t<div class=\"elementor-element elementor-element-6dd487a7 tps-pillar-ico elementor-widget elementor-widget-html\" data-id=\"6dd487a7\" data-element_type=\"widget\" data-e-type=\"widget\" data-widget_type=\"html.default\">\n\t\t\t\t\t<svg viewBox=\"0 0 40 40\" fill=\"none\" width=\"40\" height=\"40\"><path d=\"M20 8C16 8 12 12 12 18C12 24 16 32 20 32C24 32 28 24 28 18C28 12 24 8 20 8Z\" stroke=\"#02A2FF\" stroke-width=\"1.5\"\/><path d=\"M20 8V32\" stroke=\"#02A2FF\" stroke-width=\"1.5\" stroke-dasharray=\"2 2\"\/><\/svg>\t\t\t\t<\/div>\n\t\t\t\t<div class=\"elementor-element elementor-element-4cadbdef tps-h3 elementor-widget elementor-widget-heading\" data-id=\"4cadbdef\" data-element_type=\"widget\" data-e-type=\"widget\" data-widget_type=\"heading.default\">\n\t\t\t\t\t<h3 class=\"elementor-heading-title elementor-size-default\">Kontakt z <em>przyrod\u0105<\/em><\/h3>\t\t\t\t<\/div>\n\t\t\t\t<div class=\"elementor-element elementor-element-2578d9fc elementor-widget elementor-widget-text-editor\" data-id=\"2578d9fc\" data-element_type=\"widget\" data-e-type=\"widget\" data-widget_type=\"text-editor.default\">\n\t\t\t\t\t\t\t\t\t<p>Dzieci regularnie korzystaj\u0105 ze szkolnego ogr\u00f3dka i prowadz\u0105 w\u0142asny klasowy warzywniak. \u015awie\u017ce powietrze i kontakt z natur\u0105 s\u0105 u nas cz\u0119\u015bci\u0105 codzienno\u015bci &#8211; sprzyja temu tak\u017ce blisko\u015b\u0107 Parku Skaryszewskiego oraz pla\u017c nad Wis\u0142\u0105, gdzie ch\u0119tnie organizujemy spacery i zaj\u0119cia poza szko\u0142\u0105.<\/p>\t\t\t\t\t\t\t\t<\/div>\n\t\t\t\t<\/div>\n\t\t<div class=\"elementor-element elementor-element-c056b1e e-con-full e-flex e-con e-child\" data-id=\"c056b1e\" data-element_type=\"container\" data-e-type=\"container\" data-settings=\"{&quot;background_background&quot;:&quot;classic&quot;}\">\n\t\t\t\t<div class=\"elementor-element elementor-element-3f2c1008 tps-pillar-ico elementor-widget elementor-widget-html\" data-id=\"3f2c1008\" data-element_type=\"widget\" data-e-type=\"widget\" data-widget_type=\"html.default\">\n\t\t\t\t\t<svg viewBox=\"0 0 40 40\" fill=\"none\" width=\"40\" height=\"40\"><circle cx=\"20\" cy=\"12\" r=\"4\" stroke=\"#02A2FF\" stroke-width=\"1.5\"\/><path d=\"M20 16V28M14 22L26 22M14 32L20 28L26 32\" stroke=\"#02A2FF\" stroke-width=\"1.5\" stroke-linecap=\"round\" stroke-linejoin=\"round\"\/><\/svg>\t\t\t\t<\/div>\n\t\t\t\t<div class=\"elementor-element elementor-element-4807cd83 tps-h3 elementor-widget elementor-widget-heading\" data-id=\"4807cd83\" data-element_type=\"widget\" data-e-type=\"widget\" data-widget_type=\"heading.default\">\n\t\t\t\t\t<h3 class=\"elementor-heading-title elementor-size-default\">Codzienna dawka <em>sportu<\/em><\/h3>\t\t\t\t<\/div>\n\t\t\t\t<div class=\"elementor-element elementor-element-894ee8f elementor-widget elementor-widget-text-editor\" data-id=\"894ee8f\" data-element_type=\"widget\" data-e-type=\"widget\" data-widget_type=\"text-editor.default\">\n\t\t\t\t\t\t\t\t\t<p>W ka\u017cdej klasie realizujemy zwi\u0119kszon\u0105 liczb\u0119 zaj\u0119\u0107 wychowania fizycznego, a codzienny ruch na \u015bwie\u017cym powietrzu jest sta\u0142ym elementem planu dnia. Aktywno\u015b\u0107 traktujemy jako fundament zdrowego rozwoju, dlatego zaj\u0119cia prowadz\u0105 do\u015bwiadczeni nauczyciele i zawodowi trenerzy sportu.<\/p>\t\t\t\t\t\t\t\t<\/div>\n\t\t\t\t<\/div>\n\t\t<div class=\"elementor-element elementor-element-75253eee e-con-full e-flex e-con e-child\" data-id=\"75253eee\" data-element_type=\"container\" data-e-type=\"container\" data-settings=\"{&quot;background_background&quot;:&quot;classic&quot;}\">\n\t\t\t\t<div class=\"elementor-element elementor-element-50b0d376 tps-pillar-ico elementor-widget elementor-widget-html\" data-id=\"50b0d376\" data-element_type=\"widget\" data-e-type=\"widget\" data-widget_type=\"html.default\">\n\t\t\t\t\t<svg viewBox=\"0 0 40 40\" fill=\"none\" width=\"40\" height=\"40\"><path d=\"M8 16C8 13.7909 9.79086 12 12 12H28C30.2091 12 32 13.7909 32 16V24C32 26.2091 30.2091 28 28 28H12C9.79086 28 8 26.2091 8 24V16Z\" stroke=\"#02A2FF\" stroke-width=\"1.5\"\/><path d=\"M14 18V22M20 16V24M26 18V22\" stroke=\"#02A2FF\" stroke-width=\"1.5\" stroke-linecap=\"round\"\/><\/svg>\t\t\t\t<\/div>\n\t\t\t\t<div class=\"elementor-element elementor-element-20eb7fa1 tps-h3 elementor-widget elementor-widget-heading\" data-id=\"20eb7fa1\" data-element_type=\"widget\" data-e-type=\"widget\" data-widget_type=\"heading.default\">\n\t\t\t\t\t<h3 class=\"elementor-heading-title elementor-size-default\">Ciep\u0142y <em>obiad<\/em> i podwieczorek<\/h3>\t\t\t\t<\/div>\n\t\t\t\t<div class=\"elementor-element elementor-element-72644e11 elementor-widget elementor-widget-text-editor\" data-id=\"72644e11\" data-element_type=\"widget\" data-e-type=\"widget\" data-widget_type=\"text-editor.default\">\n\t\t\t\t\t\t\t\t\t<p>Dzieci mog\u0105 korzysta\u0107 z posi\u0142k\u00f3w zamawianych w naszej firmie cateringowej lub przynosi\u0107 w\u0142asne jedzenie. Do dyspozycji uczni\u00f3w s\u0105 \u017ar\u00f3de\u0142ka z wod\u0105 pitn\u0105, mikrofal\u00f3wki i czajniki. Dbamy r\u00f3wnie\u017c o to, by drugie \u015bniadania by\u0142y wolne od s\u0142odyczy i wysoko przetworzonych produkt\u00f3w.<\/p>\t\t\t\t\t\t\t\t<\/div>\n\t\t\t\t<\/div>\n\t\t<div class=\"elementor-element elementor-element-678b0649 e-con-full e-flex e-con e-child\" data-id=\"678b0649\" data-element_type=\"container\" data-e-type=\"container\" data-settings=\"{&quot;background_background&quot;:&quot;classic&quot;}\">\n\t\t\t\t<div class=\"elementor-element elementor-element-626ac14 tps-pillar-ico elementor-widget elementor-widget-html\" data-id=\"626ac14\" data-element_type=\"widget\" data-e-type=\"widget\" data-widget_type=\"html.default\">\n\t\t\t\t\t<svg viewBox=\"0 0 40 40\" fill=\"none\" width=\"40\" height=\"40\"><path d=\"M20 6C13 6 8 11 8 18C8 22 10 25 12 27C14 29 14 31 14 34H26C26 31 26 29 28 27C30 25 32 22 32 18C32 11 27 6 20 6Z\" stroke=\"#02A2FF\" stroke-width=\"1.5\"\/><\/svg>\t\t\t\t<\/div>\n\t\t\t\t<div class=\"elementor-element elementor-element-5c6c8b88 tps-h3 elementor-widget elementor-widget-heading\" data-id=\"5c6c8b88\" data-element_type=\"widget\" data-e-type=\"widget\" data-widget_type=\"heading.default\">\n\t\t\t\t\t<h3 class=\"elementor-heading-title elementor-size-default\">Dobrostan <em>psychiczny<\/em><\/h3>\t\t\t\t<\/div>\n\t\t\t\t<div class=\"elementor-element elementor-element-55881d76 elementor-widget elementor-widget-text-editor\" data-id=\"55881d76\" data-element_type=\"widget\" data-e-type=\"widget\" data-widget_type=\"text-editor.default\">\n\t\t\t\t\t\t\t\t\t<p>Nad dobrostanem dzieci czuwa zesp\u00f3\u0142 wsparcia psychologiczno-pedagogicznego, kt\u00f3ry monitoruje potrzeby uczni\u00f3w i prowadzi dzia\u0142ania wspieraj\u0105ce oraz profilaktyczne. W wielu klasach pracuj\u0105 tak\u017ce nauczyciele wsp\u00f3\u0142organizuj\u0105cy. Uczniowie rozwijaj\u0105cy pasje poza szko\u0142\u0105 (sport, muzyka, teatr) mog\u0105 korzysta\u0107 z indywidualnych \u015bcie\u017cek edukacyjnych, kt\u00f3re pomagaj\u0105 \u0142\u0105czy\u0107 nauk\u0119 z dodatkowymi obowi\u0105zkami czy treningami.<\/p>\t\t\t\t\t\t\t\t<\/div>\n\t\t\t\t<\/div>\n\t\t\t\t<\/div>\n\t\t\t\t\t<\/div>\n\t\t\t\t<\/section>\n\t\t<section class=\"elementor-element elementor-element-77119124 e-flex e-con-boxed e-con e-parent\" data-id=\"77119124\" data-element_type=\"container\" data-e-type=\"container\" id=\"tp-kultura\" data-settings=\"{&quot;background_background&quot;:&quot;classic&quot;}\">\n\t\t\t\t\t<div class=\"e-con-inner\">\n\t\t<div class=\"elementor-element elementor-element-6cdb925e e-con-full e-flex e-con e-child\" data-id=\"6cdb925e\" data-element_type=\"container\" data-e-type=\"container\">\n\t\t\t\t<div class=\"elementor-element elementor-element-44986b52 elementor-widget elementor-widget-text-editor\" data-id=\"44986b52\" data-element_type=\"widget\" data-e-type=\"widget\" data-widget_type=\"text-editor.default\">\n\t\t\t\t\t\t\t\t\t<p>Udzia\u0142 w wydarzeniach kulturalnych<\/p>\t\t\t\t\t\t\t\t<\/div>\n\t\t\t\t<div class=\"elementor-element elementor-element-408d262e tps-h2 elementor-widget elementor-widget-heading\" data-id=\"408d262e\" data-element_type=\"widget\" data-e-type=\"widget\" data-widget_type=\"heading.default\">\n\t\t\t\t\t<h2 class=\"elementor-heading-title elementor-size-default\">Systematyczny kontakt z <em>kultur\u0105 wysok\u0105<\/em><\/h2>\t\t\t\t<\/div>\n\t\t\t\t<\/div>\n\t\t<div class=\"elementor-element elementor-element-7d0dcee6 e-con-full e-flex e-con e-child\" data-id=\"7d0dcee6\" data-element_type=\"container\" data-e-type=\"container\">\n\t\t\t\t<div class=\"elementor-element elementor-element-3e965399 tps-content elementor-widget elementor-widget-text-editor\" data-id=\"3e965399\" data-element_type=\"widget\" data-e-type=\"widget\" data-widget_type=\"text-editor.default\">\n\t\t\t\t\t\t\t\t\t<p>Stawiamy na rozwijanie wra\u017cliwo\u015bci na sztuk\u0119 i <strong>kultur\u0119 wysok\u0105<\/strong> oraz budowanie zami\u0142owania do czytania i \u015bwiadomego kontaktu z dzie\u0142em. Chcemy, aby uczniowie uczyli si\u0119 interpretacji i obcowania z tw\u00f3rczo\u015bci\u0105 cz\u0142owieka, rozwijaj\u0105c w ten spos\u00f3b wra\u017cliwo\u015b\u0107 estetyczn\u0105, wyczucie smaku oraz w\u0142asn\u0105 to\u017csamo\u015b\u0107.<\/p>\t\t\t\t\t\t\t\t<\/div>\n\t\t\t\t<div class=\"elementor-element elementor-element-54bad8ba tps-content elementor-widget elementor-widget-text-editor\" data-id=\"54bad8ba\" data-element_type=\"widget\" data-e-type=\"widget\" data-widget_type=\"text-editor.default\">\n\t\t\t\t\t\t\t\t\t<p>Pragniemy, aby byli otwarci i dobrze odnajdywali si\u0119 w dynamicznie zmieniaj\u0105cej si\u0119 rzeczywisto\u015bci. Dlatego regularnie organizujemy wyj\u015bcia do teatr\u00f3w, muze\u00f3w i kin jako sta\u0142y element programu, a tak\u017ce realizujemy <strong>rozbudowany plan wydarze\u0144 wewn\u0119trznych<\/strong>, w tym autorskie inicjatywy, takie jak szkolny targ rzeczy r\u00f3\u017cnych, targ r\u0119kodzie\u0142a czy szkolny klub filmowy.<\/p>\t\t\t\t\t\t\t\t<\/div>\n\t\t\t\t<\/div>\n\t\t\t\t\t<\/div>\n\t\t\t\t<\/section>\n\t\t<section class=\"elementor-element elementor-element-ff1637e e-flex e-con-boxed e-con e-parent\" data-id=\"ff1637e\" data-element_type=\"container\" data-e-type=\"container\" id=\"tp-biblioteka\" data-settings=\"{&quot;background_background&quot;:&quot;classic&quot;}\">\n\t\t\t\t\t<div class=\"e-con-inner\">\n\t\t<div class=\"elementor-element elementor-element-5a4ebc62 e-con-full e-flex e-con e-child\" data-id=\"5a4ebc62\" data-element_type=\"container\" data-e-type=\"container\">\n\t\t\t\t<div class=\"elementor-element elementor-element-72879a61 elementor-widget elementor-widget-text-editor\" data-id=\"72879a61\" data-element_type=\"widget\" data-e-type=\"widget\" data-widget_type=\"text-editor.default\">\n\t\t\t\t\t\t\t\t\t<p>Kultura czytania<\/p>\t\t\t\t\t\t\t\t<\/div>\n\t\t\t\t<div class=\"elementor-element elementor-element-27e4173d tps-h2 elementor-widget elementor-widget-heading\" data-id=\"27e4173d\" data-element_type=\"widget\" data-e-type=\"widget\" data-widget_type=\"heading.default\">\n\t\t\t\t\t<h2 class=\"elementor-heading-title elementor-size-default\">W\u0142asna biblioteka <em>w trzech j\u0119zykach<\/em><\/h2>\t\t\t\t<\/div>\n\t\t\t\t<\/div>\n\t\t<div class=\"elementor-element elementor-element-3fe7ed17 e-con-full e-flex e-con e-child\" data-id=\"3fe7ed17\" data-element_type=\"container\" data-e-type=\"container\">\n\t\t\t\t<div class=\"elementor-element elementor-element-49e4b91 tps-lib-num elementor-widget elementor-widget-heading\" data-id=\"49e4b91\" data-element_type=\"widget\" data-e-type=\"widget\" data-widget_type=\"heading.default\">\n\t\t\t\t\t<div class=\"elementor-heading-title elementor-size-default\">600<\/div>\t\t\t\t<\/div>\n\t\t\t\t<div class=\"elementor-element elementor-element-7170779 elementor-widget elementor-widget-text-editor\" data-id=\"7170779\" data-element_type=\"widget\" data-e-type=\"widget\" data-widget_type=\"text-editor.default\">\n\t\t\t\t\t\t\t\t\t<p>Wolumin\u00f3w w ksi\u0119gozbiorze<\/p>\t\t\t\t\t\t\t\t<\/div>\n\t\t<div class=\"elementor-element elementor-element-12d43cbe e-con-full e-flex e-con e-child\" data-id=\"12d43cbe\" data-element_type=\"container\" data-e-type=\"container\">\n\t\t\t\t<div class=\"elementor-element elementor-element-6606d63e tps-lang-chips elementor-widget elementor-widget-text-editor\" data-id=\"6606d63e\" data-element_type=\"widget\" data-e-type=\"widget\" data-widget_type=\"text-editor.default\">\n\t\t\t\t\t\t\t\t\t<p><span class=\"tps-lang-chip\">Polski<\/span><span class=\"tps-lang-chip tps-lang-fr\">Francuski<\/span><span class=\"tps-lang-chip\">Angielski<\/span><\/p>\t\t\t\t\t\t\t\t<\/div>\n\t\t\t\t<\/div>\n\t\t\t\t<\/div>\n\t\t<div class=\"elementor-element elementor-element-5a4795e3 e-con-full e-flex e-con e-child\" data-id=\"5a4795e3\" data-element_type=\"container\" data-e-type=\"container\">\n\t\t\t\t<div class=\"elementor-element elementor-element-75e1b94c tps-content elementor-widget elementor-widget-text-editor\" data-id=\"75e1b94c\" data-element_type=\"widget\" data-e-type=\"widget\" data-widget_type=\"text-editor.default\">\n\t\t\t\t\t\t\t\t\t<p>Szko\u0142a dysponuje <strong>w\u0142asn\u0105 bibliotek\u0105<\/strong>. Ksi\u0119gozbi\u00f3r liczy prawie 600 wolumin\u00f3w i obejmuje ksi\u0105\u017cki oraz czasopisma w trzech j\u0119zykach. Jest systematycznie uzupe\u0142niany &#8211; dzi\u0119ki \u0142atwemu dost\u0119powi do ksi\u0105\u017cek dziecko mo\u017ce swobodnie rozwija\u0107 swoje czytelnicze zainteresowania.<\/p>\t\t\t\t\t\t\t\t<\/div>\n\t\t\t\t<div class=\"elementor-element elementor-element-1fddb453 tps-content elementor-widget elementor-widget-text-editor\" data-id=\"1fddb453\" data-element_type=\"widget\" data-e-type=\"widget\" data-widget_type=\"text-editor.default\">\n\t\t\t\t\t\t\t\t\t<p>Wsp\u00f3\u0142pracujemy z renomowanymi wydawnictwami w zakresie prenumeraty czasopism oraz uzupe\u0142niania ksi\u0119gozbioru. Naszym partnerem w rozwoju czytelnictwa jest <strong>Mediateka Instytutu Francuskiego w Warszawie<\/strong>.<\/p>\t\t\t\t\t\t\t\t<\/div>\n\t\t\t\t<\/div>\n\t\t<div class=\"elementor-element elementor-element-14f8b93f e-con-full e-flex e-con e-child\" data-id=\"14f8b93f\" data-element_type=\"container\" data-e-type=\"container\">\n\t\t\t\t<div class=\"elementor-element elementor-element-e3103b1 elementor-widget elementor-widget-text-editor\" data-id=\"e3103b1\" data-element_type=\"widget\" data-e-type=\"widget\" data-widget_type=\"text-editor.default\">\n\t\t\t\t\t\t\t\t\t<p>&#8211; Wsp\u00f3\u0142pracujemy z &#8211;<\/p>\t\t\t\t\t\t\t\t<\/div>\n\t\t\t\t<div class=\"elementor-element elementor-element-5a9e12c3 tps-partners-wrap elementor-widget elementor-widget-text-editor\" data-id=\"5a9e12c3\" data-element_type=\"widget\" data-e-type=\"widget\" data-widget_type=\"text-editor.default\">\n\t\t\t\t\t\t\t\t\t<ul class=\"tps-partners-list\"><li>Dwie Siostry<\/li><li>Tashka<\/li><li>Le bouquin volant<\/li><li>Ecole Des Loisirs<\/li><li>Editions Bayard<\/li><li>Usborne<\/li><li>Mediateka Instytutu Francuskiego<\/li><\/ul>\t\t\t\t\t\t\t\t<\/div>\n\t\t\t\t<\/div>\n\t\t\t\t\t<\/div>\n\t\t\t\t<\/section>\n\t\t<section class=\"elementor-element elementor-element-aa6918 e-flex e-con-boxed e-con e-parent\" data-id=\"aa6918\" data-element_type=\"container\" data-e-type=\"container\" data-settings=\"{&quot;background_background&quot;:&quot;classic&quot;}\">\n\t\t\t\t\t<div class=\"e-con-inner\">\n\t\t\t\t<div class=\"elementor-element elementor-element-60658c90 tps-h2 tps-h2-light elementor-widget elementor-widget-heading\" data-id=\"60658c90\" data-element_type=\"widget\" data-e-type=\"widget\" data-widget_type=\"heading.default\">\n\t\t\t\t\t<h2 class=\"elementor-heading-title elementor-size-default\">Chcesz <em>zobaczy\u0107<\/em> nasz\u0105 szko\u0142\u0119 od \u015brodka?<\/h2>\t\t\t\t<\/div>\n\t\t\t\t<div class=\"elementor-element elementor-element-2cb06625 elementor-widget elementor-widget-text-editor\" data-id=\"2cb06625\" data-element_type=\"widget\" data-e-type=\"widget\" data-widget_type=\"text-editor.default\">\n\t\t\t\t\t\t\t\t\t<p>Zapraszamy na spotkanie indywidualne lub dzie\u0144 otwarty.<\/p>\t\t\t\t\t\t\t\t<\/div>\n\t\t<div class=\"elementor-element elementor-element-47b9009 e-con-full e-flex e-con e-child\" data-id=\"47b9009\" data-element_type=\"container\" data-e-type=\"container\">\n\t\t\t\t<div class=\"elementor-element elementor-element-2cfa2444 elementor-align-center elementor-widget__width-auto tps-btn elementor-widget elementor-widget-button\" data-id=\"2cfa2444\" data-element_type=\"widget\" data-e-type=\"widget\" data-widget_type=\"button.default\">\n\t\t\t\t\t\t\t\t\t\t<a class=\"elementor-button elementor-button-link elementor-size-sm\" href=\"\/szkola\/rekrutacja\/\">\n\t\t\t\t\t\t<span class=\"elementor-button-content-wrapper\">\n\t\t\t\t\t\t<span class=\"elementor-button-icon\">\n\t\t\t\t<svg aria-hidden=\"true\" class=\"e-font-icon-svg e-fas-arrow-right\" viewBox=\"0 0 448 512\" xmlns=\"http:\/\/www.w3.org\/2000\/svg\"><path d=\"M190.5 66.9l22.2-22.2c9.4-9.4 24.6-9.4 33.9 0L441 239c9.4 9.4 9.4 24.6 0 33.9L246.6 467.3c-9.4 9.4-24.6 9.4-33.9 0l-22.2-22.2c-9.5-9.5-9.3-25 .4-34.3L311.4 296H24c-13.3 0-24-10.7-24-24v-32c0-13.3 10.7-24 24-24h287.4L190.9 101.2c-9.8-9.3-10-24.8-.4-34.3z\"><\/path><\/svg>\t\t\t<\/span>\n\t\t\t\t\t\t\t\t\t<span class=\"elementor-button-text\">Rekrutacja<\/span>\n\t\t\t\t\t<\/span>\n\t\t\t\t\t<\/a>\n\t\t\t\t\t\t\t\t<\/div>\n\t\t\t\t<div class=\"elementor-element elementor-element-ab5f319 elementor-align-center elementor-widget__width-auto tps-btn elementor-widget elementor-widget-button\" data-id=\"ab5f319\" data-element_type=\"widget\" data-e-type=\"widget\" data-widget_type=\"button.default\">\n\t\t\t\t\t\t\t\t\t\t<a class=\"elementor-button elementor-button-link elementor-size-sm\" href=\"\/szkola\/kontakt\/\">\n\t\t\t\t\t\t<span class=\"elementor-button-content-wrapper\">\n\t\t\t\t\t\t<span class=\"elementor-button-icon\">\n\t\t\t\t<svg aria-hidden=\"true\" class=\"e-font-icon-svg e-fas-arrow-right\" viewBox=\"0 0 448 512\" xmlns=\"http:\/\/www.w3.org\/2000\/svg\"><path d=\"M190.5 66.9l22.2-22.2c9.4-9.4 24.6-9.4 33.9 0L441 239c9.4 9.4 9.4 24.6 0 33.9L246.6 467.3c-9.4 9.4-24.6 9.4-33.9 0l-22.2-22.2c-9.5-9.5-9.3-25 .4-34.3L311.4 296H24c-13.3 0-24-10.7-24-24v-32c0-13.3 10.7-24 24-24h287.4L190.9 101.2c-9.8-9.3-10-24.8-.4-34.3z\"><\/path><\/svg>\t\t\t<\/span>\n\t\t\t\t\t\t\t\t\t<span class=\"elementor-button-text\">Kontakt<\/span>\n\t\t\t\t\t<\/span>\n\t\t\t\t\t<\/a>\n\t\t\t\t\t\t\t\t<\/div>\n\t\t\t\t<\/div>\n\t\t\t\t\t<\/div>\n\t\t\t\t<\/section>\n\t\t\t\t<\/div>\n\t\t","protected":false},"excerpt":{"rendered":"<p>Organizacja Jak wygl\u0105da dzie\u0144 w naszej szkole Codzienno\u015b\u0107 w Trampoline tworzymy wok\u00f3\u0142 spokoju, blisko\u015bci i uwa\u017cno\u015bci na potrzeby dzieci. Kameralne klasy, fi\u0144skie inspiracje, ciep\u0142y obiad i w\u0142asna biblioteka to cz\u0119\u015b\u0107 naszego rytmu dnia. Dbamy o rozw\u00f3j, zdrowie psychiczne i ruch &#8211; dlatego dzieci korzystaj\u0105 z w\u0142asnego placu zabaw, boiska, szkolnego ogr\u00f3dka i k\u0105cik\u00f3w czytelniczych, a [&hellip;]<\/p>\n","protected":false},"author":1,"featured_media":0,"parent":0,"menu_order":0,"comment_status":"closed","ping_status":"closed","template":"","meta":{"footnotes":""},"class_list":["post-11699","page","type-page","status-publish","hentry"],"yoast_head":"<!-- This site is optimized with the Yoast SEO plugin v28.1 - https:\/\/yoast.com\/product\/yoast-seo-wordpress\/ -->\n<title>Organizacja - Dwuj\u0119zyczna Szko\u0142a Podstawowa Polsko-Francuska Warszawa Saska K\u0119pa | Trampoline<\/title>\n<meta name=\"robots\" content=\"index, follow, max-snippet:-1, max-image-preview:large, max-video-preview:-1\" \/>\n<link rel=\"canonical\" href=\"https:\/\/trampoline.edu.pl\/szkola\/organizacja\/\" \/>\n<meta property=\"og:locale\" content=\"pl_PL\" \/>\n<meta property=\"og:type\" content=\"article\" \/>\n<meta property=\"og:title\" content=\"Organizacja - Dwuj\u0119zyczna Szko\u0142a Podstawowa Polsko-Francuska Warszawa Saska K\u0119pa | Trampoline\" \/>\n<meta property=\"og:description\" content=\"Organizacja Jak wygl\u0105da dzie\u0144 w naszej szkole Codzienno\u015b\u0107 w Trampoline tworzymy wok\u00f3\u0142 spokoju, blisko\u015bci i uwa\u017cno\u015bci na potrzeby dzieci. Kameralne klasy, fi\u0144skie inspiracje, ciep\u0142y obiad i w\u0142asna biblioteka to cz\u0119\u015b\u0107 naszego rytmu dnia. Dbamy o rozw\u00f3j, zdrowie psychiczne i ruch &#8211; dlatego dzieci korzystaj\u0105 z w\u0142asnego placu zabaw, boiska, szkolnego ogr\u00f3dka i k\u0105cik\u00f3w czytelniczych, a [&hellip;]\" \/>\n<meta property=\"og:url\" content=\"https:\/\/trampoline.edu.pl\/szkola\/organizacja\/\" \/>\n<meta property=\"og:site_name\" content=\"Dwuj\u0119zyczna Szko\u0142a Podstawowa Polsko-Francuska Warszawa Saska K\u0119pa | Trampoline\" \/>\n<meta property=\"article:modified_time\" content=\"2026-09-01T11:49:22+00:00\" \/>\n<meta property=\"og:image\" content=\"https:\/\/trampoline.edu.pl\/szkola\/wp-content\/uploads\/sites\/5\/2026\/07\/Trampoline_dzien-patronow_ogrodzki_fot-10-1.jpg\" \/>\n\t<meta property=\"og:image:width\" content=\"1500\" \/>\n\t<meta property=\"og:image:height\" content=\"999\" \/>\n\t<meta property=\"og:image:type\" content=\"image\/jpeg\" \/>\n<meta name=\"twitter:card\" content=\"summary_large_image\" \/>\n<meta name=\"twitter:label1\" content=\"Szacowany czas czytania\" \/>\n\t<meta name=\"twitter:data1\" content=\"5 minut\" \/>\n<script type=\"application\/ld+json\" class=\"yoast-schema-graph\">{\"@context\":\"https:\\\/\\\/schema.org\",\"@graph\":[{\"@type\":\"WebPage\",\"@id\":\"https:\\\/\\\/trampoline.edu.pl\\\/szkola\\\/organizacja\\\/\",\"url\":\"https:\\\/\\\/trampoline.edu.pl\\\/szkola\\\/organizacja\\\/\",\"name\":\"Organizacja - Dwuj\u0119zyczna Szko\u0142a Podstawowa Polsko-Francuska Warszawa Saska K\u0119pa | Trampoline\",\"isPartOf\":{\"@id\":\"https:\\\/\\\/trampoline.edu.pl\\\/szkola\\\/#website\"},\"primaryImageOfPage\":{\"@id\":\"https:\\\/\\\/trampoline.edu.pl\\\/szkola\\\/organizacja\\\/#primaryimage\"},\"image\":{\"@id\":\"https:\\\/\\\/trampoline.edu.pl\\\/szkola\\\/organizacja\\\/#primaryimage\"},\"thumbnailUrl\":\"https:\\\/\\\/trampoline.edu.pl\\\/szkola\\\/wp-content\\\/uploads\\\/sites\\\/5\\\/2026\\\/07\\\/Trampoline_dzien-patronow_ogrodzki_fot-10-1.jpg\",\"datePublished\":\"2026-07-23T10:05:26+00:00\",\"dateModified\":\"2026-09-01T11:49:22+00:00\",\"breadcrumb\":{\"@id\":\"https:\\\/\\\/trampoline.edu.pl\\\/szkola\\\/organizacja\\\/#breadcrumb\"},\"inLanguage\":\"pl-PL\",\"potentialAction\":[{\"@type\":\"ReadAction\",\"target\":[\"https:\\\/\\\/trampoline.edu.pl\\\/szkola\\\/organizacja\\\/\"]}]},{\"@type\":\"ImageObject\",\"inLanguage\":\"pl-PL\",\"@id\":\"https:\\\/\\\/trampoline.edu.pl\\\/szkola\\\/organizacja\\\/#primaryimage\",\"url\":\"https:\\\/\\\/trampoline.edu.pl\\\/szkola\\\/wp-content\\\/uploads\\\/sites\\\/5\\\/2026\\\/07\\\/Trampoline_dzien-patronow_ogrodzki_fot-10-1.jpg\",\"contentUrl\":\"https:\\\/\\\/trampoline.edu.pl\\\/szkola\\\/wp-content\\\/uploads\\\/sites\\\/5\\\/2026\\\/07\\\/Trampoline_dzien-patronow_ogrodzki_fot-10-1.jpg\",\"width\":1500,\"height\":999},{\"@type\":\"BreadcrumbList\",\"@id\":\"https:\\\/\\\/trampoline.edu.pl\\\/szkola\\\/organizacja\\\/#breadcrumb\",\"itemListElement\":[{\"@type\":\"ListItem\",\"position\":1,\"name\":\"Strona g\u0142\u00f3wna\",\"item\":\"https:\\\/\\\/trampoline.edu.pl\\\/szkola\\\/\"},{\"@type\":\"ListItem\",\"position\":2,\"name\":\"Organizacja\"}]},{\"@type\":\"WebSite\",\"@id\":\"https:\\\/\\\/trampoline.edu.pl\\\/szkola\\\/#website\",\"url\":\"https:\\\/\\\/trampoline.edu.pl\\\/szkola\\\/\",\"name\":\"Dwuj\u0119zyczna Szko\u0142a Podstawowa Polsko-Francuska Warszawa Saska K\u0119pa | Trampoline\",\"description\":\"\",\"publisher\":{\"@id\":\"https:\\\/\\\/trampoline.edu.pl\\\/szkola\\\/#organization\"},\"potentialAction\":[{\"@type\":\"SearchAction\",\"target\":{\"@type\":\"EntryPoint\",\"urlTemplate\":\"https:\\\/\\\/trampoline.edu.pl\\\/szkola\\\/?s={search_term_string}\"},\"query-input\":{\"@type\":\"PropertyValueSpecification\",\"valueRequired\":true,\"valueName\":\"search_term_string\"}}],\"inLanguage\":\"pl-PL\"},{\"@type\":\"Organization\",\"@id\":\"https:\\\/\\\/trampoline.edu.pl\\\/szkola\\\/#organization\",\"name\":\"Dwuj\u0119zyczna Szko\u0142a Podstawowa Polsko-Francuska Warszawa Saska K\u0119pa | Trampoline\",\"url\":\"https:\\\/\\\/trampoline.edu.pl\\\/szkola\\\/\",\"logo\":{\"@type\":\"ImageObject\",\"inLanguage\":\"pl-PL\",\"@id\":\"https:\\\/\\\/trampoline.edu.pl\\\/szkola\\\/#\\\/schema\\\/logo\\\/image\\\/\",\"url\":\"https:\\\/\\\/trampoline.edu.pl\\\/szkola\\\/wp-content\\\/uploads\\\/sites\\\/5\\\/2026\\\/04\\\/cropped-logo_v3.png\",\"contentUrl\":\"https:\\\/\\\/trampoline.edu.pl\\\/szkola\\\/wp-content\\\/uploads\\\/sites\\\/5\\\/2026\\\/04\\\/cropped-logo_v3.png\",\"width\":332,\"height\":98,\"caption\":\"Dwuj\u0119zyczna Szko\u0142a Podstawowa Polsko-Francuska Warszawa Saska K\u0119pa | Trampoline\"},\"image\":{\"@id\":\"https:\\\/\\\/trampoline.edu.pl\\\/szkola\\\/#\\\/schema\\\/logo\\\/image\\\/\"}}]}<\/script>\n<!-- \/ Yoast SEO plugin. -->","yoast_head_json":{"title":"Organizacja - Dwuj\u0119zyczna Szko\u0142a Podstawowa Polsko-Francuska Warszawa Saska K\u0119pa | Trampoline","robots":{"index":"index","follow":"follow","max-snippet":"max-snippet:-1","max-image-preview":"max-image-preview:large","max-video-preview":"max-video-preview:-1"},"canonical":"https:\/\/trampoline.edu.pl\/szkola\/organizacja\/","og_locale":"pl_PL","og_type":"article","og_title":"Organizacja - Dwuj\u0119zyczna Szko\u0142a Podstawowa Polsko-Francuska Warszawa Saska K\u0119pa | Trampoline","og_description":"Organizacja Jak wygl\u0105da dzie\u0144 w naszej szkole Codzienno\u015b\u0107 w Trampoline tworzymy wok\u00f3\u0142 spokoju, blisko\u015bci i uwa\u017cno\u015bci na potrzeby dzieci. Kameralne klasy, fi\u0144skie inspiracje, ciep\u0142y obiad i w\u0142asna biblioteka to cz\u0119\u015b\u0107 naszego rytmu dnia. Dbamy o rozw\u00f3j, zdrowie psychiczne i ruch &#8211; dlatego dzieci korzystaj\u0105 z w\u0142asnego placu zabaw, boiska, szkolnego ogr\u00f3dka i k\u0105cik\u00f3w czytelniczych, a [&hellip;]","og_url":"https:\/\/trampoline.edu.pl\/szkola\/organizacja\/","og_site_name":"Dwuj\u0119zyczna Szko\u0142a Podstawowa Polsko-Francuska Warszawa Saska K\u0119pa | Trampoline","article_modified_time":"2026-09-01T11:49:22+00:00","og_image":[{"width":1500,"height":999,"url":"https:\/\/trampoline.edu.pl\/szkola\/wp-content\/uploads\/sites\/5\/2026\/07\/Trampoline_dzien-patronow_ogrodzki_fot-10-1.jpg","type":"image\/jpeg"}],"twitter_card":"summary_large_image","twitter_misc":{"Szacowany czas czytania":"5 minut"},"schema":{"@context":"https:\/\/schema.org","@graph":[{"@type":"WebPage","@id":"https:\/\/trampoline.edu.pl\/szkola\/organizacja\/","url":"https:\/\/trampoline.edu.pl\/szkola\/organizacja\/","name":"Organizacja - Dwuj\u0119zyczna Szko\u0142a Podstawowa Polsko-Francuska Warszawa Saska K\u0119pa | Trampoline","isPartOf":{"@id":"https:\/\/trampoline.edu.pl\/szkola\/#website"},"primaryImageOfPage":{"@id":"https:\/\/trampoline.edu.pl\/szkola\/organizacja\/#primaryimage"},"image":{"@id":"https:\/\/trampoline.edu.pl\/szkola\/organizacja\/#primaryimage"},"thumbnailUrl":"https:\/\/trampoline.edu.pl\/szkola\/wp-content\/uploads\/sites\/5\/2026\/07\/Trampoline_dzien-patronow_ogrodzki_fot-10-1.jpg","datePublished":"2026-07-23T10:05:26+00:00","dateModified":"2026-09-01T11:49:22+00:00","breadcrumb":{"@id":"https:\/\/trampoline.edu.pl\/szkola\/organizacja\/#breadcrumb"},"inLanguage":"pl-PL","potentialAction":[{"@type":"ReadAction","target":["https:\/\/trampoline.edu.pl\/szkola\/organizacja\/"]}]},{"@type":"ImageObject","inLanguage":"pl-PL","@id":"https:\/\/trampoline.edu.pl\/szkola\/organizacja\/#primaryimage","url":"https:\/\/trampoline.edu.pl\/szkola\/wp-content\/uploads\/sites\/5\/2026\/07\/Trampoline_dzien-patronow_ogrodzki_fot-10-1.jpg","contentUrl":"https:\/\/trampoline.edu.pl\/szkola\/wp-content\/uploads\/sites\/5\/2026\/07\/Trampoline_dzien-patronow_ogrodzki_fot-10-1.jpg","width":1500,"height":999},{"@type":"BreadcrumbList","@id":"https:\/\/trampoline.edu.pl\/szkola\/organizacja\/#breadcrumb","itemListElement":[{"@type":"ListItem","position":1,"name":"Strona g\u0142\u00f3wna","item":"https:\/\/trampoline.edu.pl\/szkola\/"},{"@type":"ListItem","position":2,"name":"Organizacja"}]},{"@type":"WebSite","@id":"https:\/\/trampoline.edu.pl\/szkola\/#website","url":"https:\/\/trampoline.edu.pl\/szkola\/","name":"Dwuj\u0119zyczna Szko\u0142a Podstawowa Polsko-Francuska Warszawa Saska K\u0119pa | Trampoline","description":"","publisher":{"@id":"https:\/\/trampoline.edu.pl\/szkola\/#organization"},"potentialAction":[{"@type":"SearchAction","target":{"@type":"EntryPoint","urlTemplate":"https:\/\/trampoline.edu.pl\/szkola\/?s={search_term_string}"},"query-input":{"@type":"PropertyValueSpecification","valueRequired":true,"valueName":"search_term_string"}}],"inLanguage":"pl-PL"},{"@type":"Organization","@id":"https:\/\/trampoline.edu.pl\/szkola\/#organization","name":"Dwuj\u0119zyczna Szko\u0142a Podstawowa Polsko-Francuska Warszawa Saska K\u0119pa | Trampoline","url":"https:\/\/trampoline.edu.pl\/szkola\/","logo":{"@type":"ImageObject","inLanguage":"pl-PL","@id":"https:\/\/trampoline.edu.pl\/szkola\/#\/schema\/logo\/image\/","url":"https:\/\/trampoline.edu.pl\/szkola\/wp-content\/uploads\/sites\/5\/2026\/04\/cropped-logo_v3.png","contentUrl":"https:\/\/trampoline.edu.pl\/szkola\/wp-content\/uploads\/sites\/5\/2026\/04\/cropped-logo_v3.png","width":332,"height":98,"caption":"Dwuj\u0119zyczna Szko\u0142a Podstawowa Polsko-Francuska Warszawa Saska K\u0119pa | Trampoline"},"image":{"@id":"https:\/\/trampoline.edu.pl\/szkola\/#\/schema\/logo\/image\/"}}]}},"lang":"pl","translations":{"pl":11699,"fr":11770},"pll_sync_post":{},"_links":{"self":[{"href":"https:\/\/trampoline.edu.pl\/szkola\/wp-json\/wp\/v2\/pages\/11699","targetHints":{"allow":["GET"]}}],"collection":[{"href":"https:\/\/trampoline.edu.pl\/szkola\/wp-json\/wp\/v2\/pages"}],"about":[{"href":"https:\/\/trampoline.edu.pl\/szkola\/wp-json\/wp\/v2\/types\/page"}],"author":[{"embeddable":true,"href":"https:\/\/trampoline.edu.pl\/szkola\/wp-json\/wp\/v2\/users\/1"}],"replies":[{"embeddable":true,"href":"https:\/\/trampoline.edu.pl\/szkola\/wp-json\/wp\/v2\/comments?post=11699"}],"version-history":[{"count":14,"href":"https:\/\/trampoline.edu.pl\/szkola\/wp-json\/wp\/v2\/pages\/11699\/revisions"}],"predecessor-version":[{"id":12029,"href":"https:\/\/trampoline.edu.pl\/szkola\/wp-json\/wp\/v2\/pages\/11699\/revisions\/12029"}],"wp:attachment":[{"href":"https:\/\/trampoline.edu.pl\/szkola\/wp-json\/wp\/v2\/media?parent=11699"}],"curies":[{"name":"wp","href":"https:\/\/api.w.org\/{rel}","templated":true}]}}