{"id":317,"date":"2021-12-16T13:06:14","date_gmt":"2021-12-16T13:06:14","guid":{"rendered":"https:\/\/emagu.bikebuzzbd.com\/?page_id=317"},"modified":"2026-09-04T17:48:32","modified_gmt":"2026-09-04T17:48:32","slug":"nasza-kadra","status":"publish","type":"page","link":"https:\/\/trampoline.edu.pl\/szkola\/nasza-kadra\/","title":{"rendered":"Nasza kadra"},"content":{"rendered":"\t\t<div data-elementor-type=\"wp-page\" data-elementor-id=\"317\" class=\"elementor elementor-317\" data-elementor-post-type=\"page\">\n\t\t\t\t\t\t<section class=\"elementor-section elementor-top-section elementor-element elementor-element-7357fa5e elementor-section-boxed elementor-section-height-default elementor-section-height-default\" data-id=\"7357fa5e\" data-element_type=\"section\" data-e-type=\"section\">\n\t\t\t\t\t\t<div class=\"elementor-container elementor-column-gap-default\">\n\t\t\t\t\t<div class=\"elementor-column elementor-col-100 elementor-top-column elementor-element elementor-element-7b39a4b5\" data-id=\"7b39a4b5\" data-element_type=\"column\" data-e-type=\"column\">\n\t\t\t<div class=\"elementor-widget-wrap elementor-element-populated\">\n\t\t\t\t\t\t<section class=\"elementor-section elementor-inner-section elementor-element elementor-element-7ea167f0 elementor-section-boxed elementor-section-height-default elementor-section-height-default\" data-id=\"7ea167f0\" data-element_type=\"section\" data-e-type=\"section\">\n\t\t\t\t\t\t<div class=\"elementor-container elementor-column-gap-default\">\n\t\t\t\t\t<div class=\"elementor-column elementor-col-50 elementor-inner-column elementor-element elementor-element-2054260d\" data-id=\"2054260d\" data-element_type=\"column\" data-e-type=\"column\" data-settings=\"{&quot;background_background&quot;:&quot;classic&quot;}\">\n\t\t\t<div class=\"elementor-widget-wrap\">\n\t\t\t\t\t\t\t<\/div>\n\t\t<\/div>\n\t\t\t\t<div class=\"elementor-column elementor-col-50 elementor-inner-column elementor-element elementor-element-840d21e\" data-id=\"840d21e\" data-element_type=\"column\" data-e-type=\"column\">\n\t\t\t<div class=\"elementor-widget-wrap elementor-element-populated\">\n\t\t\t\t\t\t<div class=\"elementor-element elementor-element-11dbea7b elementor-widget elementor-widget-heading\" data-id=\"11dbea7b\" data-element_type=\"widget\" data-e-type=\"widget\" data-widget_type=\"heading.default\">\n\t\t\t\t\t<h2 class=\"elementor-heading-title elementor-size-default\">Ponad 20 lat do\u015bwiadczenia w nauczaniu dwuj\u0119zycznym<\/h2>\t\t\t\t<\/div>\n\t\t\t\t<div class=\"elementor-element elementor-element-2c076954 elementor-widget elementor-widget-emagu-title_ani\" data-id=\"2c076954\" data-element_type=\"widget\" data-e-type=\"widget\" data-widget_type=\"emagu-title_ani.default\">\n\t\t\t\t<div class=\"elementor-widget-container\">\n\t\t\t\t\t\t\r\n\t            <div class=\"em-bar-main\">\r\n\t\t\t\t\t<div class=\"em-bar em-bar-big\"><\/div>\r\n\t\t\t\t<\/div>\r\n\t\t\t\t\t\t<\/div>\n\t\t\t\t<\/div>\n\t\t\t\t<div class=\"elementor-element elementor-element-5ab9adfd elementor-widget elementor-widget-text-editor\" data-id=\"5ab9adfd\" data-element_type=\"widget\" data-e-type=\"widget\" data-widget_type=\"text-editor.default\">\n\t\t\t\t\t\t\t\t\t<p>Dwuj\u0119zyczna Szko\u0142a Podstawowa Trampoline dzia\u0142a na Saskiej K\u0119pie od 2002 roku. Zacz\u0119li\u015bmy jako przedszkole polsko-francuskie &#8211; dzi\u015b jeste\u015bmy pe\u0142n\u0105 szko\u0142\u0105 podstawow\u0105 z rozszerzonym programem j\u0119zykowym.<\/p>\t\t\t\t\t\t\t\t<\/div>\n\t\t\t\t<div class=\"elementor-element elementor-element-138c75cf elementor-widget elementor-widget-emagu-service\" data-id=\"138c75cf\" data-element_type=\"widget\" data-e-type=\"widget\" data-widget_type=\"emagu-service.default\">\n\t\t\t\t<div class=\"elementor-widget-container\">\n\t\t\t\t\t\t\t<div class=\"service-box style-three \">\r\n\t\t\t\t\t\t<div class=\"service-contents\">\r\n\t\t\t\t\t\t\t\t<div class=\"service-c-inner\">\r\n\t\t\t\t\t<div class=\"service-titles\">\r\n\t\t\t\t\t\t<h3>\r\n\t\t\t\t\t\t\t\t\t\t\t\t<div class=\"service-title-con\">\r\n\t\t\t\t\t\t\t<i class=\"ico ico-agenda\"><\/i>\r\n\t\t\t\t\t\t<\/div>\r\n\t\t\t\t\t\t\t\t\t\t\t\t\t<a href=\"\">Poznaj nasz\u0105 kadr\u0119<\/a>\r\n\t\t\t\t\t\t<\/h3>\r\n\t\t\t\t\t<\/div>\r\n\t\t\t\t\t<div class=\"service-dec\">\r\n\t\t\t\t\t<p>Nasz zesp\u00f3\u0142 to do\u015bwiadczeni nauczyciele i specjali\u015bci, kt\u00f3rzy z pasj\u0105 tworz\u0105 wyj\u0105tkow\u0105 atmosfer\u0119 szko\u0142y. Poznaj ludzi, kt\u00f3rzy ka\u017cdego dnia buduj\u0105 Trampoline.<\/p>\n\t\t\t\t\t<\/div>\r\n\t\t\t\t<\/div>\r\n\t\t\t<\/div>\r\n\t\t<\/div>\r\n\t\t\t\t\t\t<\/div>\n\t\t\t\t<\/div>\n\t\t\t\t\t<\/div>\n\t\t<\/div>\n\t\t\t\t\t<\/div>\n\t\t<\/section>\n\t\t\t\t\t<\/div>\n\t\t<\/div>\n\t\t\t\t\t<\/div>\n\t\t<\/section>\n\t\t<div class=\"elementor-element elementor-element-3feb11e3 e-flex e-con-boxed e-con e-parent\" data-id=\"3feb11e3\" data-element_type=\"container\" data-e-type=\"container\">\n\t\t\t\t\t<div class=\"e-con-inner\">\n\t\t\t\t<div class=\"elementor-element elementor-element-61895da4 elementor-widget elementor-widget-heading\" data-id=\"61895da4\" data-element_type=\"widget\" data-e-type=\"widget\" data-widget_type=\"heading.default\">\n\t\t\t\t\t<h2 class=\"elementor-heading-title elementor-size-default\">Nasza kadra<\/h2>\t\t\t\t<\/div>\n\t\t<div class=\"elementor-element elementor-element-66edbfc e-grid e-con-full e-con e-child\" data-id=\"66edbfc\" data-element_type=\"container\" data-e-type=\"container\">\n\t\t<div class=\"elementor-element elementor-element-19140570 e-flex e-con-boxed e-con e-child\" data-id=\"19140570\" data-element_type=\"container\" data-e-type=\"container\" data-settings=\"{&quot;background_background&quot;:&quot;classic&quot;}\">\n\t\t\t\t\t<div class=\"e-con-inner\">\n\t\t\t\t<div class=\"elementor-element elementor-element-4a5ae01d elementor-widget elementor-widget-image\" data-id=\"4a5ae01d\" data-element_type=\"widget\" data-e-type=\"widget\" data-widget_type=\"image.default\">\n\t\t\t\t\t\t\t\t\t\t\t\t\t\t\t<img fetchpriority=\"high\" decoding=\"async\" width=\"640\" height=\"426\" src=\"https:\/\/trampoline.edu.pl\/szkola\/wp-content\/uploads\/sites\/5\/2026\/08\/1Jadwiga-Kabut-1024x682.jpg\" class=\"attachment-large size-large wp-image-11947\" alt=\"\" srcset=\"https:\/\/trampoline.edu.pl\/szkola\/wp-content\/uploads\/sites\/5\/2026\/08\/1Jadwiga-Kabut-1024x682.jpg 1024w, https:\/\/trampoline.edu.pl\/szkola\/wp-content\/uploads\/sites\/5\/2026\/08\/1Jadwiga-Kabut-300x200.jpg 300w, https:\/\/trampoline.edu.pl\/szkola\/wp-content\/uploads\/sites\/5\/2026\/08\/1Jadwiga-Kabut-768x511.jpg 768w, https:\/\/trampoline.edu.pl\/szkola\/wp-content\/uploads\/sites\/5\/2026\/08\/1Jadwiga-Kabut-1536x1022.jpg 1536w, https:\/\/trampoline.edu.pl\/szkola\/wp-content\/uploads\/sites\/5\/2026\/08\/1Jadwiga-Kabut-2048x1363.jpg 2048w\" sizes=\"(max-width: 640px) 100vw, 640px\" \/>\t\t\t\t\t\t\t\t\t\t\t\t\t\t\t<\/div>\n\t\t<div class=\"elementor-element elementor-element-5021da6e e-flex e-con-boxed e-con e-child\" data-id=\"5021da6e\" data-element_type=\"container\" data-e-type=\"container\">\n\t\t\t\t\t<div class=\"e-con-inner\">\n\t\t\t\t<div class=\"elementor-element elementor-element-276e4bfb elementor-widget elementor-widget-heading\" data-id=\"276e4bfb\" data-element_type=\"widget\" data-e-type=\"widget\" data-widget_type=\"heading.default\">\n\t\t\t\t\t<h3 class=\"elementor-heading-title elementor-size-default\">Jadwiga Kabut<\/h3>\t\t\t\t<\/div>\n\t\t\t\t<div class=\"elementor-element elementor-element-63f9575f elementor-widget elementor-widget-heading\" data-id=\"63f9575f\" data-element_type=\"widget\" data-e-type=\"widget\" data-widget_type=\"heading.default\">\n\t\t\t\t\t<div class=\"elementor-heading-title elementor-size-default\">WSP\u00d3\u0141W\u0141A\u015aCICIELKA SZKO\u0141Y<\/div>\t\t\t\t<\/div>\n\t\t\t\t<div class=\"elementor-element elementor-element-7ce949d5 elementor-widget elementor-widget-text-editor\" data-id=\"7ce949d5\" data-element_type=\"widget\" data-e-type=\"widget\" data-widget_type=\"text-editor.default\">\n\t\t\t\t\t\t\t\t\t<p>Z wykszta\u0142cenia prawniczka oraz absolwentka zarz\u0105dzania o\u015bwiat\u0105 na Uniwersytecie Warszawskim. Zarz\u0105dza przedszkolem Trampoline, zajmuj\u0105c si\u0119 administracyjno-organizacyjn\u0105 stron\u0105 plac\u00f3wki. W szkole dba o tak\u0105 organizacj\u0119, aby sta\u0142a si\u0119 ona bezpiecznym \u015brodowiskiem, w kt\u00f3rym ca\u0142a kadra dba o szcz\u0119\u015bcie i zdrowie dzieci, ich relacje, pasje i kultur\u0119 osobist\u0105. Prywatnie mama czw\u00f3rki dzieci.<\/p>\t\t\t\t\t\t\t\t<\/div>\n\t\t\t\t\t<\/div>\n\t\t\t\t<\/div>\n\t\t\t\t\t<\/div>\n\t\t\t\t<\/div>\n\t\t<div class=\"elementor-element elementor-element-35a5a9fc e-flex e-con-boxed e-con e-child\" data-id=\"35a5a9fc\" data-element_type=\"container\" data-e-type=\"container\" data-settings=\"{&quot;background_background&quot;:&quot;classic&quot;}\">\n\t\t\t\t\t<div class=\"e-con-inner\">\n\t\t\t\t<div class=\"elementor-element elementor-element-7d719400 elementor-widget elementor-widget-image\" data-id=\"7d719400\" data-element_type=\"widget\" data-e-type=\"widget\" data-widget_type=\"image.default\">\n\t\t\t\t\t\t\t\t\t\t\t\t\t\t\t<img decoding=\"async\" width=\"640\" height=\"426\" src=\"https:\/\/trampoline.edu.pl\/szkola\/wp-content\/uploads\/sites\/5\/2026\/08\/2Anna-Hendigery-1024x682.jpg\" class=\"attachment-large size-large wp-image-11948\" alt=\"\" srcset=\"https:\/\/trampoline.edu.pl\/szkola\/wp-content\/uploads\/sites\/5\/2026\/08\/2Anna-Hendigery-1024x682.jpg 1024w, https:\/\/trampoline.edu.pl\/szkola\/wp-content\/uploads\/sites\/5\/2026\/08\/2Anna-Hendigery-300x200.jpg 300w, https:\/\/trampoline.edu.pl\/szkola\/wp-content\/uploads\/sites\/5\/2026\/08\/2Anna-Hendigery-768x511.jpg 768w, https:\/\/trampoline.edu.pl\/szkola\/wp-content\/uploads\/sites\/5\/2026\/08\/2Anna-Hendigery-1536x1022.jpg 1536w, https:\/\/trampoline.edu.pl\/szkola\/wp-content\/uploads\/sites\/5\/2026\/08\/2Anna-Hendigery-2048x1363.jpg 2048w\" sizes=\"(max-width: 640px) 100vw, 640px\" \/>\t\t\t\t\t\t\t\t\t\t\t\t\t\t\t<\/div>\n\t\t<div class=\"elementor-element elementor-element-183e7c45 e-flex e-con-boxed e-con e-child\" data-id=\"183e7c45\" data-element_type=\"container\" data-e-type=\"container\">\n\t\t\t\t\t<div class=\"e-con-inner\">\n\t\t\t\t<div class=\"elementor-element elementor-element-ddb6772 elementor-widget elementor-widget-heading\" data-id=\"ddb6772\" data-element_type=\"widget\" data-e-type=\"widget\" data-widget_type=\"heading.default\">\n\t\t\t\t\t<h3 class=\"elementor-heading-title elementor-size-default\">Anna Hendigery<\/h3>\t\t\t\t<\/div>\n\t\t\t\t<div class=\"elementor-element elementor-element-4927b53d elementor-widget elementor-widget-heading\" data-id=\"4927b53d\" data-element_type=\"widget\" data-e-type=\"widget\" data-widget_type=\"heading.default\">\n\t\t\t\t\t<div class=\"elementor-heading-title elementor-size-default\">WSP\u00d3\u0141W\u0141A\u015aCICIELKA SZKO\u0141Y<\/div>\t\t\t\t<\/div>\n\t\t\t\t<div class=\"elementor-element elementor-element-22c6506f elementor-widget elementor-widget-text-editor\" data-id=\"22c6506f\" data-element_type=\"widget\" data-e-type=\"widget\" data-widget_type=\"text-editor.default\">\n\t\t\t\t\t\t\t\t\t<p>Absolwentka LEA (j\u0119zyki: francuski, angielski, hiszpa\u0144ski) a l\u2019Universite Paris V Sorbonne-Nouvelle. Przez lata zwi\u0105zana z domami mediowymi (Euro RSCG, Carat, Initiative Media), gdzie pracowa\u0142a nad obs\u0142ug\u0105 mediow\u0105 du\u017cych klient\u00f3w mi\u0119dzynarodowych. Od zawsze zafascynowana j\u0119zykiem, kultur\u0105 i cywilizacj\u0105 francusk\u0105. Prywatnie mama Leona, Juliana i Leny.<\/p>\t\t\t\t\t\t\t\t<\/div>\n\t\t\t\t\t<\/div>\n\t\t\t\t<\/div>\n\t\t\t\t\t<\/div>\n\t\t\t\t<\/div>\n\t\t<div class=\"elementor-element elementor-element-1f7ad39e e-flex e-con-boxed e-con e-child\" data-id=\"1f7ad39e\" data-element_type=\"container\" data-e-type=\"container\" data-settings=\"{&quot;background_background&quot;:&quot;classic&quot;}\">\n\t\t\t\t\t<div class=\"e-con-inner\">\n\t\t\t\t<div class=\"elementor-element elementor-element-199d0b08 elementor-widget elementor-widget-image\" data-id=\"199d0b08\" data-element_type=\"widget\" data-e-type=\"widget\" data-widget_type=\"image.default\">\n\t\t\t\t\t\t\t\t\t\t\t\t\t\t\t<img decoding=\"async\" width=\"640\" height=\"426\" src=\"https:\/\/trampoline.edu.pl\/szkola\/wp-content\/uploads\/sites\/5\/2026\/08\/3Joanna-Rzyska-1024x681.jpg\" class=\"attachment-large size-large wp-image-11949\" alt=\"\" srcset=\"https:\/\/trampoline.edu.pl\/szkola\/wp-content\/uploads\/sites\/5\/2026\/08\/3Joanna-Rzyska-1024x681.jpg 1024w, https:\/\/trampoline.edu.pl\/szkola\/wp-content\/uploads\/sites\/5\/2026\/08\/3Joanna-Rzyska-300x200.jpg 300w, https:\/\/trampoline.edu.pl\/szkola\/wp-content\/uploads\/sites\/5\/2026\/08\/3Joanna-Rzyska-768x511.jpg 768w, https:\/\/trampoline.edu.pl\/szkola\/wp-content\/uploads\/sites\/5\/2026\/08\/3Joanna-Rzyska-1536x1022.jpg 1536w, https:\/\/trampoline.edu.pl\/szkola\/wp-content\/uploads\/sites\/5\/2026\/08\/3Joanna-Rzyska-2048x1362.jpg 2048w\" sizes=\"(max-width: 640px) 100vw, 640px\" \/>\t\t\t\t\t\t\t\t\t\t\t\t\t\t\t<\/div>\n\t\t<div class=\"elementor-element elementor-element-4f4c1abd e-flex e-con-boxed e-con e-child\" data-id=\"4f4c1abd\" data-element_type=\"container\" data-e-type=\"container\">\n\t\t\t\t\t<div class=\"e-con-inner\">\n\t\t\t\t<div class=\"elementor-element elementor-element-3d33dc80 elementor-widget elementor-widget-heading\" data-id=\"3d33dc80\" data-element_type=\"widget\" data-e-type=\"widget\" data-widget_type=\"heading.default\">\n\t\t\t\t\t<h3 class=\"elementor-heading-title elementor-size-default\">Joanna Rzyska<\/h3>\t\t\t\t<\/div>\n\t\t\t\t<div class=\"elementor-element elementor-element-1f99d240 elementor-widget elementor-widget-heading\" data-id=\"1f99d240\" data-element_type=\"widget\" data-e-type=\"widget\" data-widget_type=\"heading.default\">\n\t\t\t\t\t<div class=\"elementor-heading-title elementor-size-default\">WSP\u00d3\u0141W\u0141A\u015aCICIELKA SZKO\u0141Y<\/div>\t\t\t\t<\/div>\n\t\t\t\t<div class=\"elementor-element elementor-element-2c6933c8 elementor-widget elementor-widget-text-editor\" data-id=\"2c6933c8\" data-element_type=\"widget\" data-e-type=\"widget\" data-widget_type=\"text-editor.default\">\n\t\t\t\t\t\t\t\t\t<p>Jestem romanistk\u0105, jedn\u0105 z za\u0142o\u017cycielek &#8222;Wydawnictwa Dwie Siostry&#8221;. Wsp\u00f3\u0142tworzy\u0142am Europejskie Portfolio J\u0119zykowe dla Przedszkoli. Prywatnie jestem mam\u0105 Antosi i Julii, absolwentek przedszkola. Od 20 lat dbam o to, by nasze dzieci pokocha\u0142y ksi\u0105\u017cki, j\u0119zyk francuski i wzajemnie si\u0119 szanowa\u0142y.<\/p>\t\t\t\t\t\t\t\t<\/div>\n\t\t\t\t\t<\/div>\n\t\t\t\t<\/div>\n\t\t\t\t\t<\/div>\n\t\t\t\t<\/div>\n\t\t<div class=\"elementor-element elementor-element-14365514 e-flex e-con-boxed e-con e-child\" data-id=\"14365514\" data-element_type=\"container\" data-e-type=\"container\" data-settings=\"{&quot;background_background&quot;:&quot;classic&quot;}\">\n\t\t\t\t\t<div class=\"e-con-inner\">\n\t\t\t\t<div class=\"elementor-element elementor-element-4ba8d8af elementor-widget elementor-widget-image\" data-id=\"4ba8d8af\" data-element_type=\"widget\" data-e-type=\"widget\" data-widget_type=\"image.default\">\n\t\t\t\t\t\t\t\t\t\t\t\t\t\t\t<img loading=\"lazy\" decoding=\"async\" width=\"640\" height=\"426\" src=\"https:\/\/trampoline.edu.pl\/szkola\/wp-content\/uploads\/sites\/5\/2026\/08\/4Agnieszka-Wolszczak-1024x682.jpg\" class=\"attachment-large size-large wp-image-11950\" alt=\"\" srcset=\"https:\/\/trampoline.edu.pl\/szkola\/wp-content\/uploads\/sites\/5\/2026\/08\/4Agnieszka-Wolszczak-1024x682.jpg 1024w, https:\/\/trampoline.edu.pl\/szkola\/wp-content\/uploads\/sites\/5\/2026\/08\/4Agnieszka-Wolszczak-300x200.jpg 300w, https:\/\/trampoline.edu.pl\/szkola\/wp-content\/uploads\/sites\/5\/2026\/08\/4Agnieszka-Wolszczak-768x511.jpg 768w, https:\/\/trampoline.edu.pl\/szkola\/wp-content\/uploads\/sites\/5\/2026\/08\/4Agnieszka-Wolszczak-1536x1022.jpg 1536w, https:\/\/trampoline.edu.pl\/szkola\/wp-content\/uploads\/sites\/5\/2026\/08\/4Agnieszka-Wolszczak-2048x1363.jpg 2048w\" sizes=\"(max-width: 640px) 100vw, 640px\" \/>\t\t\t\t\t\t\t\t\t\t\t\t\t\t\t<\/div>\n\t\t<div class=\"elementor-element elementor-element-6dd1d68d e-flex e-con-boxed e-con e-child\" data-id=\"6dd1d68d\" data-element_type=\"container\" data-e-type=\"container\">\n\t\t\t\t\t<div class=\"e-con-inner\">\n\t\t\t\t<div class=\"elementor-element elementor-element-24a4e3ad elementor-widget elementor-widget-heading\" data-id=\"24a4e3ad\" data-element_type=\"widget\" data-e-type=\"widget\" data-widget_type=\"heading.default\">\n\t\t\t\t\t<h3 class=\"elementor-heading-title elementor-size-default\">Agnieszka Wolszczak<\/h3>\t\t\t\t<\/div>\n\t\t\t\t<div class=\"elementor-element elementor-element-5590a2a4 elementor-widget elementor-widget-heading\" data-id=\"5590a2a4\" data-element_type=\"widget\" data-e-type=\"widget\" data-widget_type=\"heading.default\">\n\t\t\t\t\t<div class=\"elementor-heading-title elementor-size-default\">DYREKTOR SZKO\u0141Y<\/div>\t\t\t\t<\/div>\n\t\t\t\t<div class=\"elementor-element elementor-element-803cda9 elementor-widget elementor-widget-text-editor\" data-id=\"803cda9\" data-element_type=\"widget\" data-e-type=\"widget\" data-widget_type=\"text-editor.default\">\n\t\t\t\t\t\t\t\t\t<p>Absolwentka filologii polskiej, edukacji wczesnoszkolnej i zarz\u0105dzania o\u015bwiat\u0105. Od lat zwi\u0105zana z edukacja jako nauczyciel, wychowawca, organizator zaj\u0119\u0107 \u015br\u00f3drocznych dla licealist\u00f3w i edukator domowy. Prywatnie: \u017cona swojego m\u0119\u017ca, mama tr\u00f3jki dzieci. Jej podstawow\u0105 misj\u0105 jest tworzenie harmonijnego i bezpiecznego \u015brodowiska, w kt\u00f3rym uczniowie mog\u0105 rozwija\u0107 swoje talenty i pod\u0105\u017ca\u0107 za swoimi pasjami.<\/p>\t\t\t\t\t\t\t\t<\/div>\n\t\t\t\t\t<\/div>\n\t\t\t\t<\/div>\n\t\t\t\t\t<\/div>\n\t\t\t\t<\/div>\n\t\t<div class=\"elementor-element elementor-element-1f678d22 e-flex e-con-boxed e-con e-child\" data-id=\"1f678d22\" data-element_type=\"container\" data-e-type=\"container\" data-settings=\"{&quot;background_background&quot;:&quot;classic&quot;}\">\n\t\t\t\t\t<div class=\"e-con-inner\">\n\t\t\t\t<div class=\"elementor-element elementor-element-12e28327 elementor-widget elementor-widget-image\" data-id=\"12e28327\" data-element_type=\"widget\" data-e-type=\"widget\" data-widget_type=\"image.default\">\n\t\t\t\t\t\t\t\t\t\t\t\t\t\t\t<img loading=\"lazy\" decoding=\"async\" width=\"317\" height=\"212\" src=\"https:\/\/trampoline.edu.pl\/szkola\/wp-content\/uploads\/sites\/5\/2026\/08\/5Katarzyna-Laska.png\" class=\"attachment-large size-large wp-image-11951\" alt=\"\" srcset=\"https:\/\/trampoline.edu.pl\/szkola\/wp-content\/uploads\/sites\/5\/2026\/08\/5Katarzyna-Laska.png 317w, https:\/\/trampoline.edu.pl\/szkola\/wp-content\/uploads\/sites\/5\/2026\/08\/5Katarzyna-Laska-300x201.png 300w\" sizes=\"(max-width: 317px) 100vw, 317px\" \/>\t\t\t\t\t\t\t\t\t\t\t\t\t\t\t<\/div>\n\t\t<div class=\"elementor-element elementor-element-32447d07 e-flex e-con-boxed e-con e-child\" data-id=\"32447d07\" data-element_type=\"container\" data-e-type=\"container\">\n\t\t\t\t\t<div class=\"e-con-inner\">\n\t\t\t\t<div class=\"elementor-element elementor-element-68a95bd1 elementor-widget elementor-widget-heading\" data-id=\"68a95bd1\" data-element_type=\"widget\" data-e-type=\"widget\" data-widget_type=\"heading.default\">\n\t\t\t\t\t<h3 class=\"elementor-heading-title elementor-size-default\">Katarzyna \u0141aska<\/h3>\t\t\t\t<\/div>\n\t\t\t\t<div class=\"elementor-element elementor-element-1b981a43 elementor-widget elementor-widget-heading\" data-id=\"1b981a43\" data-element_type=\"widget\" data-e-type=\"widget\" data-widget_type=\"heading.default\">\n\t\t\t\t\t<div class=\"elementor-heading-title elementor-size-default\">DYREKTOR PROGRAMOWA<\/div>\t\t\t\t<\/div>\n\t\t\t\t<div class=\"elementor-element elementor-element-575b2d7c elementor-widget elementor-widget-text-editor\" data-id=\"575b2d7c\" data-element_type=\"widget\" data-e-type=\"widget\" data-widget_type=\"text-editor.default\">\n\t\t\t\t\t\t\t\t\t<p>Z wykszta\u0142cenia jestem pedago\u017ck\u0105 edukacji przedszkolnej i wczesnoszkolnej oraz osob\u0105 zarz\u0105dzaj\u0105c\u0105 o\u015bwiat\u0105. Pracuj\u0119 w zawodzie od 18 lat, swoje do\u015bwiadczenie zdobywa\u0142am w mi\u0119dzynarodowych plac\u00f3wkach o\u015bwiatowych w Warszawie. Pozna\u0142am specyfik\u0119 funkcjonowania r\u00f3\u017cnych system\u00f3w edukacyjnych, m.in. angielski, hiszpa\u0144ski, francuski, chi\u0144ski.<\/p>\t\t\t\t\t\t\t\t<\/div>\n\t\t\t\t\t<\/div>\n\t\t\t\t<\/div>\n\t\t\t\t\t<\/div>\n\t\t\t\t<\/div>\n\t\t<div class=\"elementor-element elementor-element-3a01a04 e-flex e-con-boxed e-con e-child\" data-id=\"3a01a04\" data-element_type=\"container\" data-e-type=\"container\" data-settings=\"{&quot;background_background&quot;:&quot;classic&quot;}\">\n\t\t\t\t\t<div class=\"e-con-inner\">\n\t\t\t\t<div class=\"elementor-element elementor-element-1cb76023 elementor-widget elementor-widget-image\" data-id=\"1cb76023\" data-element_type=\"widget\" data-e-type=\"widget\" data-widget_type=\"image.default\">\n\t\t\t\t\t\t\t\t\t\t\t\t\t\t\t<img loading=\"lazy\" decoding=\"async\" width=\"640\" height=\"426\" src=\"https:\/\/trampoline.edu.pl\/szkola\/wp-content\/uploads\/sites\/5\/2026\/08\/6Anna-1024x682.jpg\" class=\"attachment-large size-large wp-image-11952\" alt=\"\" srcset=\"https:\/\/trampoline.edu.pl\/szkola\/wp-content\/uploads\/sites\/5\/2026\/08\/6Anna-1024x682.jpg 1024w, https:\/\/trampoline.edu.pl\/szkola\/wp-content\/uploads\/sites\/5\/2026\/08\/6Anna-300x200.jpg 300w, https:\/\/trampoline.edu.pl\/szkola\/wp-content\/uploads\/sites\/5\/2026\/08\/6Anna-768x511.jpg 768w, https:\/\/trampoline.edu.pl\/szkola\/wp-content\/uploads\/sites\/5\/2026\/08\/6Anna-1536x1022.jpg 1536w, https:\/\/trampoline.edu.pl\/szkola\/wp-content\/uploads\/sites\/5\/2026\/08\/6Anna-2048x1363.jpg 2048w\" sizes=\"(max-width: 640px) 100vw, 640px\" \/>\t\t\t\t\t\t\t\t\t\t\t\t\t\t\t<\/div>\n\t\t<div class=\"elementor-element elementor-element-4592b92d e-flex e-con-boxed e-con e-child\" data-id=\"4592b92d\" data-element_type=\"container\" data-e-type=\"container\">\n\t\t\t\t\t<div class=\"e-con-inner\">\n\t\t\t\t<div class=\"elementor-element elementor-element-3f98d406 elementor-widget elementor-widget-heading\" data-id=\"3f98d406\" data-element_type=\"widget\" data-e-type=\"widget\" data-widget_type=\"heading.default\">\n\t\t\t\t\t<h3 class=\"elementor-heading-title elementor-size-default\">Anna<\/h3>\t\t\t\t<\/div>\n\t\t\t\t<div class=\"elementor-element elementor-element-94a269b elementor-widget elementor-widget-heading\" data-id=\"94a269b\" data-element_type=\"widget\" data-e-type=\"widget\" data-widget_type=\"heading.default\">\n\t\t\t\t\t<div class=\"elementor-heading-title elementor-size-default\">WYCHOWAWCZYNI KLASY 1<\/div>\t\t\t\t<\/div>\n\t\t\t\t<div class=\"elementor-element elementor-element-5d0358b5 elementor-widget elementor-widget-text-editor\" data-id=\"5d0358b5\" data-element_type=\"widget\" data-e-type=\"widget\" data-widget_type=\"text-editor.default\">\n\t\t\t\t\t\t\t\t\t<p>Jestem Absolwentk\u0105 Akademii Pedagogiki Specjalnej w Warszawie. W nawi\u0105zaniu do idei wychowawczej Janusza Korczaka:&#8221; Nie mo\u017cna zostawia\u0107 \u015bwiata takim, jaki jest&#8221;, interpretacji dzieci\u0119cych s\u0142\u00f3w i znacze\u0144 po\u015bwi\u0119cam sw\u00f3j czas, a praca jest moj\u0105 pasj\u0105. Prywatnie: pasjonatka obraz\u00f3w, zwolenniczka koncepcji wychowania przez sztuk\u0119 i mama 9-letniej Hani.<\/p>\t\t\t\t\t\t\t\t<\/div>\n\t\t\t\t\t<\/div>\n\t\t\t\t<\/div>\n\t\t\t\t\t<\/div>\n\t\t\t\t<\/div>\n\t\t<div class=\"elementor-element elementor-element-1133fbcf e-flex e-con-boxed e-con e-child\" data-id=\"1133fbcf\" data-element_type=\"container\" data-e-type=\"container\" data-settings=\"{&quot;background_background&quot;:&quot;classic&quot;}\">\n\t\t\t\t\t<div class=\"e-con-inner\">\n\t\t\t\t<div class=\"elementor-element elementor-element-767b991c elementor-widget elementor-widget-image\" data-id=\"767b991c\" data-element_type=\"widget\" data-e-type=\"widget\" data-widget_type=\"image.default\">\n\t\t\t\t\t\t\t\t\t\t\t\t\t\t\t<img loading=\"lazy\" decoding=\"async\" width=\"315\" height=\"208\" src=\"https:\/\/trampoline.edu.pl\/szkola\/wp-content\/uploads\/sites\/5\/2026\/08\/7Marta.jpeg\" class=\"attachment-large size-large wp-image-11953\" alt=\"\" srcset=\"https:\/\/trampoline.edu.pl\/szkola\/wp-content\/uploads\/sites\/5\/2026\/08\/7Marta.jpeg 315w, https:\/\/trampoline.edu.pl\/szkola\/wp-content\/uploads\/sites\/5\/2026\/08\/7Marta-300x198.jpeg 300w\" sizes=\"(max-width: 315px) 100vw, 315px\" \/>\t\t\t\t\t\t\t\t\t\t\t\t\t\t\t<\/div>\n\t\t<div class=\"elementor-element elementor-element-20bd833c e-flex e-con-boxed e-con e-child\" data-id=\"20bd833c\" data-element_type=\"container\" data-e-type=\"container\">\n\t\t\t\t\t<div class=\"e-con-inner\">\n\t\t\t\t<div class=\"elementor-element elementor-element-6ac443ac elementor-widget elementor-widget-heading\" data-id=\"6ac443ac\" data-element_type=\"widget\" data-e-type=\"widget\" data-widget_type=\"heading.default\">\n\t\t\t\t\t<h3 class=\"elementor-heading-title elementor-size-default\">Marta<\/h3>\t\t\t\t<\/div>\n\t\t\t\t<div class=\"elementor-element elementor-element-3fa0f24c elementor-widget elementor-widget-heading\" data-id=\"3fa0f24c\" data-element_type=\"widget\" data-e-type=\"widget\" data-widget_type=\"heading.default\">\n\t\t\t\t\t<div class=\"elementor-heading-title elementor-size-default\">WYCHOWAWCZYNI KLASY 2A \/ NAUCZYCIELKA J\u0118ZYKA ANGIELSKIEGO<\/div>\t\t\t\t<\/div>\n\t\t\t\t<div class=\"elementor-element elementor-element-6ea655b6 elementor-widget elementor-widget-text-editor\" data-id=\"6ea655b6\" data-element_type=\"widget\" data-e-type=\"widget\" data-widget_type=\"text-editor.default\">\n\t\t\t\t\t\t\t\t\t<p>Jestem absolwentk\u0105 kierunk\u00f3w pedagogicznych w zakresie edukacji elementarnej i j\u0119zyka angielskiego oraz terapii pedagogicznej na UAM w Poznaniu. Do\u015bwiadczenie nauczycielskie zdobywa\u0142am pracuj\u0105c w szko\u0142ach i przedszkolach w Stanach Zjednoczonych oraz w Polsce. W swojej pracy skupiam si\u0119 na wspieraniu rozwoju emocjonalnego dzieci, aby swobodnie zdobywa\u0142y wiedz\u0119 i dobrze czu\u0142y si\u0119 w \u015brodowisku szkolnym. Moje pasje to podr\u00f3\u017ce, j\u0119zyki i sztuka.<\/p>\t\t\t\t\t\t\t\t<\/div>\n\t\t\t\t\t<\/div>\n\t\t\t\t<\/div>\n\t\t\t\t\t<\/div>\n\t\t\t\t<\/div>\n\t\t<div class=\"elementor-element elementor-element-1c036043 e-flex e-con-boxed e-con e-child\" data-id=\"1c036043\" data-element_type=\"container\" data-e-type=\"container\" data-settings=\"{&quot;background_background&quot;:&quot;classic&quot;}\">\n\t\t\t\t\t<div class=\"e-con-inner\">\n\t\t\t\t<div class=\"elementor-element elementor-element-11933dbb elementor-widget elementor-widget-image\" data-id=\"11933dbb\" data-element_type=\"widget\" data-e-type=\"widget\" data-widget_type=\"image.default\">\n\t\t\t\t\t\t\t\t\t\t\t\t\t\t\t<img loading=\"lazy\" decoding=\"async\" width=\"504\" height=\"356\" src=\"https:\/\/trampoline.edu.pl\/szkola\/wp-content\/uploads\/sites\/5\/2026\/08\/8Emilia.jpg\" class=\"attachment-large size-large wp-image-11954\" alt=\"\" srcset=\"https:\/\/trampoline.edu.pl\/szkola\/wp-content\/uploads\/sites\/5\/2026\/08\/8Emilia.jpg 504w, https:\/\/trampoline.edu.pl\/szkola\/wp-content\/uploads\/sites\/5\/2026\/08\/8Emilia-300x212.jpg 300w\" sizes=\"(max-width: 504px) 100vw, 504px\" \/>\t\t\t\t\t\t\t\t\t\t\t\t\t\t\t<\/div>\n\t\t<div class=\"elementor-element elementor-element-3c148df9 e-flex e-con-boxed e-con e-child\" data-id=\"3c148df9\" data-element_type=\"container\" data-e-type=\"container\">\n\t\t\t\t\t<div class=\"e-con-inner\">\n\t\t\t\t<div class=\"elementor-element elementor-element-53d2fcb7 elementor-widget elementor-widget-heading\" data-id=\"53d2fcb7\" data-element_type=\"widget\" data-e-type=\"widget\" data-widget_type=\"heading.default\">\n\t\t\t\t\t<h3 class=\"elementor-heading-title elementor-size-default\">Emilia<\/h3>\t\t\t\t<\/div>\n\t\t\t\t<div class=\"elementor-element elementor-element-3fe54856 elementor-widget elementor-widget-heading\" data-id=\"3fe54856\" data-element_type=\"widget\" data-e-type=\"widget\" data-widget_type=\"heading.default\">\n\t\t\t\t\t<div class=\"elementor-heading-title elementor-size-default\">WYCHOWAWCZYNI KLASY 2B<\/div>\t\t\t\t<\/div>\n\t\t\t\t<div class=\"elementor-element elementor-element-5566b1ea elementor-widget elementor-widget-text-editor\" data-id=\"5566b1ea\" data-element_type=\"widget\" data-e-type=\"widget\" data-widget_type=\"text-editor.default\">\n\t\t\t\t\t\t\t\t\t<p>Jestem absolwentk\u0105 Edukacji Pocz\u0105tkowej i Wczesnego Nauczania J\u0119zyka Angielskiego oraz Zarz\u0105dzania O\u015bwiat\u0105 na Uniwersytecie Warszawskim. Jako nauczyciel pracuj\u0119 od 2009 roku, jako cz\u0119\u015b\u0107 kady zarz\u0105dzaj\u0105cej plac\u00f3wk\u0105 o\u015bwiatow\u0105 od 2015. Praca z dzie\u0107mi i dla dzieci jest moj\u0105 pasj\u0105. Prywatnie: zakochana w Norwegii, gdzie sp\u0119dzi\u0142am kilka lat \u017cycia i do kt\u00f3rej cz\u0119sto wracam.<\/p>\t\t\t\t\t\t\t\t<\/div>\n\t\t\t\t\t<\/div>\n\t\t\t\t<\/div>\n\t\t\t\t\t<\/div>\n\t\t\t\t<\/div>\n\t\t<div class=\"elementor-element elementor-element-5791bde1 e-flex e-con-boxed e-con e-child\" data-id=\"5791bde1\" data-element_type=\"container\" data-e-type=\"container\" data-settings=\"{&quot;background_background&quot;:&quot;classic&quot;}\">\n\t\t\t\t\t<div class=\"e-con-inner\">\n\t\t\t\t<div class=\"elementor-element elementor-element-62166fa8 elementor-widget elementor-widget-image\" data-id=\"62166fa8\" data-element_type=\"widget\" data-e-type=\"widget\" data-widget_type=\"image.default\">\n\t\t\t\t\t\t\t\t\t\t\t\t\t\t\t<img loading=\"lazy\" decoding=\"async\" width=\"640\" height=\"424\" src=\"https:\/\/trampoline.edu.pl\/szkola\/wp-content\/uploads\/sites\/5\/2026\/08\/9Katarzyna-1024x678.jpg\" class=\"attachment-large size-large wp-image-11955\" alt=\"\" srcset=\"https:\/\/trampoline.edu.pl\/szkola\/wp-content\/uploads\/sites\/5\/2026\/08\/9Katarzyna-1024x678.jpg 1024w, https:\/\/trampoline.edu.pl\/szkola\/wp-content\/uploads\/sites\/5\/2026\/08\/9Katarzyna-300x199.jpg 300w, https:\/\/trampoline.edu.pl\/szkola\/wp-content\/uploads\/sites\/5\/2026\/08\/9Katarzyna-768x508.jpg 768w, https:\/\/trampoline.edu.pl\/szkola\/wp-content\/uploads\/sites\/5\/2026\/08\/9Katarzyna-1536x1016.jpg 1536w, https:\/\/trampoline.edu.pl\/szkola\/wp-content\/uploads\/sites\/5\/2026\/08\/9Katarzyna-2048x1355.jpg 2048w\" sizes=\"(max-width: 640px) 100vw, 640px\" \/>\t\t\t\t\t\t\t\t\t\t\t\t\t\t\t<\/div>\n\t\t<div class=\"elementor-element elementor-element-6391c19f e-flex e-con-boxed e-con e-child\" data-id=\"6391c19f\" data-element_type=\"container\" data-e-type=\"container\">\n\t\t\t\t\t<div class=\"e-con-inner\">\n\t\t\t\t<div class=\"elementor-element elementor-element-36b50790 elementor-widget elementor-widget-heading\" data-id=\"36b50790\" data-element_type=\"widget\" data-e-type=\"widget\" data-widget_type=\"heading.default\">\n\t\t\t\t\t<h3 class=\"elementor-heading-title elementor-size-default\">Katarzyna<\/h3>\t\t\t\t<\/div>\n\t\t\t\t<div class=\"elementor-element elementor-element-1b0fecaf elementor-widget elementor-widget-heading\" data-id=\"1b0fecaf\" data-element_type=\"widget\" data-e-type=\"widget\" data-widget_type=\"heading.default\">\n\t\t\t\t\t<div class=\"elementor-heading-title elementor-size-default\">WYCHOWAWCZYNI KLASY 3A \/ PSYCHOLOG<\/div>\t\t\t\t<\/div>\n\t\t\t\t<div class=\"elementor-element elementor-element-512ee9de elementor-widget elementor-widget-text-editor\" data-id=\"512ee9de\" data-element_type=\"widget\" data-e-type=\"widget\" data-widget_type=\"text-editor.default\">\n\t\t\t\t\t\t\t\t\t<p>Jestem psychologiem spo\u0142ecznym oraz nauczycielem przedszkolnym i wczesnoszkolnym, terapeut\u0105 pedagogicznym, a tak\u017ce terapeut\u0105 SI I stopnia. Od 18 lat pracuj\u0119 z dzie\u0107mi jako nauczyciel i psycholog. Prac\u0119 z m\u0142odym cz\u0142owiekiem opieram przede wszystkim na metodach aktywizuj\u0105cych i wpieraj\u0105cych naturaln\u0105 potrzeb\u0119 ruchu. Prywatnie jestem \u017con\u0105 oraz mam\u0105 Liliany i Mii.<\/p>\t\t\t\t\t\t\t\t<\/div>\n\t\t\t\t\t<\/div>\n\t\t\t\t<\/div>\n\t\t\t\t\t<\/div>\n\t\t\t\t<\/div>\n\t\t<div class=\"elementor-element elementor-element-630539f9 e-flex e-con-boxed e-con e-child\" data-id=\"630539f9\" data-element_type=\"container\" data-e-type=\"container\" data-settings=\"{&quot;background_background&quot;:&quot;classic&quot;}\">\n\t\t\t\t\t<div class=\"e-con-inner\">\n\t\t\t\t<div class=\"elementor-element elementor-element-64f592fa elementor-widget elementor-widget-image\" data-id=\"64f592fa\" data-element_type=\"widget\" data-e-type=\"widget\" data-widget_type=\"image.default\">\n\t\t\t\t\t\t\t\t\t\t\t\t\t\t\t<img loading=\"lazy\" decoding=\"async\" width=\"640\" height=\"425\" src=\"https:\/\/trampoline.edu.pl\/szkola\/wp-content\/uploads\/sites\/5\/2026\/08\/10Kamila.jpeg\" class=\"attachment-large size-large wp-image-11956\" alt=\"\" srcset=\"https:\/\/trampoline.edu.pl\/szkola\/wp-content\/uploads\/sites\/5\/2026\/08\/10Kamila.jpeg 852w, https:\/\/trampoline.edu.pl\/szkola\/wp-content\/uploads\/sites\/5\/2026\/08\/10Kamila-300x199.jpeg 300w, https:\/\/trampoline.edu.pl\/szkola\/wp-content\/uploads\/sites\/5\/2026\/08\/10Kamila-768x510.jpeg 768w\" sizes=\"(max-width: 640px) 100vw, 640px\" \/>\t\t\t\t\t\t\t\t\t\t\t\t\t\t\t<\/div>\n\t\t<div class=\"elementor-element elementor-element-6050b8a2 e-flex e-con-boxed e-con e-child\" data-id=\"6050b8a2\" data-element_type=\"container\" data-e-type=\"container\">\n\t\t\t\t\t<div class=\"e-con-inner\">\n\t\t\t\t<div class=\"elementor-element elementor-element-144aecdb elementor-widget elementor-widget-heading\" data-id=\"144aecdb\" data-element_type=\"widget\" data-e-type=\"widget\" data-widget_type=\"heading.default\">\n\t\t\t\t\t<h3 class=\"elementor-heading-title elementor-size-default\">Kamila<\/h3>\t\t\t\t<\/div>\n\t\t\t\t<div class=\"elementor-element elementor-element-6ebad23b elementor-widget elementor-widget-heading\" data-id=\"6ebad23b\" data-element_type=\"widget\" data-e-type=\"widget\" data-widget_type=\"heading.default\">\n\t\t\t\t\t<div class=\"elementor-heading-title elementor-size-default\">WYCHOWAWCZYNI KLASY 3B \/ PEDAGOG SPECJALNY<\/div>\t\t\t\t<\/div>\n\t\t\t\t<div class=\"elementor-element elementor-element-e9da8a2 elementor-widget elementor-widget-text-editor\" data-id=\"e9da8a2\" data-element_type=\"widget\" data-e-type=\"widget\" data-widget_type=\"text-editor.default\">\n\t\t\t\t\t\t\t\t\t<p>Jestem absolwentk\u0105 Pedagogiki Specjalnej. Wa\u017cny jest dla mnie ci\u0105g\u0142y rozw\u00f3j aby jak najlepiej wspiera\u0107 uczni\u00f3w w codziennej przeprawie przez \u017cycie. Prac\u0119 pedagogiczn\u0105 skupiam na indywidualnym podej\u015bciu i wspieraniu rozwoju poprzez wykorzystywanie zainteresowa\u0144 i mocnych stron ucznia. W wolnych chwilach lubi\u0119 czyta\u0107 krymina\u0142y i zag\u0142\u0119bia\u0107 si\u0119 w ludzk\u0105 psychik\u0119.<\/p>\t\t\t\t\t\t\t\t<\/div>\n\t\t\t\t\t<\/div>\n\t\t\t\t<\/div>\n\t\t\t\t\t<\/div>\n\t\t\t\t<\/div>\n\t\t<div class=\"elementor-element elementor-element-34ae8bd6 e-flex e-con-boxed e-con e-child\" data-id=\"34ae8bd6\" data-element_type=\"container\" data-e-type=\"container\" data-settings=\"{&quot;background_background&quot;:&quot;classic&quot;}\">\n\t\t\t\t\t<div class=\"e-con-inner\">\n\t\t\t\t<div class=\"elementor-element elementor-element-6f986b94 elementor-widget elementor-widget-image\" data-id=\"6f986b94\" data-element_type=\"widget\" data-e-type=\"widget\" data-widget_type=\"image.default\">\n\t\t\t\t\t\t\t\t\t\t\t\t\t\t\t<img loading=\"lazy\" decoding=\"async\" width=\"640\" height=\"437\" src=\"https:\/\/trampoline.edu.pl\/szkola\/wp-content\/uploads\/sites\/5\/2026\/08\/11Justyna--1024x699.jpg\" class=\"attachment-large size-large wp-image-11957\" alt=\"\" srcset=\"https:\/\/trampoline.edu.pl\/szkola\/wp-content\/uploads\/sites\/5\/2026\/08\/11Justyna--1024x699.jpg 1024w, https:\/\/trampoline.edu.pl\/szkola\/wp-content\/uploads\/sites\/5\/2026\/08\/11Justyna--300x205.jpg 300w, https:\/\/trampoline.edu.pl\/szkola\/wp-content\/uploads\/sites\/5\/2026\/08\/11Justyna--768x524.jpg 768w, https:\/\/trampoline.edu.pl\/szkola\/wp-content\/uploads\/sites\/5\/2026\/08\/11Justyna--1536x1048.jpg 1536w, https:\/\/trampoline.edu.pl\/szkola\/wp-content\/uploads\/sites\/5\/2026\/08\/11Justyna-.jpg 1568w\" sizes=\"(max-width: 640px) 100vw, 640px\" \/>\t\t\t\t\t\t\t\t\t\t\t\t\t\t\t<\/div>\n\t\t<div class=\"elementor-element elementor-element-7d720e08 e-flex e-con-boxed e-con e-child\" data-id=\"7d720e08\" data-element_type=\"container\" data-e-type=\"container\">\n\t\t\t\t\t<div class=\"e-con-inner\">\n\t\t\t\t<div class=\"elementor-element elementor-element-46590e14 elementor-widget elementor-widget-heading\" data-id=\"46590e14\" data-element_type=\"widget\" data-e-type=\"widget\" data-widget_type=\"heading.default\">\n\t\t\t\t\t<h3 class=\"elementor-heading-title elementor-size-default\">Jusyna<\/h3>\t\t\t\t<\/div>\n\t\t\t\t<div class=\"elementor-element elementor-element-1bc20daa elementor-widget elementor-widget-heading\" data-id=\"1bc20daa\" data-element_type=\"widget\" data-e-type=\"widget\" data-widget_type=\"heading.default\">\n\t\t\t\t\t<div class=\"elementor-heading-title elementor-size-default\">WYCHOWAWCZYNI KLASY 4 \/ PSYCHOLOG<\/div>\t\t\t\t<\/div>\n\t\t\t\t<div class=\"elementor-element elementor-element-6af64bc3 elementor-widget elementor-widget-text-editor\" data-id=\"6af64bc3\" data-element_type=\"widget\" data-e-type=\"widget\" data-widget_type=\"text-editor.default\">\n\t\t\t\t\t\t\t\t\t<p>Jestem absolwentk\u0105 Psychologii i T\u0142umacze\u0144 specjalistycznych na UW, uko\u0144czy\u0142am studia podyplomowe ze stosowanej analizy zachowania oraz pedagogiki. Do\u015bwiadczenie zdobywa\u0142am w przedszkolach, poradniach i gabinetach terapeutycznych. Od 14 lat pracuj\u0119 z dzie\u0107mi z trudno\u015bciami rozwojowymi, prowadz\u0119 terapi\u0119 i warsztaty oraz szkolenia dla rodzic\u00f3w. Prywatnie jestem mam\u0105 dw\u00f3ch ch\u0142opc\u00f3w, moje pasje to ludzie i kawa.<\/p>\t\t\t\t\t\t\t\t<\/div>\n\t\t\t\t\t<\/div>\n\t\t\t\t<\/div>\n\t\t\t\t\t<\/div>\n\t\t\t\t<\/div>\n\t\t<div class=\"elementor-element elementor-element-127b7520 e-flex e-con-boxed e-con e-child\" data-id=\"127b7520\" data-element_type=\"container\" data-e-type=\"container\" data-settings=\"{&quot;background_background&quot;:&quot;classic&quot;}\">\n\t\t\t\t\t<div class=\"e-con-inner\">\n\t\t\t\t<div class=\"elementor-element elementor-element-54751747 elementor-widget elementor-widget-image\" data-id=\"54751747\" data-element_type=\"widget\" data-e-type=\"widget\" data-widget_type=\"image.default\">\n\t\t\t\t\t\t\t\t\t\t\t\t\t\t\t<img loading=\"lazy\" decoding=\"async\" width=\"640\" height=\"429\" src=\"https:\/\/trampoline.edu.pl\/szkola\/wp-content\/uploads\/sites\/5\/2026\/08\/12Kacper-1024x686.jpg\" class=\"attachment-large size-large wp-image-11958\" alt=\"\" srcset=\"https:\/\/trampoline.edu.pl\/szkola\/wp-content\/uploads\/sites\/5\/2026\/08\/12Kacper-1024x686.jpg 1024w, https:\/\/trampoline.edu.pl\/szkola\/wp-content\/uploads\/sites\/5\/2026\/08\/12Kacper-300x201.jpg 300w, https:\/\/trampoline.edu.pl\/szkola\/wp-content\/uploads\/sites\/5\/2026\/08\/12Kacper-768x514.jpg 768w, https:\/\/trampoline.edu.pl\/szkola\/wp-content\/uploads\/sites\/5\/2026\/08\/12Kacper-1536x1028.jpg 1536w, https:\/\/trampoline.edu.pl\/szkola\/wp-content\/uploads\/sites\/5\/2026\/08\/12Kacper.jpg 1707w\" sizes=\"(max-width: 640px) 100vw, 640px\" \/>\t\t\t\t\t\t\t\t\t\t\t\t\t\t\t<\/div>\n\t\t<div class=\"elementor-element elementor-element-6c5451c5 e-flex e-con-boxed e-con e-child\" data-id=\"6c5451c5\" data-element_type=\"container\" data-e-type=\"container\">\n\t\t\t\t\t<div class=\"e-con-inner\">\n\t\t\t\t<div class=\"elementor-element elementor-element-73471e5b elementor-widget elementor-widget-heading\" data-id=\"73471e5b\" data-element_type=\"widget\" data-e-type=\"widget\" data-widget_type=\"heading.default\">\n\t\t\t\t\t<h3 class=\"elementor-heading-title elementor-size-default\">Kacper<\/h3>\t\t\t\t<\/div>\n\t\t\t\t<div class=\"elementor-element elementor-element-4f204aba elementor-widget elementor-widget-heading\" data-id=\"4f204aba\" data-element_type=\"widget\" data-e-type=\"widget\" data-widget_type=\"heading.default\">\n\t\t\t\t\t<div class=\"elementor-heading-title elementor-size-default\">WYCHOWAWCA KLASY 5 \/ NAUCZYCIEL WYCHOWANIA FIZYCZNEGO<\/div>\t\t\t\t<\/div>\n\t\t\t\t<div class=\"elementor-element elementor-element-753f88bb elementor-widget elementor-widget-text-editor\" data-id=\"753f88bb\" data-element_type=\"widget\" data-e-type=\"widget\" data-widget_type=\"text-editor.default\">\n\t\t\t\t\t\t\t\t\t<p>Absolwent Akademii Wychowania Fizycznego i Uniwersytetu Warszawskiego. Od ponad 5 lat pracuje z zawodnikami pi\u0142ki no\u017cnej. Aktualnie jestem koordynatorem akademii w podwarszawskim klubie a tak\u017ce trenerem przygotowania motorycznego w klubie UKS Varsovia. Prowadz\u0119 treningi funkcjonalne dla dzieci i doros\u0142ych. Prac\u0119 z dzie\u0107mi rozpocz\u0105\u0142em jako trener pi\u0142ki no\u017cnej, ko\u0144cz\u0105c kolejno kursy UEFA C i B. Jestem pasjonatem sportu i zdrowego trybu \u017cycia.<\/p>\t\t\t\t\t\t\t\t<\/div>\n\t\t\t\t\t<\/div>\n\t\t\t\t<\/div>\n\t\t\t\t\t<\/div>\n\t\t\t\t<\/div>\n\t\t<div class=\"elementor-element elementor-element-30c4163b e-flex e-con-boxed e-con e-child\" data-id=\"30c4163b\" data-element_type=\"container\" data-e-type=\"container\" data-settings=\"{&quot;background_background&quot;:&quot;classic&quot;}\">\n\t\t\t\t\t<div class=\"e-con-inner\">\n\t\t\t\t<div class=\"elementor-element elementor-element-302ddbd4 elementor-widget elementor-widget-image\" data-id=\"302ddbd4\" data-element_type=\"widget\" data-e-type=\"widget\" data-widget_type=\"image.default\">\n\t\t\t\t\t\t\t\t\t\t\t\t\t\t\t<img loading=\"lazy\" decoding=\"async\" width=\"296\" height=\"197\" src=\"https:\/\/trampoline.edu.pl\/szkola\/wp-content\/uploads\/sites\/5\/2026\/08\/13Jakub.png\" class=\"attachment-large size-large wp-image-11959\" alt=\"\" \/>\t\t\t\t\t\t\t\t\t\t\t\t\t\t\t<\/div>\n\t\t<div class=\"elementor-element elementor-element-191b2cbe e-flex e-con-boxed e-con e-child\" data-id=\"191b2cbe\" data-element_type=\"container\" data-e-type=\"container\">\n\t\t\t\t\t<div class=\"e-con-inner\">\n\t\t\t\t<div class=\"elementor-element elementor-element-20217e9f elementor-widget elementor-widget-heading\" data-id=\"20217e9f\" data-element_type=\"widget\" data-e-type=\"widget\" data-widget_type=\"heading.default\">\n\t\t\t\t\t<h3 class=\"elementor-heading-title elementor-size-default\">Jakub<\/h3>\t\t\t\t<\/div>\n\t\t\t\t<div class=\"elementor-element elementor-element-7a5ff20f elementor-widget elementor-widget-heading\" data-id=\"7a5ff20f\" data-element_type=\"widget\" data-e-type=\"widget\" data-widget_type=\"heading.default\">\n\t\t\t\t\t<div class=\"elementor-heading-title elementor-size-default\">WYCHOWAWCA KLASY 6 \/ NAUCZYCIEL WYCHOWANIA FIZYCZNEGO<\/div>\t\t\t\t<\/div>\n\t\t\t\t<div class=\"elementor-element elementor-element-47c5aeee elementor-widget elementor-widget-text-editor\" data-id=\"47c5aeee\" data-element_type=\"widget\" data-e-type=\"widget\" data-widget_type=\"text-editor.default\">\n\t\t\t\t\t\t\t\t\t<p>Absolwent Wydzia\u0142u Nauk o Wychowaniu Uniwersytetu \u0141\u00f3dzkiego, na kierunku pedagogika kultury fizycznej i zdrowotnej. Posiada ponad dziesi\u0119cioletnie do\u015bwiadczenie w pracy nauczyciela wychowania fizycznego. Od wielu lat jest r\u00f3wnie\u017c trenerem pi\u0142ki no\u017cnej z licencj\u0105 trenera UEFA A. Wielki fan pedagogiki nielinearnej. Pasjonat sportu, a w szczeg\u00f3lno\u015bci pi\u0142ki no\u017cnej.<\/p>\t\t\t\t\t\t\t\t<\/div>\n\t\t\t\t\t<\/div>\n\t\t\t\t<\/div>\n\t\t\t\t\t<\/div>\n\t\t\t\t<\/div>\n\t\t<div class=\"elementor-element elementor-element-7092771c e-flex e-con-boxed e-con e-child\" data-id=\"7092771c\" data-element_type=\"container\" data-e-type=\"container\" data-settings=\"{&quot;background_background&quot;:&quot;classic&quot;}\">\n\t\t\t\t\t<div class=\"e-con-inner\">\n\t\t\t\t<div class=\"elementor-element elementor-element-684b48b3 elementor-widget elementor-widget-image\" data-id=\"684b48b3\" data-element_type=\"widget\" data-e-type=\"widget\" data-widget_type=\"image.default\">\n\t\t\t\t\t\t\t\t\t\t\t\t\t\t\t<img loading=\"lazy\" decoding=\"async\" width=\"640\" height=\"426\" src=\"https:\/\/trampoline.edu.pl\/szkola\/wp-content\/uploads\/sites\/5\/2026\/08\/14Katarzyna-1024x682.jpg\" class=\"attachment-large size-large wp-image-11960\" alt=\"\" srcset=\"https:\/\/trampoline.edu.pl\/szkola\/wp-content\/uploads\/sites\/5\/2026\/08\/14Katarzyna-1024x682.jpg 1024w, https:\/\/trampoline.edu.pl\/szkola\/wp-content\/uploads\/sites\/5\/2026\/08\/14Katarzyna-300x200.jpg 300w, https:\/\/trampoline.edu.pl\/szkola\/wp-content\/uploads\/sites\/5\/2026\/08\/14Katarzyna-768x511.jpg 768w, https:\/\/trampoline.edu.pl\/szkola\/wp-content\/uploads\/sites\/5\/2026\/08\/14Katarzyna-1536x1022.jpg 1536w, https:\/\/trampoline.edu.pl\/szkola\/wp-content\/uploads\/sites\/5\/2026\/08\/14Katarzyna-2048x1363.jpg 2048w\" sizes=\"(max-width: 640px) 100vw, 640px\" \/>\t\t\t\t\t\t\t\t\t\t\t\t\t\t\t<\/div>\n\t\t<div class=\"elementor-element elementor-element-7077b30e e-flex e-con-boxed e-con e-child\" data-id=\"7077b30e\" data-element_type=\"container\" data-e-type=\"container\">\n\t\t\t\t\t<div class=\"e-con-inner\">\n\t\t\t\t<div class=\"elementor-element elementor-element-446f2e45 elementor-widget elementor-widget-heading\" data-id=\"446f2e45\" data-element_type=\"widget\" data-e-type=\"widget\" data-widget_type=\"heading.default\">\n\t\t\t\t\t<h3 class=\"elementor-heading-title elementor-size-default\">Katarzyna<\/h3>\t\t\t\t<\/div>\n\t\t\t\t<div class=\"elementor-element elementor-element-5b83b2da elementor-widget elementor-widget-heading\" data-id=\"5b83b2da\" data-element_type=\"widget\" data-e-type=\"widget\" data-widget_type=\"heading.default\">\n\t\t\t\t\t<div class=\"elementor-heading-title elementor-size-default\">WYCHOWAWCZYNI KLASY 7 \/ PEDAGOG SZKOLNY<\/div>\t\t\t\t<\/div>\n\t\t\t\t<div class=\"elementor-element elementor-element-600ed3b1 elementor-widget elementor-widget-text-editor\" data-id=\"600ed3b1\" data-element_type=\"widget\" data-e-type=\"widget\" data-widget_type=\"text-editor.default\">\n\t\t\t\t\t\t\t\t\t<p>Absolwentka filologii polskiej, wychowania przedszkolnego oraz zarz\u0105dzania o\u015bwiat\u0105. Uko\u0144czona szko\u0142a j\u0119zykowa Alliance Francaise w Wersalu. Od 13 lat zwi\u0105zana z przedszkolem Trampoline w charakterze nauczyciela, a tak\u017ce dyrektora plac\u00f3wki. Prywatnie mama Jasia i Heleny.<\/p>\t\t\t\t\t\t\t\t<\/div>\n\t\t\t\t\t<\/div>\n\t\t\t\t<\/div>\n\t\t\t\t\t<\/div>\n\t\t\t\t<\/div>\n\t\t<div class=\"elementor-element elementor-element-1c8b7db2 e-flex e-con-boxed e-con e-child\" data-id=\"1c8b7db2\" data-element_type=\"container\" data-e-type=\"container\" data-settings=\"{&quot;background_background&quot;:&quot;classic&quot;}\">\n\t\t\t\t\t<div class=\"e-con-inner\">\n\t\t\t\t<div class=\"elementor-element elementor-element-54049671 elementor-widget elementor-widget-image\" data-id=\"54049671\" data-element_type=\"widget\" data-e-type=\"widget\" data-widget_type=\"image.default\">\n\t\t\t\t\t\t\t\t\t\t\t\t\t\t\t<img loading=\"lazy\" decoding=\"async\" width=\"640\" height=\"426\" src=\"https:\/\/trampoline.edu.pl\/szkola\/wp-content\/uploads\/sites\/5\/2026\/08\/15Melanie-1024x682.jpg\" class=\"attachment-large size-large wp-image-11961\" alt=\"\" srcset=\"https:\/\/trampoline.edu.pl\/szkola\/wp-content\/uploads\/sites\/5\/2026\/08\/15Melanie-1024x682.jpg 1024w, https:\/\/trampoline.edu.pl\/szkola\/wp-content\/uploads\/sites\/5\/2026\/08\/15Melanie-300x200.jpg 300w, https:\/\/trampoline.edu.pl\/szkola\/wp-content\/uploads\/sites\/5\/2026\/08\/15Melanie-768x511.jpg 768w, https:\/\/trampoline.edu.pl\/szkola\/wp-content\/uploads\/sites\/5\/2026\/08\/15Melanie-1536x1022.jpg 1536w, https:\/\/trampoline.edu.pl\/szkola\/wp-content\/uploads\/sites\/5\/2026\/08\/15Melanie-2048x1363.jpg 2048w\" sizes=\"(max-width: 640px) 100vw, 640px\" \/>\t\t\t\t\t\t\t\t\t\t\t\t\t\t\t<\/div>\n\t\t<div class=\"elementor-element elementor-element-7fb3c2e4 e-flex e-con-boxed e-con e-child\" data-id=\"7fb3c2e4\" data-element_type=\"container\" data-e-type=\"container\">\n\t\t\t\t\t<div class=\"e-con-inner\">\n\t\t\t\t<div class=\"elementor-element elementor-element-7d6524e3 elementor-widget elementor-widget-heading\" data-id=\"7d6524e3\" data-element_type=\"widget\" data-e-type=\"widget\" data-widget_type=\"heading.default\">\n\t\t\t\t\t<h3 class=\"elementor-heading-title elementor-size-default\">Melanie<\/h3>\t\t\t\t<\/div>\n\t\t\t\t<div class=\"elementor-element elementor-element-6aa1e2d0 elementor-widget elementor-widget-heading\" data-id=\"6aa1e2d0\" data-element_type=\"widget\" data-e-type=\"widget\" data-widget_type=\"heading.default\">\n\t\t\t\t\t<div class=\"elementor-heading-title elementor-size-default\">WYCHOWAWCZYNI KLASY 8 \/ NATIVE SPEAKER<\/div>\t\t\t\t<\/div>\n\t\t\t\t<div class=\"elementor-element elementor-element-691c1f80 elementor-widget elementor-widget-text-editor\" data-id=\"691c1f80\" data-element_type=\"widget\" data-e-type=\"widget\" data-widget_type=\"text-editor.default\">\n\t\t\t\t\t\t\t\t\t<p>After obtaining my master\u2019s degree in teaching French as a Foreign Language at the University of Angers in 2018, I taught for almost two years in Chengdu, China with children aged 6 to 13. I have been a teacher at Trampoline School since 2020 and I lead my lessons between open communication, learning the fundamentals, games and projects. One of my passions being Art, I like to integrate these elements and share them with my students.<\/p>\t\t\t\t\t\t\t\t<\/div>\n\t\t\t\t\t<\/div>\n\t\t\t\t<\/div>\n\t\t\t\t\t<\/div>\n\t\t\t\t<\/div>\n\t\t<div class=\"elementor-element elementor-element-2b67da40 e-flex e-con-boxed e-con e-child\" data-id=\"2b67da40\" data-element_type=\"container\" data-e-type=\"container\" data-settings=\"{&quot;background_background&quot;:&quot;classic&quot;}\">\n\t\t\t\t\t<div class=\"e-con-inner\">\n\t\t\t\t<div class=\"elementor-element elementor-element-24dc0698 elementor-widget elementor-widget-image\" data-id=\"24dc0698\" data-element_type=\"widget\" data-e-type=\"widget\" data-widget_type=\"image.default\">\n\t\t\t\t\t\t\t\t\t\t\t\t\t\t\t<img loading=\"lazy\" decoding=\"async\" width=\"640\" height=\"441\" src=\"https:\/\/trampoline.edu.pl\/szkola\/wp-content\/uploads\/sites\/5\/2026\/08\/16Chloe-1024x706.jpg\" class=\"attachment-large size-large wp-image-11962\" alt=\"\" srcset=\"https:\/\/trampoline.edu.pl\/szkola\/wp-content\/uploads\/sites\/5\/2026\/08\/16Chloe-1024x706.jpg 1024w, https:\/\/trampoline.edu.pl\/szkola\/wp-content\/uploads\/sites\/5\/2026\/08\/16Chloe-300x207.jpg 300w, https:\/\/trampoline.edu.pl\/szkola\/wp-content\/uploads\/sites\/5\/2026\/08\/16Chloe-768x530.jpg 768w, https:\/\/trampoline.edu.pl\/szkola\/wp-content\/uploads\/sites\/5\/2026\/08\/16Chloe-1536x1060.jpg 1536w, https:\/\/trampoline.edu.pl\/szkola\/wp-content\/uploads\/sites\/5\/2026\/08\/16Chloe.jpg 1667w\" sizes=\"(max-width: 640px) 100vw, 640px\" \/>\t\t\t\t\t\t\t\t\t\t\t\t\t\t\t<\/div>\n\t\t<div class=\"elementor-element elementor-element-60bed8d2 e-flex e-con-boxed e-con e-child\" data-id=\"60bed8d2\" data-element_type=\"container\" data-e-type=\"container\">\n\t\t\t\t\t<div class=\"e-con-inner\">\n\t\t\t\t<div class=\"elementor-element elementor-element-af59a76 elementor-widget elementor-widget-heading\" data-id=\"af59a76\" data-element_type=\"widget\" data-e-type=\"widget\" data-widget_type=\"heading.default\">\n\t\t\t\t\t<h3 class=\"elementor-heading-title elementor-size-default\">Chloe<\/h3>\t\t\t\t<\/div>\n\t\t\t\t<div class=\"elementor-element elementor-element-11c9225a elementor-widget elementor-widget-heading\" data-id=\"11c9225a\" data-element_type=\"widget\" data-e-type=\"widget\" data-widget_type=\"heading.default\">\n\t\t\t\t\t<div class=\"elementor-heading-title elementor-size-default\">NATIVE SPEAKER<\/div>\t\t\t\t<\/div>\n\t\t\t\t<div class=\"elementor-element elementor-element-512eee6c elementor-widget elementor-widget-text-editor\" data-id=\"512eee6c\" data-element_type=\"widget\" data-e-type=\"widget\" data-widget_type=\"text-editor.default\">\n\t\t\t\t\t\t\t\t\t<p>I am a graduate in Applied Languages and I hold two Master\u2019s degrees: one in Intercultural Relations , and another one in Teaching French as a Foreign Language. Since 2022, I have been working as a French language teacher in Russia, Colombia, and in Poland. Passionate about working with children, I see teaching as a way to nurture curiosity, confidence, and a love for languages from an early age. Personally, I am curious about cultures and languages.<\/p>\t\t\t\t\t\t\t\t<\/div>\n\t\t\t\t\t<\/div>\n\t\t\t\t<\/div>\n\t\t\t\t\t<\/div>\n\t\t\t\t<\/div>\n\t\t<div class=\"elementor-element elementor-element-1455647b e-flex e-con-boxed e-con e-child\" data-id=\"1455647b\" data-element_type=\"container\" data-e-type=\"container\" data-settings=\"{&quot;background_background&quot;:&quot;classic&quot;}\">\n\t\t\t\t\t<div class=\"e-con-inner\">\n\t\t\t\t<div class=\"elementor-element elementor-element-1649de66 elementor-widget elementor-widget-image\" data-id=\"1649de66\" data-element_type=\"widget\" data-e-type=\"widget\" data-widget_type=\"image.default\">\n\t\t\t\t\t\t\t\t\t\t\t\t\t\t\t<img loading=\"lazy\" decoding=\"async\" width=\"640\" height=\"430\" src=\"https:\/\/trampoline.edu.pl\/szkola\/wp-content\/uploads\/sites\/5\/2026\/08\/18Anna-1024x688.jpg\" class=\"attachment-large size-large wp-image-11964\" alt=\"\" srcset=\"https:\/\/trampoline.edu.pl\/szkola\/wp-content\/uploads\/sites\/5\/2026\/08\/18Anna-1024x688.jpg 1024w, https:\/\/trampoline.edu.pl\/szkola\/wp-content\/uploads\/sites\/5\/2026\/08\/18Anna-300x202.jpg 300w, https:\/\/trampoline.edu.pl\/szkola\/wp-content\/uploads\/sites\/5\/2026\/08\/18Anna-768x516.jpg 768w, https:\/\/trampoline.edu.pl\/szkola\/wp-content\/uploads\/sites\/5\/2026\/08\/18Anna-1536x1033.jpg 1536w, https:\/\/trampoline.edu.pl\/szkola\/wp-content\/uploads\/sites\/5\/2026\/08\/18Anna-2048x1377.jpg 2048w\" sizes=\"(max-width: 640px) 100vw, 640px\" \/>\t\t\t\t\t\t\t\t\t\t\t\t\t\t\t<\/div>\n\t\t<div class=\"elementor-element elementor-element-6f97c352 e-flex e-con-boxed e-con e-child\" data-id=\"6f97c352\" data-element_type=\"container\" data-e-type=\"container\">\n\t\t\t\t\t<div class=\"e-con-inner\">\n\t\t\t\t<div class=\"elementor-element elementor-element-2379965c elementor-widget elementor-widget-heading\" data-id=\"2379965c\" data-element_type=\"widget\" data-e-type=\"widget\" data-widget_type=\"heading.default\">\n\t\t\t\t\t<h3 class=\"elementor-heading-title elementor-size-default\">Anna<\/h3>\t\t\t\t<\/div>\n\t\t\t\t<div class=\"elementor-element elementor-element-4dddceb5 elementor-widget elementor-widget-heading\" data-id=\"4dddceb5\" data-element_type=\"widget\" data-e-type=\"widget\" data-widget_type=\"heading.default\">\n\t\t\t\t\t<div class=\"elementor-heading-title elementor-size-default\">NAUCZYCIELKA J\u0118ZYKA FRANCUSKIEGO<\/div>\t\t\t\t<\/div>\n\t\t\t\t<div class=\"elementor-element elementor-element-2d81877e elementor-widget elementor-widget-text-editor\" data-id=\"2d81877e\" data-element_type=\"widget\" data-e-type=\"widget\" data-widget_type=\"text-editor.default\">\n\t\t\t\t\t\t\t\t\t<p>Jestem absolwentk\u0105 Nauczycielskiego Kolegium oraz Lingwistyki Stosowanej na UW. Od ponad 20 lat temu jestem zwi\u0105zana z nauczaniem j\u0119zyka francuskiego jako lektor r\u00f3\u017cnych grup wiekowych. W pracy stawiam na nauk\u0119 przez zabaw\u0119, kreatywne dzia\u0142anie i metody polisensoryczne. Bliska jest mi idea edukacji opartej na szacunku i indywidualnym podej\u015bciu do ka\u017cdego ucznia. Prywatnie jestem mam\u0105 dw\u00f3jki dzieci, mi\u0142o\u015bniczk\u0105 podr\u00f3\u017cy &#8211; szczeg\u00f3lnie kulinarnych &#8211; wycieczek rowerowych i gier planszowych.<\/p>\t\t\t\t\t\t\t\t<\/div>\n\t\t\t\t\t<\/div>\n\t\t\t\t<\/div>\n\t\t\t\t\t<\/div>\n\t\t\t\t<\/div>\n\t\t<div class=\"elementor-element elementor-element-340f8104 e-flex e-con-boxed e-con e-child\" data-id=\"340f8104\" data-element_type=\"container\" data-e-type=\"container\" data-settings=\"{&quot;background_background&quot;:&quot;classic&quot;}\">\n\t\t\t\t\t<div class=\"e-con-inner\">\n\t\t\t\t<div class=\"elementor-element elementor-element-5ccdaa76 elementor-widget elementor-widget-image\" data-id=\"5ccdaa76\" data-element_type=\"widget\" data-e-type=\"widget\" data-widget_type=\"image.default\">\n\t\t\t\t\t\t\t\t\t\t\t\t\t\t\t<img loading=\"lazy\" decoding=\"async\" width=\"315\" height=\"211\" src=\"https:\/\/trampoline.edu.pl\/szkola\/wp-content\/uploads\/sites\/5\/2026\/08\/19Blanka.jpg\" class=\"attachment-large size-large wp-image-11965\" alt=\"\" srcset=\"https:\/\/trampoline.edu.pl\/szkola\/wp-content\/uploads\/sites\/5\/2026\/08\/19Blanka.jpg 315w, https:\/\/trampoline.edu.pl\/szkola\/wp-content\/uploads\/sites\/5\/2026\/08\/19Blanka-300x201.jpg 300w\" sizes=\"(max-width: 315px) 100vw, 315px\" \/>\t\t\t\t\t\t\t\t\t\t\t\t\t\t\t<\/div>\n\t\t<div class=\"elementor-element elementor-element-4616ab2c e-flex e-con-boxed e-con e-child\" data-id=\"4616ab2c\" data-element_type=\"container\" data-e-type=\"container\">\n\t\t\t\t\t<div class=\"e-con-inner\">\n\t\t\t\t<div class=\"elementor-element elementor-element-5a9d7759 elementor-widget elementor-widget-heading\" data-id=\"5a9d7759\" data-element_type=\"widget\" data-e-type=\"widget\" data-widget_type=\"heading.default\">\n\t\t\t\t\t<h3 class=\"elementor-heading-title elementor-size-default\">Blanka<\/h3>\t\t\t\t<\/div>\n\t\t\t\t<div class=\"elementor-element elementor-element-3384e94d elementor-widget elementor-widget-heading\" data-id=\"3384e94d\" data-element_type=\"widget\" data-e-type=\"widget\" data-widget_type=\"heading.default\">\n\t\t\t\t\t<div class=\"elementor-heading-title elementor-size-default\">NATIVE SPEAKER<\/div>\t\t\t\t<\/div>\n\t\t\t\t<div class=\"elementor-element elementor-element-13c39276 elementor-widget elementor-widget-text-editor\" data-id=\"13c39276\" data-element_type=\"widget\" data-e-type=\"widget\" data-widget_type=\"text-editor.default\">\n\t\t\t\t\t\t\t\t\t<p>Jestem absolwentk\u0105 Instytutu Lingwistyki Stosowanej UW, gdzie naby\u0142am umiej\u0119tno\u015bci z zakresu nauczania i t\u0142umaczenia ustnego. Prac\u0119 jako nauczyciel j\u0119zyka rozpocz\u0119\u0142am na drugim roku studi\u00f3w, uczestniczy\u0142am w licznych warsztatach metodycznych i wychowawczych. W wolnym czasie, poza sp\u0119dzaniem go z rodzin\u0105, tworz\u0119 muzyk\u0119 elektroniczn\u0105 i pisz\u0119 wierszyki dla dzieci.<\/p>\t\t\t\t\t\t\t\t<\/div>\n\t\t\t\t\t<\/div>\n\t\t\t\t<\/div>\n\t\t\t\t\t<\/div>\n\t\t\t\t<\/div>\n\t\t<div class=\"elementor-element elementor-element-5150efd7 e-flex e-con-boxed e-con e-child\" data-id=\"5150efd7\" data-element_type=\"container\" data-e-type=\"container\" data-settings=\"{&quot;background_background&quot;:&quot;classic&quot;}\">\n\t\t\t\t\t<div class=\"e-con-inner\">\n\t\t\t\t<div class=\"elementor-element elementor-element-77e06cf8 elementor-widget elementor-widget-image\" data-id=\"77e06cf8\" data-element_type=\"widget\" data-e-type=\"widget\" data-widget_type=\"image.default\">\n\t\t\t\t\t\t\t\t\t\t\t\t\t\t\t<img loading=\"lazy\" decoding=\"async\" width=\"640\" height=\"426\" src=\"https:\/\/trampoline.edu.pl\/szkola\/wp-content\/uploads\/sites\/5\/2026\/08\/20Alicja-1024x681.jpg\" class=\"attachment-large size-large wp-image-11966\" alt=\"\" srcset=\"https:\/\/trampoline.edu.pl\/szkola\/wp-content\/uploads\/sites\/5\/2026\/08\/20Alicja-1024x681.jpg 1024w, https:\/\/trampoline.edu.pl\/szkola\/wp-content\/uploads\/sites\/5\/2026\/08\/20Alicja-300x200.jpg 300w, https:\/\/trampoline.edu.pl\/szkola\/wp-content\/uploads\/sites\/5\/2026\/08\/20Alicja-768x511.jpg 768w, https:\/\/trampoline.edu.pl\/szkola\/wp-content\/uploads\/sites\/5\/2026\/08\/20Alicja-1536x1022.jpg 1536w, https:\/\/trampoline.edu.pl\/szkola\/wp-content\/uploads\/sites\/5\/2026\/08\/20Alicja-2048x1362.jpg 2048w\" sizes=\"(max-width: 640px) 100vw, 640px\" \/>\t\t\t\t\t\t\t\t\t\t\t\t\t\t\t<\/div>\n\t\t<div class=\"elementor-element elementor-element-4fc1196b e-flex e-con-boxed e-con e-child\" data-id=\"4fc1196b\" data-element_type=\"container\" data-e-type=\"container\">\n\t\t\t\t\t<div class=\"e-con-inner\">\n\t\t\t\t<div class=\"elementor-element elementor-element-472ff8f5 elementor-widget elementor-widget-heading\" data-id=\"472ff8f5\" data-element_type=\"widget\" data-e-type=\"widget\" data-widget_type=\"heading.default\">\n\t\t\t\t\t<h3 class=\"elementor-heading-title elementor-size-default\">Alicja<\/h3>\t\t\t\t<\/div>\n\t\t\t\t<div class=\"elementor-element elementor-element-2dd055e elementor-widget elementor-widget-heading\" data-id=\"2dd055e\" data-element_type=\"widget\" data-e-type=\"widget\" data-widget_type=\"heading.default\">\n\t\t\t\t\t<div class=\"elementor-heading-title elementor-size-default\">NAUCZYCIELKA J\u0118ZYKA ANGIELSKIEGO<\/div>\t\t\t\t<\/div>\n\t\t\t\t<div class=\"elementor-element elementor-element-5d748778 elementor-widget elementor-widget-text-editor\" data-id=\"5d748778\" data-element_type=\"widget\" data-e-type=\"widget\" data-widget_type=\"text-editor.default\">\n\t\t\t\t\t\t\t\t\t<p>Uko\u0144czy\u0142a studia magisterskie na kierunku filologia angielska na SWPS Uniwersytecie Humanistyczno-Spo\u0142ecznym. Posiada certyfikat CPE z j\u0119zyka angielskiego oraz stopie\u0144 nauczyciela dyplomowanego. Swoje lekcje uatrakcyjnia licznymi grami, piosenkami, aktywno\u015bciami wymagaj\u0105cymi zaanga\u017cowania ze strony uczni\u00f3w.<\/p>\t\t\t\t\t\t\t\t<\/div>\n\t\t\t\t\t<\/div>\n\t\t\t\t<\/div>\n\t\t\t\t\t<\/div>\n\t\t\t\t<\/div>\n\t\t<div class=\"elementor-element elementor-element-654a6a9a e-flex e-con-boxed e-con e-child\" data-id=\"654a6a9a\" data-element_type=\"container\" data-e-type=\"container\" data-settings=\"{&quot;background_background&quot;:&quot;classic&quot;}\">\n\t\t\t\t\t<div class=\"e-con-inner\">\n\t\t\t\t<div class=\"elementor-element elementor-element-4a6fd283 elementor-widget elementor-widget-image\" data-id=\"4a6fd283\" data-element_type=\"widget\" data-e-type=\"widget\" data-widget_type=\"image.default\">\n\t\t\t\t\t\t\t\t\t\t\t\t\t\t\t<img loading=\"lazy\" decoding=\"async\" width=\"640\" height=\"431\" src=\"https:\/\/trampoline.edu.pl\/szkola\/wp-content\/uploads\/sites\/5\/2026\/08\/21Eulala-1024x689.jpeg\" class=\"attachment-large size-large wp-image-11967\" alt=\"\" srcset=\"https:\/\/trampoline.edu.pl\/szkola\/wp-content\/uploads\/sites\/5\/2026\/08\/21Eulala-1024x689.jpeg 1024w, https:\/\/trampoline.edu.pl\/szkola\/wp-content\/uploads\/sites\/5\/2026\/08\/21Eulala-300x202.jpeg 300w, https:\/\/trampoline.edu.pl\/szkola\/wp-content\/uploads\/sites\/5\/2026\/08\/21Eulala-768x516.jpeg 768w, https:\/\/trampoline.edu.pl\/szkola\/wp-content\/uploads\/sites\/5\/2026\/08\/21Eulala-1536x1033.jpeg 1536w, https:\/\/trampoline.edu.pl\/szkola\/wp-content\/uploads\/sites\/5\/2026\/08\/21Eulala.jpeg 1920w\" sizes=\"(max-width: 640px) 100vw, 640px\" \/>\t\t\t\t\t\t\t\t\t\t\t\t\t\t\t<\/div>\n\t\t<div class=\"elementor-element elementor-element-50fd0aca e-flex e-con-boxed e-con e-child\" data-id=\"50fd0aca\" data-element_type=\"container\" data-e-type=\"container\">\n\t\t\t\t\t<div class=\"e-con-inner\">\n\t\t\t\t<div class=\"elementor-element elementor-element-2eae766b elementor-widget elementor-widget-heading\" data-id=\"2eae766b\" data-element_type=\"widget\" data-e-type=\"widget\" data-widget_type=\"heading.default\">\n\t\t\t\t\t<h3 class=\"elementor-heading-title elementor-size-default\">Eulala<\/h3>\t\t\t\t<\/div>\n\t\t\t\t<div class=\"elementor-element elementor-element-690b256 elementor-widget elementor-widget-heading\" data-id=\"690b256\" data-element_type=\"widget\" data-e-type=\"widget\" data-widget_type=\"heading.default\">\n\t\t\t\t\t<div class=\"elementor-heading-title elementor-size-default\">NAUCZYCIELKA J\u0118ZYKA ANGIELSKIEGO<\/div>\t\t\t\t<\/div>\n\t\t\t\t<div class=\"elementor-element elementor-element-2331bcb5 elementor-widget elementor-widget-text-editor\" data-id=\"2331bcb5\" data-element_type=\"widget\" data-e-type=\"widget\" data-widget_type=\"text-editor.default\">\n\t\t\t\t\t\t\t\t\t<p>Od lat prowadz\u0119 zaj\u0119cia z dzie\u0107mi, m\u0142odzie\u017c\u0105 i doros\u0142ymi \u2013 w szko\u0142ach, na uczelniach, w r\u00f3\u017cnych \u015brodowiskach zawodowych r\u00f3wnie\u017c w kontek\u015bcie dwuj\u0119zycznym. Ca\u0142y czas szukam nowych sposob\u00f3w na skuteczne zdobywanie przez uczni\u00f3w kompetencji j\u0119zykowych, ale tak\u017ce na zaanga\u017cowanie si\u0119 w proces uczenia i utrzymanie motywacji. Studnia uko\u0144czy\u0142am w Kolegium Nauczania J\u0119zyka Angielskiego UW oraz na Uniwersytecie Exeter w Wielkiej Brytanii. Jestem tak\u017ce doktorem nauk humanistycznych, a wykszta\u0142cenie zdobywa\u0142am r\u00f3wnie\u017c na Uniwersytecie Technicznym w Delft.<\/p>\t\t\t\t\t\t\t\t<\/div>\n\t\t\t\t\t<\/div>\n\t\t\t\t<\/div>\n\t\t\t\t\t<\/div>\n\t\t\t\t<\/div>\n\t\t<div class=\"elementor-element elementor-element-7ec35512 e-flex e-con-boxed e-con e-child\" data-id=\"7ec35512\" data-element_type=\"container\" data-e-type=\"container\" data-settings=\"{&quot;background_background&quot;:&quot;classic&quot;}\">\n\t\t\t\t\t<div class=\"e-con-inner\">\n\t\t\t\t<div class=\"elementor-element elementor-element-7d91daf7 elementor-widget elementor-widget-image\" data-id=\"7d91daf7\" data-element_type=\"widget\" data-e-type=\"widget\" data-widget_type=\"image.default\">\n\t\t\t\t\t\t\t\t\t\t\t\t\t\t\t<img loading=\"lazy\" decoding=\"async\" width=\"640\" height=\"416\" src=\"https:\/\/trampoline.edu.pl\/szkola\/wp-content\/uploads\/sites\/5\/2026\/08\/22Rafal-1024x666.jpg\" class=\"attachment-large size-large wp-image-11968\" alt=\"\" srcset=\"https:\/\/trampoline.edu.pl\/szkola\/wp-content\/uploads\/sites\/5\/2026\/08\/22Rafal-1024x666.jpg 1024w, https:\/\/trampoline.edu.pl\/szkola\/wp-content\/uploads\/sites\/5\/2026\/08\/22Rafal-300x195.jpg 300w, https:\/\/trampoline.edu.pl\/szkola\/wp-content\/uploads\/sites\/5\/2026\/08\/22Rafal-768x500.jpg 768w, https:\/\/trampoline.edu.pl\/szkola\/wp-content\/uploads\/sites\/5\/2026\/08\/22Rafal-1536x999.jpg 1536w, https:\/\/trampoline.edu.pl\/szkola\/wp-content\/uploads\/sites\/5\/2026\/08\/22Rafal.jpg 1702w\" sizes=\"(max-width: 640px) 100vw, 640px\" \/>\t\t\t\t\t\t\t\t\t\t\t\t\t\t\t<\/div>\n\t\t<div class=\"elementor-element elementor-element-520ea7a9 e-flex e-con-boxed e-con e-child\" data-id=\"520ea7a9\" data-element_type=\"container\" data-e-type=\"container\">\n\t\t\t\t\t<div class=\"e-con-inner\">\n\t\t\t\t<div class=\"elementor-element elementor-element-5695d105 elementor-widget elementor-widget-heading\" data-id=\"5695d105\" data-element_type=\"widget\" data-e-type=\"widget\" data-widget_type=\"heading.default\">\n\t\t\t\t\t<h3 class=\"elementor-heading-title elementor-size-default\">Rafa\u0142<\/h3>\t\t\t\t<\/div>\n\t\t\t\t<div class=\"elementor-element elementor-element-64f3012c elementor-widget elementor-widget-heading\" data-id=\"64f3012c\" data-element_type=\"widget\" data-e-type=\"widget\" data-widget_type=\"heading.default\">\n\t\t\t\t\t<div class=\"elementor-heading-title elementor-size-default\">NAUCZYCIEL HISTORII<\/div>\t\t\t\t<\/div>\n\t\t\t\t<div class=\"elementor-element elementor-element-682d9cd2 elementor-widget elementor-widget-text-editor\" data-id=\"682d9cd2\" data-element_type=\"widget\" data-e-type=\"widget\" data-widget_type=\"text-editor.default\">\n\t\t\t\t\t\t\t\t\t<p>Historyk, politolog, pedagog i doradca zawodowy. Absolwent Akademii Humanistycznej im. A. Gieysztora, Szko\u0142y G\u0142\u00f3wnej Handlowej i Polskiej Akademii Nauk. W pracy zawodowej lubi stosowa\u0107 metod\u0119 dramy i metod\u0119 projektu. Bezgranicznie zakochany w debatach oksfordzkich, samorz\u0105dno\u015bci szkolnej oraz idei spo\u0142ecze\u0144stwa obywatelskiego i organizacji pozarz\u0105dowych. Prywatnie po\u015bwi\u0119ca si\u0119 studiom nad kinem, pi\u0142k\u0105 no\u017cn\u0105, literatur\u0105 pi\u0119kn\u0105 oraz komiksem ameryka\u0144skim.<\/p>\t\t\t\t\t\t\t\t<\/div>\n\t\t\t\t\t<\/div>\n\t\t\t\t<\/div>\n\t\t\t\t\t<\/div>\n\t\t\t\t<\/div>\n\t\t<div class=\"elementor-element elementor-element-409c7938 e-flex e-con-boxed e-con e-child\" data-id=\"409c7938\" data-element_type=\"container\" data-e-type=\"container\" data-settings=\"{&quot;background_background&quot;:&quot;classic&quot;}\">\n\t\t\t\t\t<div class=\"e-con-inner\">\n\t\t\t\t<div class=\"elementor-element elementor-element-64accc42 elementor-widget elementor-widget-image\" data-id=\"64accc42\" data-element_type=\"widget\" data-e-type=\"widget\" data-widget_type=\"image.default\">\n\t\t\t\t\t\t\t\t\t\t\t\t\t\t\t<img loading=\"lazy\" decoding=\"async\" width=\"640\" height=\"427\" src=\"https:\/\/trampoline.edu.pl\/szkola\/wp-content\/uploads\/sites\/5\/2026\/08\/23Dominika.png\" class=\"attachment-large size-large wp-image-11969\" alt=\"\" srcset=\"https:\/\/trampoline.edu.pl\/szkola\/wp-content\/uploads\/sites\/5\/2026\/08\/23Dominika.png 930w, https:\/\/trampoline.edu.pl\/szkola\/wp-content\/uploads\/sites\/5\/2026\/08\/23Dominika-300x200.png 300w, https:\/\/trampoline.edu.pl\/szkola\/wp-content\/uploads\/sites\/5\/2026\/08\/23Dominika-768x513.png 768w\" sizes=\"(max-width: 640px) 100vw, 640px\" \/>\t\t\t\t\t\t\t\t\t\t\t\t\t\t\t<\/div>\n\t\t<div class=\"elementor-element elementor-element-56ef3f7b e-flex e-con-boxed e-con e-child\" data-id=\"56ef3f7b\" data-element_type=\"container\" data-e-type=\"container\">\n\t\t\t\t\t<div class=\"e-con-inner\">\n\t\t\t\t<div class=\"elementor-element elementor-element-5b0c241c elementor-widget elementor-widget-heading\" data-id=\"5b0c241c\" data-element_type=\"widget\" data-e-type=\"widget\" data-widget_type=\"heading.default\">\n\t\t\t\t\t<h3 class=\"elementor-heading-title elementor-size-default\">Dominika<\/h3>\t\t\t\t<\/div>\n\t\t\t\t<div class=\"elementor-element elementor-element-7d56d110 elementor-widget elementor-widget-heading\" data-id=\"7d56d110\" data-element_type=\"widget\" data-e-type=\"widget\" data-widget_type=\"heading.default\">\n\t\t\t\t\t<div class=\"elementor-heading-title elementor-size-default\">NAUCZYCIELKA PRZYRODY, BIOLOGII I GEOGRAFII<\/div>\t\t\t\t<\/div>\n\t\t\t\t<div class=\"elementor-element elementor-element-36c3d100 elementor-widget elementor-widget-text-editor\" data-id=\"36c3d100\" data-element_type=\"widget\" data-e-type=\"widget\" data-widget_type=\"text-editor.default\">\n\t\t\t\t\t\t\t\t\t<p>Absolwentka studi\u00f3w doktoranckich z ochrony \u015brodowiska, filologii polskiej. Od 8-lat nauczyciel akademicki, prowadzi\u0142a warsztaty dla nauczycieli z edukacji ekologicznej, prelegent na konferencjach przyrodniczych, uczestniczy\u0142a w szkoleniach i warsztatach z zakresu kompetencji interdyscyplinarnej w pracy z dzie\u0107mi. Na lekcjach poszukuje, odkrywa i poznaje \u015bwiat przyrodniczy, kt\u00f3rego nie wida\u0107 w podr\u0119cznikach.<\/p>\t\t\t\t\t\t\t\t<\/div>\n\t\t\t\t\t<\/div>\n\t\t\t\t<\/div>\n\t\t\t\t\t<\/div>\n\t\t\t\t<\/div>\n\t\t<div class=\"elementor-element elementor-element-7e388f3e e-flex e-con-boxed e-con e-child\" data-id=\"7e388f3e\" data-element_type=\"container\" data-e-type=\"container\" data-settings=\"{&quot;background_background&quot;:&quot;classic&quot;}\">\n\t\t\t\t\t<div class=\"e-con-inner\">\n\t\t\t\t<div class=\"elementor-element elementor-element-72445376 elementor-widget elementor-widget-image\" data-id=\"72445376\" data-element_type=\"widget\" data-e-type=\"widget\" data-widget_type=\"image.default\">\n\t\t\t\t\t\t\t\t\t\t\t\t\t\t\t<img loading=\"lazy\" decoding=\"async\" width=\"640\" height=\"426\" src=\"https:\/\/trampoline.edu.pl\/szkola\/wp-content\/uploads\/sites\/5\/2026\/08\/24Fawaz-1024x681.webp\" class=\"attachment-large size-large wp-image-11970\" alt=\"\" srcset=\"https:\/\/trampoline.edu.pl\/szkola\/wp-content\/uploads\/sites\/5\/2026\/08\/24Fawaz-1024x681.webp 1024w, https:\/\/trampoline.edu.pl\/szkola\/wp-content\/uploads\/sites\/5\/2026\/08\/24Fawaz-300x200.webp 300w, https:\/\/trampoline.edu.pl\/szkola\/wp-content\/uploads\/sites\/5\/2026\/08\/24Fawaz-768x511.webp 768w, https:\/\/trampoline.edu.pl\/szkola\/wp-content\/uploads\/sites\/5\/2026\/08\/24Fawaz-1536x1022.webp 1536w, https:\/\/trampoline.edu.pl\/szkola\/wp-content\/uploads\/sites\/5\/2026\/08\/24Fawaz-2048x1363.webp 2048w\" sizes=\"(max-width: 640px) 100vw, 640px\" \/>\t\t\t\t\t\t\t\t\t\t\t\t\t\t\t<\/div>\n\t\t<div class=\"elementor-element elementor-element-176a8cf2 e-flex e-con-boxed e-con e-child\" data-id=\"176a8cf2\" data-element_type=\"container\" data-e-type=\"container\">\n\t\t\t\t\t<div class=\"e-con-inner\">\n\t\t\t\t<div class=\"elementor-element elementor-element-63bfae2d elementor-widget elementor-widget-heading\" data-id=\"63bfae2d\" data-element_type=\"widget\" data-e-type=\"widget\" data-widget_type=\"heading.default\">\n\t\t\t\t\t<h3 class=\"elementor-heading-title elementor-size-default\">Fawaz<\/h3>\t\t\t\t<\/div>\n\t\t\t\t<div class=\"elementor-element elementor-element-76a8ed01 elementor-widget elementor-widget-heading\" data-id=\"76a8ed01\" data-element_type=\"widget\" data-e-type=\"widget\" data-widget_type=\"heading.default\">\n\t\t\t\t\t<div class=\"elementor-heading-title elementor-size-default\">NAUCZYCIEL MATEMATYKI W J. ANGIELSKIM<\/div>\t\t\t\t<\/div>\n\t\t\t\t<div class=\"elementor-element elementor-element-5637e135 elementor-widget elementor-widget-text-editor\" data-id=\"5637e135\" data-element_type=\"widget\" data-e-type=\"widget\" data-widget_type=\"text-editor.default\">\n\t\t\t\t\t\t\t\t\t<p>Absolwent studi\u00f3w wy\u017cszych w zakresie informatyki, studi\u00f3w podyplomowych w zakresie matematyki z elementami informatyki oraz podyplomowych w zakresie metodyki i dydaktyki dla nauczycieli j\u0119zyk\u00f3w obcych. Uko\u0144czy\u0142 r\u00f3wnie\u017c studium j\u0119zyka polskiego dla cudzoziemc\u00f3w. Posiada 10-letni sta\u017c pracy w zawodzie nauczyciela (nauczyciel mianowany).<\/p>\t\t\t\t\t\t\t\t<\/div>\n\t\t\t\t\t<\/div>\n\t\t\t\t<\/div>\n\t\t\t\t\t<\/div>\n\t\t\t\t<\/div>\n\t\t<div class=\"elementor-element elementor-element-140f4525 e-flex e-con-boxed e-con e-child\" data-id=\"140f4525\" data-element_type=\"container\" data-e-type=\"container\" data-settings=\"{&quot;background_background&quot;:&quot;classic&quot;}\">\n\t\t\t\t\t<div class=\"e-con-inner\">\n\t\t\t\t<div class=\"elementor-element elementor-element-2cc6a8d8 elementor-widget elementor-widget-image\" data-id=\"2cc6a8d8\" data-element_type=\"widget\" data-e-type=\"widget\" data-widget_type=\"image.default\">\n\t\t\t\t\t\t\t\t\t\t\t\t\t\t\t<img loading=\"lazy\" decoding=\"async\" width=\"640\" height=\"424\" src=\"https:\/\/trampoline.edu.pl\/szkola\/wp-content\/uploads\/sites\/5\/2026\/08\/25Monika-1024x678.jpg\" class=\"attachment-large size-large wp-image-11971\" alt=\"\" srcset=\"https:\/\/trampoline.edu.pl\/szkola\/wp-content\/uploads\/sites\/5\/2026\/08\/25Monika-1024x678.jpg 1024w, https:\/\/trampoline.edu.pl\/szkola\/wp-content\/uploads\/sites\/5\/2026\/08\/25Monika-300x199.jpg 300w, https:\/\/trampoline.edu.pl\/szkola\/wp-content\/uploads\/sites\/5\/2026\/08\/25Monika-768x509.jpg 768w, https:\/\/trampoline.edu.pl\/szkola\/wp-content\/uploads\/sites\/5\/2026\/08\/25Monika-1536x1018.jpg 1536w, https:\/\/trampoline.edu.pl\/szkola\/wp-content\/uploads\/sites\/5\/2026\/08\/25Monika.jpg 1920w\" sizes=\"(max-width: 640px) 100vw, 640px\" \/>\t\t\t\t\t\t\t\t\t\t\t\t\t\t\t<\/div>\n\t\t<div class=\"elementor-element elementor-element-69635519 e-flex e-con-boxed e-con e-child\" data-id=\"69635519\" data-element_type=\"container\" data-e-type=\"container\">\n\t\t\t\t\t<div class=\"e-con-inner\">\n\t\t\t\t<div class=\"elementor-element elementor-element-326f5396 elementor-widget elementor-widget-heading\" data-id=\"326f5396\" data-element_type=\"widget\" data-e-type=\"widget\" data-widget_type=\"heading.default\">\n\t\t\t\t\t<h3 class=\"elementor-heading-title elementor-size-default\">Monika<\/h3>\t\t\t\t<\/div>\n\t\t\t\t<div class=\"elementor-element elementor-element-3a47ad4e elementor-widget elementor-widget-heading\" data-id=\"3a47ad4e\" data-element_type=\"widget\" data-e-type=\"widget\" data-widget_type=\"heading.default\">\n\t\t\t\t\t<div class=\"elementor-heading-title elementor-size-default\">NAUCZYCIELKA J\u0118ZYKA POLSKIEGO<\/div>\t\t\t\t<\/div>\n\t\t\t\t<div class=\"elementor-element elementor-element-144d59cf elementor-widget elementor-widget-text-editor\" data-id=\"144d59cf\" data-element_type=\"widget\" data-e-type=\"widget\" data-widget_type=\"text-editor.default\">\n\t\t\t\t\t\t\t\t\t<p>Jestem trenerk\u0105 my\u015blenia krytycznego IKM, polonistk\u0105 i instruktork\u0105 teatraln\u0105. Najwi\u0119ksz\u0105 rado\u015b\u0107 sprawia mi oddawanie sprawczo\u015bci w r\u0119ce ludzi. Jestem fank\u0105 interdyscyplinarno\u015bci. W swojej pracy \u0142\u0105cz\u0119 metodyki i narz\u0119dzia. Pracowa\u0142am w r\u00f3\u017cnych typach szk\u00f3\u0142 i systemach edukacyjnych. Jestem autork\u0105 innowacji pedagogicznych, projekt\u00f3w, artyku\u0142\u00f3w. Prowadz\u0119 warsztaty, bior\u0119 udzia\u0142 w konferencjach, wsp\u00f3\u0142pracuj\u0119 z nauczycielami z ca\u0142ej Polski.<\/p>\t\t\t\t\t\t\t\t<\/div>\n\t\t\t\t\t<\/div>\n\t\t\t\t<\/div>\n\t\t\t\t\t<\/div>\n\t\t\t\t<\/div>\n\t\t<div class=\"elementor-element elementor-element-3982d47a e-flex e-con-boxed e-con e-child\" data-id=\"3982d47a\" data-element_type=\"container\" data-e-type=\"container\" data-settings=\"{&quot;background_background&quot;:&quot;classic&quot;}\">\n\t\t\t\t\t<div class=\"e-con-inner\">\n\t\t\t\t<div class=\"elementor-element elementor-element-54bcad06 elementor-widget elementor-widget-image\" data-id=\"54bcad06\" data-element_type=\"widget\" data-e-type=\"widget\" data-widget_type=\"image.default\">\n\t\t\t\t\t\t\t\t\t\t\t\t\t\t\t<img loading=\"lazy\" decoding=\"async\" width=\"640\" height=\"426\" src=\"https:\/\/trampoline.edu.pl\/szkola\/wp-content\/uploads\/sites\/5\/2026\/08\/26Anetta-1-1024x682.jpg\" class=\"attachment-large size-large wp-image-11974\" alt=\"\" srcset=\"https:\/\/trampoline.edu.pl\/szkola\/wp-content\/uploads\/sites\/5\/2026\/08\/26Anetta-1-1024x682.jpg 1024w, https:\/\/trampoline.edu.pl\/szkola\/wp-content\/uploads\/sites\/5\/2026\/08\/26Anetta-1-300x200.jpg 300w, https:\/\/trampoline.edu.pl\/szkola\/wp-content\/uploads\/sites\/5\/2026\/08\/26Anetta-1-768x511.jpg 768w, https:\/\/trampoline.edu.pl\/szkola\/wp-content\/uploads\/sites\/5\/2026\/08\/26Anetta-1-1536x1022.jpg 1536w, https:\/\/trampoline.edu.pl\/szkola\/wp-content\/uploads\/sites\/5\/2026\/08\/26Anetta-1-2048x1363.jpg 2048w\" sizes=\"(max-width: 640px) 100vw, 640px\" \/>\t\t\t\t\t\t\t\t\t\t\t\t\t\t\t<\/div>\n\t\t<div class=\"elementor-element elementor-element-641e3880 e-flex e-con-boxed e-con e-child\" data-id=\"641e3880\" data-element_type=\"container\" data-e-type=\"container\">\n\t\t\t\t\t<div class=\"e-con-inner\">\n\t\t\t\t<div class=\"elementor-element elementor-element-6d563968 elementor-widget elementor-widget-heading\" data-id=\"6d563968\" data-element_type=\"widget\" data-e-type=\"widget\" data-widget_type=\"heading.default\">\n\t\t\t\t\t<h3 class=\"elementor-heading-title elementor-size-default\">Anetta<\/h3>\t\t\t\t<\/div>\n\t\t\t\t<div class=\"elementor-element elementor-element-14b407f7 elementor-widget elementor-widget-heading\" data-id=\"14b407f7\" data-element_type=\"widget\" data-e-type=\"widget\" data-widget_type=\"heading.default\">\n\t\t\t\t\t<div class=\"elementor-heading-title elementor-size-default\">NAUCZYCIELKA PLASTYKI I TECHNIKI<\/div>\t\t\t\t<\/div>\n\t\t\t\t<div class=\"elementor-element elementor-element-6faadd9c elementor-widget elementor-widget-text-editor\" data-id=\"6faadd9c\" data-element_type=\"widget\" data-e-type=\"widget\" data-widget_type=\"text-editor.default\">\n\t\t\t\t\t\t\t\t\t<p>Absolwentka Uniwersytetu Miko\u0142aja Kopernika w Toruniu na Wydziale Sztuk Pi\u0119knych oraz Studi\u00f3w Podyplomowych Collegium Da Vinci -plastyka i technika. Nauczyciel dyplomowany, kurator wystaw plenerowych dla dzieci i m\u0142odzie\u017cy. Pracuje z pasj\u0105 i zaanga\u017cowaniem. Uwa\u017ca,\u017ce sztuka ma du\u017cy wp\u0142yw na m\u0142odych ludzi i na \u015bwiat jaki potem tworz\u0105.<\/p>\t\t\t\t\t\t\t\t<\/div>\n\t\t\t\t\t<\/div>\n\t\t\t\t<\/div>\n\t\t\t\t\t<\/div>\n\t\t\t\t<\/div>\n\t\t<div class=\"elementor-element elementor-element-2f21f122 e-flex e-con-boxed e-con e-child\" data-id=\"2f21f122\" data-element_type=\"container\" data-e-type=\"container\" data-settings=\"{&quot;background_background&quot;:&quot;classic&quot;}\">\n\t\t\t\t\t<div class=\"e-con-inner\">\n\t\t\t\t<div class=\"elementor-element elementor-element-42391739 elementor-widget elementor-widget-image\" data-id=\"42391739\" data-element_type=\"widget\" data-e-type=\"widget\" data-widget_type=\"image.default\">\n\t\t\t\t\t\t\t\t\t\t\t\t\t\t\t<img loading=\"lazy\" decoding=\"async\" width=\"600\" height=\"399\" src=\"https:\/\/trampoline.edu.pl\/szkola\/wp-content\/uploads\/sites\/5\/2026\/08\/27Anna.png\" class=\"attachment-large size-large wp-image-11975\" alt=\"\" srcset=\"https:\/\/trampoline.edu.pl\/szkola\/wp-content\/uploads\/sites\/5\/2026\/08\/27Anna.png 600w, https:\/\/trampoline.edu.pl\/szkola\/wp-content\/uploads\/sites\/5\/2026\/08\/27Anna-300x200.png 300w\" sizes=\"(max-width: 600px) 100vw, 600px\" \/>\t\t\t\t\t\t\t\t\t\t\t\t\t\t\t<\/div>\n\t\t<div class=\"elementor-element elementor-element-1e570d78 e-flex e-con-boxed e-con e-child\" data-id=\"1e570d78\" data-element_type=\"container\" data-e-type=\"container\">\n\t\t\t\t\t<div class=\"e-con-inner\">\n\t\t\t\t<div class=\"elementor-element elementor-element-734eecb7 elementor-widget elementor-widget-heading\" data-id=\"734eecb7\" data-element_type=\"widget\" data-e-type=\"widget\" data-widget_type=\"heading.default\">\n\t\t\t\t\t<h3 class=\"elementor-heading-title elementor-size-default\">Anna<\/h3>\t\t\t\t<\/div>\n\t\t\t\t<div class=\"elementor-element elementor-element-5d9710bd elementor-widget elementor-widget-heading\" data-id=\"5d9710bd\" data-element_type=\"widget\" data-e-type=\"widget\" data-widget_type=\"heading.default\">\n\t\t\t\t\t<div class=\"elementor-heading-title elementor-size-default\">NAUCZYCIELKA MUZYKI<\/div>\t\t\t\t<\/div>\n\t\t\t\t<div class=\"elementor-element elementor-element-7d45235c elementor-widget elementor-widget-text-editor\" data-id=\"7d45235c\" data-element_type=\"widget\" data-e-type=\"widget\" data-widget_type=\"text-editor.default\">\n\t\t\t\t\t\t\t\t\t<p>Z wykszta\u0142cenia nauczycielka muzyki, ch\u00f3rmistrzyni, instruktorka ta\u0144ca, oligofrenopedagog i technik realizacji d\u017awi\u0119ku. Zdoby\u0142a do\u015bwiadczenie w Polsce i za granic\u0105, prowadz\u0105c zaj\u0119cia muzyczne i taneczne. Wsp\u00f3\u0142za\u0142o\u017cycielka African Music School. Pasjonuje si\u0119 muzyk\u0105, ta\u0144cem, podr\u00f3\u017cami i wolontariatem. Uwielbia tworzy\u0107 aran\u017cacje muzyczne. Ceni kreatywno\u015b\u0107 i zaanga\u017cowanie, kt\u00f3re przek\u0142ada na prac\u0119 z uczniami, inspiruj\u0105c do rozwijania talent\u00f3w.<\/p>\t\t\t\t\t\t\t\t<\/div>\n\t\t\t\t\t<\/div>\n\t\t\t\t<\/div>\n\t\t\t\t\t<\/div>\n\t\t\t\t<\/div>\n\t\t<div class=\"elementor-element elementor-element-6809b4bc e-flex e-con-boxed e-con e-child\" data-id=\"6809b4bc\" data-element_type=\"container\" data-e-type=\"container\" data-settings=\"{&quot;background_background&quot;:&quot;classic&quot;}\">\n\t\t\t\t\t<div class=\"e-con-inner\">\n\t\t\t\t<div class=\"elementor-element elementor-element-2726ee75 elementor-widget elementor-widget-image\" data-id=\"2726ee75\" data-element_type=\"widget\" data-e-type=\"widget\" data-widget_type=\"image.default\">\n\t\t\t\t\t\t\t\t\t\t\t\t\t\t\t<img loading=\"lazy\" decoding=\"async\" width=\"640\" height=\"426\" src=\"https:\/\/trampoline.edu.pl\/szkola\/wp-content\/uploads\/sites\/5\/2026\/08\/31Amelia-1024x682.jpg\" class=\"attachment-large size-large wp-image-11979\" alt=\"\" srcset=\"https:\/\/trampoline.edu.pl\/szkola\/wp-content\/uploads\/sites\/5\/2026\/08\/31Amelia-1024x682.jpg 1024w, https:\/\/trampoline.edu.pl\/szkola\/wp-content\/uploads\/sites\/5\/2026\/08\/31Amelia-300x200.jpg 300w, https:\/\/trampoline.edu.pl\/szkola\/wp-content\/uploads\/sites\/5\/2026\/08\/31Amelia-768x511.jpg 768w, https:\/\/trampoline.edu.pl\/szkola\/wp-content\/uploads\/sites\/5\/2026\/08\/31Amelia-1536x1022.jpg 1536w, https:\/\/trampoline.edu.pl\/szkola\/wp-content\/uploads\/sites\/5\/2026\/08\/31Amelia.jpg 1866w\" sizes=\"(max-width: 640px) 100vw, 640px\" \/>\t\t\t\t\t\t\t\t\t\t\t\t\t\t\t<\/div>\n\t\t<div class=\"elementor-element elementor-element-c88c5b7 e-flex e-con-boxed e-con e-child\" data-id=\"c88c5b7\" data-element_type=\"container\" data-e-type=\"container\">\n\t\t\t\t\t<div class=\"e-con-inner\">\n\t\t\t\t<div class=\"elementor-element elementor-element-10eaa879 elementor-widget elementor-widget-heading\" data-id=\"10eaa879\" data-element_type=\"widget\" data-e-type=\"widget\" data-widget_type=\"heading.default\">\n\t\t\t\t\t<h3 class=\"elementor-heading-title elementor-size-default\">Amelia<\/h3>\t\t\t\t<\/div>\n\t\t\t\t<div class=\"elementor-element elementor-element-7a493bd7 elementor-widget elementor-widget-heading\" data-id=\"7a493bd7\" data-element_type=\"widget\" data-e-type=\"widget\" data-widget_type=\"heading.default\">\n\t\t\t\t\t<div class=\"elementor-heading-title elementor-size-default\">NAUCZYCIEL WSPOMAGAJ\u0104CY<\/div>\t\t\t\t<\/div>\n\t\t\t\t<div class=\"elementor-element elementor-element-62fc29e4 elementor-widget elementor-widget-text-editor\" data-id=\"62fc29e4\" data-element_type=\"widget\" data-e-type=\"widget\" data-widget_type=\"text-editor.default\">\n\t\t\t\t\t\t\t\t\t<p>Studiuj\u0119 psychologi\u0119 na Spo\u0142ecznej Akademii Nauk. W pracy priorytetem jest dla mnie uwa\u017cne s\u0142uchanie potrzeb uczni\u00f3w i rodzic\u00f3w oraz poszukiwanie najlepszych rozwi\u0105za\u0144. Moj\u0105 g\u0142\u00f3wn\u0105 motywacj\u0105 jest przekonanie, \u017ce ka\u017cdy zas\u0142uguje na to, by by\u0107 zrozumianym.<\/p>\t\t\t\t\t\t\t\t<\/div>\n\t\t\t\t\t<\/div>\n\t\t\t\t<\/div>\n\t\t\t\t\t<\/div>\n\t\t\t\t<\/div>\n\t\t<div class=\"elementor-element elementor-element-be45cee e-flex e-con-boxed e-con e-child\" data-id=\"be45cee\" data-element_type=\"container\" data-e-type=\"container\" data-settings=\"{&quot;background_background&quot;:&quot;classic&quot;}\">\n\t\t\t\t\t<div class=\"e-con-inner\">\n\t\t\t\t<div class=\"elementor-element elementor-element-2bad769 elementor-widget elementor-widget-image\" data-id=\"2bad769\" data-element_type=\"widget\" data-e-type=\"widget\" data-widget_type=\"image.default\">\n\t\t\t\t\t\t\t\t\t\t\t\t\t\t\t<img loading=\"lazy\" decoding=\"async\" width=\"640\" height=\"424\" src=\"https:\/\/trampoline.edu.pl\/szkola\/wp-content\/uploads\/sites\/5\/2026\/08\/32Marta-1024x678.jpg\" class=\"attachment-large size-large wp-image-11980\" alt=\"\" srcset=\"https:\/\/trampoline.edu.pl\/szkola\/wp-content\/uploads\/sites\/5\/2026\/08\/32Marta-1024x678.jpg 1024w, https:\/\/trampoline.edu.pl\/szkola\/wp-content\/uploads\/sites\/5\/2026\/08\/32Marta-300x199.jpg 300w, https:\/\/trampoline.edu.pl\/szkola\/wp-content\/uploads\/sites\/5\/2026\/08\/32Marta-768x509.jpg 768w, https:\/\/trampoline.edu.pl\/szkola\/wp-content\/uploads\/sites\/5\/2026\/08\/32Marta-1536x1018.jpg 1536w, https:\/\/trampoline.edu.pl\/szkola\/wp-content\/uploads\/sites\/5\/2026\/08\/32Marta.jpg 1920w\" sizes=\"(max-width: 640px) 100vw, 640px\" \/>\t\t\t\t\t\t\t\t\t\t\t\t\t\t\t<\/div>\n\t\t<div class=\"elementor-element elementor-element-7d16b77d e-flex e-con-boxed e-con e-child\" data-id=\"7d16b77d\" data-element_type=\"container\" data-e-type=\"container\">\n\t\t\t\t\t<div class=\"e-con-inner\">\n\t\t\t\t<div class=\"elementor-element elementor-element-6799a946 elementor-widget elementor-widget-heading\" data-id=\"6799a946\" data-element_type=\"widget\" data-e-type=\"widget\" data-widget_type=\"heading.default\">\n\t\t\t\t\t<h3 class=\"elementor-heading-title elementor-size-default\">Marta<\/h3>\t\t\t\t<\/div>\n\t\t\t\t<div class=\"elementor-element elementor-element-3bd7b0b5 elementor-widget elementor-widget-heading\" data-id=\"3bd7b0b5\" data-element_type=\"widget\" data-e-type=\"widget\" data-widget_type=\"heading.default\">\n\t\t\t\t\t<div class=\"elementor-heading-title elementor-size-default\">NAUCZYCIEL WSPOMAGAJ\u0104CY<\/div>\t\t\t\t<\/div>\n\t\t\t\t<div class=\"elementor-element elementor-element-1eca5be0 elementor-widget elementor-widget-text-editor\" data-id=\"1eca5be0\" data-element_type=\"widget\" data-e-type=\"widget\" data-widget_type=\"text-editor.default\">\n\t\t\t\t\t\t\t\t\t<p>Jestem studentk\u0105 trzeciego roku psychologii na Uniwersytecie SWPS. W swojej pracy szczeg\u00f3ln\u0105 uwag\u0119 przyk\u0142adam do wypracowania atmosfery pe\u0142nej \u017cyczliwo\u015bci i akceptacji, w kt\u00f3rej ka\u017cdy z uczni\u00f3w b\u0119dzie m\u00f3g\u0142 poczu\u0107 si\u0119 bezpiecznie. Za pomoc\u0105 indywidualnego podej\u015bcia do ucznia staram si\u0119 dopasowywa\u0107 moje metody do jego potrzeb i mo\u017cliwo\u015bci, by zapewni\u0107 mu najlepsze warunki do rozwoju.<\/p>\t\t\t\t\t\t\t\t<\/div>\n\t\t\t\t\t<\/div>\n\t\t\t\t<\/div>\n\t\t\t\t\t<\/div>\n\t\t\t\t<\/div>\n\t\t<div class=\"elementor-element elementor-element-23a230ed e-flex e-con-boxed e-con e-child\" data-id=\"23a230ed\" data-element_type=\"container\" data-e-type=\"container\" data-settings=\"{&quot;background_background&quot;:&quot;classic&quot;}\">\n\t\t\t\t\t<div class=\"e-con-inner\">\n\t\t\t\t<div class=\"elementor-element elementor-element-3e9f45b elementor-widget elementor-widget-image\" data-id=\"3e9f45b\" data-element_type=\"widget\" data-e-type=\"widget\" data-widget_type=\"image.default\">\n\t\t\t\t\t\t\t\t\t\t\t\t\t\t\t<img loading=\"lazy\" decoding=\"async\" width=\"640\" height=\"434\" src=\"https:\/\/trampoline.edu.pl\/szkola\/wp-content\/uploads\/sites\/5\/2026\/08\/33Marta-1024x694.jpg\" class=\"attachment-large size-large wp-image-11981\" alt=\"\" srcset=\"https:\/\/trampoline.edu.pl\/szkola\/wp-content\/uploads\/sites\/5\/2026\/08\/33Marta-1024x694.jpg 1024w, https:\/\/trampoline.edu.pl\/szkola\/wp-content\/uploads\/sites\/5\/2026\/08\/33Marta-300x203.jpg 300w, https:\/\/trampoline.edu.pl\/szkola\/wp-content\/uploads\/sites\/5\/2026\/08\/33Marta-768x520.jpg 768w, https:\/\/trampoline.edu.pl\/szkola\/wp-content\/uploads\/sites\/5\/2026\/08\/33Marta-1536x1040.jpg 1536w, https:\/\/trampoline.edu.pl\/szkola\/wp-content\/uploads\/sites\/5\/2026\/08\/33Marta-2048x1387.jpg 2048w\" sizes=\"(max-width: 640px) 100vw, 640px\" \/>\t\t\t\t\t\t\t\t\t\t\t\t\t\t\t<\/div>\n\t\t<div class=\"elementor-element elementor-element-94f650b e-flex e-con-boxed e-con e-child\" data-id=\"94f650b\" data-element_type=\"container\" data-e-type=\"container\">\n\t\t\t\t\t<div class=\"e-con-inner\">\n\t\t\t\t<div class=\"elementor-element elementor-element-39f7bfd elementor-widget elementor-widget-heading\" data-id=\"39f7bfd\" data-element_type=\"widget\" data-e-type=\"widget\" data-widget_type=\"heading.default\">\n\t\t\t\t\t<h3 class=\"elementor-heading-title elementor-size-default\">Marta<\/h3>\t\t\t\t<\/div>\n\t\t\t\t<div class=\"elementor-element elementor-element-423029a8 elementor-widget elementor-widget-heading\" data-id=\"423029a8\" data-element_type=\"widget\" data-e-type=\"widget\" data-widget_type=\"heading.default\">\n\t\t\t\t\t<div class=\"elementor-heading-title elementor-size-default\">NAUCZYCIEL WSPOMAGAJ\u0104CY<\/div>\t\t\t\t<\/div>\n\t\t\t\t<div class=\"elementor-element elementor-element-6c492057 elementor-widget elementor-widget-text-editor\" data-id=\"6c492057\" data-element_type=\"widget\" data-e-type=\"widget\" data-widget_type=\"text-editor.default\">\n\t\t\t\t\t\t\t\t\t<p>Jestem studentk\u0105 ostatnich lat psychologii na Uniwersytecie Warszawskim. Planuj\u0119 rozpocz\u0105\u0107 specjalizacj\u0119 wychowawcz\u0105. W pracy stawiam na \u017cyczliwo\u015b\u0107, autonomi\u0119 i traktowanie innych tak, jakbym sama chcia\u0142a by\u0107 traktowana. Staram si\u0119 indywidualne podchodzi\u0107 do potrzeb ucznia. Prywatnie amatorka si\u0142owni i dietetyki.<\/p>\t\t\t\t\t\t\t\t<\/div>\n\t\t\t\t\t<\/div>\n\t\t\t\t<\/div>\n\t\t\t\t\t<\/div>\n\t\t\t\t<\/div>\n\t\t<div class=\"elementor-element elementor-element-3047f83 e-flex e-con-boxed e-con e-child\" data-id=\"3047f83\" data-element_type=\"container\" data-e-type=\"container\" data-settings=\"{&quot;background_background&quot;:&quot;classic&quot;}\">\n\t\t\t\t\t<div class=\"e-con-inner\">\n\t\t\t\t<div class=\"elementor-element elementor-element-5c66c5e3 elementor-widget elementor-widget-image\" data-id=\"5c66c5e3\" data-element_type=\"widget\" data-e-type=\"widget\" data-widget_type=\"image.default\">\n\t\t\t\t\t\t\t\t\t\t\t\t\t\t\t<img loading=\"lazy\" decoding=\"async\" width=\"640\" height=\"424\" src=\"https:\/\/trampoline.edu.pl\/szkola\/wp-content\/uploads\/sites\/5\/2026\/08\/34Adam-1024x679.jpg\" class=\"attachment-large size-large wp-image-11982\" alt=\"\" srcset=\"https:\/\/trampoline.edu.pl\/szkola\/wp-content\/uploads\/sites\/5\/2026\/08\/34Adam-1024x679.jpg 1024w, https:\/\/trampoline.edu.pl\/szkola\/wp-content\/uploads\/sites\/5\/2026\/08\/34Adam-300x199.jpg 300w, https:\/\/trampoline.edu.pl\/szkola\/wp-content\/uploads\/sites\/5\/2026\/08\/34Adam-768x509.jpg 768w, https:\/\/trampoline.edu.pl\/szkola\/wp-content\/uploads\/sites\/5\/2026\/08\/34Adam.jpg 1438w\" sizes=\"(max-width: 640px) 100vw, 640px\" \/>\t\t\t\t\t\t\t\t\t\t\t\t\t\t\t<\/div>\n\t\t<div class=\"elementor-element elementor-element-6f69869a e-flex e-con-boxed e-con e-child\" data-id=\"6f69869a\" data-element_type=\"container\" data-e-type=\"container\">\n\t\t\t\t\t<div class=\"e-con-inner\">\n\t\t\t\t<div class=\"elementor-element elementor-element-3ab4b02f elementor-widget elementor-widget-heading\" data-id=\"3ab4b02f\" data-element_type=\"widget\" data-e-type=\"widget\" data-widget_type=\"heading.default\">\n\t\t\t\t\t<h3 class=\"elementor-heading-title elementor-size-default\">Adam<\/h3>\t\t\t\t<\/div>\n\t\t\t\t<div class=\"elementor-element elementor-element-3afa8d7 elementor-widget elementor-widget-heading\" data-id=\"3afa8d7\" data-element_type=\"widget\" data-e-type=\"widget\" data-widget_type=\"heading.default\">\n\t\t\t\t\t<div class=\"elementor-heading-title elementor-size-default\">NAUCZYCIEL WSPOMAGAJ\u0104CY<\/div>\t\t\t\t<\/div>\n\t\t\t\t<div class=\"elementor-element elementor-element-434988b8 elementor-widget elementor-widget-text-editor\" data-id=\"434988b8\" data-element_type=\"widget\" data-e-type=\"widget\" data-widget_type=\"text-editor.default\">\n\t\t\t\t\t\t\t\t\t<p>Jestem Absolwentem &#8222;Artes Liberales&#8221; na Uniwersytecie Warszawskim. Obecnie ko\u0144cz\u0119 doktorat z filozofii i psychologii religii w Instytucie Filozofii i Socjologii PAN. Od lat towarzysz\u0119 dzieciom i m\u0142odzie\u017cy w nauce zr\u00f3wnowa\u017conej i zorientowanej na kreatywno\u015b\u0107, kooperacj\u0119 i warto\u015bci, wcze\u015bniej jako lektor angielskiego w Early Stage, teraz jako koordynator kszta\u0142cenia. Potrafi\u0119 porusza\u0107 z dzie\u0107mi trudne tematy i znajduj\u0119 metody by je przez nie przeprowadzi\u0107, w spos\u00f3b jednocze\u015bnie bezpieczny i rozwojowy.<\/p>\t\t\t\t\t\t\t\t<\/div>\n\t\t\t\t\t<\/div>\n\t\t\t\t<\/div>\n\t\t\t\t\t<\/div>\n\t\t\t\t<\/div>\n\t\t<div class=\"elementor-element elementor-element-51217bba e-flex e-con-boxed e-con e-child\" data-id=\"51217bba\" data-element_type=\"container\" data-e-type=\"container\" data-settings=\"{&quot;background_background&quot;:&quot;classic&quot;}\">\n\t\t\t\t\t<div class=\"e-con-inner\">\n\t\t\t\t<div class=\"elementor-element elementor-element-2701aa47 elementor-widget elementor-widget-image\" data-id=\"2701aa47\" data-element_type=\"widget\" data-e-type=\"widget\" data-widget_type=\"image.default\">\n\t\t\t\t\t\t\t\t\t\t\t\t\t\t\t<img loading=\"lazy\" decoding=\"async\" width=\"640\" height=\"451\" src=\"https:\/\/trampoline.edu.pl\/szkola\/wp-content\/uploads\/sites\/5\/2026\/08\/36Julia-1024x722.jpeg\" class=\"attachment-large size-large wp-image-11984\" alt=\"\" srcset=\"https:\/\/trampoline.edu.pl\/szkola\/wp-content\/uploads\/sites\/5\/2026\/08\/36Julia-1024x722.jpeg 1024w, https:\/\/trampoline.edu.pl\/szkola\/wp-content\/uploads\/sites\/5\/2026\/08\/36Julia-300x212.jpeg 300w, https:\/\/trampoline.edu.pl\/szkola\/wp-content\/uploads\/sites\/5\/2026\/08\/36Julia-768x541.jpeg 768w, https:\/\/trampoline.edu.pl\/szkola\/wp-content\/uploads\/sites\/5\/2026\/08\/36Julia-1536x1083.jpeg 1536w, https:\/\/trampoline.edu.pl\/szkola\/wp-content\/uploads\/sites\/5\/2026\/08\/36Julia-2048x1444.jpeg 2048w\" sizes=\"(max-width: 640px) 100vw, 640px\" \/>\t\t\t\t\t\t\t\t\t\t\t\t\t\t\t<\/div>\n\t\t<div class=\"elementor-element elementor-element-4183f934 e-flex e-con-boxed e-con e-child\" data-id=\"4183f934\" data-element_type=\"container\" data-e-type=\"container\">\n\t\t\t\t\t<div class=\"e-con-inner\">\n\t\t\t\t<div class=\"elementor-element elementor-element-427c6eb elementor-widget elementor-widget-heading\" data-id=\"427c6eb\" data-element_type=\"widget\" data-e-type=\"widget\" data-widget_type=\"heading.default\">\n\t\t\t\t\t<h3 class=\"elementor-heading-title elementor-size-default\">Julia<\/h3>\t\t\t\t<\/div>\n\t\t\t\t<div class=\"elementor-element elementor-element-49b44993 elementor-widget elementor-widget-heading\" data-id=\"49b44993\" data-element_type=\"widget\" data-e-type=\"widget\" data-widget_type=\"heading.default\">\n\t\t\t\t\t<div class=\"elementor-heading-title elementor-size-default\">NAUCZYCIEL WSPOMAGAJ\u0104CY<\/div>\t\t\t\t<\/div>\n\t\t\t\t<div class=\"elementor-element elementor-element-76ae3518 elementor-widget elementor-widget-text-editor\" data-id=\"76ae3518\" data-element_type=\"widget\" data-e-type=\"widget\" data-widget_type=\"text-editor.default\">\n\t\t\t\t\t\t\t\t\t<p>Jestem studentk\u0105 czwartego roku psychologii na Uniwersytecie Vizja. W swojej pracy skupiam si\u0119 na stworzeniu atmosfery zrozumienia i akceptacji aby ka\u017cdy ucze\u0144 czu\u0142 si\u0119 wa\u017cny. W swoich dzia\u0142aniach kieruje si\u0119 przede wszystkim wys\u0142uchaniem ich potrzeb, poniewa\u017c tylko dzi\u0119ki temu moja pomoc mo\u017ce by\u0107 maksymalnie zindywidualizowana.<\/p>\t\t\t\t\t\t\t\t<\/div>\n\t\t\t\t\t<\/div>\n\t\t\t\t<\/div>\n\t\t\t\t\t<\/div>\n\t\t\t\t<\/div>\n\t\t\t\t<\/div>\n\t\t\t\t\t<\/div>\n\t\t\t\t<\/div>\n\t\t\t\t<\/div>\n\t\t","protected":false},"excerpt":{"rendered":"<p>Ponad 20 lat do\u015bwiadczenia w nauczaniu dwuj\u0119zycznym Dwuj\u0119zyczna Szko\u0142a Podstawowa Trampoline dzia\u0142a na Saskiej K\u0119pie od 2002 roku. Zacz\u0119li\u015bmy jako przedszkole polsko-francuskie &#8211; dzi\u015b jeste\u015bmy pe\u0142n\u0105 szko\u0142\u0105 podstawow\u0105 z rozszerzonym programem j\u0119zykowym. Poznaj nasz\u0105 kadr\u0119 Nasz zesp\u00f3\u0142 to do\u015bwiadczeni nauczyciele i specjali\u015bci, kt\u00f3rzy z pasj\u0105 tworz\u0105 wyj\u0105tkow\u0105 atmosfer\u0119 szko\u0142y. Poznaj ludzi, kt\u00f3rzy ka\u017cdego dnia buduj\u0105 [&hellip;]<\/p>\n","protected":false},"author":1,"featured_media":0,"parent":0,"menu_order":0,"comment_status":"closed","ping_status":"closed","template":"blank-template.php","meta":{"footnotes":""},"class_list":["post-317","page","type-page","status-publish","hentry"],"yoast_head":"<!-- This site is optimized with the Yoast SEO plugin v28.1 - https:\/\/yoast.com\/product\/yoast-seo-wordpress\/ -->\n<title>Nasza kadra - Dwuj\u0119zyczna Szko\u0142a Podstawowa Polsko-Francuska Warszawa Saska K\u0119pa | Trampoline<\/title>\n<meta name=\"robots\" content=\"index, follow, max-snippet:-1, max-image-preview:large, max-video-preview:-1\" \/>\n<link rel=\"canonical\" href=\"https:\/\/trampoline.edu.pl\/szkola\/nasza-kadra\/\" \/>\n<meta property=\"og:locale\" content=\"pl_PL\" \/>\n<meta property=\"og:type\" content=\"article\" \/>\n<meta property=\"og:title\" content=\"Nasza kadra - Dwuj\u0119zyczna Szko\u0142a Podstawowa Polsko-Francuska Warszawa Saska K\u0119pa | Trampoline\" \/>\n<meta property=\"og:description\" content=\"Ponad 20 lat do\u015bwiadczenia w nauczaniu dwuj\u0119zycznym Dwuj\u0119zyczna Szko\u0142a Podstawowa Trampoline dzia\u0142a na Saskiej K\u0119pie od 2002 roku. Zacz\u0119li\u015bmy jako przedszkole polsko-francuskie &#8211; dzi\u015b jeste\u015bmy pe\u0142n\u0105 szko\u0142\u0105 podstawow\u0105 z rozszerzonym programem j\u0119zykowym. Poznaj nasz\u0105 kadr\u0119 Nasz zesp\u00f3\u0142 to do\u015bwiadczeni nauczyciele i specjali\u015bci, kt\u00f3rzy z pasj\u0105 tworz\u0105 wyj\u0105tkow\u0105 atmosfer\u0119 szko\u0142y. Poznaj ludzi, kt\u00f3rzy ka\u017cdego dnia buduj\u0105 [&hellip;]\" \/>\n<meta property=\"og:url\" content=\"https:\/\/trampoline.edu.pl\/szkola\/nasza-kadra\/\" \/>\n<meta property=\"og:site_name\" content=\"Dwuj\u0119zyczna Szko\u0142a Podstawowa Polsko-Francuska Warszawa Saska K\u0119pa | Trampoline\" \/>\n<meta property=\"article:modified_time\" content=\"2026-09-04T17:48:32+00:00\" \/>\n<meta property=\"og:image\" content=\"https:\/\/trampoline.edu.pl\/szkola\/wp-content\/uploads\/sites\/5\/2026\/08\/1Jadwiga-Kabut-1024x682.jpg\" \/>\n<meta name=\"twitter:card\" content=\"summary_large_image\" \/>\n<meta name=\"twitter:label1\" content=\"Szacowany czas czytania\" \/>\n\t<meta name=\"twitter:data1\" content=\"17 minut\" \/>\n<script type=\"application\/ld+json\" class=\"yoast-schema-graph\">{\"@context\":\"https:\\\/\\\/schema.org\",\"@graph\":[{\"@type\":\"WebPage\",\"@id\":\"https:\\\/\\\/trampoline.edu.pl\\\/szkola\\\/nasza-kadra\\\/\",\"url\":\"https:\\\/\\\/trampoline.edu.pl\\\/szkola\\\/nasza-kadra\\\/\",\"name\":\"Nasza kadra - Dwuj\u0119zyczna Szko\u0142a Podstawowa Polsko-Francuska Warszawa Saska K\u0119pa | Trampoline\",\"isPartOf\":{\"@id\":\"https:\\\/\\\/trampoline.edu.pl\\\/szkola\\\/#website\"},\"primaryImageOfPage\":{\"@id\":\"https:\\\/\\\/trampoline.edu.pl\\\/szkola\\\/nasza-kadra\\\/#primaryimage\"},\"image\":{\"@id\":\"https:\\\/\\\/trampoline.edu.pl\\\/szkola\\\/nasza-kadra\\\/#primaryimage\"},\"thumbnailUrl\":\"https:\\\/\\\/trampoline.edu.pl\\\/szkola\\\/wp-content\\\/uploads\\\/sites\\\/5\\\/2026\\\/08\\\/1Jadwiga-Kabut-1024x682.jpg\",\"datePublished\":\"2021-12-16T13:06:14+00:00\",\"dateModified\":\"2026-09-04T17:48:32+00:00\",\"breadcrumb\":{\"@id\":\"https:\\\/\\\/trampoline.edu.pl\\\/szkola\\\/nasza-kadra\\\/#breadcrumb\"},\"inLanguage\":\"pl-PL\",\"potentialAction\":[{\"@type\":\"ReadAction\",\"target\":[\"https:\\\/\\\/trampoline.edu.pl\\\/szkola\\\/nasza-kadra\\\/\"]}]},{\"@type\":\"ImageObject\",\"inLanguage\":\"pl-PL\",\"@id\":\"https:\\\/\\\/trampoline.edu.pl\\\/szkola\\\/nasza-kadra\\\/#primaryimage\",\"url\":\"https:\\\/\\\/trampoline.edu.pl\\\/szkola\\\/wp-content\\\/uploads\\\/sites\\\/5\\\/2026\\\/08\\\/1Jadwiga-Kabut.jpg\",\"contentUrl\":\"https:\\\/\\\/trampoline.edu.pl\\\/szkola\\\/wp-content\\\/uploads\\\/sites\\\/5\\\/2026\\\/08\\\/1Jadwiga-Kabut.jpg\",\"width\":2560,\"height\":1704},{\"@type\":\"BreadcrumbList\",\"@id\":\"https:\\\/\\\/trampoline.edu.pl\\\/szkola\\\/nasza-kadra\\\/#breadcrumb\",\"itemListElement\":[{\"@type\":\"ListItem\",\"position\":1,\"name\":\"Strona g\u0142\u00f3wna\",\"item\":\"https:\\\/\\\/trampoline.edu.pl\\\/szkola\\\/\"},{\"@type\":\"ListItem\",\"position\":2,\"name\":\"Nasza kadra\"}]},{\"@type\":\"WebSite\",\"@id\":\"https:\\\/\\\/trampoline.edu.pl\\\/szkola\\\/#website\",\"url\":\"https:\\\/\\\/trampoline.edu.pl\\\/szkola\\\/\",\"name\":\"Dwuj\u0119zyczna Szko\u0142a Podstawowa Polsko-Francuska Warszawa Saska K\u0119pa | Trampoline\",\"description\":\"\",\"publisher\":{\"@id\":\"https:\\\/\\\/trampoline.edu.pl\\\/szkola\\\/#organization\"},\"potentialAction\":[{\"@type\":\"SearchAction\",\"target\":{\"@type\":\"EntryPoint\",\"urlTemplate\":\"https:\\\/\\\/trampoline.edu.pl\\\/szkola\\\/?s={search_term_string}\"},\"query-input\":{\"@type\":\"PropertyValueSpecification\",\"valueRequired\":true,\"valueName\":\"search_term_string\"}}],\"inLanguage\":\"pl-PL\"},{\"@type\":\"Organization\",\"@id\":\"https:\\\/\\\/trampoline.edu.pl\\\/szkola\\\/#organization\",\"name\":\"Dwuj\u0119zyczna Szko\u0142a Podstawowa Polsko-Francuska Warszawa Saska K\u0119pa | Trampoline\",\"url\":\"https:\\\/\\\/trampoline.edu.pl\\\/szkola\\\/\",\"logo\":{\"@type\":\"ImageObject\",\"inLanguage\":\"pl-PL\",\"@id\":\"https:\\\/\\\/trampoline.edu.pl\\\/szkola\\\/#\\\/schema\\\/logo\\\/image\\\/\",\"url\":\"https:\\\/\\\/trampoline.edu.pl\\\/szkola\\\/wp-content\\\/uploads\\\/sites\\\/5\\\/2026\\\/04\\\/cropped-logo_v3.png\",\"contentUrl\":\"https:\\\/\\\/trampoline.edu.pl\\\/szkola\\\/wp-content\\\/uploads\\\/sites\\\/5\\\/2026\\\/04\\\/cropped-logo_v3.png\",\"width\":332,\"height\":98,\"caption\":\"Dwuj\u0119zyczna Szko\u0142a Podstawowa Polsko-Francuska Warszawa Saska K\u0119pa | Trampoline\"},\"image\":{\"@id\":\"https:\\\/\\\/trampoline.edu.pl\\\/szkola\\\/#\\\/schema\\\/logo\\\/image\\\/\"}}]}<\/script>\n<!-- \/ Yoast SEO plugin. -->","yoast_head_json":{"title":"Nasza kadra - Dwuj\u0119zyczna Szko\u0142a Podstawowa Polsko-Francuska Warszawa Saska K\u0119pa | Trampoline","robots":{"index":"index","follow":"follow","max-snippet":"max-snippet:-1","max-image-preview":"max-image-preview:large","max-video-preview":"max-video-preview:-1"},"canonical":"https:\/\/trampoline.edu.pl\/szkola\/nasza-kadra\/","og_locale":"pl_PL","og_type":"article","og_title":"Nasza kadra - Dwuj\u0119zyczna Szko\u0142a Podstawowa Polsko-Francuska Warszawa Saska K\u0119pa | Trampoline","og_description":"Ponad 20 lat do\u015bwiadczenia w nauczaniu dwuj\u0119zycznym Dwuj\u0119zyczna Szko\u0142a Podstawowa Trampoline dzia\u0142a na Saskiej K\u0119pie od 2002 roku. Zacz\u0119li\u015bmy jako przedszkole polsko-francuskie &#8211; dzi\u015b jeste\u015bmy pe\u0142n\u0105 szko\u0142\u0105 podstawow\u0105 z rozszerzonym programem j\u0119zykowym. Poznaj nasz\u0105 kadr\u0119 Nasz zesp\u00f3\u0142 to do\u015bwiadczeni nauczyciele i specjali\u015bci, kt\u00f3rzy z pasj\u0105 tworz\u0105 wyj\u0105tkow\u0105 atmosfer\u0119 szko\u0142y. Poznaj ludzi, kt\u00f3rzy ka\u017cdego dnia buduj\u0105 [&hellip;]","og_url":"https:\/\/trampoline.edu.pl\/szkola\/nasza-kadra\/","og_site_name":"Dwuj\u0119zyczna Szko\u0142a Podstawowa Polsko-Francuska Warszawa Saska K\u0119pa | Trampoline","article_modified_time":"2026-09-04T17:48:32+00:00","og_image":[{"url":"https:\/\/trampoline.edu.pl\/szkola\/wp-content\/uploads\/sites\/5\/2026\/08\/1Jadwiga-Kabut-1024x682.jpg","type":"","width":"","height":""}],"twitter_card":"summary_large_image","twitter_misc":{"Szacowany czas czytania":"17 minut"},"schema":{"@context":"https:\/\/schema.org","@graph":[{"@type":"WebPage","@id":"https:\/\/trampoline.edu.pl\/szkola\/nasza-kadra\/","url":"https:\/\/trampoline.edu.pl\/szkola\/nasza-kadra\/","name":"Nasza kadra - Dwuj\u0119zyczna Szko\u0142a Podstawowa Polsko-Francuska Warszawa Saska K\u0119pa | Trampoline","isPartOf":{"@id":"https:\/\/trampoline.edu.pl\/szkola\/#website"},"primaryImageOfPage":{"@id":"https:\/\/trampoline.edu.pl\/szkola\/nasza-kadra\/#primaryimage"},"image":{"@id":"https:\/\/trampoline.edu.pl\/szkola\/nasza-kadra\/#primaryimage"},"thumbnailUrl":"https:\/\/trampoline.edu.pl\/szkola\/wp-content\/uploads\/sites\/5\/2026\/08\/1Jadwiga-Kabut-1024x682.jpg","datePublished":"2021-12-16T13:06:14+00:00","dateModified":"2026-09-04T17:48:32+00:00","breadcrumb":{"@id":"https:\/\/trampoline.edu.pl\/szkola\/nasza-kadra\/#breadcrumb"},"inLanguage":"pl-PL","potentialAction":[{"@type":"ReadAction","target":["https:\/\/trampoline.edu.pl\/szkola\/nasza-kadra\/"]}]},{"@type":"ImageObject","inLanguage":"pl-PL","@id":"https:\/\/trampoline.edu.pl\/szkola\/nasza-kadra\/#primaryimage","url":"https:\/\/trampoline.edu.pl\/szkola\/wp-content\/uploads\/sites\/5\/2026\/08\/1Jadwiga-Kabut.jpg","contentUrl":"https:\/\/trampoline.edu.pl\/szkola\/wp-content\/uploads\/sites\/5\/2026\/08\/1Jadwiga-Kabut.jpg","width":2560,"height":1704},{"@type":"BreadcrumbList","@id":"https:\/\/trampoline.edu.pl\/szkola\/nasza-kadra\/#breadcrumb","itemListElement":[{"@type":"ListItem","position":1,"name":"Strona g\u0142\u00f3wna","item":"https:\/\/trampoline.edu.pl\/szkola\/"},{"@type":"ListItem","position":2,"name":"Nasza kadra"}]},{"@type":"WebSite","@id":"https:\/\/trampoline.edu.pl\/szkola\/#website","url":"https:\/\/trampoline.edu.pl\/szkola\/","name":"Dwuj\u0119zyczna Szko\u0142a Podstawowa Polsko-Francuska Warszawa Saska K\u0119pa | Trampoline","description":"","publisher":{"@id":"https:\/\/trampoline.edu.pl\/szkola\/#organization"},"potentialAction":[{"@type":"SearchAction","target":{"@type":"EntryPoint","urlTemplate":"https:\/\/trampoline.edu.pl\/szkola\/?s={search_term_string}"},"query-input":{"@type":"PropertyValueSpecification","valueRequired":true,"valueName":"search_term_string"}}],"inLanguage":"pl-PL"},{"@type":"Organization","@id":"https:\/\/trampoline.edu.pl\/szkola\/#organization","name":"Dwuj\u0119zyczna Szko\u0142a Podstawowa Polsko-Francuska Warszawa Saska K\u0119pa | Trampoline","url":"https:\/\/trampoline.edu.pl\/szkola\/","logo":{"@type":"ImageObject","inLanguage":"pl-PL","@id":"https:\/\/trampoline.edu.pl\/szkola\/#\/schema\/logo\/image\/","url":"https:\/\/trampoline.edu.pl\/szkola\/wp-content\/uploads\/sites\/5\/2026\/04\/cropped-logo_v3.png","contentUrl":"https:\/\/trampoline.edu.pl\/szkola\/wp-content\/uploads\/sites\/5\/2026\/04\/cropped-logo_v3.png","width":332,"height":98,"caption":"Dwuj\u0119zyczna Szko\u0142a Podstawowa Polsko-Francuska Warszawa Saska K\u0119pa | Trampoline"},"image":{"@id":"https:\/\/trampoline.edu.pl\/szkola\/#\/schema\/logo\/image\/"}}]}},"lang":"pl","translations":{"pl":317,"fr":11534},"pll_sync_post":{},"_links":{"self":[{"href":"https:\/\/trampoline.edu.pl\/szkola\/wp-json\/wp\/v2\/pages\/317","targetHints":{"allow":["GET"]}}],"collection":[{"href":"https:\/\/trampoline.edu.pl\/szkola\/wp-json\/wp\/v2\/pages"}],"about":[{"href":"https:\/\/trampoline.edu.pl\/szkola\/wp-json\/wp\/v2\/types\/page"}],"author":[{"embeddable":true,"href":"https:\/\/trampoline.edu.pl\/szkola\/wp-json\/wp\/v2\/users\/1"}],"replies":[{"embeddable":true,"href":"https:\/\/trampoline.edu.pl\/szkola\/wp-json\/wp\/v2\/comments?post=317"}],"version-history":[{"count":120,"href":"https:\/\/trampoline.edu.pl\/szkola\/wp-json\/wp\/v2\/pages\/317\/revisions"}],"predecessor-version":[{"id":12071,"href":"https:\/\/trampoline.edu.pl\/szkola\/wp-json\/wp\/v2\/pages\/317\/revisions\/12071"}],"wp:attachment":[{"href":"https:\/\/trampoline.edu.pl\/szkola\/wp-json\/wp\/v2\/media?parent=317"}],"curies":[{"name":"wp","href":"https:\/\/api.w.org\/{rel}","templated":true}]}}